{"id":6905,"date":"2021-05-18T10:10:44","date_gmt":"2021-05-18T10:10:44","guid":{"rendered":"https:\/\/diversidadaudiovisual.org\/nuevaweb\/?page_id=6905"},"modified":"2023-01-26T10:47:00","modified_gmt":"2023-01-26T10:47:00","slug":"diversidad-audiovisual-y-plataformas-en-linea-el-caso-netflix","status":"publish","type":"page","link":"https:\/\/diversidadaudiovisual.org\/nuevaweb\/investigacion\/proyectos\/diversidad-audiovisual-y-plataformas-en-linea-el-caso-netflix\/","title":{"rendered":"Diversidad audiovisual y plataformas en l\u00ednea: el caso Netflix"},"content":{"rendered":"<p>[vc_row][vc_column][vc_single_image image=&#8221;6984&#8243; img_size=&#8221;64&#215;64&#8243; alignment=&#8221;center&#8221;]<div class=\"tm-element-heading-wrapper tm-heading-inner tm-element-align-center tm-seperator-after_before tm-heading-style-vertical \"><section class=\"tm-vc_cta3-container\"><div class=\"tm-vc_general tm-vc_cta3 tm-cta3-only tm-vc_cta3-style-classic tm-vc_cta3-shape-rounded tm-vc_cta3-align-center tm-vc_cta3-color-transparent tm-vc_cta3-icon-size-md tm-vc_cta3-actions-no tm-cta3-without-desc\"><div class=\"tm-vc_cta3_content-container\"><div class=\"tm-vc_cta3-content\"><header class=\"tm-vc_cta3-content-header tm-wrap\"><div class=\"tm-vc_cta3-headers tm-wrap-cell\"><h2 class=\"tm-custom-heading \" >Diversidad audiovisual y plataformas en l\u00ednea: el caso Netflix<\/h2>\n<h4 class=\"tm-custom-heading \" >Proyectos 2018-2020<\/h4>\n<\/div><div class=\"heading-seperator\"><span><\/span><\/div><\/header><\/div><\/div><\/div><\/section><\/div> <!-- .tm-element-heading-wrapper container --> [vc_column_text]Este proyecto de investigaci\u00f3n persigue producir conocimiento sobre el papel que juegan las plataformas en l\u00ednea para la diversidad de las industrias audiovisuales. Para lo cual se propone comprender la actuaci\u00f3n e impacto de las plataformas trasnacionales en l\u00ednea que comercializan contenidos audiovisuales a trav\u00e9s de la Internet p\u00fablica abierta, conocidas como over the top (OTT), atendiendo a su perfil socioecon\u00f3mico y a la reacci\u00f3n pol\u00edtica-regulatoria que su irrupci\u00f3n ha propiciado. Dicho impacto se analizar\u00e1 aludiendo a Espa\u00f1a en particular y en clave de promoci\u00f3n y\/o protecci\u00f3n de la diversidad de las industrias audiovisuales, ofreciendo informaci\u00f3n en profundidad de un caso de estudio singular: el de la empresa Netflix.[\/vc_column_text][vc_column_text]<\/p>\n<div class=\"inciso\">\n<p>El proyecto de investigaci\u00f3n Diversidad audiovisual y plataformas en l\u00ednea: el caso Netflix (ref. CSO2017 -83539-R) se desarrolla, durante el bienio 2018-2020, en el marco del Programa Estatal de I+D+i Orientada a los Retos de la Sociedad del Ministerio de Econom\u00eda y Competitividad de Espa\u00f1a.<\/p>\n<\/div>\n<p>[\/vc_column_text][\/vc_column][\/vc_row][vc_row][vc_column][vc_single_image image=&#8221;6678&#8243; img_size=&#8221;64&#215;64&#8243; alignment=&#8221;center&#8221;]<div class=\"tm-element-heading-wrapper tm-heading-inner tm-element-align-center tm-seperator-after_before tm-heading-style-vertical \"><section class=\"tm-vc_cta3-container\"><div class=\"tm-vc_general tm-vc_cta3 tm-cta3-only tm-vc_cta3-style-classic tm-vc_cta3-shape-rounded tm-vc_cta3-align-center tm-vc_cta3-color-transparent tm-vc_cta3-icon-size-md tm-vc_cta3-actions-no tm-cta3-without-desc\"><div class=\"tm-vc_cta3_content-container\"><div class=\"tm-vc_cta3-content\"><header class=\"tm-vc_cta3-content-header tm-wrap\"><div class=\"tm-vc_cta3-headers tm-wrap-cell\"><h2 class=\"tm-custom-heading \" >Diversidad Audiovisual<\/h2>\n<h4 class=\"tm-custom-heading \" >Investigadores \/ as participantes<\/h4>\n<\/div><div class=\"heading-seperator\"><span><\/span><\/div><\/header><\/div><\/div><\/div><\/section><\/div> <!-- .tm-element-heading-wrapper container --> <div class=\"thememount-boxes thememount-boxes-team thememount-boxes-view-default thememount-boxes-col-three thememount-boxes-sortable-no thememount-boxes-textalign-left thememount-boxes-sortablebutton- thememount-boxes-spacing-5px\">\n\t\t<div class=\"thememount-boxes-inner thememount-boxes-team-inner \">\n\t\t\t\n\t\t\t<div class=\"row multi-columns-row thememount-boxes-row-wrapper\">\n\t\t\t\t<div class=\"tm-box-col-wrapper col-lg-4 col-sm-6 col-md-4 col-xs-12 diversidad-audiovisual proyectos-2012-2014 proyectos-2015-2017 proyectos-2018-2020 proyectos-2020-2024 seminario-internacional-2014 seminario-internacional-2016 seminario-internacional-2019 seminario-internacional-2022\"><article class=\"thememount-box thememount-box-team thememount-box-view-overlay thememount-team-box-view-overlay\">\n  <div class=\"thememount-post-item\"> \n\t\t<span class=\"thememount-item-thumbnail\">\n\t\t\t<span class=\"thememount-item-thumbnail-inner\">\n\t\t\t\t<img loading=\"lazy\" decoding=\"async\" width=\"600\" height=\"600\" src=\"https:\/\/diversidadaudiovisual.org\/nuevaweb\/wp-content\/uploads\/2021\/03\/Foto-LUIS-ALBORNOZ_Nov2021_b-n-600x600.jpg\" class=\"attachment-thememount-img-team-member size-thememount-img-team-member wp-post-image\" alt=\"Luis A. Albornoz\" \/>\n\t\t\t<\/span>\n\t\t<\/span> <a href=\"https:\/\/diversidadaudiovisual.org\/nuevaweb\/investigadores\/luis-a-albornoz\/\">\n    <div class=\"tm_overlay_hoverbox\">\n      <div class=\"thememount-box-content\">\n        <div class=\"thememount-box-desc thememount-overlay\">\n          <div class=\"thememount-box-title\"><div class=\"thememount-box-title\"><h4><a href=\"https:\/\/diversidadaudiovisual.org\/nuevaweb\/investigadores\/luis-a-albornoz\/\">Luis A. Albornoz<\/a><\/h4><\/div><\/div>\n          <div class=\"thememount-box-footer\">Director del grupo de investigaci\u00f3n<\/div>\n        <\/div>\n        <div class=\"thememount-box-social-links\">  <\/div>\n      <\/div>\n    <\/div>\n    <\/a> <\/div>\n<\/article>\n<\/div><div class=\"tm-box-col-wrapper col-lg-4 col-sm-6 col-md-4 col-xs-12 diversidad-audiovisual proyectos-2012-2014 proyectos-2015-2017 proyectos-2018-2020 proyectos-2020-2024 seminario-internacional-2014 seminario-internacional-2016 seminario-internacional-2019 seminario-internacional-2022\"><article class=\"thememount-box thememount-box-team thememount-box-view-overlay thememount-team-box-view-overlay\">\n  <div class=\"thememount-post-item\"> \n\t\t<span class=\"thememount-item-thumbnail\">\n\t\t\t<span class=\"thememount-item-thumbnail-inner\">\n\t\t\t\t<img loading=\"lazy\" decoding=\"async\" width=\"600\" height=\"600\" src=\"https:\/\/diversidadaudiovisual.org\/nuevaweb\/wp-content\/uploads\/2021\/05\/m-trinidad-garcia-leiva-600x600.jpg\" class=\"attachment-thememount-img-team-member size-thememount-img-team-member wp-post-image\" alt=\"M\u00aa Trinidad Garc\u00eda Leiva\" \/>\n\t\t\t<\/span>\n\t\t<\/span> <a href=\"https:\/\/diversidadaudiovisual.org\/nuevaweb\/investigadores\/m-trinidad-garcia-leiva\/\">\n    <div class=\"tm_overlay_hoverbox\">\n      <div class=\"thememount-box-content\">\n        <div class=\"thememount-box-desc thememount-overlay\">\n          <div class=\"thememount-box-title\"><div class=\"thememount-box-title\"><h4><a href=\"https:\/\/diversidadaudiovisual.org\/nuevaweb\/investigadores\/m-trinidad-garcia-leiva\/\">M\u00aa Trinidad Garc\u00eda Leiva<\/a><\/h4><\/div><\/div>\n          <div class=\"thememount-box-footer\">Investigadora Principal<\/div>\n        <\/div>\n        <div class=\"thememount-box-social-links\">  <\/div>\n      <\/div>\n    <\/div>\n    <\/a> <\/div>\n<\/article>\n<\/div><div class=\"tm-box-col-wrapper col-lg-4 col-sm-6 col-md-4 col-xs-12 diversidad-audiovisual proyectos-2012-2014 proyectos-2015-2017 proyectos-2018-2020 proyectos-2020-2024 seminario-internacional-2014 seminario-internacional-2016 seminario-internacional-2022\"><article class=\"thememount-box thememount-box-team thememount-box-view-overlay thememount-team-box-view-overlay\">\n  <div class=\"thememount-post-item\"> \n\t\t<span class=\"thememount-item-thumbnail\">\n\t\t\t<span class=\"thememount-item-thumbnail-inner\">\n\t\t\t\t<img loading=\"lazy\" decoding=\"async\" width=\"600\" height=\"600\" src=\"https:\/\/diversidadaudiovisual.org\/nuevaweb\/wp-content\/uploads\/2021\/05\/fotonacho-b-n-600x600.jpg\" class=\"attachment-thememount-img-team-member size-thememount-img-team-member wp-post-image\" alt=\"J. Ignacio Gallego\" \/>\n\t\t\t<\/span>\n\t\t<\/span> <a href=\"https:\/\/diversidadaudiovisual.org\/nuevaweb\/investigadores\/j-ignacio-gallego\/\">\n    <div class=\"tm_overlay_hoverbox\">\n      <div class=\"thememount-box-content\">\n        <div class=\"thememount-box-desc thememount-overlay\">\n          <div class=\"thememount-box-title\"><div class=\"thememount-box-title\"><h4><a href=\"https:\/\/diversidadaudiovisual.org\/nuevaweb\/investigadores\/j-ignacio-gallego\/\">J. Ignacio Gallego<\/a><\/h4><\/div><\/div>\n          <div class=\"thememount-box-footer\"><\/div>\n        <\/div>\n        <div class=\"thememount-box-social-links\">  <\/div>\n      <\/div>\n    <\/div>\n    <\/a> <\/div>\n<\/article>\n<\/div><div class=\"tm-box-col-wrapper col-lg-4 col-sm-6 col-md-4 col-xs-12 diversidad-audiovisual proyectos-2012-2014 proyectos-2015-2017 proyectos-2018-2020 proyectos-2020-2024 seminario-internacional-2014 seminario-internacional-2016 seminario-internacional-2019\"><article class=\"thememount-box thememount-box-team thememount-box-view-overlay thememount-team-box-view-overlay\">\n  <div class=\"thememount-post-item\"> \n\t\t<span class=\"thememount-item-thumbnail\">\n\t\t\t<span class=\"thememount-item-thumbnail-inner\">\n\t\t\t\t<img loading=\"lazy\" decoding=\"async\" width=\"500\" height=\"500\" src=\"https:\/\/diversidadaudiovisual.org\/nuevaweb\/wp-content\/uploads\/2021\/05\/asier-aranzubia-cob-1.jpeg\" class=\"attachment-thememount-img-team-member size-thememount-img-team-member wp-post-image\" alt=\"Asier Aranzubia Cob\" \/>\n\t\t\t<\/span>\n\t\t<\/span> <a href=\"https:\/\/diversidadaudiovisual.org\/nuevaweb\/investigadores\/asier-aranzubia\/\">\n    <div class=\"tm_overlay_hoverbox\">\n      <div class=\"thememount-box-content\">\n        <div class=\"thememount-box-desc thememount-overlay\">\n          <div class=\"thememount-box-title\"><div class=\"thememount-box-title\"><h4><a href=\"https:\/\/diversidadaudiovisual.org\/nuevaweb\/investigadores\/asier-aranzubia\/\">Asier Aranzubia<\/a><\/h4><\/div><\/div>\n          <div class=\"thememount-box-footer\"><\/div>\n        <\/div>\n        <div class=\"thememount-box-social-links\">  <\/div>\n      <\/div>\n    <\/div>\n    <\/a> <\/div>\n<\/article>\n<\/div><div class=\"tm-box-col-wrapper col-lg-4 col-sm-6 col-md-4 col-xs-12 diversidad-audiovisual proyectos-2018-2020 proyectos-2020-2024 seminario-internacional-2014 seminario-internacional-2019 seminario-internacional-2022\"><article class=\"thememount-box thememount-box-team thememount-box-view-overlay thememount-team-box-view-overlay\">\n  <div class=\"thememount-post-item\"> \n\t\t<span class=\"thememount-item-thumbnail\">\n\t\t\t<span class=\"thememount-item-thumbnail-inner\">\n\t\t\t\t<img loading=\"lazy\" decoding=\"async\" width=\"404\" height=\"404\" src=\"https:\/\/diversidadaudiovisual.org\/nuevaweb\/wp-content\/uploads\/2021\/05\/fotoRGGB_N.jpg\" class=\"attachment-thememount-img-team-member size-thememount-img-team-member wp-post-image\" alt=\"Rodrigo G\u00f3mez Garc\u00eda\" \/>\n\t\t\t<\/span>\n\t\t<\/span> <a href=\"https:\/\/diversidadaudiovisual.org\/nuevaweb\/investigadores\/rodrigo-gomez-garcia\/\">\n    <div class=\"tm_overlay_hoverbox\">\n      <div class=\"thememount-box-content\">\n        <div class=\"thememount-box-desc thememount-overlay\">\n          <div class=\"thememount-box-title\"><div class=\"thememount-box-title\"><h4><a href=\"https:\/\/diversidadaudiovisual.org\/nuevaweb\/investigadores\/rodrigo-gomez-garcia\/\">Rodrigo G\u00f3mez Garc\u00eda<\/a><\/h4><\/div><\/div>\n          <div class=\"thememount-box-footer\"><\/div>\n        <\/div>\n        <div class=\"thememount-box-social-links\">  <\/div>\n      <\/div>\n    <\/div>\n    <\/a> <\/div>\n<\/article>\n<\/div><div class=\"tm-box-col-wrapper col-lg-4 col-sm-6 col-md-4 col-xs-12 diversidad-audiovisual proyectos-2015-2017 proyectos-2018-2020 proyectos-2020-2024 seminario-internacional-2016 seminario-internacional-2019\"><article class=\"thememount-box thememount-box-team thememount-box-view-overlay thememount-team-box-view-overlay\">\n  <div class=\"thememount-post-item\"> \n\t\t<span class=\"thememount-item-thumbnail\">\n\t\t\t<span class=\"thememount-item-thumbnail-inner\">\n\t\t\t\t<img loading=\"lazy\" decoding=\"async\" width=\"600\" height=\"600\" src=\"https:\/\/diversidadaudiovisual.org\/nuevaweb\/wp-content\/uploads\/2021\/05\/manuel-fernadez-sande-600x600.jpg\" class=\"attachment-thememount-img-team-member size-thememount-img-team-member wp-post-image\" alt=\"Manuel Fern\u00e1ndez-Sande\" \/>\n\t\t\t<\/span>\n\t\t<\/span> <a href=\"https:\/\/diversidadaudiovisual.org\/nuevaweb\/investigadores\/manuel-fernandez-sande\/\">\n    <div class=\"tm_overlay_hoverbox\">\n      <div class=\"thememount-box-content\">\n        <div class=\"thememount-box-desc thememount-overlay\">\n          <div class=\"thememount-box-title\"><div class=\"thememount-box-title\"><h4><a href=\"https:\/\/diversidadaudiovisual.org\/nuevaweb\/investigadores\/manuel-fernandez-sande\/\">Manuel Fern\u00e1ndez Sande<\/a><\/h4><\/div><\/div>\n          <div class=\"thememount-box-footer\"><\/div>\n        <\/div>\n        <div class=\"thememount-box-social-links\">  <\/div>\n      <\/div>\n    <\/div>\n    <\/a> <\/div>\n<\/article>\n<\/div><div class=\"tm-box-col-wrapper col-lg-4 col-sm-6 col-md-4 col-xs-12 diversidad-audiovisual proyectos-2012-2014 proyectos-2018-2020 proyectos-2020-2024 seminario-internacional-2014 seminario-internacional-2016 seminario-internacional-2019\"><article class=\"thememount-box thememount-box-team thememount-box-view-overlay thememount-team-box-view-overlay\">\n  <div class=\"thememount-post-item\"> \n\t\t<span class=\"thememount-item-thumbnail\">\n\t\t\t<span class=\"thememount-item-thumbnail-inner\">\n\t\t\t\t<img loading=\"lazy\" decoding=\"async\" width=\"359\" height=\"359\" src=\"https:\/\/diversidadaudiovisual.org\/nuevaweb\/wp-content\/uploads\/2022\/11\/Ana-BN.jpg\" class=\"attachment-thememount-img-team-member size-thememount-img-team-member wp-post-image\" alt=\"Ana I. Segovia\" \/>\n\t\t\t<\/span>\n\t\t<\/span> <a href=\"https:\/\/diversidadaudiovisual.org\/nuevaweb\/investigadores\/ana-i-segovia\/\">\n    <div class=\"tm_overlay_hoverbox\">\n      <div class=\"thememount-box-content\">\n        <div class=\"thememount-box-desc thememount-overlay\">\n          <div class=\"thememount-box-title\"><div class=\"thememount-box-title\"><h4><a href=\"https:\/\/diversidadaudiovisual.org\/nuevaweb\/investigadores\/ana-i-segovia\/\">Ana I. Segovia<\/a><\/h4><\/div><\/div>\n          <div class=\"thememount-box-footer\"><\/div>\n        <\/div>\n        <div class=\"thememount-box-social-links\">  <\/div>\n      <\/div>\n    <\/div>\n    <\/a> <\/div>\n<\/article>\n<\/div><div class=\"tm-box-col-wrapper col-lg-4 col-sm-6 col-md-4 col-xs-12 diversidad-audiovisual proyectos-2018-2020 proyectos-2020-2024 seminario-internacional-2019 seminario-internacional-2022\"><article class=\"thememount-box thememount-box-team thememount-box-view-overlay thememount-team-box-view-overlay\">\n  <div class=\"thememount-post-item\"> \n\t\t<span class=\"thememount-item-thumbnail\">\n\t\t\t<span class=\"thememount-item-thumbnail-inner\">\n\t\t\t\t<img loading=\"lazy\" decoding=\"async\" width=\"600\" height=\"600\" src=\"https:\/\/diversidadaudiovisual.org\/nuevaweb\/wp-content\/uploads\/2022\/11\/Foto-perfil-profissional_b-n-III-600x600.jpg\" class=\"attachment-thememount-img-team-member size-thememount-img-team-member wp-post-image\" alt=\"Leonardo de Marchi\" \/>\n\t\t\t<\/span>\n\t\t<\/span> <a href=\"https:\/\/diversidadaudiovisual.org\/nuevaweb\/investigadores\/leonardo-gabriel-de-marchi\/\">\n    <div class=\"tm_overlay_hoverbox\">\n      <div class=\"thememount-box-content\">\n        <div class=\"thememount-box-desc thememount-overlay\">\n          <div class=\"thememount-box-title\"><div class=\"thememount-box-title\"><h4><a href=\"https:\/\/diversidadaudiovisual.org\/nuevaweb\/investigadores\/leonardo-gabriel-de-marchi\/\">Leonardo Gabriel De Marchi<\/a><\/h4><\/div><\/div>\n          <div class=\"thememount-box-footer\"><\/div>\n        <\/div>\n        <div class=\"thememount-box-social-links\">  <\/div>\n      <\/div>\n    <\/div>\n    <\/a> <\/div>\n<\/article>\n<\/div>\n\t\t\t<\/div>\n\t\t<\/div><!-- .thememount-boxes-inner -->   <\/div><!-- .thememount-boxes -->  [\/vc_column][\/vc_row][vc_row][vc_column]<div class=\"tm-element-heading-wrapper tm-heading-inner tm-element-align-center tm-seperator-after_before tm-heading-style-vertical  vc_custom_1674730018333\"><section class=\"tm-vc_cta3-container\"><div class=\"tm-vc_general tm-vc_cta3 tm-cta3-only tm-vc_cta3-style-classic tm-vc_cta3-shape-rounded tm-vc_cta3-align-center tm-vc_cta3-color-transparent tm-vc_cta3-icon-size-md tm-vc_cta3-actions-no vc_custom_1674730018333 tm-cta3-without-desc\"><div class=\"tm-vc_cta3_content-container\"><div class=\"tm-vc_cta3-content\"><header class=\"tm-vc_cta3-content-header tm-wrap\"><div class=\"tm-vc_cta3-headers tm-wrap-cell\"><h2 class=\"tm-custom-heading \" >Otros \/ as investigadores \/ as participantes<\/h2>\n<\/div><div class=\"heading-seperator\"><span><\/span><\/div><\/header><\/div><\/div><\/div><\/section><\/div> <!-- .tm-element-heading-wrapper container --> <style>.vc_custom_1674730018333{margin-top: 50px !important;}<\/style>[vc_column_text]<\/p>\n<div class=\"inciso2\">\n<p><b>Miguel \u00c1lvarez-Peralta<\/b> Profesor del Dpto. de Periodismo de la Universidad de Castilla-La Mancha. Sus intereses de investigaci\u00f3n se enfocan al an\u00e1lisis del discurso y lexicometr\u00eda, la relaci\u00f3n del sistema de medios con comunicaci\u00f3n pol\u00edtica y opini\u00f3n p\u00fablica, y las redes sociales y la auto-comunicaci\u00f3n de masas.<\/p>\n<\/div>\n<p>[\/vc_column_text][vc_column_text]<\/p>\n<div class=\"inciso2\">\n<p><b>Philippe Bouquillion<\/b> Profesor de Ciencias de la Informaci\u00f3n y la Comunicaci\u00f3n en la Universidad Paris 13 (Francia). Miembro del Laboratorio de Ciencias de la Informaci\u00f3n y la Comunicaci\u00f3n (LabSIC). Su investigaci\u00f3n se centra en la socio-econom\u00eda de la comunicaci\u00f3n y de las industrias culturales y creativas.<\/p>\n<\/div>\n<p>[\/vc_column_text][vc_column_text]<\/p>\n<div class=\"inciso2\">\n<p><b>Azahara Ca\u00f1edo<\/b> (Webmaster) Profesora del Dpto. de Periodismo y Comunicaci\u00f3n Audiovisual de la Universidad Carlos III de Madrid (UC3M). Miembro del grupo de investigaci\u00f3n TECMERIN-UC3M. Investiga sobre televisiones auton\u00f3micas y de proximidad y su aporte a la diversidad en la industria audiovisual.<\/p>\n<\/div>\n<p>[\/vc_column_text][vc_column_text]<\/p>\n<div class=\"inciso2\">\n<p><b>Marina Hern\u00e1ndez Prieto<\/b> Profesora del Dpto. de Sociolog\u00eda y Comunicaci\u00f3n de la Universidad de Salamanca (USAL). Su principal l\u00ednea de investigaci\u00f3n se centra en el estudio de las pol\u00edticas p\u00fablicas de la comunicaci\u00f3n desde la perspectiva de la econom\u00eda pol\u00edtica.<\/p>\n<\/div>\n<p>[\/vc_column_text][vc_column_text]<\/p>\n<div class=\"inciso2\">\n<p><b>Guillermo Mastrini<\/b> Profesor Titular en la Universidad Nacional de Quilmes y la Universidad de Buenos Aires, e investigador del CONICET. Doctor en Ciencias de la Informaci\u00f3n por la Universidad Complutense de Madrid. Se ha especializado en pol\u00edticas p\u00fablicas de comunicaci\u00f3n y econom\u00eda de las industrias culturales.<\/p>\n<\/div>\n<p>[\/vc_column_text][vc_column_text]<\/p>\n<div class=\"inciso2\">\n<p><b>Javier Moreno G\u00e1lvez<\/b> Profesor del Dpto. de Periodismo y Comunicaci\u00f3n Audiovisual de la Universidad Carlos III de Madrid (UC3M). Coordinador del grupo de trabajo Tecnopol\u00edtica, cultura digital y ciudadan\u00eda, del Consejo Latinoamericano de Ciencias Sociales (CLACSO). Su trabajo se centra en las pol\u00edticas p\u00fablicas en sociedad de la informaci\u00f3n y los procesos de apropiaci\u00f3n social de las nuevas tecnolog\u00edas.<\/p>\n<\/div>\n<p>[\/vc_column_text][vc_column_text]<\/p>\n<div class=\"inciso2\">\n<p><b>Stefanie Pacheco Pailahual<\/b> Investigadora del Centro de Investigaci\u00f3n en Comunicaci\u00f3n, Discurso y Poder UFRO-Temuco\/Chile y de la Comunidad de Historia Mapuche. Sus l\u00edneas de investigaci\u00f3n se enfocan en discurso sobre el Pueblo Mapuche, G\u00e9nero e Historia de la Prensa. Actualmente desarrolla la tesis doctoral titulada: \u201cEl imaginario social de la Araucan\u00eda en los diarios fundacionales de la regi\u00f3n de la Araucan\u00eda 1900- 1940\u201d, bajo la direcci\u00f3n de la Dra. Ana Segovia.<\/p>\n<\/div>\n<p>[\/vc_column_text][vc_column_text]<\/p>\n<div class=\"inciso2\">\n<p><b>Mich\u00e8le Rioux<\/b> Profesora del Dpto. de Ciencias Pol\u00edticas y Derecho de la Universidad de Quebec en Montreal (UQAM, Canad\u00e1). Directora del Centre d\u2019\u00e9tudes sur l\u2019int\u00e9gration et la mondialisation. (Cemti-UQaM). Especialista en econom\u00eda pol\u00edtica de la mundializaci\u00f3n, organizaciones internacionales y gobernanza global y procesos de integraci\u00f3n.<\/p>\n<\/div>\n<p>[\/vc_column_text][vc_column_text]<\/p>\n<div class=\"inciso2\">\n<p><b>Antonio Vlassis<\/b> Profesor en el Dpto. de Ciencia Pol\u00edtica de la Universidad Libre de Bruselas, e investigador del Fondo Nacional de la Investigaci\u00f3n Cient\u00edfica en la Universidad de Lieja. Sus principales intereses de investigaci\u00f3n se centran en la gobernanza mundial de las industrias culturales y la globalizaci\u00f3n cultural.<\/p>\n<\/div>\n<p>[\/vc_column_text][vc_column_text]<\/p>\n<div class=\"inciso2\">\n<p><b>Peilei Ye<\/b> (Secretaria) Profesora del Dpto. de Periodismo y Comunicaci\u00f3n Audiovisual de la Universidad Carlos III de Madrid (UC3M). Investiga sobre la internacionalizaci\u00f3n de la industria televisiva y el sistema medi\u00e1tico chino.<\/p>\n<\/div>\n<p>[\/vc_column_text][\/vc_column][\/vc_row]<\/p>\n","protected":false},"excerpt":{"rendered":"<p>[vc_row][vc_column][vc_single_image image=&#8221;6984&#8243; img_size=&#8221;64&#215;64&#8243; alignment=&#8221;center&#8221;][vc_column_text]Este proyecto de investigaci\u00f3n persigue producir conocimiento sobre el papel que juegan las plataformas en l\u00ednea para la diversidad de las industrias audiovisuales. Para lo cual se propone comprender la actuaci\u00f3n e impacto de las plataformas trasnacionales en l\u00ednea que comercializan contenidos audiovisuales a trav\u00e9s de la Internet p\u00fablica abierta, conocidas como &hellip; <a href=\"https:\/\/diversidadaudiovisual.org\/nuevaweb\/investigadores\/leonardo-gabriel-de-marchi\/\" class=\"more-link\">Continue reading <span class=\"screen-reader-text\">Leonardo Gabriel De Marchi<\/span><\/a><\/p>\n","protected":false},"author":1,"featured_media":0,"parent":7435,"menu_order":0,"comment_status":"closed","ping_status":"closed","template":"","meta":{"footnotes":""},"class_list":["post-6905","page","type-page","status-publish","hentry"],"_links":{"self":[{"href":"https:\/\/diversidadaudiovisual.org\/nuevaweb\/wp-json\/wp\/v2\/pages\/6905","targetHints":{"allow":["GET"]}}],"collection":[{"href":"https:\/\/diversidadaudiovisual.org\/nuevaweb\/wp-json\/wp\/v2\/pages"}],"about":[{"href":"https:\/\/diversidadaudiovisual.org\/nuevaweb\/wp-json\/wp\/v2\/types\/page"}],"author":[{"embeddable":true,"href":"https:\/\/diversidadaudiovisual.org\/nuevaweb\/wp-json\/wp\/v2\/users\/1"}],"replies":[{"embeddable":true,"href":"https:\/\/diversidadaudiovisual.org\/nuevaweb\/wp-json\/wp\/v2\/comments?post=6905"}],"version-history":[{"count":12,"href":"https:\/\/diversidadaudiovisual.org\/nuevaweb\/wp-json\/wp\/v2\/pages\/6905\/revisions"}],"predecessor-version":[{"id":7997,"href":"https:\/\/diversidadaudiovisual.org\/nuevaweb\/wp-json\/wp\/v2\/pages\/6905\/revisions\/7997"}],"up":[{"embeddable":true,"href":"https:\/\/diversidadaudiovisual.org\/nuevaweb\/wp-json\/wp\/v2\/pages\/7435"}],"wp:attachment":[{"href":"https:\/\/diversidadaudiovisual.org\/nuevaweb\/wp-json\/wp\/v2\/media?parent=6905"}],"curies":[{"name":"wp","href":"https:\/\/api.w.org\/{rel}","templated":true}]}}