{"id":6991,"date":"2021-05-19T16:27:47","date_gmt":"2021-05-19T16:27:47","guid":{"rendered":"https:\/\/diversidadaudiovisual.org\/nuevaweb\/?page_id=6991"},"modified":"2023-02-06T15:03:54","modified_gmt":"2023-02-06T15:03:54","slug":"eventos","status":"publish","type":"page","link":"https:\/\/diversidadaudiovisual.org\/nuevaweb\/eventos\/","title":{"rendered":"Eventos"},"content":{"rendered":"<p>[vc_row css=&#8221;.vc_custom_1674912354293{margin-top: 25px !important;}&#8221;][vc_column][vc_single_image image=&#8221;6992&#8243; img_size=&#8221;64&#215;64&#8243; alignment=&#8221;center&#8221;]<div class=\"thememount-boxes thememount-boxes-blog thememount-boxes-view-default thememount-boxes-col-three thememount-boxes-sortable-no thememount-boxes-textalign-center thememount-boxes-sortablebutton-\">\n\t\t<div class=\"thememount-boxes-inner thememount-boxes-blog-inner \"><div class=\"thememount-box-heading-wrapper tm-element-align-center\"><div class=\"tm-element-heading-wrapper tm-heading-inner tm-element-align-center tm-seperator-after_before tm-heading-style-vertical \"><section class=\"tm-vc_cta3-container\"><div class=\"tm-vc_general tm-vc_cta3 tm-cta3-only tm-vc_cta3-style-classic tm-vc_cta3-shape-rounded tm-vc_cta3-align-center tm-vc_cta3-color-transparent tm-vc_cta3-icon-size-md tm-vc_cta3-actions-no tm-cta3-without-desc\"><div class=\"tm-vc_cta3_content-container\"><div class=\"tm-vc_cta3-content\"><header class=\"tm-vc_cta3-content-header tm-wrap\"><div class=\"tm-vc_cta3-headers tm-wrap-cell\"><h2 class=\"tm-custom-heading \" >Eventos<\/h2>\n<\/div><div class=\"heading-seperator\"><span><\/span><\/div><\/header><\/div><\/div><\/div><\/section><\/div> <!-- .tm-element-heading-wrapper container --> <\/div> <!-- .tm-element-heading-wrapper container --> \n\t\t\t\n\t\t\t<div class=\"row multi-columns-row thememount-boxes-row-wrapper\">\n\t\t\t\t<div class=\"tm-box-col-wrapper col-lg-4 col-sm-6 col-md-4 col-xs-12 eventos home-eventos home-publicaciones\"><article class=\"thememount-box thememount-box-blog thememount-blogbox-format- \">\n  <div class=\"post-item\">\n        <div class=\"tm-featured-outer-wrapper tm-post-featured-outer-wrapper\"> <div class=\"tm-post-format-icon-wrapper\"><i class=\"tm-knox-icon-pencil\"><\/i><\/div> <div class=\"tm-featured-wrapper tm-post-featured-wrapper tm-post-format-\"><a href=\"https:\/\/diversidadaudiovisual.org\/nuevaweb\/mondiacult-2022\/\"><img loading=\"lazy\" decoding=\"async\" width=\"800\" height=\"464\" src=\"https:\/\/diversidadaudiovisual.org\/nuevaweb\/wp-content\/uploads\/2023\/01\/mondiacult-2022-800x464.jpg\" class=\"attachment-thememount-img-blog size-thememount-img-blog wp-post-image\" alt=\"Mondiacult 2022\" data-id=\"7935\" \/><\/a><\/div> <\/div>\n    <div class=\"thememount-box-content\">\n      <div class=\"thememount-box-post-date\"><span class=\"tm-meta-line posted-on\"><span class=\"screen-reader-text tm-hide\">Posted on <\/span><a href=\"https:\/\/diversidadaudiovisual.org\/nuevaweb\/mondiacult-2022\/\" rel=\"bookmark\"><time class=\"entry-date published\" datetime=\"2023-02-06T13:08:47+00:00\">Feb 6, 2023<\/time><time class=\"updated tm-hide\" datetime=\"2023-02-06T15:04:15+00:00\">Feb 6, 2023<\/time><\/a><\/span><\/div>\n      <div class=\"thememount-box-title\"><h4><a href=\"https:\/\/diversidadaudiovisual.org\/nuevaweb\/mondiacult-2022\/\">Mondiacult 2022<\/a><\/h4><\/div>      <div class=\"author-email\">\n        <p><strong><\/strong> <\/p>\n      <\/div>\n <div class=\"universidad\">\n        <p> <\/p>\n      <\/div>\n      <div class=\"thememount-box-desc\">\n        <div class=\"thememount-box-desc-text\">Mondiacult 2022 Side event | Seminario internacional: Diversidad cultural y medios de comunicaci\u00f3n Lunes 26 y Martes 27 de sep...<\/div>\n        <div class=\"thememount-box-desc-footer\">\n                    <div class=\"thememount-blogbox-desc-footer\">\n            <div class=\"thememount-blogbox-footer-readmore\">  <\/div>\n          <\/div>\n        <\/div>\n      <\/div>\n    <\/div>\n  <\/div>\n<\/article>\n<\/div><div class=\"tm-box-col-wrapper col-lg-4 col-sm-6 col-md-4 col-xs-12 eventos\"><article class=\"thememount-box thememount-box-blog thememount-blogbox-format- \">\n  <div class=\"post-item\">\n        <div class=\"tm-featured-outer-wrapper tm-post-featured-outer-wrapper\"> <div class=\"tm-post-format-icon-wrapper\"><i class=\"tm-knox-icon-pencil\"><\/i><\/div> <div class=\"tm-featured-wrapper tm-post-featured-wrapper tm-post-format-\"><a href=\"https:\/\/diversidadaudiovisual.org\/nuevaweb\/webinar-2021-la-futura-ley-general-de-la-comunicacion-audiovisual-a-debate\/\"><img loading=\"lazy\" decoding=\"async\" width=\"800\" height=\"360\" src=\"https:\/\/diversidadaudiovisual.org\/nuevaweb\/wp-content\/uploads\/2023\/02\/webinario2021_2-min-1024x360-1-800x360.png\" class=\"attachment-thememount-img-blog size-thememount-img-blog wp-post-image\" alt=\"Webinar 2021 La futura Ley General de la Comunicaci\u00f3n Audiovisual a debate\" data-id=\"8691\" \/><\/a><\/div> <\/div>\n    <div class=\"thememount-box-content\">\n      <div class=\"thememount-box-post-date\"><span class=\"tm-meta-line posted-on\"><span class=\"screen-reader-text tm-hide\">Posted on <\/span><a href=\"https:\/\/diversidadaudiovisual.org\/nuevaweb\/webinar-2021-la-futura-ley-general-de-la-comunicacion-audiovisual-a-debate\/\" rel=\"bookmark\"><time class=\"entry-date published\" datetime=\"2023-02-06T13:00:08+00:00\">Feb 6, 2023<\/time><time class=\"updated tm-hide\" datetime=\"2023-02-13T10:18:01+00:00\">Feb 13, 2023<\/time><\/a><\/span><\/div>\n      <div class=\"thememount-box-title\"><h4><a href=\"https:\/\/diversidadaudiovisual.org\/nuevaweb\/webinar-2021-la-futura-ley-general-de-la-comunicacion-audiovisual-a-debate\/\">Webinar 2021 La futura Ley General de la Comunicaci\u00f3n Audiovisual a debate<\/a><\/h4><\/div>      <div class=\"author-email\">\n        <p><strong><\/strong> <\/p>\n      <\/div>\n <div class=\"universidad\">\n        <p> <\/p>\n      <\/div>\n      <div class=\"thememount-box-desc\">\n        <div class=\"thememount-box-desc-text\">Jueves 11 de marzo de 2021 \u2013 16:30 a 18:40 hs. (Espa\u00f1a) Actividad en l\u00ednea, gratuita, con inscripci\u00f3n previa. L...<\/div>\n        <div class=\"thememount-box-desc-footer\">\n                    <div class=\"thememount-blogbox-desc-footer\">\n            <div class=\"thememount-blogbox-footer-readmore\">  <\/div>\n          <\/div>\n        <\/div>\n      <\/div>\n    <\/div>\n  <\/div>\n<\/article>\n<\/div><div class=\"tm-box-col-wrapper col-lg-4 col-sm-6 col-md-4 col-xs-12 eventos\"><article class=\"thememount-box thememount-box-blog thememount-blogbox-format- \">\n  <div class=\"post-item\">\n        <div class=\"tm-featured-outer-wrapper tm-post-featured-outer-wrapper\"> <div class=\"tm-post-format-icon-wrapper\"><i class=\"tm-knox-icon-pencil\"><\/i><\/div> <div class=\"tm-featured-wrapper tm-post-featured-wrapper tm-post-format-\"><a href=\"https:\/\/diversidadaudiovisual.org\/nuevaweb\/presentacion-2021-del-informe-del-observatorio-europeo-del-audiovisual\/\"><img loading=\"lazy\" decoding=\"async\" width=\"800\" height=\"360\" src=\"https:\/\/diversidadaudiovisual.org\/nuevaweb\/wp-content\/uploads\/2023\/02\/PresentacionObservatorioEuropeoAudiovisual2021-1024x360-1-800x360.png\" class=\"attachment-thememount-img-blog size-thememount-img-blog wp-post-image\" alt=\"Presentaci\u00f3n 2021 del informe del Observatorio Europeo del Audiovisual\" data-id=\"8692\" \/><\/a><\/div> <\/div>\n    <div class=\"thememount-box-content\">\n      <div class=\"thememount-box-post-date\"><span class=\"tm-meta-line posted-on\"><span class=\"screen-reader-text tm-hide\">Posted on <\/span><a href=\"https:\/\/diversidadaudiovisual.org\/nuevaweb\/presentacion-2021-del-informe-del-observatorio-europeo-del-audiovisual\/\" rel=\"bookmark\"><time class=\"entry-date published\" datetime=\"2023-02-06T12:59:12+00:00\">Feb 6, 2023<\/time><time class=\"updated tm-hide\" datetime=\"2023-02-13T10:20:24+00:00\">Feb 13, 2023<\/time><\/a><\/span><\/div>\n      <div class=\"thememount-box-title\"><h4><a href=\"https:\/\/diversidadaudiovisual.org\/nuevaweb\/presentacion-2021-del-informe-del-observatorio-europeo-del-audiovisual\/\">Presentaci\u00f3n 2021 del informe del Observatorio Europeo del Audiovisual<\/a><\/h4><\/div>      <div class=\"author-email\">\n        <p><strong><\/strong> <\/p>\n      <\/div>\n <div class=\"universidad\">\n        <p> <\/p>\n      <\/div>\n      <div class=\"thememount-box-desc\">\n        <div class=\"thememount-box-desc-text\">3 de marzo de 2021 - 15:00-16:00 (Espa\u00f1a) Actividad gratuita en espa\u00f1ol. Modalidad virtual con registro previo. La...<\/div>\n        <div class=\"thememount-box-desc-footer\">\n                    <div class=\"thememount-blogbox-desc-footer\">\n            <div class=\"thememount-blogbox-footer-readmore\">  <\/div>\n          <\/div>\n        <\/div>\n      <\/div>\n    <\/div>\n  <\/div>\n<\/article>\n<\/div><div class=\"tm-box-col-wrapper col-lg-4 col-sm-6 col-md-4 col-xs-12 eventos\"><article class=\"thememount-box thememount-box-blog thememount-blogbox-format- \">\n  <div class=\"post-item\">\n        <div class=\"tm-featured-outer-wrapper tm-post-featured-outer-wrapper\"> <div class=\"tm-post-format-icon-wrapper\"><i class=\"tm-knox-icon-pencil\"><\/i><\/div> <div class=\"tm-featured-wrapper tm-post-featured-wrapper tm-post-format-\"><a href=\"https:\/\/diversidadaudiovisual.org\/nuevaweb\/curso-de-verano-2017-diversidad-discapacidad-y-medios-de-comunicacion\/\"><img loading=\"lazy\" decoding=\"async\" width=\"800\" height=\"464\" src=\"https:\/\/diversidadaudiovisual.org\/nuevaweb\/wp-content\/uploads\/2023\/02\/banner-CURSO-COMPLUTENSE-800x464.png\" class=\"attachment-thememount-img-blog size-thememount-img-blog wp-post-image\" alt=\"Curso de verano 2017 Diversidad, discapacidad y medios de comunicaci\u00f3n\" data-id=\"8693\" \/><\/a><\/div> <\/div>\n    <div class=\"thememount-box-content\">\n      <div class=\"thememount-box-post-date\"><span class=\"tm-meta-line posted-on\"><span class=\"screen-reader-text tm-hide\">Posted on <\/span><a href=\"https:\/\/diversidadaudiovisual.org\/nuevaweb\/curso-de-verano-2017-diversidad-discapacidad-y-medios-de-comunicacion\/\" rel=\"bookmark\"><time class=\"entry-date published\" datetime=\"2023-02-06T12:57:59+00:00\">Feb 6, 2023<\/time><time class=\"updated tm-hide\" datetime=\"2023-02-13T10:21:25+00:00\">Feb 13, 2023<\/time><\/a><\/span><\/div>\n      <div class=\"thememount-box-title\"><h4><a href=\"https:\/\/diversidadaudiovisual.org\/nuevaweb\/curso-de-verano-2017-diversidad-discapacidad-y-medios-de-comunicacion\/\">Curso de verano 2017 Diversidad, discapacidad y medios de comunicaci\u00f3n<\/a><\/h4><\/div>      <div class=\"author-email\">\n        <p><strong><\/strong> <\/p>\n      <\/div>\n <div class=\"universidad\">\n        <p> <\/p>\n      <\/div>\n      <div class=\"thememount-box-desc\">\n        <div class=\"thememount-box-desc-text\">Diversidad, discapacidad y medios de comunicaci\u00f3n 27 y 28 de junio de 2017 \u2013 Edificio\u00a0Multiusos (Aula 1102), Ciudad Universit...<\/div>\n        <div class=\"thememount-box-desc-footer\">\n                    <div class=\"thememount-blogbox-desc-footer\">\n            <div class=\"thememount-blogbox-footer-readmore\">  <\/div>\n          <\/div>\n        <\/div>\n      <\/div>\n    <\/div>\n  <\/div>\n<\/article>\n<\/div><div class=\"tm-box-col-wrapper col-lg-4 col-sm-6 col-md-4 col-xs-12 eventos\"><article class=\"thememount-box thememount-box-blog thememount-blogbox-format- \">\n  <div class=\"post-item\">\n        <div class=\"tm-featured-outer-wrapper tm-post-featured-outer-wrapper\"> <div class=\"tm-post-format-icon-wrapper\"><i class=\"tm-knox-icon-pencil\"><\/i><\/div> <div class=\"tm-featured-wrapper tm-post-featured-wrapper tm-post-format-\"><a href=\"https:\/\/diversidadaudiovisual.org\/nuevaweb\/jornada-2015-los-desafios-de-la-diversidad-en-el-audiovisual-digital\/\"><img loading=\"lazy\" decoding=\"async\" width=\"800\" height=\"464\" src=\"https:\/\/diversidadaudiovisual.org\/nuevaweb\/wp-content\/uploads\/2023\/02\/banner-elcano-2015largo03-800x464.png\" class=\"attachment-thememount-img-blog size-thememount-img-blog wp-post-image\" alt=\"Jornada 2015 Los desaf\u00edos de la diversidad en el audiovisual digital\" data-id=\"8694\" \/><\/a><\/div> <\/div>\n    <div class=\"thememount-box-content\">\n      <div class=\"thememount-box-post-date\"><span class=\"tm-meta-line posted-on\"><span class=\"screen-reader-text tm-hide\">Posted on <\/span><a href=\"https:\/\/diversidadaudiovisual.org\/nuevaweb\/jornada-2015-los-desafios-de-la-diversidad-en-el-audiovisual-digital\/\" rel=\"bookmark\"><time class=\"entry-date published\" datetime=\"2023-02-06T12:57:16+00:00\">Feb 6, 2023<\/time><time class=\"updated tm-hide\" datetime=\"2023-02-13T10:22:33+00:00\">Feb 13, 2023<\/time><\/a><\/span><\/div>\n      <div class=\"thememount-box-title\"><h4><a href=\"https:\/\/diversidadaudiovisual.org\/nuevaweb\/jornada-2015-los-desafios-de-la-diversidad-en-el-audiovisual-digital\/\">Jornada 2015 Los desaf\u00edos de la diversidad en el audiovisual digital<\/a><\/h4><\/div>      <div class=\"author-email\">\n        <p><strong><\/strong> <\/p>\n      <\/div>\n <div class=\"universidad\">\n        <p> <\/p>\n      <\/div>\n      <div class=\"thememount-box-desc\">\n        <div class=\"thememount-box-desc-text\">Los desaf\u00edos de la diversidad en el audiovisual digital 13 de noviembre de 2015 \u2013 Real Instituto Elcano Coincidiendo con el d...<\/div>\n        <div class=\"thememount-box-desc-footer\">\n                    <div class=\"thememount-blogbox-desc-footer\">\n            <div class=\"thememount-blogbox-footer-readmore\">  <\/div>\n          <\/div>\n        <\/div>\n      <\/div>\n    <\/div>\n  <\/div>\n<\/article>\n<\/div><div class=\"tm-box-col-wrapper col-lg-4 col-sm-6 col-md-4 col-xs-12 eventos\"><article class=\"thememount-box thememount-box-blog thememount-blogbox-format- \">\n  <div class=\"post-item\">\n        <div class=\"tm-featured-outer-wrapper tm-post-featured-outer-wrapper\"> <div class=\"tm-post-format-icon-wrapper\"><i class=\"tm-knox-icon-pencil\"><\/i><\/div> <div class=\"tm-featured-wrapper tm-post-featured-wrapper tm-post-format-\"><a href=\"https:\/\/diversidadaudiovisual.org\/nuevaweb\/semana-de-la-ciencia-2015-fabricando-audiovisual-en-la-era-digital\/\"><img loading=\"lazy\" decoding=\"async\" width=\"800\" height=\"312\" src=\"https:\/\/diversidadaudiovisual.org\/nuevaweb\/wp-content\/uploads\/2023\/02\/banner-semana-ciencia-2015new-800x312.png\" class=\"attachment-thememount-img-blog size-thememount-img-blog wp-post-image\" alt=\"Semana de la Ciencia 2015 Fabricando Audiovisual en la Era Digital\" data-id=\"8695\" \/><\/a><\/div> <\/div>\n    <div class=\"thememount-box-content\">\n      <div class=\"thememount-box-post-date\"><span class=\"tm-meta-line posted-on\"><span class=\"screen-reader-text tm-hide\">Posted on <\/span><a href=\"https:\/\/diversidadaudiovisual.org\/nuevaweb\/semana-de-la-ciencia-2015-fabricando-audiovisual-en-la-era-digital\/\" rel=\"bookmark\"><time class=\"entry-date published\" datetime=\"2023-02-06T12:56:08+00:00\">Feb 6, 2023<\/time><time class=\"updated tm-hide\" datetime=\"2023-02-13T10:23:28+00:00\">Feb 13, 2023<\/time><\/a><\/span><\/div>\n      <div class=\"thememount-box-title\"><h4><a href=\"https:\/\/diversidadaudiovisual.org\/nuevaweb\/semana-de-la-ciencia-2015-fabricando-audiovisual-en-la-era-digital\/\">Semana de la Ciencia 2015 Fabricando Audiovisual en la Era Digital<\/a><\/h4><\/div>      <div class=\"author-email\">\n        <p><strong><\/strong> <\/p>\n      <\/div>\n <div class=\"universidad\">\n        <p> <\/p>\n      <\/div>\n      <div class=\"thememount-box-desc\">\n        <div class=\"thememount-box-desc-text\">Fabricando Audiovisual en la Era Digital 8\u00a0de noviembre de 2015 \u2013 Matadero Madrid Los miembros del proyecto de invest...<\/div>\n        <div class=\"thememount-box-desc-footer\">\n                    <div class=\"thememount-blogbox-desc-footer\">\n            <div class=\"thememount-blogbox-footer-readmore\">  <\/div>\n          <\/div>\n        <\/div>\n      <\/div>\n    <\/div>\n  <\/div>\n<\/article>\n<\/div><div class=\"tm-box-col-wrapper col-lg-4 col-sm-6 col-md-4 col-xs-12 eventos\"><article class=\"thememount-box thememount-box-blog thememount-blogbox-format- \">\n  <div class=\"post-item\">\n        <div class=\"tm-featured-outer-wrapper tm-post-featured-outer-wrapper\"> <div class=\"tm-post-format-icon-wrapper\"><i class=\"tm-knox-icon-pencil\"><\/i><\/div> <div class=\"tm-featured-wrapper tm-post-featured-wrapper tm-post-format-\"><a href=\"https:\/\/diversidadaudiovisual.org\/nuevaweb\/semana-ciencia-2014-fabricando-diversidad-audiovisual\/\"><img loading=\"lazy\" decoding=\"async\" width=\"789\" height=\"331\" src=\"https:\/\/diversidadaudiovisual.org\/nuevaweb\/wp-content\/uploads\/2023\/02\/Fabricando-Audiovisual-2014.jpg\" class=\"attachment-thememount-img-blog size-thememount-img-blog wp-post-image\" alt=\"Semana Ciencia 2014 Fabricando Diversidad Audiovisual\" srcset=\"https:\/\/diversidadaudiovisual.org\/nuevaweb\/wp-content\/uploads\/2023\/02\/Fabricando-Audiovisual-2014.jpg 789w, https:\/\/diversidadaudiovisual.org\/nuevaweb\/wp-content\/uploads\/2023\/02\/Fabricando-Audiovisual-2014-300x126.jpg 300w, https:\/\/diversidadaudiovisual.org\/nuevaweb\/wp-content\/uploads\/2023\/02\/Fabricando-Audiovisual-2014-768x322.jpg 768w\" sizes=\"auto, (max-width: 789px) 100vw, 789px\" data-id=\"8696\" \/><\/a><\/div> <\/div>\n    <div class=\"thememount-box-content\">\n      <div class=\"thememount-box-post-date\"><span class=\"tm-meta-line posted-on\"><span class=\"screen-reader-text tm-hide\">Posted on <\/span><a href=\"https:\/\/diversidadaudiovisual.org\/nuevaweb\/semana-ciencia-2014-fabricando-diversidad-audiovisual\/\" rel=\"bookmark\"><time class=\"entry-date published\" datetime=\"2023-02-06T12:49:38+00:00\">Feb 6, 2023<\/time><time class=\"updated tm-hide\" datetime=\"2023-02-13T10:25:48+00:00\">Feb 13, 2023<\/time><\/a><\/span><\/div>\n      <div class=\"thememount-box-title\"><h4><a href=\"https:\/\/diversidadaudiovisual.org\/nuevaweb\/semana-ciencia-2014-fabricando-diversidad-audiovisual\/\">Semana Ciencia 2014 Fabricando Diversidad Audiovisual<\/a><\/h4><\/div>      <div class=\"author-email\">\n        <p><strong><\/strong> <\/p>\n      <\/div>\n <div class=\"universidad\">\n        <p> <\/p>\n      <\/div>\n      <div class=\"thememount-box-desc\">\n        <div class=\"thememount-box-desc-text\">9 de noviembre de 2014 - Matadero Madrid Los miembros del proyecto de investigaci\u00f3n \u201cDiversidad cultural y audiovisual: buenas...<\/div>\n        <div class=\"thememount-box-desc-footer\">\n                    <div class=\"thememount-blogbox-desc-footer\">\n            <div class=\"thememount-blogbox-footer-readmore\">  <\/div>\n          <\/div>\n        <\/div>\n      <\/div>\n    <\/div>\n  <\/div>\n<\/article>\n<\/div><div class=\"tm-box-col-wrapper col-lg-4 col-sm-6 col-md-4 col-xs-12 eventos\"><article class=\"thememount-box thememount-box-blog thememount-blogbox-format- \">\n  <div class=\"post-item\">\n        <div class=\"tm-featured-outer-wrapper tm-post-featured-outer-wrapper\"> <div class=\"tm-post-format-icon-wrapper\"><i class=\"tm-knox-icon-pencil\"><\/i><\/div> <div class=\"tm-featured-wrapper tm-post-featured-wrapper tm-post-format-\"><a href=\"https:\/\/diversidadaudiovisual.org\/nuevaweb\/jornada-2014\/\"><img loading=\"lazy\" decoding=\"async\" width=\"689\" height=\"279\" src=\"https:\/\/diversidadaudiovisual.org\/nuevaweb\/wp-content\/uploads\/2023\/02\/Jornada-2014.jpg\" class=\"attachment-thememount-img-blog size-thememount-img-blog wp-post-image\" alt=\"Jornada 2014\" srcset=\"https:\/\/diversidadaudiovisual.org\/nuevaweb\/wp-content\/uploads\/2023\/02\/Jornada-2014.jpg 689w, https:\/\/diversidadaudiovisual.org\/nuevaweb\/wp-content\/uploads\/2023\/02\/Jornada-2014-300x121.jpg 300w\" sizes=\"auto, (max-width: 689px) 100vw, 689px\" data-id=\"8697\" \/><\/a><\/div> <\/div>\n    <div class=\"thememount-box-content\">\n      <div class=\"thememount-box-post-date\"><span class=\"tm-meta-line posted-on\"><span class=\"screen-reader-text tm-hide\">Posted on <\/span><a href=\"https:\/\/diversidadaudiovisual.org\/nuevaweb\/jornada-2014\/\" rel=\"bookmark\"><time class=\"entry-date published\" datetime=\"2023-02-06T12:45:39+00:00\">Feb 6, 2023<\/time><time class=\"updated tm-hide\" datetime=\"2023-02-13T10:27:08+00:00\">Feb 13, 2023<\/time><\/a><\/span><\/div>\n      <div class=\"thememount-box-title\"><h4><a href=\"https:\/\/diversidadaudiovisual.org\/nuevaweb\/jornada-2014\/\">Jornada 2014<\/a><\/h4><\/div>      <div class=\"author-email\">\n        <p><strong><\/strong> <\/p>\n      <\/div>\n <div class=\"universidad\">\n        <p> <\/p>\n      <\/div>\n      <div class=\"thememount-box-desc\">\n        <div class=\"thememount-box-desc-text\">Exhibici\u00f3n cinematogr\u00e1fica digital en Espa\u00f1a. Amenazas y oportunidades para la diversidad cultural 10 de Abril de 2014 - Aul...<\/div>\n        <div class=\"thememount-box-desc-footer\">\n                    <div class=\"thememount-blogbox-desc-footer\">\n            <div class=\"thememount-blogbox-footer-readmore\">  <\/div>\n          <\/div>\n        <\/div>\n      <\/div>\n    <\/div>\n  <\/div>\n<\/article>\n<\/div><div class=\"tm-box-col-wrapper col-lg-4 col-sm-6 col-md-4 col-xs-12 eventos\"><article class=\"thememount-box thememount-box-blog thememount-blogbox-format- \">\n  <div class=\"post-item\">\n        <div class=\"tm-featured-outer-wrapper tm-post-featured-outer-wrapper\"> <div class=\"tm-post-format-icon-wrapper\"><i class=\"tm-knox-icon-pencil\"><\/i><\/div> <div class=\"tm-featured-wrapper tm-post-featured-wrapper tm-post-format-\"><a href=\"https:\/\/diversidadaudiovisual.org\/nuevaweb\/workshop-2013\/\"><img loading=\"lazy\" decoding=\"async\" width=\"800\" height=\"533\" src=\"https:\/\/diversidadaudiovisual.org\/nuevaweb\/wp-content\/uploads\/2023\/02\/Workshop-2013-800x533.jpg\" class=\"attachment-thememount-img-blog size-thememount-img-blog wp-post-image\" alt=\"Workshop 2013\" data-id=\"8698\" \/><\/a><\/div> <\/div>\n    <div class=\"thememount-box-content\">\n      <div class=\"thememount-box-post-date\"><span class=\"tm-meta-line posted-on\"><span class=\"screen-reader-text tm-hide\">Posted on <\/span><a href=\"https:\/\/diversidadaudiovisual.org\/nuevaweb\/workshop-2013\/\" rel=\"bookmark\"><time class=\"entry-date published\" datetime=\"2023-02-06T12:42:15+00:00\">Feb 6, 2023<\/time><time class=\"updated tm-hide\" datetime=\"2023-02-13T10:28:08+00:00\">Feb 13, 2023<\/time><\/a><\/span><\/div>\n      <div class=\"thememount-box-title\"><h4><a href=\"https:\/\/diversidadaudiovisual.org\/nuevaweb\/workshop-2013\/\">Workshop 2013<\/a><\/h4><\/div>      <div class=\"author-email\">\n        <p><strong><\/strong> <\/p>\n      <\/div>\n <div class=\"universidad\">\n        <p> <\/p>\n      <\/div>\n      <div class=\"thememount-box-desc\">\n        <div class=\"thememount-box-desc-text\">Workshop internacional en la UC3M Protecci\u00f3n y promoci\u00f3n de la diversidad audiovisual en la era digital Los d\u00edas 3 y 4 de oct...<\/div>\n        <div class=\"thememount-box-desc-footer\">\n                    <div class=\"thememount-blogbox-desc-footer\">\n            <div class=\"thememount-blogbox-footer-readmore\">  <\/div>\n          <\/div>\n        <\/div>\n      <\/div>\n    <\/div>\n  <\/div>\n<\/article>\n<\/div>\n\t\t\t<\/div>\n\t\t<\/div><!-- .thememount-boxes-inner -->   <\/div><!-- .thememount-boxes -->  [\/vc_column][\/vc_row]<\/p>\n","protected":false},"excerpt":{"rendered":"<p>[vc_row css=&#8221;.vc_custom_1674912354293{margin-top: 25px !important;}&#8221;][vc_column][vc_single_image image=&#8221;6992&#8243; img_size=&#8221;64&#215;64&#8243; alignment=&#8221;center&#8221;][\/vc_column][\/vc_row]<\/p>\n","protected":false},"author":1,"featured_media":0,"parent":0,"menu_order":0,"comment_status":"closed","ping_status":"closed","template":"","meta":{"footnotes":""},"class_list":["post-6991","page","type-page","status-publish","hentry"],"_links":{"self":[{"href":"https:\/\/diversidadaudiovisual.org\/nuevaweb\/wp-json\/wp\/v2\/pages\/6991","targetHints":{"allow":["GET"]}}],"collection":[{"href":"https:\/\/diversidadaudiovisual.org\/nuevaweb\/wp-json\/wp\/v2\/pages"}],"about":[{"href":"https:\/\/diversidadaudiovisual.org\/nuevaweb\/wp-json\/wp\/v2\/types\/page"}],"author":[{"embeddable":true,"href":"https:\/\/diversidadaudiovisual.org\/nuevaweb\/wp-json\/wp\/v2\/users\/1"}],"replies":[{"embeddable":true,"href":"https:\/\/diversidadaudiovisual.org\/nuevaweb\/wp-json\/wp\/v2\/comments?post=6991"}],"version-history":[{"count":10,"href":"https:\/\/diversidadaudiovisual.org\/nuevaweb\/wp-json\/wp\/v2\/pages\/6991\/revisions"}],"predecessor-version":[{"id":8383,"href":"https:\/\/diversidadaudiovisual.org\/nuevaweb\/wp-json\/wp\/v2\/pages\/6991\/revisions\/8383"}],"wp:attachment":[{"href":"https:\/\/diversidadaudiovisual.org\/nuevaweb\/wp-json\/wp\/v2\/media?parent=6991"}],"curies":[{"name":"wp","href":"https:\/\/api.w.org\/{rel}","templated":true}]}}