{"id":7243,"date":"2021-05-24T11:00:38","date_gmt":"2021-05-24T11:00:38","guid":{"rendered":"https:\/\/diversidadaudiovisual.org\/nuevaweb\/?page_id=7243"},"modified":"2021-05-25T18:07:36","modified_gmt":"2021-05-25T18:07:36","slug":"enlaces","status":"publish","type":"page","link":"https:\/\/diversidadaudiovisual.org\/nuevaweb\/recursos\/documentacion\/enlaces\/","title":{"rendered":"Enlaces"},"content":{"rendered":"<p>[vc_row][vc_column][vc_single_image image=&#8221;7244&#8243; img_size=&#8221;64&#215;64&#8243; alignment=&#8221;center&#8221;]<div class=\"thememount-boxes thememount-boxes-blog thememount-boxes-view-default thememount-boxes-col-three thememount-boxes-sortable-no thememount-boxes-textalign-center thememount-boxes-sortablebutton-\">\n\t\t<div class=\"thememount-boxes-inner thememount-boxes-blog-inner \"><div class=\"thememount-box-heading-wrapper tm-element-align-center\"><div class=\"tm-element-heading-wrapper tm-heading-inner tm-element-align-center tm-seperator-after_before tm-heading-style-vertical \"><section class=\"tm-vc_cta3-container\"><div class=\"tm-vc_general tm-vc_cta3 tm-cta3-only tm-vc_cta3-style-classic tm-vc_cta3-shape-rounded tm-vc_cta3-align-center tm-vc_cta3-color-transparent tm-vc_cta3-icon-size-md tm-vc_cta3-actions-no tm-cta3-without-desc\"><div class=\"tm-vc_cta3_content-container\"><div class=\"tm-vc_cta3-content\"><header class=\"tm-vc_cta3-content-header tm-wrap\"><div class=\"tm-vc_cta3-headers tm-wrap-cell\"><h2 class=\"tm-custom-heading \" >Enlaces<\/h2>\n<\/div><div class=\"heading-seperator\"><span><\/span><\/div><\/header><\/div><\/div><\/div><\/section><\/div> <!-- .tm-element-heading-wrapper container --> <\/div> <!-- .tm-element-heading-wrapper container --> \n\t\t\t\n\t\t\t<div class=\"row multi-columns-row thememount-boxes-row-wrapper\">\n\t\t\t\t<div class=\"tm-box-col-wrapper col-lg-4 col-sm-6 col-md-4 col-xs-12 enlaces recursos\"><article class=\"thememount-box thememount-box-blog thememount-blogbox-format- \">\n  <div class=\"post-item\">\n        <div class=\"tm-featured-outer-wrapper tm-post-featured-outer-wrapper\"> <div class=\"tm-post-format-icon-wrapper\"><i class=\"tm-knox-icon-pencil\"><\/i><\/div> <div class=\"tm-featured-wrapper tm-post-featured-wrapper tm-post-format-\"><a href=\"https:\/\/diversidadaudiovisual.org\/nuevaweb\/plateforme-de-suivi-des-politiques\/\"><\/a><\/div> <\/div>\n    <div class=\"thememount-box-content\">\n      <div class=\"thememount-box-post-date\"><span class=\"tm-meta-line posted-on\"><span class=\"screen-reader-text tm-hide\">Posted on <\/span><a href=\"https:\/\/diversidadaudiovisual.org\/nuevaweb\/plateforme-de-suivi-des-politiques\/\" rel=\"bookmark\"><time class=\"entry-date published updated\" datetime=\"2019-02-21T18:28:05+00:00\">Feb 21, 2019<\/time><\/a><\/span><\/div>\n      <div class=\"thememount-box-title\"><h4><a href=\"https:\/\/diversidadaudiovisual.org\/nuevaweb\/plateforme-de-suivi-des-politiques\/\">Plateforme de suivi des politiques<\/a><\/h4><\/div>      <div class=\"author-email\">\n        <p><strong><\/strong> <\/p>\n      <\/div>\n <div class=\"universidad\">\n        <p> <\/p>\n      <\/div>\n      <div class=\"thememount-box-desc\">\n        <div class=\"thememount-box-desc-text\">Esta plataforma, desarrollada por la UNESCO, muestra\u00a02065 pol\u00edticas y medidas de informes peri\u00f3dicos presentados por 102 pa\u00edse...<\/div>\n        <div class=\"thememount-box-desc-footer\">\n                    <div class=\"thememount-blogbox-desc-footer\">\n            <div class=\"thememount-blogbox-footer-readmore\">  <\/div>\n          <\/div>\n        <\/div>\n      <\/div>\n    <\/div>\n  <\/div>\n<\/article>\n<\/div><div class=\"tm-box-col-wrapper col-lg-4 col-sm-6 col-md-4 col-xs-12 enlaces recursos\"><article class=\"thememount-box thememount-box-blog thememount-blogbox-format- \">\n  <div class=\"post-item\">\n        <div class=\"tm-featured-outer-wrapper tm-post-featured-outer-wrapper\"> <div class=\"tm-post-format-icon-wrapper\"><i class=\"tm-knox-icon-pencil\"><\/i><\/div> <div class=\"tm-featured-wrapper tm-post-featured-wrapper tm-post-format-\"><a href=\"https:\/\/diversidadaudiovisual.org\/nuevaweb\/el-rincon-de-netflix\/\"><\/a><\/div> <\/div>\n    <div class=\"thememount-box-content\">\n      <div class=\"thememount-box-post-date\"><span class=\"tm-meta-line posted-on\"><span class=\"screen-reader-text tm-hide\">Posted on <\/span><a href=\"https:\/\/diversidadaudiovisual.org\/nuevaweb\/el-rincon-de-netflix\/\" rel=\"bookmark\"><time class=\"entry-date published updated\" datetime=\"2018-11-28T20:09:25+00:00\">Nov 28, 2018<\/time><\/a><\/span><\/div>\n      <div class=\"thememount-box-title\"><h4><a href=\"https:\/\/diversidadaudiovisual.org\/nuevaweb\/el-rincon-de-netflix\/\">El rinc\u00f3n de Netflix<\/a><\/h4><\/div>      <div class=\"author-email\">\n        <p><strong><\/strong> <\/p>\n      <\/div>\n <div class=\"universidad\">\n        <p> <\/p>\n      <\/div>\n      <div class=\"thememount-box-desc\">\n        <div class=\"thememount-box-desc-text\">El rinc\u00f3n de Netflix es una plataforma que naci\u00f3 para recomendar o no\u00a0series o pel\u00edculas, informar de las \u00faltimas noticias de...<\/div>\n        <div class=\"thememount-box-desc-footer\">\n                    <div class=\"thememount-blogbox-desc-footer\">\n            <div class=\"thememount-blogbox-footer-readmore\">  <\/div>\n          <\/div>\n        <\/div>\n      <\/div>\n    <\/div>\n  <\/div>\n<\/article>\n<\/div><div class=\"tm-box-col-wrapper col-lg-4 col-sm-6 col-md-4 col-xs-12 enlaces recursos\"><article class=\"thememount-box thememount-box-blog thememount-blogbox-format- \">\n  <div class=\"post-item\">\n        <div class=\"tm-featured-outer-wrapper tm-post-featured-outer-wrapper\"> <div class=\"tm-post-format-icon-wrapper\"><i class=\"tm-knox-icon-pencil\"><\/i><\/div> <div class=\"tm-featured-wrapper tm-post-featured-wrapper tm-post-format-\"><a href=\"https:\/\/diversidadaudiovisual.org\/nuevaweb\/catedra-unesco-sobre-la-diversidad-de-las-expresiones-culturales\/\"><\/a><\/div> <\/div>\n    <div class=\"thememount-box-content\">\n      <div class=\"thememount-box-post-date\"><span class=\"tm-meta-line posted-on\"><span class=\"screen-reader-text tm-hide\">Posted on <\/span><a href=\"https:\/\/diversidadaudiovisual.org\/nuevaweb\/catedra-unesco-sobre-la-diversidad-de-las-expresiones-culturales\/\" rel=\"bookmark\"><time class=\"entry-date published updated\" datetime=\"2017-06-08T12:11:29+00:00\">Jun 8, 2017<\/time><\/a><\/span><\/div>\n      <div class=\"thememount-box-title\"><h4><a href=\"https:\/\/diversidadaudiovisual.org\/nuevaweb\/catedra-unesco-sobre-la-diversidad-de-las-expresiones-culturales\/\">C\u00e1tedra UNESCO sobre la diversidad de las expresiones culturales<\/a><\/h4><\/div>      <div class=\"author-email\">\n        <p><strong><\/strong> <\/p>\n      <\/div>\n <div class=\"universidad\">\n        <p> <\/p>\n      <\/div>\n      <div class=\"thememount-box-desc\">\n        <div class=\"thememount-box-desc-text\">La C\u00e1tedra UNESCO sobre la diversidad de las expresiones culturales de la Universit\u00e9 Laval\u00a0(Canad\u00e1), estudia los aspectos jur?...<\/div>\n        <div class=\"thememount-box-desc-footer\">\n                    <div class=\"thememount-blogbox-desc-footer\">\n            <div class=\"thememount-blogbox-footer-readmore\">  <\/div>\n          <\/div>\n        <\/div>\n      <\/div>\n    <\/div>\n  <\/div>\n<\/article>\n<\/div><div class=\"tm-box-col-wrapper col-lg-4 col-sm-6 col-md-4 col-xs-12 enlaces recursos\"><article class=\"thememount-box thememount-box-blog thememount-blogbox-format- tm-no-featured-content\">\n  <div class=\"post-item\">\n        <div class=\"tm-featured-outer-wrapper tm-post-featured-outer-wrapper\"> <div class=\"tm-post-format-icon-wrapper\"><i class=\"tm-knox-icon-pencil\"><\/i><\/div>  <\/div>\n    <div class=\"thememount-box-content\">\n      <div class=\"thememount-box-post-date\"><span class=\"tm-meta-line posted-on\"><span class=\"screen-reader-text tm-hide\">Posted on <\/span><a href=\"https:\/\/diversidadaudiovisual.org\/nuevaweb\/bibliografia-en-la-biblioteca-de-la-universidad-carlos-iii-de-madrid-2\/\" rel=\"bookmark\"><time class=\"entry-date published updated\" datetime=\"2017-04-18T14:45:45+00:00\">Abr 18, 2017<\/time><\/a><\/span><\/div>\n      <div class=\"thememount-box-title\"><h4><a href=\"https:\/\/diversidadaudiovisual.org\/nuevaweb\/bibliografia-en-la-biblioteca-de-la-universidad-carlos-iii-de-madrid-2\/\">Bibliograf\u00eda en la Biblioteca de la Universidad Carlos III de Madrid<\/a><\/h4><\/div>      <div class=\"author-email\">\n        <p><strong><\/strong> <\/p>\n      <\/div>\n <div class=\"universidad\">\n        <p> <\/p>\n      <\/div>\n      <div class=\"thememount-box-desc\">\n        <div class=\"thememount-box-desc-text\">Enlaces din\u00e1mico a la p\u00e1gina web de la Biblioteca de la\u00a0Universidad Carlos III de Madrid que contiene todas aquellas referencia...<\/div>\n        <div class=\"thememount-box-desc-footer\">\n                    <div class=\"thememount-blogbox-desc-footer\">\n            <div class=\"thememount-blogbox-footer-readmore\">  <\/div>\n          <\/div>\n        <\/div>\n      <\/div>\n    <\/div>\n  <\/div>\n<\/article>\n<\/div><div class=\"tm-box-col-wrapper col-lg-4 col-sm-6 col-md-4 col-xs-12 enlaces recursos\"><article class=\"thememount-box thememount-box-blog thememount-blogbox-format- tm-no-featured-content\">\n  <div class=\"post-item\">\n        <div class=\"tm-featured-outer-wrapper tm-post-featured-outer-wrapper\"> <div class=\"tm-post-format-icon-wrapper\"><i class=\"tm-knox-icon-pencil\"><\/i><\/div>  <\/div>\n    <div class=\"thememount-box-content\">\n      <div class=\"thememount-box-post-date\"><span class=\"tm-meta-line posted-on\"><span class=\"screen-reader-text tm-hide\">Posted on <\/span><a href=\"https:\/\/diversidadaudiovisual.org\/nuevaweb\/spotlight-on-diversity\/\" rel=\"bookmark\"><time class=\"entry-date published updated\" datetime=\"2015-09-23T20:58:14+00:00\">Sep 23, 2015<\/time><\/a><\/span><\/div>\n      <div class=\"thememount-box-title\"><h4><a href=\"https:\/\/diversidadaudiovisual.org\/nuevaweb\/spotlight-on-diversity\/\">Spotlight on diversity<\/a><\/h4><\/div>      <div class=\"author-email\">\n        <p><strong><\/strong> <\/p>\n      <\/div>\n <div class=\"universidad\">\n        <p> <\/p>\n      <\/div>\n      <div class=\"thememount-box-desc\">\n        <div class=\"thememount-box-desc-text\">El Ministerio de Cultura y de Comunicaciones de Qu\u00e9bec, junto con la Secretar\u00eda\u00a0de la Diversidad Cultural, ha puesto en marcha...<\/div>\n        <div class=\"thememount-box-desc-footer\">\n                    <div class=\"thememount-blogbox-desc-footer\">\n            <div class=\"thememount-blogbox-footer-readmore\">  <\/div>\n          <\/div>\n        <\/div>\n      <\/div>\n    <\/div>\n  <\/div>\n<\/article>\n<\/div><div class=\"tm-box-col-wrapper col-lg-4 col-sm-6 col-md-4 col-xs-12 enlaces\"><article class=\"thememount-box thememount-box-blog thememount-blogbox-format- tm-no-featured-content\">\n  <div class=\"post-item\">\n        <div class=\"tm-featured-outer-wrapper tm-post-featured-outer-wrapper\"> <div class=\"tm-post-format-icon-wrapper\"><i class=\"tm-knox-icon-pencil\"><\/i><\/div>  <\/div>\n    <div class=\"thememount-box-content\">\n      <div class=\"thememount-box-post-date\"><span class=\"tm-meta-line posted-on\"><span class=\"screen-reader-text tm-hide\">Posted on <\/span><a href=\"https:\/\/diversidadaudiovisual.org\/nuevaweb\/web-oficial-de-la-convencion-2005\/\" rel=\"bookmark\"><time class=\"entry-date published updated\" datetime=\"2015-06-14T09:22:14+00:00\">Jun 14, 2015<\/time><\/a><\/span><\/div>\n      <div class=\"thememount-box-title\"><h4><a href=\"https:\/\/diversidadaudiovisual.org\/nuevaweb\/web-oficial-de-la-convencion-2005\/\">Web oficial de la Convenci\u00f3n 2005<\/a><\/h4><\/div>      <div class=\"author-email\">\n        <p><strong><\/strong> <\/p>\n      <\/div>\n <div class=\"universidad\">\n        <p> <\/p>\n      <\/div>\n      <div class=\"thememount-box-desc\">\n        <div class=\"thememount-box-desc-text\">P\u00e1gina web oficial de la UNESCO sobre\u00a0la Convenci\u00f3n 2005. En ella podemos encontrar informaci\u00f3n variada en torno a la Convenci...<\/div>\n        <div class=\"thememount-box-desc-footer\">\n                    <div class=\"thememount-blogbox-desc-footer\">\n            <div class=\"thememount-blogbox-footer-readmore\">  <\/div>\n          <\/div>\n        <\/div>\n      <\/div>\n    <\/div>\n  <\/div>\n<\/article>\n<\/div><div class=\"tm-box-col-wrapper col-lg-4 col-sm-6 col-md-4 col-xs-12 enlaces recursos\"><article class=\"thememount-box thememount-box-blog thememount-blogbox-format- \">\n  <div class=\"post-item\">\n        <div class=\"tm-featured-outer-wrapper tm-post-featured-outer-wrapper\"> <div class=\"tm-post-format-icon-wrapper\"><i class=\"tm-knox-icon-pencil\"><\/i><\/div> <div class=\"tm-featured-wrapper tm-post-featured-wrapper tm-post-format-\"><a href=\"https:\/\/diversidadaudiovisual.org\/nuevaweb\/creative-diversity-network-cdn\/\"><\/a><\/div> <\/div>\n    <div class=\"thememount-box-content\">\n      <div class=\"thememount-box-post-date\"><span class=\"tm-meta-line posted-on\"><span class=\"screen-reader-text tm-hide\">Posted on <\/span><a href=\"https:\/\/diversidadaudiovisual.org\/nuevaweb\/creative-diversity-network-cdn\/\" rel=\"bookmark\"><time class=\"entry-date published updated\" datetime=\"2014-10-19T11:01:21+00:00\">Oct 19, 2014<\/time><\/a><\/span><\/div>\n      <div class=\"thememount-box-title\"><h4><a href=\"https:\/\/diversidadaudiovisual.org\/nuevaweb\/creative-diversity-network-cdn\/\">Creative Diversity Network (CDN)<\/a><\/h4><\/div>      <div class=\"author-email\">\n        <p><strong><\/strong> <\/p>\n      <\/div>\n <div class=\"universidad\">\n        <p> <\/p>\n      <\/div>\n      <div class=\"thememount-box-desc\">\n        <div class=\"thememount-box-desc-text\">La Creative Diversity Network (CDN)\u00a0es un foro\u00a0financiado por sus miembros cuyo papel es el de reunir a las organizaciones, que...<\/div>\n        <div class=\"thememount-box-desc-footer\">\n                    <div class=\"thememount-blogbox-desc-footer\">\n            <div class=\"thememount-blogbox-footer-readmore\">  <\/div>\n          <\/div>\n        <\/div>\n      <\/div>\n    <\/div>\n  <\/div>\n<\/article>\n<\/div><div class=\"tm-box-col-wrapper col-lg-4 col-sm-6 col-md-4 col-xs-12 enlaces recursos\"><article class=\"thememount-box thememount-box-blog thememount-blogbox-format- tm-no-featured-content\">\n  <div class=\"post-item\">\n        <div class=\"tm-featured-outer-wrapper tm-post-featured-outer-wrapper\"> <div class=\"tm-post-format-icon-wrapper\"><i class=\"tm-knox-icon-pencil\"><\/i><\/div>  <\/div>\n    <div class=\"thememount-box-content\">\n      <div class=\"thememount-box-post-date\"><span class=\"tm-meta-line posted-on\"><span class=\"screen-reader-text tm-hide\">Posted on <\/span><a href=\"https:\/\/diversidadaudiovisual.org\/nuevaweb\/reseau-international-de-juristes-pour-la-diversite-des-expressions-culturelles-rijdec\/\" rel=\"bookmark\"><time class=\"entry-date published updated\" datetime=\"2013-06-16T19:10:23+00:00\">Jun 16, 2013<\/time><\/a><\/span><\/div>\n      <div class=\"thememount-box-title\"><h4><a href=\"https:\/\/diversidadaudiovisual.org\/nuevaweb\/reseau-international-de-juristes-pour-la-diversite-des-expressions-culturelles-rijdec\/\">R\u00e9seau international de juristes pour la diversit\u00e9 des expressions culturelles (RIJDEC)<\/a><\/h4><\/div>      <div class=\"author-email\">\n        <p><strong><\/strong> <\/p>\n      <\/div>\n <div class=\"universidad\">\n        <p> <\/p>\n      <\/div>\n      <div class=\"thememount-box-desc\">\n        <div class=\"thememount-box-desc-text\">La Red Internacional de Juristas para la Diversidad de las Expresiones Culturales tiene como objetivo principal generar pensamient...<\/div>\n        <div class=\"thememount-box-desc-footer\">\n                    <div class=\"thememount-blogbox-desc-footer\">\n            <div class=\"thememount-blogbox-footer-readmore\">  <\/div>\n          <\/div>\n        <\/div>\n      <\/div>\n    <\/div>\n  <\/div>\n<\/article>\n<\/div><div class=\"tm-box-col-wrapper col-lg-4 col-sm-6 col-md-4 col-xs-12 enlaces\"><article class=\"thememount-box thememount-box-blog thememount-blogbox-format- \">\n  <div class=\"post-item\">\n        <div class=\"tm-featured-outer-wrapper tm-post-featured-outer-wrapper\"> <div class=\"tm-post-format-icon-wrapper\"><i class=\"tm-knox-icon-pencil\"><\/i><\/div> <div class=\"tm-featured-wrapper tm-post-featured-wrapper tm-post-format-\"><a href=\"https:\/\/diversidadaudiovisual.org\/nuevaweb\/red-internacional-sobre-politicas-culturales-ripc\/\"><\/a><\/div> <\/div>\n    <div class=\"thememount-box-content\">\n      <div class=\"thememount-box-post-date\"><span class=\"tm-meta-line posted-on\"><span class=\"screen-reader-text tm-hide\">Posted on <\/span><a href=\"https:\/\/diversidadaudiovisual.org\/nuevaweb\/red-internacional-sobre-politicas-culturales-ripc\/\" rel=\"bookmark\"><time class=\"entry-date published updated\" datetime=\"2013-03-11T10:26:26+00:00\">Mar 11, 2013<\/time><\/a><\/span><\/div>\n      <div class=\"thememount-box-title\"><h4><a href=\"https:\/\/diversidadaudiovisual.org\/nuevaweb\/red-internacional-sobre-politicas-culturales-ripc\/\">Red internacional sobre Pol\u00edticas Culturales (RIPC)<\/a><\/h4><\/div>      <div class=\"author-email\">\n        <p><strong><\/strong> <\/p>\n      <\/div>\n <div class=\"universidad\">\n        <p> <\/p>\n      <\/div>\n      <div class=\"thememount-box-desc\">\n        <div class=\"thememount-box-desc-text\">Lanzada por Canad\u00e1 en junio de 1988, la Red Internacional de Pol\u00edticas Culturales (RIPC) era una red interministerial que tambi?...<\/div>\n        <div class=\"thememount-box-desc-footer\">\n                    <div class=\"thememount-blogbox-desc-footer\">\n            <div class=\"thememount-blogbox-footer-readmore\">  <\/div>\n          <\/div>\n        <\/div>\n      <\/div>\n    <\/div>\n  <\/div>\n<\/article>\n<\/div><div class=\"tm-box-col-wrapper col-lg-4 col-sm-6 col-md-4 col-xs-12 enlaces\"><article class=\"thememount-box thememount-box-blog thememount-blogbox-format- tm-no-featured-content\">\n  <div class=\"post-item\">\n        <div class=\"tm-featured-outer-wrapper tm-post-featured-outer-wrapper\"> <div class=\"tm-post-format-icon-wrapper\"><i class=\"tm-knox-icon-pencil\"><\/i><\/div>  <\/div>\n    <div class=\"thememount-box-content\">\n      <div class=\"thememount-box-post-date\"><span class=\"tm-meta-line posted-on\"><span class=\"screen-reader-text tm-hide\">Posted on <\/span><a href=\"https:\/\/diversidadaudiovisual.org\/nuevaweb\/alianza-global-para-la-diversidad-cultural\/\" rel=\"bookmark\"><time class=\"entry-date published updated\" datetime=\"2012-06-13T12:08:18+00:00\">Jun 13, 2012<\/time><\/a><\/span><\/div>\n      <div class=\"thememount-box-title\"><h4><a href=\"https:\/\/diversidadaudiovisual.org\/nuevaweb\/alianza-global-para-la-diversidad-cultural\/\">Alianza Global para la Diversidad Cultural<\/a><\/h4><\/div>      <div class=\"author-email\">\n        <p><strong><\/strong> <\/p>\n      <\/div>\n <div class=\"universidad\">\n        <p> <\/p>\n      <\/div>\n      <div class=\"thememount-box-desc\">\n        <div class=\"thememount-box-desc-text\">La Alianza Global para la Diversidad Cultural fomenta partenariados entre actores p\u00fablicos y privados y de la sociedad civil en l...<\/div>\n        <div class=\"thememount-box-desc-footer\">\n                    <div class=\"thememount-blogbox-desc-footer\">\n            <div class=\"thememount-blogbox-footer-readmore\">  <\/div>\n          <\/div>\n        <\/div>\n      <\/div>\n    <\/div>\n  <\/div>\n<\/article>\n<\/div><div class=\"tm-box-col-wrapper col-lg-4 col-sm-6 col-md-4 col-xs-12 enlaces\"><article class=\"thememount-box thememount-box-blog thememount-blogbox-format- \">\n  <div class=\"post-item\">\n        <div class=\"tm-featured-outer-wrapper tm-post-featured-outer-wrapper\"> <div class=\"tm-post-format-icon-wrapper\"><i class=\"tm-knox-icon-pencil\"><\/i><\/div> <div class=\"tm-featured-wrapper tm-post-featured-wrapper tm-post-format-\"><a href=\"https:\/\/diversidadaudiovisual.org\/nuevaweb\/coalition-for-cultural-diversity-canada\/\"><\/a><\/div> <\/div>\n    <div class=\"thememount-box-content\">\n      <div class=\"thememount-box-post-date\"><span class=\"tm-meta-line posted-on\"><span class=\"screen-reader-text tm-hide\">Posted on <\/span><a href=\"https:\/\/diversidadaudiovisual.org\/nuevaweb\/coalition-for-cultural-diversity-canada\/\" rel=\"bookmark\"><time class=\"entry-date published updated\" datetime=\"2012-04-14T16:32:34+00:00\">Abr 14, 2012<\/time><\/a><\/span><\/div>\n      <div class=\"thememount-box-title\"><h4><a href=\"https:\/\/diversidadaudiovisual.org\/nuevaweb\/coalition-for-cultural-diversity-canada\/\">Coalition for Cultural Diversity, Canad\u00e1<\/a><\/h4><\/div>      <div class=\"author-email\">\n        <p><strong><\/strong> <\/p>\n      <\/div>\n <div class=\"universidad\">\n        <p> <\/p>\n      <\/div>\n      <div class=\"thememount-box-desc\">\n        <div class=\"thememount-box-desc-text\">Fundada en 1998 por las principales asociaciones quebequenses del \u00e1mbito cultural, la Coalici\u00f3n hoy se compone de 34 asociacione...<\/div>\n        <div class=\"thememount-box-desc-footer\">\n                    <div class=\"thememount-blogbox-desc-footer\">\n            <div class=\"thememount-blogbox-footer-readmore\">  <\/div>\n          <\/div>\n        <\/div>\n      <\/div>\n    <\/div>\n  <\/div>\n<\/article>\n<\/div><div class=\"tm-box-col-wrapper col-lg-4 col-sm-6 col-md-4 col-xs-12 enlaces\"><article class=\"thememount-box thememount-box-blog thememount-blogbox-format- tm-no-featured-content\">\n  <div class=\"post-item\">\n        <div class=\"tm-featured-outer-wrapper tm-post-featured-outer-wrapper\"> <div class=\"tm-post-format-icon-wrapper\"><i class=\"tm-knox-icon-pencil\"><\/i><\/div>  <\/div>\n    <div class=\"thememount-box-content\">\n      <div class=\"thememount-box-post-date\"><span class=\"tm-meta-line posted-on\"><span class=\"screen-reader-text tm-hide\">Posted on <\/span><a href=\"https:\/\/diversidadaudiovisual.org\/nuevaweb\/federacion-internacional-de-coaliciones-por-la-diversidad-cultural-ficdc\/\" rel=\"bookmark\"><time class=\"entry-date published updated\" datetime=\"2012-04-14T16:25:19+00:00\">Abr 14, 2012<\/time><\/a><\/span><\/div>\n      <div class=\"thememount-box-title\"><h4><a href=\"https:\/\/diversidadaudiovisual.org\/nuevaweb\/federacion-internacional-de-coaliciones-por-la-diversidad-cultural-ficdc\/\">Federaci\u00f3n Internacional de Coaliciones por la Diversidad Cultural (FICDC)<\/a><\/h4><\/div>      <div class=\"author-email\">\n        <p><strong><\/strong> <\/p>\n      <\/div>\n <div class=\"universidad\">\n        <p> <\/p>\n      <\/div>\n      <div class=\"thememount-box-desc\">\n        <div class=\"thememount-box-desc-text\">Creada por 42 coaliciones nacionales por la diversidad cultural, reagrupa 600 organizaciones profesionales de la cultura. Tiene su...<\/div>\n        <div class=\"thememount-box-desc-footer\">\n                    <div class=\"thememount-blogbox-desc-footer\">\n            <div class=\"thememount-blogbox-footer-readmore\">  <\/div>\n          <\/div>\n        <\/div>\n      <\/div>\n    <\/div>\n  <\/div>\n<\/article>\n<\/div>\n\t\t\t<\/div>\n\t\t<\/div><!-- .thememount-boxes-inner -->   <\/div><!-- .thememount-boxes -->  [\/vc_column][\/vc_row]<\/p>\n","protected":false},"excerpt":{"rendered":"<p>[vc_row][vc_column][vc_single_image image=&#8221;7244&#8243; img_size=&#8221;64&#215;64&#8243; alignment=&#8221;center&#8221;][\/vc_column][\/vc_row]<\/p>\n","protected":false},"author":1,"featured_media":0,"parent":7457,"menu_order":0,"comment_status":"closed","ping_status":"closed","template":"","meta":{"footnotes":""},"class_list":["post-7243","page","type-page","status-publish","hentry"],"_links":{"self":[{"href":"https:\/\/diversidadaudiovisual.org\/nuevaweb\/wp-json\/wp\/v2\/pages\/7243","targetHints":{"allow":["GET"]}}],"collection":[{"href":"https:\/\/diversidadaudiovisual.org\/nuevaweb\/wp-json\/wp\/v2\/pages"}],"about":[{"href":"https:\/\/diversidadaudiovisual.org\/nuevaweb\/wp-json\/wp\/v2\/types\/page"}],"author":[{"embeddable":true,"href":"https:\/\/diversidadaudiovisual.org\/nuevaweb\/wp-json\/wp\/v2\/users\/1"}],"replies":[{"embeddable":true,"href":"https:\/\/diversidadaudiovisual.org\/nuevaweb\/wp-json\/wp\/v2\/comments?post=7243"}],"version-history":[{"count":2,"href":"https:\/\/diversidadaudiovisual.org\/nuevaweb\/wp-json\/wp\/v2\/pages\/7243\/revisions"}],"predecessor-version":[{"id":7279,"href":"https:\/\/diversidadaudiovisual.org\/nuevaweb\/wp-json\/wp\/v2\/pages\/7243\/revisions\/7279"}],"up":[{"embeddable":true,"href":"https:\/\/diversidadaudiovisual.org\/nuevaweb\/wp-json\/wp\/v2\/pages\/7457"}],"wp:attachment":[{"href":"https:\/\/diversidadaudiovisual.org\/nuevaweb\/wp-json\/wp\/v2\/media?parent=7243"}],"curies":[{"name":"wp","href":"https:\/\/api.w.org\/{rel}","templated":true}]}}