{"id":7249,"date":"2021-05-24T16:28:23","date_gmt":"2021-05-24T16:28:23","guid":{"rendered":"https:\/\/diversidadaudiovisual.org\/nuevaweb\/?page_id=7249"},"modified":"2021-05-25T17:56:15","modified_gmt":"2021-05-25T17:56:15","slug":"legislacion","status":"publish","type":"page","link":"https:\/\/diversidadaudiovisual.org\/nuevaweb\/recursos\/legislacion\/","title":{"rendered":"Legislaci\u00f3n"},"content":{"rendered":"<p>[vc_row][vc_column][vc_single_image image=&#8221;7250&#8243; img_size=&#8221;64&#215;64&#8243; alignment=&#8221;center&#8221;]<div class=\"tm-element-heading-wrapper tm-heading-inner tm-element-align-center tm-seperator-after_before tm-heading-style-vertical \"><section class=\"tm-vc_cta3-container\"><div class=\"tm-vc_general tm-vc_cta3 tm-cta3-only tm-vc_cta3-style-classic tm-vc_cta3-shape-rounded tm-vc_cta3-align-center tm-vc_cta3-color-transparent tm-vc_cta3-icon-size-md tm-vc_cta3-actions-no tm-cta3-without-desc\"><div class=\"tm-vc_cta3_content-container\"><div class=\"tm-vc_cta3-content\"><header class=\"tm-vc_cta3-content-header tm-wrap\"><div class=\"tm-vc_cta3-headers tm-wrap-cell\"><h2 class=\"tm-custom-heading \" >Legislaci\u00f3n<\/h2>\n<\/div><div class=\"heading-seperator\"><span><\/span><\/div><\/header><\/div><\/div><\/div><\/section><\/div> <!-- .tm-element-heading-wrapper container --> [vc_column_text]Este apartado presenta aquellas Leyes de \u00e1mbito estatal (o nacionales) y de \u00e1mbito auton\u00f3mico (regionales) que inciden en el funcionamiento del sistema audiovisual en Espa\u00f1a y que explicitan el principio de diversidad.<\/p>\n<p>Complementariamente, se mencionan las directivas audiovisuales de la Uni\u00f3n Europea y la Carta Cultural Iberoamericana (2006).[\/vc_column_text]<div class=\"thememount-boxes thememount-boxes-blog thememount-boxes-view-default thememount-boxes-col-three thememount-boxes-sortable-no thememount-boxes-textalign-center thememount-boxes-sortablebutton-\">\n\t\t<div class=\"thememount-boxes-inner thememount-boxes-blog-inner \">\n\t\t\t\n\t\t\t<div class=\"row multi-columns-row thememount-boxes-row-wrapper\">\n\t\t\t\t<div class=\"tm-box-col-wrapper col-lg-4 col-sm-6 col-md-4 col-xs-12 legislacion legislacion-internacional recursos\"><article class=\"thememount-box thememount-box-blog thememount-blogbox-format- \">\n  <div class=\"post-item\">\n        <div class=\"tm-featured-outer-wrapper tm-post-featured-outer-wrapper\"> <div class=\"tm-post-format-icon-wrapper\"><i class=\"tm-knox-icon-pencil\"><\/i><\/div> <div class=\"tm-featured-wrapper tm-post-featured-wrapper tm-post-format-\"><a href=\"https:\/\/diversidadaudiovisual.org\/nuevaweb\/directiva-ue-20181808-del-parlamento-europeo-y-del-consejo\/\"><\/a><\/div> <\/div>\n    <div class=\"thememount-box-content\">\n      <div class=\"thememount-box-post-date\"><span class=\"tm-meta-line posted-on\"><span class=\"screen-reader-text tm-hide\">Posted on <\/span><a href=\"https:\/\/diversidadaudiovisual.org\/nuevaweb\/directiva-ue-20181808-del-parlamento-europeo-y-del-consejo\/\" rel=\"bookmark\"><time class=\"entry-date published updated\" datetime=\"2019-03-27T21:58:04+00:00\">Mar 27, 2019<\/time><\/a><\/span><\/div>\n      <div class=\"thememount-box-title\"><h4><a href=\"https:\/\/diversidadaudiovisual.org\/nuevaweb\/directiva-ue-20181808-del-parlamento-europeo-y-del-consejo\/\">DIRECTIVA (UE) 2018\/1808 DEL PARLAMENTO EUROPEO Y DEL CONSEJO<\/a><\/h4><\/div>      <div class=\"author-email\">\n        <p><strong><\/strong> <\/p>\n      <\/div>\n <div class=\"universidad\">\n        <p> <\/p>\n      <\/div>\n      <div class=\"thememount-box-desc\">\n        <div class=\"thememount-box-desc-text\">Por esta directiva se\u00a0se modifica la Directiva 2010\/13\/UE sobre la coordinaci\u00f3n de determinadas disposiciones legales, reglament...<\/div>\n        <div class=\"thememount-box-desc-footer\">\n                    <div class=\"thememount-blogbox-desc-footer\">\n            <div class=\"thememount-blogbox-footer-readmore\">  <\/div>\n          <\/div>\n        <\/div>\n      <\/div>\n    <\/div>\n  <\/div>\n<\/article>\n<\/div><div class=\"tm-box-col-wrapper col-lg-4 col-sm-6 col-md-4 col-xs-12 legislacion legislacion-regional recursos\"><article class=\"thememount-box thememount-box-blog thememount-blogbox-format- \">\n  <div class=\"post-item\">\n        <div class=\"tm-featured-outer-wrapper tm-post-featured-outer-wrapper\"> <div class=\"tm-post-format-icon-wrapper\"><i class=\"tm-knox-icon-pencil\"><\/i><\/div> <div class=\"tm-featured-wrapper tm-post-featured-wrapper tm-post-format-\"><a href=\"https:\/\/diversidadaudiovisual.org\/nuevaweb\/ley-102018-de-9-de-octubre-audiovisual-de-andalucia\/\"><\/a><\/div> <\/div>\n    <div class=\"thememount-box-content\">\n      <div class=\"thememount-box-post-date\"><span class=\"tm-meta-line posted-on\"><span class=\"screen-reader-text tm-hide\">Posted on <\/span><a href=\"https:\/\/diversidadaudiovisual.org\/nuevaweb\/ley-102018-de-9-de-octubre-audiovisual-de-andalucia\/\" rel=\"bookmark\"><time class=\"entry-date published updated\" datetime=\"2019-03-27T21:39:34+00:00\">Mar 27, 2019<\/time><\/a><\/span><\/div>\n      <div class=\"thememount-box-title\"><h4><a href=\"https:\/\/diversidadaudiovisual.org\/nuevaweb\/ley-102018-de-9-de-octubre-audiovisual-de-andalucia\/\">Ley 10\/2018, de 9 de octubre, Audiovisual de Andaluc\u00eda<\/a><\/h4><\/div>      <div class=\"author-email\">\n        <p><strong><\/strong> <\/p>\n      <\/div>\n <div class=\"universidad\">\n        <p> <\/p>\n      <\/div>\n      <div class=\"thememount-box-desc\">\n        <div class=\"thememount-box-desc-text\">La presente ley dota a Andaluc\u00eda de un instrumento propio que, sin perjuicio del respeto a la legislaci\u00f3n b\u00e1sica estatal, se ce...<\/div>\n        <div class=\"thememount-box-desc-footer\">\n                    <div class=\"thememount-blogbox-desc-footer\">\n            <div class=\"thememount-blogbox-footer-readmore\">  <\/div>\n          <\/div>\n        <\/div>\n      <\/div>\n    <\/div>\n  <\/div>\n<\/article>\n<\/div><div class=\"tm-box-col-wrapper col-lg-4 col-sm-6 col-md-4 col-xs-12 legislacion legislacion-regional recursos\"><article class=\"thememount-box thememount-box-blog thememount-blogbox-format- \">\n  <div class=\"post-item\">\n        <div class=\"tm-featured-outer-wrapper tm-post-featured-outer-wrapper\"> <div class=\"tm-post-format-icon-wrapper\"><i class=\"tm-knox-icon-pencil\"><\/i><\/div> <div class=\"tm-featured-wrapper tm-post-featured-wrapper tm-post-format-\"><a href=\"https:\/\/diversidadaudiovisual.org\/nuevaweb\/ley-62016-de-15-de-julio-del-servicio-publico-de-radiodifusion-y-television-de-ambito-autonomico-de-titularidad-de-la-generalitat\/\"><\/a><\/div> <\/div>\n    <div class=\"thememount-box-content\">\n      <div class=\"thememount-box-post-date\"><span class=\"tm-meta-line posted-on\"><span class=\"screen-reader-text tm-hide\">Posted on <\/span><a href=\"https:\/\/diversidadaudiovisual.org\/nuevaweb\/ley-62016-de-15-de-julio-del-servicio-publico-de-radiodifusion-y-television-de-ambito-autonomico-de-titularidad-de-la-generalitat\/\" rel=\"bookmark\"><time class=\"entry-date published updated\" datetime=\"2019-03-27T21:33:18+00:00\">Mar 27, 2019<\/time><\/a><\/span><\/div>\n      <div class=\"thememount-box-title\"><h4><a href=\"https:\/\/diversidadaudiovisual.org\/nuevaweb\/ley-62016-de-15-de-julio-del-servicio-publico-de-radiodifusion-y-television-de-ambito-autonomico-de-titularidad-de-la-generalitat\/\">Ley 6\/2016, de 15 de julio, del Servicio P\u00fablico de Radiodifusi\u00f3n y Televisi\u00f3n de \u00c1mbito Auton\u00f3mico, de Titularidad de la Generalitat.<\/a><\/h4><\/div>      <div class=\"author-email\">\n        <p><strong><\/strong> <\/p>\n      <\/div>\n <div class=\"universidad\">\n        <p> <\/p>\n      <\/div>\n      <div class=\"thememount-box-desc\">\n        <div class=\"thememount-box-desc-text\">La presente ley tiene por objeto regular la prestaci\u00f3n del servicio p\u00fablico audiovisual de titularidad de la Generalitat, as\u00ed c...<\/div>\n        <div class=\"thememount-box-desc-footer\">\n                    <div class=\"thememount-blogbox-desc-footer\">\n            <div class=\"thememount-blogbox-footer-readmore\">  <\/div>\n          <\/div>\n        <\/div>\n      <\/div>\n    <\/div>\n  <\/div>\n<\/article>\n<\/div><div class=\"tm-box-col-wrapper col-lg-4 col-sm-6 col-md-4 col-xs-12 legislacion legislacion-regional recursos\"><article class=\"thememount-box thememount-box-blog thememount-blogbox-format- \">\n  <div class=\"post-item\">\n        <div class=\"tm-featured-outer-wrapper tm-post-featured-outer-wrapper\"> <div class=\"tm-post-format-icon-wrapper\"><i class=\"tm-knox-icon-pencil\"><\/i><\/div> <div class=\"tm-featured-wrapper tm-post-featured-wrapper tm-post-format-\"><a href=\"https:\/\/diversidadaudiovisual.org\/nuevaweb\/ley-82015-de-28-de-diciembre-de-radio-television-madrid\/\"><\/a><\/div> <\/div>\n    <div class=\"thememount-box-content\">\n      <div class=\"thememount-box-post-date\"><span class=\"tm-meta-line posted-on\"><span class=\"screen-reader-text tm-hide\">Posted on <\/span><a href=\"https:\/\/diversidadaudiovisual.org\/nuevaweb\/ley-82015-de-28-de-diciembre-de-radio-television-madrid\/\" rel=\"bookmark\"><time class=\"entry-date published updated\" datetime=\"2019-03-27T21:27:44+00:00\">Mar 27, 2019<\/time><\/a><\/span><\/div>\n      <div class=\"thememount-box-title\"><h4><a href=\"https:\/\/diversidadaudiovisual.org\/nuevaweb\/ley-82015-de-28-de-diciembre-de-radio-television-madrid\/\">Ley 8\/2015, de 28 de diciembre, de Radio Televisi\u00f3n Madrid<\/a><\/h4><\/div>      <div class=\"author-email\">\n        <p><strong><\/strong> <\/p>\n      <\/div>\n <div class=\"universidad\">\n        <p> <\/p>\n      <\/div>\n      <div class=\"thememount-box-desc\">\n        <div class=\"thememount-box-desc-text\">La presente Ley pretende la creaci\u00f3n de un nuevo modelo de radio y televisi\u00f3n p\u00fablica en Madrid, caracterizado por la transpare...<\/div>\n        <div class=\"thememount-box-desc-footer\">\n                    <div class=\"thememount-blogbox-desc-footer\">\n            <div class=\"thememount-blogbox-footer-readmore\">  <\/div>\n          <\/div>\n        <\/div>\n      <\/div>\n    <\/div>\n  <\/div>\n<\/article>\n<\/div><div class=\"tm-box-col-wrapper col-lg-4 col-sm-6 col-md-4 col-xs-12 legislacion legislacion-nacional\"><article class=\"thememount-box thememount-box-blog thememount-blogbox-format- \">\n  <div class=\"post-item\">\n        <div class=\"tm-featured-outer-wrapper tm-post-featured-outer-wrapper\"> <div class=\"tm-post-format-icon-wrapper\"><i class=\"tm-knox-icon-pencil\"><\/i><\/div> <div class=\"tm-featured-wrapper tm-post-featured-wrapper tm-post-format-\"><a href=\"https:\/\/diversidadaudiovisual.org\/nuevaweb\/real-decreto-9882015-de-30-de-octubre-por-el-que-se-regula-el-regimen-juridico-de-la-obligacion-de-financiacion-anticipada-de-determinadas-obras-audiovisuales-europeas\/\"><\/a><\/div> <\/div>\n    <div class=\"thememount-box-content\">\n      <div class=\"thememount-box-post-date\"><span class=\"tm-meta-line posted-on\"><span class=\"screen-reader-text tm-hide\">Posted on <\/span><a href=\"https:\/\/diversidadaudiovisual.org\/nuevaweb\/real-decreto-9882015-de-30-de-octubre-por-el-que-se-regula-el-regimen-juridico-de-la-obligacion-de-financiacion-anticipada-de-determinadas-obras-audiovisuales-europeas\/\" rel=\"bookmark\"><time class=\"entry-date published updated\" datetime=\"2015-12-29T20:16:19+00:00\">Dic 29, 2015<\/time><\/a><\/span><\/div>\n      <div class=\"thememount-box-title\"><h4><a href=\"https:\/\/diversidadaudiovisual.org\/nuevaweb\/real-decreto-9882015-de-30-de-octubre-por-el-que-se-regula-el-regimen-juridico-de-la-obligacion-de-financiacion-anticipada-de-determinadas-obras-audiovisuales-europeas\/\">Real Decreto 988\/2015, de 30 de octubre, por el que se regula el r\u00e9gimen jur\u00eddico de la obligaci\u00f3n de financiaci\u00f3n anticipada de determinadas obras audiovisuales europeas<\/a><\/h4><\/div>      <div class=\"author-email\">\n        <p><strong><\/strong> <\/p>\n      <\/div>\n <div class=\"universidad\">\n        <p> <\/p>\n      <\/div>\n      <div class=\"thememount-box-desc\">\n        <div class=\"thememount-box-desc-text\">Real decreto que\u00a0desarrolla lo previsto en el art\u00edculo 5 de la Ley 7\/2010, de 31 de marzo,dedicado al derecho a la diversidad cu...<\/div>\n        <div class=\"thememount-box-desc-footer\">\n                    <div class=\"thememount-blogbox-desc-footer\">\n            <div class=\"thememount-blogbox-footer-readmore\">  <\/div>\n          <\/div>\n        <\/div>\n      <\/div>\n    <\/div>\n  <\/div>\n<\/article>\n<\/div><div class=\"tm-box-col-wrapper col-lg-4 col-sm-6 col-md-4 col-xs-12 legislacion legislacion-internacional\"><article class=\"thememount-box thememount-box-blog thememount-blogbox-format- \">\n  <div class=\"post-item\">\n        <div class=\"tm-featured-outer-wrapper tm-post-featured-outer-wrapper\"> <div class=\"tm-post-format-icon-wrapper\"><i class=\"tm-knox-icon-pencil\"><\/i><\/div> <div class=\"tm-featured-wrapper tm-post-featured-wrapper tm-post-format-\"><a href=\"https:\/\/diversidadaudiovisual.org\/nuevaweb\/comunicacion-2013c-33201-de-la-comision-sobre-la-ayuda-estatal-a-las-obras-cinematograficas-y-otras-producciones-del-sector-audiovisual\/\"><\/a><\/div> <\/div>\n    <div class=\"thememount-box-content\">\n      <div class=\"thememount-box-post-date\"><span class=\"tm-meta-line posted-on\"><span class=\"screen-reader-text tm-hide\">Posted on <\/span><a href=\"https:\/\/diversidadaudiovisual.org\/nuevaweb\/comunicacion-2013c-33201-de-la-comision-sobre-la-ayuda-estatal-a-las-obras-cinematograficas-y-otras-producciones-del-sector-audiovisual\/\" rel=\"bookmark\"><time class=\"entry-date published updated\" datetime=\"2014-05-21T15:20:35+00:00\">May 21, 2014<\/time><\/a><\/span><\/div>\n      <div class=\"thememount-box-title\"><h4><a href=\"https:\/\/diversidadaudiovisual.org\/nuevaweb\/comunicacion-2013c-33201-de-la-comision-sobre-la-ayuda-estatal-a-las-obras-cinematograficas-y-otras-producciones-del-sector-audiovisual\/\">Comunicaci\u00f3n 2013\/C 332\/01 de la Comisi\u00f3n sobre la ayuda estatal a las obras cinematogr\u00e1ficas y otras producciones del sector audiovisual<\/a><\/h4><\/div>      <div class=\"author-email\">\n        <p><strong><\/strong> <\/p>\n      <\/div>\n <div class=\"universidad\">\n        <p> <\/p>\n      <\/div>\n      <div class=\"thememount-box-desc\">\n        <div class=\"thememount-box-desc-text\">Esta Comunicaci\u00f3n regula la concesi\u00f3n de ayudas estatales a obras audiovisuales partiendo de la idea de que \u00e9stas, especialment...<\/div>\n        <div class=\"thememount-box-desc-footer\">\n                    <div class=\"thememount-blogbox-desc-footer\">\n            <div class=\"thememount-blogbox-footer-readmore\">  <\/div>\n          <\/div>\n        <\/div>\n      <\/div>\n    <\/div>\n  <\/div>\n<\/article>\n<\/div><div class=\"tm-box-col-wrapper col-lg-4 col-sm-6 col-md-4 col-xs-12 legislacion-internacional\"><article class=\"thememount-box thememount-box-blog thememount-blogbox-format- \">\n  <div class=\"post-item\">\n        <div class=\"tm-featured-outer-wrapper tm-post-featured-outer-wrapper\"> <div class=\"tm-post-format-icon-wrapper\"><i class=\"tm-knox-icon-pencil\"><\/i><\/div> <div class=\"tm-featured-wrapper tm-post-featured-wrapper tm-post-format-\"><a href=\"https:\/\/diversidadaudiovisual.org\/nuevaweb\/directiva-201013ue-de-servicios-de-comunicacion-audiovisual\/\"><\/a><\/div> <\/div>\n    <div class=\"thememount-box-content\">\n      <div class=\"thememount-box-post-date\"><span class=\"tm-meta-line posted-on\"><span class=\"screen-reader-text tm-hide\">Posted on <\/span><a href=\"https:\/\/diversidadaudiovisual.org\/nuevaweb\/directiva-201013ue-de-servicios-de-comunicacion-audiovisual\/\" rel=\"bookmark\"><time class=\"entry-date published updated\" datetime=\"2014-03-27T20:13:16+00:00\">Mar 27, 2014<\/time><\/a><\/span><\/div>\n      <div class=\"thememount-box-title\"><h4><a href=\"https:\/\/diversidadaudiovisual.org\/nuevaweb\/directiva-201013ue-de-servicios-de-comunicacion-audiovisual\/\">Directiva 2010\/13\/UE de Servicios de Comunicaci\u00f3n Audiovisual<\/a><\/h4><\/div>      <div class=\"author-email\">\n        <p><strong><\/strong> <\/p>\n      <\/div>\n <div class=\"universidad\">\n        <p> <\/p>\n      <\/div>\n      <div class=\"thememount-box-desc\">\n        <div class=\"thememount-box-desc-text\">Directiva sobre la coordinaci\u00f3n de determinadas disposiciones legales, reglamentarias y administrativas de los Estados miembros r...<\/div>\n        <div class=\"thememount-box-desc-footer\">\n                    <div class=\"thememount-blogbox-desc-footer\">\n            <div class=\"thememount-blogbox-footer-readmore\">  <\/div>\n          <\/div>\n        <\/div>\n      <\/div>\n    <\/div>\n  <\/div>\n<\/article>\n<\/div><div class=\"tm-box-col-wrapper col-lg-4 col-sm-6 col-md-4 col-xs-12 legislacion-regional\"><article class=\"thememount-box thememount-box-blog thememount-blogbox-format- \">\n  <div class=\"post-item\">\n        <div class=\"tm-featured-outer-wrapper tm-post-featured-outer-wrapper\"> <div class=\"tm-post-format-icon-wrapper\"><i class=\"tm-knox-icon-pencil\"><\/i><\/div> <div class=\"tm-featured-wrapper tm-post-featured-wrapper tm-post-format-\"><a href=\"https:\/\/diversidadaudiovisual.org\/nuevaweb\/ley-92011-de-9-de-noviembre-de-los-medios-publicos-de-comunicacion-audiovisual-de-galicia\/\"><\/a><\/div> <\/div>\n    <div class=\"thememount-box-content\">\n      <div class=\"thememount-box-post-date\"><span class=\"tm-meta-line posted-on\"><span class=\"screen-reader-text tm-hide\">Posted on <\/span><a href=\"https:\/\/diversidadaudiovisual.org\/nuevaweb\/ley-92011-de-9-de-noviembre-de-los-medios-publicos-de-comunicacion-audiovisual-de-galicia\/\" rel=\"bookmark\"><time class=\"entry-date published updated\" datetime=\"2014-03-27T20:09:11+00:00\">Mar 27, 2014<\/time><\/a><\/span><\/div>\n      <div class=\"thememount-box-title\"><h4><a href=\"https:\/\/diversidadaudiovisual.org\/nuevaweb\/ley-92011-de-9-de-noviembre-de-los-medios-publicos-de-comunicacion-audiovisual-de-galicia\/\">Ley 9\/2011, de 9 de noviembre, de los medios p\u00fablicos de comunicaci\u00f3n audiovisual de Galicia<\/a><\/h4><\/div>      <div class=\"author-email\">\n        <p><strong><\/strong> <\/p>\n      <\/div>\n <div class=\"universidad\">\n        <p> <\/p>\n      <\/div>\n      <div class=\"thememount-box-desc\">\n        <div class=\"thememount-box-desc-text\">El concepto de diversidad aparece en tres ocasiones en esta Ley que parte de la idea fundamental de que la Compa\u00f1\u00eda\u00a0 de Radio-T...<\/div>\n        <div class=\"thememount-box-desc-footer\">\n                    <div class=\"thememount-blogbox-desc-footer\">\n            <div class=\"thememount-blogbox-footer-readmore\">  <\/div>\n          <\/div>\n        <\/div>\n      <\/div>\n    <\/div>\n  <\/div>\n<\/article>\n<\/div><div class=\"tm-box-col-wrapper col-lg-4 col-sm-6 col-md-4 col-xs-12 legislacion-regional\"><article class=\"thememount-box thememount-box-blog thememount-blogbox-format- \">\n  <div class=\"post-item\">\n        <div class=\"tm-featured-outer-wrapper tm-post-featured-outer-wrapper\"> <div class=\"tm-post-format-icon-wrapper\"><i class=\"tm-knox-icon-pencil\"><\/i><\/div> <div class=\"tm-featured-wrapper tm-post-featured-wrapper tm-post-format-\"><a href=\"https:\/\/diversidadaudiovisual.org\/nuevaweb\/ley-152010-de-22-de-diciembre-del-ente-publico-de-radiotelevision-de-las-illes-balears\/\"><\/a><\/div> <\/div>\n    <div class=\"thememount-box-content\">\n      <div class=\"thememount-box-post-date\"><span class=\"tm-meta-line posted-on\"><span class=\"screen-reader-text tm-hide\">Posted on <\/span><a href=\"https:\/\/diversidadaudiovisual.org\/nuevaweb\/ley-152010-de-22-de-diciembre-del-ente-publico-de-radiotelevision-de-las-illes-balears\/\" rel=\"bookmark\"><time class=\"entry-date published updated\" datetime=\"2014-03-27T20:08:28+00:00\">Mar 27, 2014<\/time><\/a><\/span><\/div>\n      <div class=\"thememount-box-title\"><h4><a href=\"https:\/\/diversidadaudiovisual.org\/nuevaweb\/ley-152010-de-22-de-diciembre-del-ente-publico-de-radiotelevision-de-las-illes-balears\/\">Ley 15\/2010, de 22 de diciembre, del Ente P\u00fablico de Radiotelevisi\u00f3n de las Illes Balears<\/a><\/h4><\/div>      <div class=\"author-email\">\n        <p><strong><\/strong> <\/p>\n      <\/div>\n <div class=\"universidad\">\n        <p> <\/p>\n      <\/div>\n      <div class=\"thememount-box-desc\">\n        <div class=\"thememount-box-desc-text\">Ley que propone una reforma estructural y organizativa para la Compa\u00f1\u00eda de Radio y Televisi\u00f3n de las Illes Balears. En la expos...<\/div>\n        <div class=\"thememount-box-desc-footer\">\n                    <div class=\"thememount-blogbox-desc-footer\">\n            <div class=\"thememount-blogbox-footer-readmore\">  <\/div>\n          <\/div>\n        <\/div>\n      <\/div>\n    <\/div>\n  <\/div>\n<\/article>\n<\/div><div class=\"tm-box-col-wrapper col-lg-4 col-sm-6 col-md-4 col-xs-12 legislacion-regional\"><article class=\"thememount-box thememount-box-blog thememount-blogbox-format- \">\n  <div class=\"post-item\">\n        <div class=\"tm-featured-outer-wrapper tm-post-featured-outer-wrapper\"> <div class=\"tm-post-format-icon-wrapper\"><i class=\"tm-knox-icon-pencil\"><\/i><\/div> <div class=\"tm-featured-wrapper tm-post-featured-wrapper tm-post-format-\"><a href=\"https:\/\/diversidadaudiovisual.org\/nuevaweb\/ley-202010-de-7-de-julio-del-cine\/\"><\/a><\/div> <\/div>\n    <div class=\"thememount-box-content\">\n      <div class=\"thememount-box-post-date\"><span class=\"tm-meta-line posted-on\"><span class=\"screen-reader-text tm-hide\">Posted on <\/span><a href=\"https:\/\/diversidadaudiovisual.org\/nuevaweb\/ley-202010-de-7-de-julio-del-cine\/\" rel=\"bookmark\"><time class=\"entry-date published updated\" datetime=\"2014-03-27T20:07:00+00:00\">Mar 27, 2014<\/time><\/a><\/span><\/div>\n      <div class=\"thememount-box-title\"><h4><a href=\"https:\/\/diversidadaudiovisual.org\/nuevaweb\/ley-202010-de-7-de-julio-del-cine\/\">Ley 20\/2010, de 7 de julio, del cine<\/a><\/h4><\/div>      <div class=\"author-email\">\n        <p><strong><\/strong> <\/p>\n      <\/div>\n <div class=\"universidad\">\n        <p> <\/p>\n      <\/div>\n      <div class=\"thememount-box-desc\">\n        <div class=\"thememount-box-desc-text\">Ley que establece el marco normativo que rige la industria cinematogr\u00e1fica y audiovisual en lo relativo a la producci\u00f3n, distrib...<\/div>\n        <div class=\"thememount-box-desc-footer\">\n                    <div class=\"thememount-blogbox-desc-footer\">\n            <div class=\"thememount-blogbox-footer-readmore\">  <\/div>\n          <\/div>\n        <\/div>\n      <\/div>\n    <\/div>\n  <\/div>\n<\/article>\n<\/div><div class=\"tm-box-col-wrapper col-lg-4 col-sm-6 col-md-4 col-xs-12 legislacion-nacional\"><article class=\"thememount-box thememount-box-blog thememount-blogbox-format- \">\n  <div class=\"post-item\">\n        <div class=\"tm-featured-outer-wrapper tm-post-featured-outer-wrapper\"> <div class=\"tm-post-format-icon-wrapper\"><i class=\"tm-knox-icon-pencil\"><\/i><\/div> <div class=\"tm-featured-wrapper tm-post-featured-wrapper tm-post-format-\"><a href=\"https:\/\/diversidadaudiovisual.org\/nuevaweb\/ley-72010-de-31de-marzo-general-de-la-comunicacion-audiovisual\/\"><\/a><\/div> <\/div>\n    <div class=\"thememount-box-content\">\n      <div class=\"thememount-box-post-date\"><span class=\"tm-meta-line posted-on\"><span class=\"screen-reader-text tm-hide\">Posted on <\/span><a href=\"https:\/\/diversidadaudiovisual.org\/nuevaweb\/ley-72010-de-31de-marzo-general-de-la-comunicacion-audiovisual\/\" rel=\"bookmark\"><time class=\"entry-date published updated\" datetime=\"2014-03-27T20:06:52+00:00\">Mar 27, 2014<\/time><\/a><\/span><\/div>\n      <div class=\"thememount-box-title\"><h4><a href=\"https:\/\/diversidadaudiovisual.org\/nuevaweb\/ley-72010-de-31de-marzo-general-de-la-comunicacion-audiovisual\/\">Ley 7\/2010, de 31 de marzo, General de la Comunicaci\u00f3n Audiovisual<\/a><\/h4><\/div>      <div class=\"author-email\">\n        <p><strong><\/strong> <\/p>\n      <\/div>\n <div class=\"universidad\">\n        <p> <\/p>\n      <\/div>\n      <div class=\"thememount-box-desc\">\n        <div class=\"thememount-box-desc-text\">Ley que regula la comunicaci\u00f3n audiovisual de cobertura estatal y establece las normas b\u00e1sicas en materia audiovisual sin perjui...<\/div>\n        <div class=\"thememount-box-desc-footer\">\n                    <div class=\"thememount-blogbox-desc-footer\">\n            <div class=\"thememount-blogbox-footer-readmore\">  <\/div>\n          <\/div>\n        <\/div>\n      <\/div>\n    <\/div>\n  <\/div>\n<\/article>\n<\/div><div class=\"tm-box-col-wrapper col-lg-4 col-sm-6 col-md-4 col-xs-12 legislacion legislacion-regional\"><article class=\"thememount-box thememount-box-blog thememount-blogbox-format- \">\n  <div class=\"post-item\">\n        <div class=\"tm-featured-outer-wrapper tm-post-featured-outer-wrapper\"> <div class=\"tm-post-format-icon-wrapper\"><i class=\"tm-knox-icon-pencil\"><\/i><\/div> <div class=\"tm-featured-wrapper tm-post-featured-wrapper tm-post-format-\"><a href=\"https:\/\/diversidadaudiovisual.org\/nuevaweb\/ley-42008-de-23-de-mayo-de-creacion-de-la-agencia-gallega-de-las-industrias-culturales\/\"><\/a><\/div> <\/div>\n    <div class=\"thememount-box-content\">\n      <div class=\"thememount-box-post-date\"><span class=\"tm-meta-line posted-on\"><span class=\"screen-reader-text tm-hide\">Posted on <\/span><a href=\"https:\/\/diversidadaudiovisual.org\/nuevaweb\/ley-42008-de-23-de-mayo-de-creacion-de-la-agencia-gallega-de-las-industrias-culturales\/\" rel=\"bookmark\"><time class=\"entry-date published updated\" datetime=\"2014-03-27T20:04:16+00:00\">Mar 27, 2014<\/time><\/a><\/span><\/div>\n      <div class=\"thememount-box-title\"><h4><a href=\"https:\/\/diversidadaudiovisual.org\/nuevaweb\/ley-42008-de-23-de-mayo-de-creacion-de-la-agencia-gallega-de-las-industrias-culturales\/\">Ley 4\/2008, de 23 de mayo, de Creaci\u00f3n de la Agencia Gallega de las Industrias Culturales<\/a><\/h4><\/div>      <div class=\"author-email\">\n        <p><strong><\/strong> <\/p>\n      <\/div>\n <div class=\"universidad\">\n        <p> <\/p>\n      <\/div>\n      <div class=\"thememount-box-desc\">\n        <div class=\"thememount-box-desc-text\">El concepto de diversidad aparece en repetidas ocasiones en el Pre\u00e1mbulo de esta Ley que parte de la importancia de la Cultura co...<\/div>\n        <div class=\"thememount-box-desc-footer\">\n                    <div class=\"thememount-blogbox-desc-footer\">\n            <div class=\"thememount-blogbox-footer-readmore\">  <\/div>\n          <\/div>\n        <\/div>\n      <\/div>\n    <\/div>\n  <\/div>\n<\/article>\n<\/div><div class=\"tm-box-col-wrapper col-lg-4 col-sm-6 col-md-4 col-xs-12 legislacion-regional\"><article class=\"thememount-box thememount-box-blog thememount-blogbox-format- \">\n  <div class=\"post-item\">\n        <div class=\"tm-featured-outer-wrapper tm-post-featured-outer-wrapper\"> <div class=\"tm-post-format-icon-wrapper\"><i class=\"tm-knox-icon-pencil\"><\/i><\/div> <div class=\"tm-featured-wrapper tm-post-featured-wrapper tm-post-format-\"><a href=\"https:\/\/diversidadaudiovisual.org\/nuevaweb\/ley-182007-de-17-de-diciembre-de-la-radio-y-television-de-titularidad-autonomica-gestionada-por-la-agencia-publica-empresarial-de-la-radio-y-television-de-andalucia-rtva\/\"><\/a><\/div> <\/div>\n    <div class=\"thememount-box-content\">\n      <div class=\"thememount-box-post-date\"><span class=\"tm-meta-line posted-on\"><span class=\"screen-reader-text tm-hide\">Posted on <\/span><a href=\"https:\/\/diversidadaudiovisual.org\/nuevaweb\/ley-182007-de-17-de-diciembre-de-la-radio-y-television-de-titularidad-autonomica-gestionada-por-la-agencia-publica-empresarial-de-la-radio-y-television-de-andalucia-rtva\/\" rel=\"bookmark\"><time class=\"entry-date published updated\" datetime=\"2014-03-27T20:01:25+00:00\">Mar 27, 2014<\/time><\/a><\/span><\/div>\n      <div class=\"thememount-box-title\"><h4><a href=\"https:\/\/diversidadaudiovisual.org\/nuevaweb\/ley-182007-de-17-de-diciembre-de-la-radio-y-television-de-titularidad-autonomica-gestionada-por-la-agencia-publica-empresarial-de-la-radio-y-television-de-andalucia-rtva\/\">Ley 18\/2007, de 17 de diciembre, de la radio y televisi\u00f3n de titularidad auton\u00f3mica gestionada por la Agencia P\u00fablica Empresarial de la Radio y Televisi\u00f3n de Andaluc\u00eda (RTVA)<\/a><\/h4><\/div>      <div class=\"author-email\">\n        <p><strong><\/strong> <\/p>\n      <\/div>\n <div class=\"universidad\">\n        <p> <\/p>\n      <\/div>\n      <div class=\"thememount-box-desc\">\n        <div class=\"thememount-box-desc-text\">Ley que actualiza la normativa referente a la Empresa P\u00fablica de la Radio y Televisi\u00f3n de Andaluc\u00eda con el fin de adaptarla al...<\/div>\n        <div class=\"thememount-box-desc-footer\">\n                    <div class=\"thememount-blogbox-desc-footer\">\n            <div class=\"thememount-blogbox-footer-readmore\">  <\/div>\n          <\/div>\n        <\/div>\n      <\/div>\n    <\/div>\n  <\/div>\n<\/article>\n<\/div><div class=\"tm-box-col-wrapper col-lg-4 col-sm-6 col-md-4 col-xs-12 legislacion-regional\"><article class=\"thememount-box thememount-box-blog thememount-blogbox-format- \">\n  <div class=\"post-item\">\n        <div class=\"tm-featured-outer-wrapper tm-post-featured-outer-wrapper\"> <div class=\"tm-post-format-icon-wrapper\"><i class=\"tm-knox-icon-pencil\"><\/i><\/div> <div class=\"tm-featured-wrapper tm-post-featured-wrapper tm-post-format-\"><a href=\"https:\/\/diversidadaudiovisual.org\/nuevaweb\/ley-112007-de-11-de-octubre-de-la-corporacion-catalana-de-medios-audiovisuales\/\"><\/a><\/div> <\/div>\n    <div class=\"thememount-box-content\">\n      <div class=\"thememount-box-post-date\"><span class=\"tm-meta-line posted-on\"><span class=\"screen-reader-text tm-hide\">Posted on <\/span><a href=\"https:\/\/diversidadaudiovisual.org\/nuevaweb\/ley-112007-de-11-de-octubre-de-la-corporacion-catalana-de-medios-audiovisuales\/\" rel=\"bookmark\"><time class=\"entry-date published updated\" datetime=\"2014-03-27T19:57:15+00:00\">Mar 27, 2014<\/time><\/a><\/span><\/div>\n      <div class=\"thememount-box-title\"><h4><a href=\"https:\/\/diversidadaudiovisual.org\/nuevaweb\/ley-112007-de-11-de-octubre-de-la-corporacion-catalana-de-medios-audiovisuales\/\">Ley 11\/2007, de 11 de octubre, de la Corporaci\u00f3n Catalana de Medios Audiovisuales<\/a><\/h4><\/div>      <div class=\"author-email\">\n        <p><strong><\/strong> <\/p>\n      <\/div>\n <div class=\"universidad\">\n        <p> <\/p>\n      <\/div>\n      <div class=\"thememount-box-desc\">\n        <div class=\"thememount-box-desc-text\">A pesar de que la Corporaci\u00f3n Catalana de Radio y Televisi\u00f3n ha demostrado ser uno de los principales instrumentos de defensa y...<\/div>\n        <div class=\"thememount-box-desc-footer\">\n                    <div class=\"thememount-blogbox-desc-footer\">\n            <div class=\"thememount-blogbox-footer-readmore\">  <\/div>\n          <\/div>\n        <\/div>\n      <\/div>\n    <\/div>\n  <\/div>\n<\/article>\n<\/div><div class=\"tm-box-col-wrapper col-lg-4 col-sm-6 col-md-4 col-xs-12 legislacion-regional\"><article class=\"thememount-box thememount-box-blog thememount-blogbox-format- \">\n  <div class=\"post-item\">\n        <div class=\"tm-featured-outer-wrapper tm-post-featured-outer-wrapper\"> <div class=\"tm-post-format-icon-wrapper\"><i class=\"tm-knox-icon-pencil\"><\/i><\/div> <div class=\"tm-featured-wrapper tm-post-featured-wrapper tm-post-format-\"><a href=\"https:\/\/diversidadaudiovisual.org\/nuevaweb\/ley-102007-de-29-de-marzo-de-medios-audiovisuales-de-castilla-la-mancha\/\"><\/a><\/div> <\/div>\n    <div class=\"thememount-box-content\">\n      <div class=\"thememount-box-post-date\"><span class=\"tm-meta-line posted-on\"><span class=\"screen-reader-text tm-hide\">Posted on <\/span><a href=\"https:\/\/diversidadaudiovisual.org\/nuevaweb\/ley-102007-de-29-de-marzo-de-medios-audiovisuales-de-castilla-la-mancha\/\" rel=\"bookmark\"><time class=\"entry-date published updated\" datetime=\"2014-03-27T19:50:02+00:00\">Mar 27, 2014<\/time><\/a><\/span><\/div>\n      <div class=\"thememount-box-title\"><h4><a href=\"https:\/\/diversidadaudiovisual.org\/nuevaweb\/ley-102007-de-29-de-marzo-de-medios-audiovisuales-de-castilla-la-mancha\/\">Ley 10\/2007, de 29 de marzo, de Medios Audiovisuales de Castilla-La Mancha<\/a><\/h4><\/div>      <div class=\"author-email\">\n        <p><strong><\/strong> <\/p>\n      <\/div>\n <div class=\"universidad\">\n        <p> <\/p>\n      <\/div>\n      <div class=\"thememount-box-desc\">\n        <div class=\"thememount-box-desc-text\">Ley que \u00a0renueva el r\u00e9gimen jur\u00eddico del sector audiovisual castellano-manchego. Tal y como se se\u00f1ala en la exposici\u00f3n de mot...<\/div>\n        <div class=\"thememount-box-desc-footer\">\n                    <div class=\"thememount-blogbox-desc-footer\">\n            <div class=\"thememount-blogbox-footer-readmore\">  <\/div>\n          <\/div>\n        <\/div>\n      <\/div>\n    <\/div>\n  <\/div>\n<\/article>\n<\/div><div class=\"tm-box-col-wrapper col-lg-4 col-sm-6 col-md-4 col-xs-12 legislacion-internacional\"><article class=\"thememount-box thememount-box-blog thememount-blogbox-format- \">\n  <div class=\"post-item\">\n        <div class=\"tm-featured-outer-wrapper tm-post-featured-outer-wrapper\"> <div class=\"tm-post-format-icon-wrapper\"><i class=\"tm-knox-icon-pencil\"><\/i><\/div> <div class=\"tm-featured-wrapper tm-post-featured-wrapper tm-post-format-\"><a href=\"https:\/\/diversidadaudiovisual.org\/nuevaweb\/carta-cultural-iberoamericana\/\"><\/a><\/div> <\/div>\n    <div class=\"thememount-box-content\">\n      <div class=\"thememount-box-post-date\"><span class=\"tm-meta-line posted-on\"><span class=\"screen-reader-text tm-hide\">Posted on <\/span><a href=\"https:\/\/diversidadaudiovisual.org\/nuevaweb\/carta-cultural-iberoamericana\/\" rel=\"bookmark\"><time class=\"entry-date published updated\" datetime=\"2014-03-27T19:22:22+00:00\">Mar 27, 2014<\/time><\/a><\/span><\/div>\n      <div class=\"thememount-box-title\"><h4><a href=\"https:\/\/diversidadaudiovisual.org\/nuevaweb\/carta-cultural-iberoamericana\/\">Carta Cultural Iberoamericana<\/a><\/h4><\/div>      <div class=\"author-email\">\n        <p><strong><\/strong> <\/p>\n      <\/div>\n <div class=\"universidad\">\n        <p> <\/p>\n      <\/div>\n      <div class=\"thememount-box-desc\">\n        <div class=\"thememount-box-desc-text\">Instrumento jur\u00eddico, aprobado por la XVI Cumbre Iberoamericana de Jefes de Estado y de Gobierno, realizada \u00a0en Montevideo\u00a0 (Ur...<\/div>\n        <div class=\"thememount-box-desc-footer\">\n                    <div class=\"thememount-blogbox-desc-footer\">\n            <div class=\"thememount-blogbox-footer-readmore\">  <\/div>\n          <\/div>\n        <\/div>\n      <\/div>\n    <\/div>\n  <\/div>\n<\/article>\n<\/div><div class=\"tm-box-col-wrapper col-lg-4 col-sm-6 col-md-4 col-xs-12 legislacion-regional\"><article class=\"thememount-box thememount-box-blog thememount-blogbox-format- \">\n  <div class=\"post-item\">\n        <div class=\"tm-featured-outer-wrapper tm-post-featured-outer-wrapper\"> <div class=\"tm-post-format-icon-wrapper\"><i class=\"tm-knox-icon-pencil\"><\/i><\/div> <div class=\"tm-featured-wrapper tm-post-featured-wrapper tm-post-format-\"><a href=\"https:\/\/diversidadaudiovisual.org\/nuevaweb\/ley-222005-de-29-de-diciembre-de-la-comunicacion-audiovisual-de-cataluna\/\"><\/a><\/div> <\/div>\n    <div class=\"thememount-box-content\">\n      <div class=\"thememount-box-post-date\"><span class=\"tm-meta-line posted-on\"><span class=\"screen-reader-text tm-hide\">Posted on <\/span><a href=\"https:\/\/diversidadaudiovisual.org\/nuevaweb\/ley-222005-de-29-de-diciembre-de-la-comunicacion-audiovisual-de-cataluna\/\" rel=\"bookmark\"><time class=\"entry-date published updated\" datetime=\"2014-03-27T18:50:29+00:00\">Mar 27, 2014<\/time><\/a><\/span><\/div>\n      <div class=\"thememount-box-title\"><h4><a href=\"https:\/\/diversidadaudiovisual.org\/nuevaweb\/ley-222005-de-29-de-diciembre-de-la-comunicacion-audiovisual-de-cataluna\/\">Ley 22\/2005, de 29 de diciembre, de la comunicaci\u00f3n audiovisual de Catalu\u00f1a<\/a><\/h4><\/div>      <div class=\"author-email\">\n        <p><strong><\/strong> <\/p>\n      <\/div>\n <div class=\"universidad\">\n        <p> <\/p>\n      <\/div>\n      <div class=\"thememount-box-desc\">\n        <div class=\"thememount-box-desc-text\">Normativa aprobada para adecuar la regulaci\u00f3n del sector audiovisual a las transformaciones producidas desde la promulgaci\u00f3n de...<\/div>\n        <div class=\"thememount-box-desc-footer\">\n                    <div class=\"thememount-blogbox-desc-footer\">\n            <div class=\"thememount-blogbox-footer-readmore\">  <\/div>\n          <\/div>\n        <\/div>\n      <\/div>\n    <\/div>\n  <\/div>\n<\/article>\n<\/div><div class=\"tm-box-col-wrapper col-lg-4 col-sm-6 col-md-4 col-xs-12 legislacion-nacional\"><article class=\"thememount-box thememount-box-blog thememount-blogbox-format- \">\n  <div class=\"post-item\">\n        <div class=\"tm-featured-outer-wrapper tm-post-featured-outer-wrapper\"> <div class=\"tm-post-format-icon-wrapper\"><i class=\"tm-knox-icon-pencil\"><\/i><\/div> <div class=\"tm-featured-wrapper tm-post-featured-wrapper tm-post-format-\"><a href=\"https:\/\/diversidadaudiovisual.org\/nuevaweb\/ley-552007-de-28-de-diciembre-del-cine\/\"><\/a><\/div> <\/div>\n    <div class=\"thememount-box-content\">\n      <div class=\"thememount-box-post-date\"><span class=\"tm-meta-line posted-on\"><span class=\"screen-reader-text tm-hide\">Posted on <\/span><a href=\"https:\/\/diversidadaudiovisual.org\/nuevaweb\/ley-552007-de-28-de-diciembre-del-cine\/\" rel=\"bookmark\"><time class=\"entry-date published updated\" datetime=\"2014-03-26T18:47:54+00:00\">Mar 26, 2014<\/time><\/a><\/span><\/div>\n      <div class=\"thememount-box-title\"><h4><a href=\"https:\/\/diversidadaudiovisual.org\/nuevaweb\/ley-552007-de-28-de-diciembre-del-cine\/\">Ley 55\/2007, de 28 de diciembre, del Cine<\/a><\/h4><\/div>      <div class=\"author-email\">\n        <p><strong><\/strong> <\/p>\n      <\/div>\n <div class=\"universidad\">\n        <p> <\/p>\n      <\/div>\n      <div class=\"thememount-box-desc\">\n        <div class=\"thememount-box-desc-text\">Ley que regula el funcionamiento de la industria cinematogr\u00e1fica. En ella es recurrente la aparici\u00f3n de los t\u00e9rmino diversidad,...<\/div>\n        <div class=\"thememount-box-desc-footer\">\n                    <div class=\"thememount-blogbox-desc-footer\">\n            <div class=\"thememount-blogbox-footer-readmore\">  <\/div>\n          <\/div>\n        <\/div>\n      <\/div>\n    <\/div>\n  <\/div>\n<\/article>\n<\/div><div class=\"tm-box-col-wrapper col-lg-4 col-sm-6 col-md-4 col-xs-12 legislacion-nacional\"><article class=\"thememount-box thememount-box-blog thememount-blogbox-format- \">\n  <div class=\"post-item\">\n        <div class=\"tm-featured-outer-wrapper tm-post-featured-outer-wrapper\"> <div class=\"tm-post-format-icon-wrapper\"><i class=\"tm-knox-icon-pencil\"><\/i><\/div> <div class=\"tm-featured-wrapper tm-post-featured-wrapper tm-post-format-\"><a href=\"https:\/\/diversidadaudiovisual.org\/nuevaweb\/ley-172006-de-5-de-junio-de-la-radio-y-la-television-estatal\/\"><\/a><\/div> <\/div>\n    <div class=\"thememount-box-content\">\n      <div class=\"thememount-box-post-date\"><span class=\"tm-meta-line posted-on\"><span class=\"screen-reader-text tm-hide\">Posted on <\/span><a href=\"https:\/\/diversidadaudiovisual.org\/nuevaweb\/ley-172006-de-5-de-junio-de-la-radio-y-la-television-estatal\/\" rel=\"bookmark\"><time class=\"entry-date published updated\" datetime=\"2014-03-26T18:03:30+00:00\">Mar 26, 2014<\/time><\/a><\/span><\/div>\n      <div class=\"thememount-box-title\"><h4><a href=\"https:\/\/diversidadaudiovisual.org\/nuevaweb\/ley-172006-de-5-de-junio-de-la-radio-y-la-television-estatal\/\">Ley 17\/2006, de 5 de junio, de la Radio y la Televisi\u00f3n Estatal<\/a><\/h4><\/div>      <div class=\"author-email\">\n        <p><strong><\/strong> <\/p>\n      <\/div>\n <div class=\"universidad\">\n        <p> <\/p>\n      <\/div>\n      <div class=\"thememount-box-desc\">\n        <div class=\"thememount-box-desc-text\">Ley que modifica el modelo estructural del ente p\u00fablico RTVE. Menciona la diversidad en varias ocasiones a lo largo de su articul...<\/div>\n        <div class=\"thememount-box-desc-footer\">\n                    <div class=\"thememount-blogbox-desc-footer\">\n            <div class=\"thememount-blogbox-footer-readmore\">  <\/div>\n          <\/div>\n        <\/div>\n      <\/div>\n    <\/div>\n  <\/div>\n<\/article>\n<\/div>\n\t\t\t<\/div>\n\t\t<\/div><!-- .thememount-boxes-inner -->   <\/div><!-- .thememount-boxes -->  [\/vc_column][\/vc_row]<\/p>\n","protected":false},"excerpt":{"rendered":"<p>[vc_row][vc_column][vc_single_image image=&#8221;7250&#8243; img_size=&#8221;64&#215;64&#8243; alignment=&#8221;center&#8221;][vc_column_text]Este apartado presenta aquellas Leyes de \u00e1mbito estatal (o nacionales) y de \u00e1mbito auton\u00f3mico (regionales) que inciden en el funcionamiento del sistema audiovisual en Espa\u00f1a y que explicitan el principio de diversidad. Complementariamente, se mencionan las directivas audiovisuales de la Uni\u00f3n Europea y la Carta Cultural Iberoamericana (2006).[\/vc_column_text][\/vc_column][\/vc_row]<\/p>\n","protected":false},"author":1,"featured_media":0,"parent":7448,"menu_order":0,"comment_status":"closed","ping_status":"closed","template":"","meta":{"footnotes":""},"class_list":["post-7249","page","type-page","status-publish","hentry"],"_links":{"self":[{"href":"https:\/\/diversidadaudiovisual.org\/nuevaweb\/wp-json\/wp\/v2\/pages\/7249","targetHints":{"allow":["GET"]}}],"collection":[{"href":"https:\/\/diversidadaudiovisual.org\/nuevaweb\/wp-json\/wp\/v2\/pages"}],"about":[{"href":"https:\/\/diversidadaudiovisual.org\/nuevaweb\/wp-json\/wp\/v2\/types\/page"}],"author":[{"embeddable":true,"href":"https:\/\/diversidadaudiovisual.org\/nuevaweb\/wp-json\/wp\/v2\/users\/1"}],"replies":[{"embeddable":true,"href":"https:\/\/diversidadaudiovisual.org\/nuevaweb\/wp-json\/wp\/v2\/comments?post=7249"}],"version-history":[{"count":3,"href":"https:\/\/diversidadaudiovisual.org\/nuevaweb\/wp-json\/wp\/v2\/pages\/7249\/revisions"}],"predecessor-version":[{"id":7285,"href":"https:\/\/diversidadaudiovisual.org\/nuevaweb\/wp-json\/wp\/v2\/pages\/7249\/revisions\/7285"}],"up":[{"embeddable":true,"href":"https:\/\/diversidadaudiovisual.org\/nuevaweb\/wp-json\/wp\/v2\/pages\/7448"}],"wp:attachment":[{"href":"https:\/\/diversidadaudiovisual.org\/nuevaweb\/wp-json\/wp\/v2\/media?parent=7249"}],"curies":[{"name":"wp","href":"https:\/\/api.w.org\/{rel}","templated":true}]}}