{"id":8349,"date":"2023-02-06T10:29:02","date_gmt":"2023-02-06T10:29:02","guid":{"rendered":"https:\/\/diversidadaudiovisual.org\/nuevaweb\/?page_id=8349"},"modified":"2023-02-06T12:27:26","modified_gmt":"2023-02-06T12:27:26","slug":"actividades-anteriores","status":"publish","type":"page","link":"https:\/\/diversidadaudiovisual.org\/nuevaweb\/actividades\/actividades-anteriores\/","title":{"rendered":"Actividades anteriores"},"content":{"rendered":"<p>[vc_row css=&#8221;.vc_custom_1674912388031{margin-top: 25px !important;}&#8221;][vc_column][vc_single_image image=&#8221;6992&#8243; img_size=&#8221;64&#215;64&#8243; alignment=&#8221;center&#8221;]<div class=\"thememount-boxes thememount-boxes-blog thememount-boxes-view-default thememount-boxes-col-three thememount-boxes-sortable-no thememount-boxes-textalign-center thememount-boxes-sortablebutton-\">\n\t\t<div class=\"thememount-boxes-inner thememount-boxes-blog-inner \"><div class=\"thememount-box-heading-wrapper tm-element-align-center\"><div class=\"tm-element-heading-wrapper tm-heading-inner tm-element-align-center tm-seperator-after_before tm-heading-style-vertical \"><section class=\"tm-vc_cta3-container\"><div class=\"tm-vc_general tm-vc_cta3 tm-cta3-only tm-vc_cta3-style-classic tm-vc_cta3-shape-rounded tm-vc_cta3-align-center tm-vc_cta3-color-transparent tm-vc_cta3-icon-size-md tm-vc_cta3-actions-no tm-cta3-without-desc\"><div class=\"tm-vc_cta3_content-container\"><div class=\"tm-vc_cta3-content\"><header class=\"tm-vc_cta3-content-header tm-wrap\"><div class=\"tm-vc_cta3-headers tm-wrap-cell\"><h2 class=\"tm-custom-heading \" >Actividades anteriores<\/h2>\n<\/div><div class=\"heading-seperator\"><span><\/span><\/div><\/header><\/div><\/div><\/div><\/section><\/div> <!-- .tm-element-heading-wrapper container --> <\/div> <!-- .tm-element-heading-wrapper container --> \n\t\t\t\n\t\t\t<div class=\"row multi-columns-row thememount-boxes-row-wrapper\">\n\t\t\t\t<div class=\"tm-box-col-wrapper col-lg-4 col-sm-6 col-md-4 col-xs-12 actividades actividades-anteriores\"><article class=\"thememount-box thememount-box-blog thememount-blogbox-format- \">\n  <div class=\"post-item\">\n        <div class=\"tm-featured-outer-wrapper tm-post-featured-outer-wrapper\"> <div class=\"tm-post-format-icon-wrapper\"><i class=\"tm-knox-icon-pencil\"><\/i><\/div> <div class=\"tm-featured-wrapper tm-post-featured-wrapper tm-post-format-\"><a href=\"https:\/\/diversidadaudiovisual.org\/nuevaweb\/2a-jornada-de-doctorandos-ulepicc-espana\/\"><img loading=\"lazy\" decoding=\"async\" width=\"800\" height=\"533\" src=\"https:\/\/diversidadaudiovisual.org\/nuevaweb\/wp-content\/uploads\/2023\/01\/ulepicc-800x533.jpg\" class=\"attachment-thememount-img-blog size-thememount-img-blog wp-post-image\" alt=\"2\u00aa Jornada de doctorandos ULEPICC-Espa\u00f1a\" srcset=\"https:\/\/diversidadaudiovisual.org\/nuevaweb\/wp-content\/uploads\/2023\/01\/ulepicc-800x533.jpg 800w, https:\/\/diversidadaudiovisual.org\/nuevaweb\/wp-content\/uploads\/2023\/01\/ulepicc-300x200.jpg 300w, https:\/\/diversidadaudiovisual.org\/nuevaweb\/wp-content\/uploads\/2023\/01\/ulepicc-1024x683.jpg 1024w, https:\/\/diversidadaudiovisual.org\/nuevaweb\/wp-content\/uploads\/2023\/01\/ulepicc-768x512.jpg 768w, https:\/\/diversidadaudiovisual.org\/nuevaweb\/wp-content\/uploads\/2023\/01\/ulepicc.jpg 1200w\" sizes=\"auto, (max-width: 800px) 100vw, 800px\" data-id=\"8494\" \/><\/a><\/div> <\/div>\n    <div class=\"thememount-box-content\">\n      <div class=\"thememount-box-post-date\"><span class=\"tm-meta-line posted-on\"><span class=\"screen-reader-text tm-hide\">Posted on <\/span><a href=\"https:\/\/diversidadaudiovisual.org\/nuevaweb\/2a-jornada-de-doctorandos-ulepicc-espana\/\" rel=\"bookmark\"><time class=\"entry-date published\" datetime=\"2023-01-26T15:13:10+00:00\">Ene 26, 2023<\/time><time class=\"updated tm-hide\" datetime=\"2023-02-09T11:16:30+00:00\">Feb 9, 2023<\/time><\/a><\/span><\/div>\n      <div class=\"thememount-box-title\"><h4><a href=\"https:\/\/diversidadaudiovisual.org\/nuevaweb\/2a-jornada-de-doctorandos-ulepicc-espana\/\">2\u00aa Jornada de doctorandos ULEPICC-Espa\u00f1a<\/a><\/h4><\/div>      <div class=\"author-email\">\n        <p><strong><\/strong> <\/p>\n      <\/div>\n <div class=\"universidad\">\n        <p> <\/p>\n      <\/div>\n      <div class=\"thememount-box-desc\">\n        <div class=\"thememount-box-desc-text\">El viernes 16 de diciembre de 2022 tuvo en Madrid lugar la 2\u00aa Jornada de doctorandos de la secci\u00f3n de Espa\u00f1a de la Uni\u00f3n Latin...<\/div>\n        <div class=\"thememount-box-desc-footer\">\n                    <div class=\"thememount-blogbox-desc-footer\">\n            <div class=\"thememount-blogbox-footer-readmore\">  <\/div>\n          <\/div>\n        <\/div>\n      <\/div>\n    <\/div>\n  <\/div>\n<\/article>\n<\/div><div class=\"tm-box-col-wrapper col-lg-4 col-sm-6 col-md-4 col-xs-12 actividades actividades-anteriores\"><article class=\"thememount-box thememount-box-blog thememount-blogbox-format- \">\n  <div class=\"post-item\">\n        <div class=\"tm-featured-outer-wrapper tm-post-featured-outer-wrapper\"> <div class=\"tm-post-format-icon-wrapper\"><i class=\"tm-knox-icon-pencil\"><\/i><\/div> <div class=\"tm-featured-wrapper tm-post-featured-wrapper tm-post-format-\"><a href=\"https:\/\/diversidadaudiovisual.org\/nuevaweb\/encuentro-transdisciplinar-sobre-estudios-sonoros-e-industria-musical\/\"><img loading=\"lazy\" decoding=\"async\" width=\"800\" height=\"533\" src=\"https:\/\/diversidadaudiovisual.org\/nuevaweb\/wp-content\/uploads\/2023\/01\/cartel-Etsim-1-1024x724-1-800x533.png\" class=\"attachment-thememount-img-blog size-thememount-img-blog wp-post-image\" alt=\"Encuentro Transdisciplinar sobre Estudios Sonoros e Industria Musical\" data-id=\"8495\" \/><\/a><\/div> <\/div>\n    <div class=\"thememount-box-content\">\n      <div class=\"thememount-box-post-date\"><span class=\"tm-meta-line posted-on\"><span class=\"screen-reader-text tm-hide\">Posted on <\/span><a href=\"https:\/\/diversidadaudiovisual.org\/nuevaweb\/encuentro-transdisciplinar-sobre-estudios-sonoros-e-industria-musical\/\" rel=\"bookmark\"><time class=\"entry-date published\" datetime=\"2023-01-26T15:09:50+00:00\">Ene 26, 2023<\/time><time class=\"updated tm-hide\" datetime=\"2023-02-09T11:19:50+00:00\">Feb 9, 2023<\/time><\/a><\/span><\/div>\n      <div class=\"thememount-box-title\"><h4><a href=\"https:\/\/diversidadaudiovisual.org\/nuevaweb\/encuentro-transdisciplinar-sobre-estudios-sonoros-e-industria-musical\/\">Encuentro Transdisciplinar sobre Estudios Sonoros e Industria Musical<\/a><\/h4><\/div>      <div class=\"author-email\">\n        <p><strong><\/strong> <\/p>\n      <\/div>\n <div class=\"universidad\">\n        <p> <\/p>\n      <\/div>\n      <div class=\"thememount-box-desc\">\n        <div class=\"thememount-box-desc-text\">Este viernes 25 de noviembre se celebr\u00f3 en el Campus de Puerta de Toledo de la Universidad Carlos III de Madrid el primer Encuent...<\/div>\n        <div class=\"thememount-box-desc-footer\">\n                    <div class=\"thememount-blogbox-desc-footer\">\n            <div class=\"thememount-blogbox-footer-readmore\">  <\/div>\n          <\/div>\n        <\/div>\n      <\/div>\n    <\/div>\n  <\/div>\n<\/article>\n<\/div><div class=\"tm-box-col-wrapper col-lg-4 col-sm-6 col-md-4 col-xs-12 actividades actividades-anteriores\"><article class=\"thememount-box thememount-box-blog thememount-blogbox-format- \">\n  <div class=\"post-item\">\n        <div class=\"tm-featured-outer-wrapper tm-post-featured-outer-wrapper\"> <div class=\"tm-post-format-icon-wrapper\"><i class=\"tm-knox-icon-pencil\"><\/i><\/div> <div class=\"tm-featured-wrapper tm-post-featured-wrapper tm-post-format-\"><a href=\"https:\/\/diversidadaudiovisual.org\/nuevaweb\/xvii-congreso-internacional-ibercom-porto-2022\/\"><img loading=\"lazy\" decoding=\"async\" width=\"800\" height=\"533\" src=\"https:\/\/diversidadaudiovisual.org\/nuevaweb\/wp-content\/uploads\/2012\/06\/diversidad-audiovisual-congreso-800x533.jpg\" class=\"attachment-thememount-img-blog size-thememount-img-blog wp-post-image\" alt=\"Diversidad Audiovisual Congreso\" srcset=\"https:\/\/diversidadaudiovisual.org\/nuevaweb\/wp-content\/uploads\/2012\/06\/diversidad-audiovisual-congreso-800x533.jpg 800w, https:\/\/diversidadaudiovisual.org\/nuevaweb\/wp-content\/uploads\/2012\/06\/diversidad-audiovisual-congreso-300x200.jpg 300w, https:\/\/diversidadaudiovisual.org\/nuevaweb\/wp-content\/uploads\/2012\/06\/diversidad-audiovisual-congreso-1024x683.jpg 1024w, https:\/\/diversidadaudiovisual.org\/nuevaweb\/wp-content\/uploads\/2012\/06\/diversidad-audiovisual-congreso-768x512.jpg 768w, https:\/\/diversidadaudiovisual.org\/nuevaweb\/wp-content\/uploads\/2012\/06\/diversidad-audiovisual-congreso.jpg 1200w\" sizes=\"auto, (max-width: 800px) 100vw, 800px\" data-id=\"8500\" \/><\/a><\/div> <\/div>\n    <div class=\"thememount-box-content\">\n      <div class=\"thememount-box-post-date\"><span class=\"tm-meta-line posted-on\"><span class=\"screen-reader-text tm-hide\">Posted on <\/span><a href=\"https:\/\/diversidadaudiovisual.org\/nuevaweb\/xvii-congreso-internacional-ibercom-porto-2022\/\" rel=\"bookmark\"><time class=\"entry-date published\" datetime=\"2023-01-26T15:08:15+00:00\">Ene 26, 2023<\/time><time class=\"updated tm-hide\" datetime=\"2023-02-10T11:47:05+00:00\">Feb 10, 2023<\/time><\/a><\/span><\/div>\n      <div class=\"thememount-box-title\"><h4><a href=\"https:\/\/diversidadaudiovisual.org\/nuevaweb\/xvii-congreso-internacional-ibercom-porto-2022\/\">XVII Congreso Internacional IBERCOM. Porto 2022<\/a><\/h4><\/div>      <div class=\"author-email\">\n        <p><strong><\/strong> <\/p>\n      <\/div>\n <div class=\"universidad\">\n        <p> <\/p>\n      <\/div>\n      <div class=\"thememount-box-desc\">\n        <div class=\"thememount-box-desc-text\">Varios miembros del proyecto\u00a0\u00abDiversidad y servicios audiovisuales Bajo Demanda por Suscripci\u00f3n\u00bb (PID2019-109639RB-I00), parti...<\/div>\n        <div class=\"thememount-box-desc-footer\">\n                    <div class=\"thememount-blogbox-desc-footer\">\n            <div class=\"thememount-blogbox-footer-readmore\">  <\/div>\n          <\/div>\n        <\/div>\n      <\/div>\n    <\/div>\n  <\/div>\n<\/article>\n<\/div><div class=\"tm-box-col-wrapper col-lg-4 col-sm-6 col-md-4 col-xs-12 actividades actividades-anteriores\"><article class=\"thememount-box thememount-box-blog thememount-blogbox-format- \">\n  <div class=\"post-item\">\n        <div class=\"tm-featured-outer-wrapper tm-post-featured-outer-wrapper\"> <div class=\"tm-post-format-icon-wrapper\"><i class=\"tm-knox-icon-pencil\"><\/i><\/div> <div class=\"tm-featured-wrapper tm-post-featured-wrapper tm-post-format-\"><a href=\"https:\/\/diversidadaudiovisual.org\/nuevaweb\/ecrea-2022-aarhus-rethink-impact\/\"><img loading=\"lazy\" decoding=\"async\" width=\"800\" height=\"533\" src=\"https:\/\/diversidadaudiovisual.org\/nuevaweb\/wp-content\/uploads\/2012\/06\/diversidad-audiovisual-congreso-800x533.jpg\" class=\"attachment-thememount-img-blog size-thememount-img-blog wp-post-image\" alt=\"Diversidad Audiovisual Congreso\" srcset=\"https:\/\/diversidadaudiovisual.org\/nuevaweb\/wp-content\/uploads\/2012\/06\/diversidad-audiovisual-congreso-800x533.jpg 800w, https:\/\/diversidadaudiovisual.org\/nuevaweb\/wp-content\/uploads\/2012\/06\/diversidad-audiovisual-congreso-300x200.jpg 300w, https:\/\/diversidadaudiovisual.org\/nuevaweb\/wp-content\/uploads\/2012\/06\/diversidad-audiovisual-congreso-1024x683.jpg 1024w, https:\/\/diversidadaudiovisual.org\/nuevaweb\/wp-content\/uploads\/2012\/06\/diversidad-audiovisual-congreso-768x512.jpg 768w, https:\/\/diversidadaudiovisual.org\/nuevaweb\/wp-content\/uploads\/2012\/06\/diversidad-audiovisual-congreso.jpg 1200w\" sizes=\"auto, (max-width: 800px) 100vw, 800px\" data-id=\"8500\" \/><\/a><\/div> <\/div>\n    <div class=\"thememount-box-content\">\n      <div class=\"thememount-box-post-date\"><span class=\"tm-meta-line posted-on\"><span class=\"screen-reader-text tm-hide\">Posted on <\/span><a href=\"https:\/\/diversidadaudiovisual.org\/nuevaweb\/ecrea-2022-aarhus-rethink-impact\/\" rel=\"bookmark\"><time class=\"entry-date published\" datetime=\"2023-01-26T15:07:30+00:00\">Ene 26, 2023<\/time><time class=\"updated tm-hide\" datetime=\"2023-02-10T11:46:28+00:00\">Feb 10, 2023<\/time><\/a><\/span><\/div>\n      <div class=\"thememount-box-title\"><h4><a href=\"https:\/\/diversidadaudiovisual.org\/nuevaweb\/ecrea-2022-aarhus-rethink-impact\/\">ECREA 2022 AARHUS &#8211; \u201cRethink Impact\u201d<\/a><\/h4><\/div>      <div class=\"author-email\">\n        <p><strong><\/strong> <\/p>\n      <\/div>\n <div class=\"universidad\">\n        <p> <\/p>\n      <\/div>\n      <div class=\"thememount-box-desc\">\n        <div class=\"thememount-box-desc-text\">Varios miembros del proyecto\u00a0\u00abDiversidad y servicios audiovisuales Bajo Demanda por Suscripci\u00f3n\u00bb (PID2019-109639RB-I00), parti...<\/div>\n        <div class=\"thememount-box-desc-footer\">\n                    <div class=\"thememount-blogbox-desc-footer\">\n            <div class=\"thememount-blogbox-footer-readmore\">  <\/div>\n          <\/div>\n        <\/div>\n      <\/div>\n    <\/div>\n  <\/div>\n<\/article>\n<\/div><div class=\"tm-box-col-wrapper col-lg-4 col-sm-6 col-md-4 col-xs-12 actividades actividades-anteriores\"><article class=\"thememount-box thememount-box-blog thememount-blogbox-format- \">\n  <div class=\"post-item\">\n        <div class=\"tm-featured-outer-wrapper tm-post-featured-outer-wrapper\"> <div class=\"tm-post-format-icon-wrapper\"><i class=\"tm-knox-icon-pencil\"><\/i><\/div> <div class=\"tm-featured-wrapper tm-post-featured-wrapper tm-post-format-\"><a href=\"https:\/\/diversidadaudiovisual.org\/nuevaweb\/mondiacult-2022-unesco\/\"><img loading=\"lazy\" decoding=\"async\" width=\"800\" height=\"533\" src=\"https:\/\/diversidadaudiovisual.org\/nuevaweb\/wp-content\/uploads\/2012\/06\/diversidad-audiovisual-noticia-800x533.jpg\" class=\"attachment-thememount-img-blog size-thememount-img-blog wp-post-image\" alt=\"Diversidad Audiovisual Noticia\" srcset=\"https:\/\/diversidadaudiovisual.org\/nuevaweb\/wp-content\/uploads\/2012\/06\/diversidad-audiovisual-noticia-800x533.jpg 800w, https:\/\/diversidadaudiovisual.org\/nuevaweb\/wp-content\/uploads\/2012\/06\/diversidad-audiovisual-noticia-300x200.jpg 300w, https:\/\/diversidadaudiovisual.org\/nuevaweb\/wp-content\/uploads\/2012\/06\/diversidad-audiovisual-noticia-1024x683.jpg 1024w, https:\/\/diversidadaudiovisual.org\/nuevaweb\/wp-content\/uploads\/2012\/06\/diversidad-audiovisual-noticia-768x512.jpg 768w, https:\/\/diversidadaudiovisual.org\/nuevaweb\/wp-content\/uploads\/2012\/06\/diversidad-audiovisual-noticia.jpg 1200w\" sizes=\"auto, (max-width: 800px) 100vw, 800px\" data-id=\"8502\" \/><\/a><\/div> <\/div>\n    <div class=\"thememount-box-content\">\n      <div class=\"thememount-box-post-date\"><span class=\"tm-meta-line posted-on\"><span class=\"screen-reader-text tm-hide\">Posted on <\/span><a href=\"https:\/\/diversidadaudiovisual.org\/nuevaweb\/mondiacult-2022-unesco\/\" rel=\"bookmark\"><time class=\"entry-date published\" datetime=\"2023-01-26T15:06:37+00:00\">Ene 26, 2023<\/time><time class=\"updated tm-hide\" datetime=\"2023-02-10T11:45:44+00:00\">Feb 10, 2023<\/time><\/a><\/span><\/div>\n      <div class=\"thememount-box-title\"><h4><a href=\"https:\/\/diversidadaudiovisual.org\/nuevaweb\/mondiacult-2022-unesco\/\">Mondiacult 2022 UNESCO<\/a><\/h4><\/div>      <div class=\"author-email\">\n        <p><strong><\/strong> <\/p>\n      <\/div>\n <div class=\"universidad\">\n        <p> <\/p>\n      <\/div>\n      <div class=\"thememount-box-desc\">\n        <div class=\"thememount-box-desc-text\">M\u00e9xico - 26-27 septiembre 2022 Luis A. Albornoz particip\u00f3 en el Seminario Internacional \"Diversidad cultural y medios de comu...<\/div>\n        <div class=\"thememount-box-desc-footer\">\n                    <div class=\"thememount-blogbox-desc-footer\">\n            <div class=\"thememount-blogbox-footer-readmore\">  <\/div>\n          <\/div>\n        <\/div>\n      <\/div>\n    <\/div>\n  <\/div>\n<\/article>\n<\/div><div class=\"tm-box-col-wrapper col-lg-4 col-sm-6 col-md-4 col-xs-12 actividades actividades-anteriores\"><article class=\"thememount-box thememount-box-blog thememount-blogbox-format- \">\n  <div class=\"post-item\">\n        <div class=\"tm-featured-outer-wrapper tm-post-featured-outer-wrapper\"> <div class=\"tm-post-format-icon-wrapper\"><i class=\"tm-knox-icon-pencil\"><\/i><\/div> <div class=\"tm-featured-wrapper tm-post-featured-wrapper tm-post-format-\"><a href=\"https:\/\/diversidadaudiovisual.org\/nuevaweb\/discussing-svod-services-economics-and-policy-international-seminar\/\"><img loading=\"lazy\" decoding=\"async\" width=\"800\" height=\"533\" src=\"https:\/\/diversidadaudiovisual.org\/nuevaweb\/wp-content\/uploads\/2012\/06\/diversidad-audiovisual-noticia-800x533.jpg\" class=\"attachment-thememount-img-blog size-thememount-img-blog wp-post-image\" alt=\"Diversidad Audiovisual Noticia\" srcset=\"https:\/\/diversidadaudiovisual.org\/nuevaweb\/wp-content\/uploads\/2012\/06\/diversidad-audiovisual-noticia-800x533.jpg 800w, https:\/\/diversidadaudiovisual.org\/nuevaweb\/wp-content\/uploads\/2012\/06\/diversidad-audiovisual-noticia-300x200.jpg 300w, https:\/\/diversidadaudiovisual.org\/nuevaweb\/wp-content\/uploads\/2012\/06\/diversidad-audiovisual-noticia-1024x683.jpg 1024w, https:\/\/diversidadaudiovisual.org\/nuevaweb\/wp-content\/uploads\/2012\/06\/diversidad-audiovisual-noticia-768x512.jpg 768w, https:\/\/diversidadaudiovisual.org\/nuevaweb\/wp-content\/uploads\/2012\/06\/diversidad-audiovisual-noticia.jpg 1200w\" sizes=\"auto, (max-width: 800px) 100vw, 800px\" data-id=\"8502\" \/><\/a><\/div> <\/div>\n    <div class=\"thememount-box-content\">\n      <div class=\"thememount-box-post-date\"><span class=\"tm-meta-line posted-on\"><span class=\"screen-reader-text tm-hide\">Posted on <\/span><a href=\"https:\/\/diversidadaudiovisual.org\/nuevaweb\/discussing-svod-services-economics-and-policy-international-seminar\/\" rel=\"bookmark\"><time class=\"entry-date published\" datetime=\"2023-01-26T15:05:21+00:00\">Ene 26, 2023<\/time><time class=\"updated tm-hide\" datetime=\"2023-02-10T11:44:45+00:00\">Feb 10, 2023<\/time><\/a><\/span><\/div>\n      <div class=\"thememount-box-title\"><h4><a href=\"https:\/\/diversidadaudiovisual.org\/nuevaweb\/discussing-svod-services-economics-and-policy-international-seminar\/\">Discussing SVOD Services: Economics and Policy. International Seminar<\/a><\/h4><\/div>      <div class=\"author-email\">\n        <p><strong><\/strong> <\/p>\n      <\/div>\n <div class=\"universidad\">\n        <p> <\/p>\n      <\/div>\n      <div class=\"thememount-box-desc\">\n        <div class=\"thememount-box-desc-text\">Los grupos de investigaci\u00f3n \u00abIndustries culturelles &amp; cr\u00e9ation artistique\u00bb y \u00abDiversidad audiovisual\u00bb de la Universit\u00e9...<\/div>\n        <div class=\"thememount-box-desc-footer\">\n                    <div class=\"thememount-blogbox-desc-footer\">\n            <div class=\"thememount-blogbox-footer-readmore\">  <\/div>\n          <\/div>\n        <\/div>\n      <\/div>\n    <\/div>\n  <\/div>\n<\/article>\n<\/div><div class=\"tm-box-col-wrapper col-lg-4 col-sm-6 col-md-4 col-xs-12 actividades actividades-anteriores\"><article class=\"thememount-box thememount-box-blog thememount-blogbox-format- \">\n  <div class=\"post-item\">\n        <div class=\"tm-featured-outer-wrapper tm-post-featured-outer-wrapper\"> <div class=\"tm-post-format-icon-wrapper\"><i class=\"tm-knox-icon-pencil\"><\/i><\/div> <div class=\"tm-featured-wrapper tm-post-featured-wrapper tm-post-format-\"><a href=\"https:\/\/diversidadaudiovisual.org\/nuevaweb\/viii-congreso-internacional-ae-ic-barcelona-2022\/\"><img loading=\"lazy\" decoding=\"async\" width=\"800\" height=\"533\" src=\"https:\/\/diversidadaudiovisual.org\/nuevaweb\/wp-content\/uploads\/2012\/06\/diversidad-audiovisual-congreso-800x533.jpg\" class=\"attachment-thememount-img-blog size-thememount-img-blog wp-post-image\" alt=\"Diversidad Audiovisual Congreso\" srcset=\"https:\/\/diversidadaudiovisual.org\/nuevaweb\/wp-content\/uploads\/2012\/06\/diversidad-audiovisual-congreso-800x533.jpg 800w, https:\/\/diversidadaudiovisual.org\/nuevaweb\/wp-content\/uploads\/2012\/06\/diversidad-audiovisual-congreso-300x200.jpg 300w, https:\/\/diversidadaudiovisual.org\/nuevaweb\/wp-content\/uploads\/2012\/06\/diversidad-audiovisual-congreso-1024x683.jpg 1024w, https:\/\/diversidadaudiovisual.org\/nuevaweb\/wp-content\/uploads\/2012\/06\/diversidad-audiovisual-congreso-768x512.jpg 768w, https:\/\/diversidadaudiovisual.org\/nuevaweb\/wp-content\/uploads\/2012\/06\/diversidad-audiovisual-congreso.jpg 1200w\" sizes=\"auto, (max-width: 800px) 100vw, 800px\" data-id=\"8500\" \/><\/a><\/div> <\/div>\n    <div class=\"thememount-box-content\">\n      <div class=\"thememount-box-post-date\"><span class=\"tm-meta-line posted-on\"><span class=\"screen-reader-text tm-hide\">Posted on <\/span><a href=\"https:\/\/diversidadaudiovisual.org\/nuevaweb\/viii-congreso-internacional-ae-ic-barcelona-2022\/\" rel=\"bookmark\"><time class=\"entry-date published\" datetime=\"2023-01-26T15:04:30+00:00\">Ene 26, 2023<\/time><time class=\"updated tm-hide\" datetime=\"2023-02-10T11:44:01+00:00\">Feb 10, 2023<\/time><\/a><\/span><\/div>\n      <div class=\"thememount-box-title\"><h4><a href=\"https:\/\/diversidadaudiovisual.org\/nuevaweb\/viii-congreso-internacional-ae-ic-barcelona-2022\/\">VIII Congreso Internacional AE-IC \u2013 Barcelona 2022<\/a><\/h4><\/div>      <div class=\"author-email\">\n        <p><strong><\/strong> <\/p>\n      <\/div>\n <div class=\"universidad\">\n        <p> <\/p>\n      <\/div>\n      <div class=\"thememount-box-desc\">\n        <div class=\"thememount-box-desc-text\">Varios miembros del proyecto\u00a0\u00abDiversidad y servicios audiovisuales Bajo Demanda por Suscripci\u00f3n\u00bb (PID2019-109639RB-I00), parti...<\/div>\n        <div class=\"thememount-box-desc-footer\">\n                    <div class=\"thememount-blogbox-desc-footer\">\n            <div class=\"thememount-blogbox-footer-readmore\">  <\/div>\n          <\/div>\n        <\/div>\n      <\/div>\n    <\/div>\n  <\/div>\n<\/article>\n<\/div><div class=\"tm-box-col-wrapper col-lg-4 col-sm-6 col-md-4 col-xs-12 actividades actividades-anteriores\"><article class=\"thememount-box thememount-box-blog thememount-blogbox-format- \">\n  <div class=\"post-item\">\n        <div class=\"tm-featured-outer-wrapper tm-post-featured-outer-wrapper\"> <div class=\"tm-post-format-icon-wrapper\"><i class=\"tm-knox-icon-pencil\"><\/i><\/div> <div class=\"tm-featured-wrapper tm-post-featured-wrapper tm-post-format-\"><a href=\"https:\/\/diversidadaudiovisual.org\/nuevaweb\/luis-a-albornoz-participa-como-entrevistado-en-el-media-talks-brasil-especial-sobre-diversidad\/\"><img loading=\"lazy\" decoding=\"async\" width=\"800\" height=\"533\" src=\"https:\/\/diversidadaudiovisual.org\/nuevaweb\/wp-content\/uploads\/2023\/01\/Captura-de-Pantalla-2023-02-10-a-las-12.42.12-800x533.png\" class=\"attachment-thememount-img-blog size-thememount-img-blog wp-post-image\" alt=\"Luis A. Albornoz participa como entrevistado en el Media Talks (Brasil) especial sobre Diversidad\" data-id=\"8541\" \/><\/a><\/div> <\/div>\n    <div class=\"thememount-box-content\">\n      <div class=\"thememount-box-post-date\"><span class=\"tm-meta-line posted-on\"><span class=\"screen-reader-text tm-hide\">Posted on <\/span><a href=\"https:\/\/diversidadaudiovisual.org\/nuevaweb\/luis-a-albornoz-participa-como-entrevistado-en-el-media-talks-brasil-especial-sobre-diversidad\/\" rel=\"bookmark\"><time class=\"entry-date published\" datetime=\"2023-01-26T15:03:29+00:00\">Ene 26, 2023<\/time><time class=\"updated tm-hide\" datetime=\"2023-02-10T11:43:25+00:00\">Feb 10, 2023<\/time><\/a><\/span><\/div>\n      <div class=\"thememount-box-title\"><h4><a href=\"https:\/\/diversidadaudiovisual.org\/nuevaweb\/luis-a-albornoz-participa-como-entrevistado-en-el-media-talks-brasil-especial-sobre-diversidad\/\">Luis A. Albornoz participa como entrevistado en el Media Talks (Brasil) especial sobre Diversidad<\/a><\/h4><\/div>      <div class=\"author-email\">\n        <p><strong><\/strong> <\/p>\n      <\/div>\n <div class=\"universidad\">\n        <p> <\/p>\n      <\/div>\n      <div class=\"thememount-box-desc\">\n        <div class=\"thememount-box-desc-text\">1 de junio de 2022. Luciana Gurgel entrevista al Dr. Luis A. Albornoz en el marco del nuevo especial Media Talks (Brasil)* sobr...<\/div>\n        <div class=\"thememount-box-desc-footer\">\n                    <div class=\"thememount-blogbox-desc-footer\">\n            <div class=\"thememount-blogbox-footer-readmore\">  <\/div>\n          <\/div>\n        <\/div>\n      <\/div>\n    <\/div>\n  <\/div>\n<\/article>\n<\/div><div class=\"tm-box-col-wrapper col-lg-4 col-sm-6 col-md-4 col-xs-12 actividades actividades-anteriores\"><article class=\"thememount-box thememount-box-blog thememount-blogbox-format- \">\n  <div class=\"post-item\">\n        <div class=\"tm-featured-outer-wrapper tm-post-featured-outer-wrapper\"> <div class=\"tm-post-format-icon-wrapper\"><i class=\"tm-knox-icon-pencil\"><\/i><\/div> <div class=\"tm-featured-wrapper tm-post-featured-wrapper tm-post-format-\"><a href=\"https:\/\/diversidadaudiovisual.org\/nuevaweb\/ii-encuentro-internacional-de-observatorios-de-la-industria-audiovisual-instituto-nacional-de-cine-y-artes-audiovisuales-incaa-buenos-aires-31-de-mayo-de-2022\/\"><img loading=\"lazy\" decoding=\"async\" width=\"349\" height=\"219\" src=\"https:\/\/diversidadaudiovisual.org\/nuevaweb\/wp-content\/uploads\/2023\/01\/INCAA.png\" class=\"attachment-thememount-img-blog size-thememount-img-blog wp-post-image\" alt=\"II Encuentro Internacional de Observatorios de la Industria Audiovisual Instituto Nacional de Cine y Artes Audiovisuales (INCAA) Buenos Aires, 31 de mayo de 2022\" srcset=\"https:\/\/diversidadaudiovisual.org\/nuevaweb\/wp-content\/uploads\/2023\/01\/INCAA.png 349w, https:\/\/diversidadaudiovisual.org\/nuevaweb\/wp-content\/uploads\/2023\/01\/INCAA-300x188.png 300w\" sizes=\"auto, (max-width: 349px) 100vw, 349px\" data-id=\"8539\" \/><\/a><\/div> <\/div>\n    <div class=\"thememount-box-content\">\n      <div class=\"thememount-box-post-date\"><span class=\"tm-meta-line posted-on\"><span class=\"screen-reader-text tm-hide\">Posted on <\/span><a href=\"https:\/\/diversidadaudiovisual.org\/nuevaweb\/ii-encuentro-internacional-de-observatorios-de-la-industria-audiovisual-instituto-nacional-de-cine-y-artes-audiovisuales-incaa-buenos-aires-31-de-mayo-de-2022\/\" rel=\"bookmark\"><time class=\"entry-date published\" datetime=\"2023-01-26T15:01:15+00:00\">Ene 26, 2023<\/time><time class=\"updated tm-hide\" datetime=\"2023-02-10T11:41:41+00:00\">Feb 10, 2023<\/time><\/a><\/span><\/div>\n      <div class=\"thememount-box-title\"><h4><a href=\"https:\/\/diversidadaudiovisual.org\/nuevaweb\/ii-encuentro-internacional-de-observatorios-de-la-industria-audiovisual-instituto-nacional-de-cine-y-artes-audiovisuales-incaa-buenos-aires-31-de-mayo-de-2022\/\">II Encuentro Internacional de Observatorios de la Industria Audiovisual Instituto Nacional de Cine y Artes Audiovisuales (INCAA) Buenos Aires, 31 de mayo de 2022<\/a><\/h4><\/div>      <div class=\"author-email\">\n        <p><strong><\/strong> <\/p>\n      <\/div>\n <div class=\"universidad\">\n        <p> <\/p>\n      <\/div>\n      <div class=\"thememount-box-desc\">\n        <div class=\"thememount-box-desc-text\">El Dr. Luis A. Albornoz particip\u00f3 en calidad de ponente invitado en el \u2018II Encuentro Internacional de Observatorios de la Indus...<\/div>\n        <div class=\"thememount-box-desc-footer\">\n                    <div class=\"thememount-blogbox-desc-footer\">\n            <div class=\"thememount-blogbox-footer-readmore\">  <\/div>\n          <\/div>\n        <\/div>\n      <\/div>\n    <\/div>\n  <\/div>\n<\/article>\n<\/div><div class=\"tm-box-col-wrapper col-lg-4 col-sm-6 col-md-4 col-xs-12 actividades actividades-anteriores\"><article class=\"thememount-box thememount-box-blog thememount-blogbox-format- \">\n  <div class=\"post-item\">\n        <div class=\"tm-featured-outer-wrapper tm-post-featured-outer-wrapper\"> <div class=\"tm-post-format-icon-wrapper\"><i class=\"tm-knox-icon-pencil\"><\/i><\/div> <div class=\"tm-featured-wrapper tm-post-featured-wrapper tm-post-format-\"><a href=\"https:\/\/diversidadaudiovisual.org\/nuevaweb\/participacion-en-el-curso-de-posgrado-platformisation-of-cultural-and-audio-visual-sectors-in-the-european-union-new-policies-for-new-stakeholders\/\"><img loading=\"lazy\" decoding=\"async\" width=\"800\" height=\"533\" src=\"https:\/\/diversidadaudiovisual.org\/nuevaweb\/wp-content\/uploads\/2023\/01\/platEU_plakati_9-14_5-800x533.png\" class=\"attachment-thememount-img-blog size-thememount-img-blog wp-post-image\" alt=\"Participaci\u00f3n en el curso de posgrado \u00abPlatformisation of cultural and audio-visual sectors in the European Union: new policies for new stakeholders\u00bb\" data-id=\"8038\" \/><\/a><\/div> <\/div>\n    <div class=\"thememount-box-content\">\n      <div class=\"thememount-box-post-date\"><span class=\"tm-meta-line posted-on\"><span class=\"screen-reader-text tm-hide\">Posted on <\/span><a href=\"https:\/\/diversidadaudiovisual.org\/nuevaweb\/participacion-en-el-curso-de-posgrado-platformisation-of-cultural-and-audio-visual-sectors-in-the-european-union-new-policies-for-new-stakeholders\/\" rel=\"bookmark\"><time class=\"entry-date published\" datetime=\"2023-01-26T14:57:50+00:00\">Ene 26, 2023<\/time><time class=\"updated tm-hide\" datetime=\"2023-02-06T12:21:09+00:00\">Feb 6, 2023<\/time><\/a><\/span><\/div>\n      <div class=\"thememount-box-title\"><h4><a href=\"https:\/\/diversidadaudiovisual.org\/nuevaweb\/participacion-en-el-curso-de-posgrado-platformisation-of-cultural-and-audio-visual-sectors-in-the-european-union-new-policies-for-new-stakeholders\/\">Participaci\u00f3n en el curso de posgrado \u00abPlatformisation of cultural and audio-visual sectors in the European Union: new policies for new stakeholders\u00bb<\/a><\/h4><\/div>      <div class=\"author-email\">\n        <p><strong><\/strong> <\/p>\n      <\/div>\n <div class=\"universidad\">\n        <p> <\/p>\n      <\/div>\n      <div class=\"thememount-box-desc\">\n        <div class=\"thememount-box-desc-text\">Del 9 al 14 de mayo, el Centro Interuniversitario (IUC) de Dubrovnik, Croacia, acogi\u00f3 el curso de posgrado \"platEU: Platformisati...<\/div>\n        <div class=\"thememount-box-desc-footer\">\n                    <div class=\"thememount-blogbox-desc-footer\">\n            <div class=\"thememount-blogbox-footer-readmore\">  <\/div>\n          <\/div>\n        <\/div>\n      <\/div>\n    <\/div>\n  <\/div>\n<\/article>\n<\/div><div class=\"tm-box-col-wrapper col-lg-4 col-sm-6 col-md-4 col-xs-12 actividades actividades-anteriores\"><article class=\"thememount-box thememount-box-blog thememount-blogbox-format- \">\n  <div class=\"post-item\">\n        <div class=\"tm-featured-outer-wrapper tm-post-featured-outer-wrapper\"> <div class=\"tm-post-format-icon-wrapper\"><i class=\"tm-knox-icon-pencil\"><\/i><\/div> <div class=\"tm-featured-wrapper tm-post-featured-wrapper tm-post-format-\"><a href=\"https:\/\/diversidadaudiovisual.org\/nuevaweb\/1er-seminario-de-blues-en-espana\/\"><img loading=\"lazy\" decoding=\"async\" width=\"800\" height=\"533\" src=\"https:\/\/diversidadaudiovisual.org\/nuevaweb\/wp-content\/uploads\/2023\/01\/elbluesenespana_cartelR-1448x2048-1-800x533.jpg\" class=\"attachment-thememount-img-blog size-thememount-img-blog wp-post-image\" alt=\"1er Seminario de Blues en Espa\u00f1a\" data-id=\"8033\" \/><\/a><\/div> <\/div>\n    <div class=\"thememount-box-content\">\n      <div class=\"thememount-box-post-date\"><span class=\"tm-meta-line posted-on\"><span class=\"screen-reader-text tm-hide\">Posted on <\/span><a href=\"https:\/\/diversidadaudiovisual.org\/nuevaweb\/1er-seminario-de-blues-en-espana\/\" rel=\"bookmark\"><time class=\"entry-date published\" datetime=\"2023-01-26T12:54:07+00:00\">Ene 26, 2023<\/time><time class=\"updated tm-hide\" datetime=\"2023-02-06T12:20:48+00:00\">Feb 6, 2023<\/time><\/a><\/span><\/div>\n      <div class=\"thememount-box-title\"><h4><a href=\"https:\/\/diversidadaudiovisual.org\/nuevaweb\/1er-seminario-de-blues-en-espana\/\">1er Seminario de Blues en Espa\u00f1a<\/a><\/h4><\/div>      <div class=\"author-email\">\n        <p><strong><\/strong> <\/p>\n      <\/div>\n <div class=\"universidad\">\n        <p> <\/p>\n      <\/div>\n      <div class=\"thememount-box-desc\">\n        <div class=\"thememount-box-desc-text\">El d\u00eda\u00a06 de mayo, de 10 a 14h, se celebr\u00f3 el 1er Seminario de Blues en Espa\u00f1a en la Biblioteca de Humanidades, Comunicaci\u00f3n y...<\/div>\n        <div class=\"thememount-box-desc-footer\">\n                    <div class=\"thememount-blogbox-desc-footer\">\n            <div class=\"thememount-blogbox-footer-readmore\">  <\/div>\n          <\/div>\n        <\/div>\n      <\/div>\n    <\/div>\n  <\/div>\n<\/article>\n<\/div><div class=\"tm-box-col-wrapper col-lg-4 col-sm-6 col-md-4 col-xs-12 actividades actividades-anteriores\"><article class=\"thememount-box thememount-box-blog thememount-blogbox-format- \">\n  <div class=\"post-item\">\n        <div class=\"tm-featured-outer-wrapper tm-post-featured-outer-wrapper\"> <div class=\"tm-post-format-icon-wrapper\"><i class=\"tm-knox-icon-pencil\"><\/i><\/div> <div class=\"tm-featured-wrapper tm-post-featured-wrapper tm-post-format-\"><a href=\"https:\/\/diversidadaudiovisual.org\/nuevaweb\/presentacion-de-la-coleccion-global-media-giants\/\"><img loading=\"lazy\" decoding=\"async\" width=\"800\" height=\"533\" src=\"https:\/\/diversidadaudiovisual.org\/nuevaweb\/wp-content\/uploads\/2023\/01\/Global-media-giants-A4-800x533.png\" class=\"attachment-thememount-img-blog size-thememount-img-blog wp-post-image\" alt=\"Presentaci\u00f3n de la colecci\u00f3n \u00abGlobal Media Giants\u00bb\" data-id=\"8024\" \/><\/a><\/div> <\/div>\n    <div class=\"thememount-box-content\">\n      <div class=\"thememount-box-post-date\"><span class=\"tm-meta-line posted-on\"><span class=\"screen-reader-text tm-hide\">Posted on <\/span><a href=\"https:\/\/diversidadaudiovisual.org\/nuevaweb\/presentacion-de-la-coleccion-global-media-giants\/\" rel=\"bookmark\"><time class=\"entry-date published\" datetime=\"2023-01-26T12:47:15+00:00\">Ene 26, 2023<\/time><time class=\"updated tm-hide\" datetime=\"2023-02-06T12:20:28+00:00\">Feb 6, 2023<\/time><\/a><\/span><\/div>\n      <div class=\"thememount-box-title\"><h4><a href=\"https:\/\/diversidadaudiovisual.org\/nuevaweb\/presentacion-de-la-coleccion-global-media-giants\/\">Presentaci\u00f3n de la colecci\u00f3n \u00abGlobal Media Giants\u00bb<\/a><\/h4><\/div>      <div class=\"author-email\">\n        <p><strong><\/strong> <\/p>\n      <\/div>\n <div class=\"universidad\">\n        <p> <\/p>\n      <\/div>\n      <div class=\"thememount-box-desc\">\n        <div class=\"thememount-box-desc-text\">7 de abril a las 13:00 h. (Campus de Puerta de Toledo, aula 1.A.01) El d\u00eda\u00a07 de abril\u00a0a las\u00a013:00 horas, en el campus de\u00a0P...<\/div>\n        <div class=\"thememount-box-desc-footer\">\n                    <div class=\"thememount-blogbox-desc-footer\">\n            <div class=\"thememount-blogbox-footer-readmore\">  <\/div>\n          <\/div>\n        <\/div>\n      <\/div>\n    <\/div>\n  <\/div>\n<\/article>\n<\/div><div class=\"tm-box-col-wrapper col-lg-4 col-sm-6 col-md-4 col-xs-12 actividades actividades-anteriores\"><article class=\"thememount-box thememount-box-blog thememount-blogbox-format- \">\n  <div class=\"post-item\">\n        <div class=\"tm-featured-outer-wrapper tm-post-featured-outer-wrapper\"> <div class=\"tm-post-format-icon-wrapper\"><i class=\"tm-knox-icon-pencil\"><\/i><\/div> <div class=\"tm-featured-wrapper tm-post-featured-wrapper tm-post-format-\"><a href=\"https:\/\/diversidadaudiovisual.org\/nuevaweb\/presentacion-2022-global-report-reshaping-policies-for-creativity-addressing-culture-as-a-global-public-good-unesco\/\"><img loading=\"lazy\" decoding=\"async\" width=\"800\" height=\"533\" src=\"https:\/\/diversidadaudiovisual.org\/nuevaweb\/wp-content\/uploads\/2012\/06\/diversidad-audiovisual-noticia-800x533.jpg\" class=\"attachment-thememount-img-blog size-thememount-img-blog wp-post-image\" alt=\"Diversidad Audiovisual Noticia\" srcset=\"https:\/\/diversidadaudiovisual.org\/nuevaweb\/wp-content\/uploads\/2012\/06\/diversidad-audiovisual-noticia-800x533.jpg 800w, https:\/\/diversidadaudiovisual.org\/nuevaweb\/wp-content\/uploads\/2012\/06\/diversidad-audiovisual-noticia-300x200.jpg 300w, https:\/\/diversidadaudiovisual.org\/nuevaweb\/wp-content\/uploads\/2012\/06\/diversidad-audiovisual-noticia-1024x683.jpg 1024w, https:\/\/diversidadaudiovisual.org\/nuevaweb\/wp-content\/uploads\/2012\/06\/diversidad-audiovisual-noticia-768x512.jpg 768w, https:\/\/diversidadaudiovisual.org\/nuevaweb\/wp-content\/uploads\/2012\/06\/diversidad-audiovisual-noticia.jpg 1200w\" sizes=\"auto, (max-width: 800px) 100vw, 800px\" data-id=\"8502\" \/><\/a><\/div> <\/div>\n    <div class=\"thememount-box-content\">\n      <div class=\"thememount-box-post-date\"><span class=\"tm-meta-line posted-on\"><span class=\"screen-reader-text tm-hide\">Posted on <\/span><a href=\"https:\/\/diversidadaudiovisual.org\/nuevaweb\/presentacion-2022-global-report-reshaping-policies-for-creativity-addressing-culture-as-a-global-public-good-unesco\/\" rel=\"bookmark\"><time class=\"entry-date published\" datetime=\"2023-01-26T12:43:26+00:00\">Ene 26, 2023<\/time><time class=\"updated tm-hide\" datetime=\"2023-02-10T11:40:20+00:00\">Feb 10, 2023<\/time><\/a><\/span><\/div>\n      <div class=\"thememount-box-title\"><h4><a href=\"https:\/\/diversidadaudiovisual.org\/nuevaweb\/presentacion-2022-global-report-reshaping-policies-for-creativity-addressing-culture-as-a-global-public-good-unesco\/\">Presentaci\u00f3n \u00ab2022 Global Report Re|Shaping Policies for Creativity. Addressing Culture as a Global Public Good\u00bb, UNESCO<\/a><\/h4><\/div>      <div class=\"author-email\">\n        <p><strong><\/strong> <\/p>\n      <\/div>\n <div class=\"universidad\">\n        <p> <\/p>\n      <\/div>\n      <div class=\"thememount-box-desc\">\n        <div class=\"thememount-box-desc-text\">Martes 8 de febrero \u2013 14h a 16h CET. UNESCO presenta el 3er. Global Report sobre la Convenci\u00f3n sobre Diversidad. El informe...<\/div>\n        <div class=\"thememount-box-desc-footer\">\n                    <div class=\"thememount-blogbox-desc-footer\">\n            <div class=\"thememount-blogbox-footer-readmore\">  <\/div>\n          <\/div>\n        <\/div>\n      <\/div>\n    <\/div>\n  <\/div>\n<\/article>\n<\/div><div class=\"tm-box-col-wrapper col-lg-4 col-sm-6 col-md-4 col-xs-12 actividades actividades-anteriores\"><article class=\"thememount-box thememount-box-blog thememount-blogbox-format- \">\n  <div class=\"post-item\">\n        <div class=\"tm-featured-outer-wrapper tm-post-featured-outer-wrapper\"> <div class=\"tm-post-format-icon-wrapper\"><i class=\"tm-knox-icon-pencil\"><\/i><\/div> <div class=\"tm-featured-wrapper tm-post-featured-wrapper tm-post-format-\"><a href=\"https:\/\/diversidadaudiovisual.org\/nuevaweb\/conferencia-internacional-reformas-legislativas-para-proteger-y-promover-la-diversidad-de-las-expresiones-culturales-en-el-entorno-digital\/\"><img loading=\"lazy\" decoding=\"async\" width=\"800\" height=\"533\" src=\"https:\/\/diversidadaudiovisual.org\/nuevaweb\/wp-content\/uploads\/2012\/06\/diversidad-audiovisual-noticia-800x533.jpg\" class=\"attachment-thememount-img-blog size-thememount-img-blog wp-post-image\" alt=\"Diversidad Audiovisual Noticia\" srcset=\"https:\/\/diversidadaudiovisual.org\/nuevaweb\/wp-content\/uploads\/2012\/06\/diversidad-audiovisual-noticia-800x533.jpg 800w, https:\/\/diversidadaudiovisual.org\/nuevaweb\/wp-content\/uploads\/2012\/06\/diversidad-audiovisual-noticia-300x200.jpg 300w, https:\/\/diversidadaudiovisual.org\/nuevaweb\/wp-content\/uploads\/2012\/06\/diversidad-audiovisual-noticia-1024x683.jpg 1024w, https:\/\/diversidadaudiovisual.org\/nuevaweb\/wp-content\/uploads\/2012\/06\/diversidad-audiovisual-noticia-768x512.jpg 768w, https:\/\/diversidadaudiovisual.org\/nuevaweb\/wp-content\/uploads\/2012\/06\/diversidad-audiovisual-noticia.jpg 1200w\" sizes=\"auto, (max-width: 800px) 100vw, 800px\" data-id=\"8502\" \/><\/a><\/div> <\/div>\n    <div class=\"thememount-box-content\">\n      <div class=\"thememount-box-post-date\"><span class=\"tm-meta-line posted-on\"><span class=\"screen-reader-text tm-hide\">Posted on <\/span><a href=\"https:\/\/diversidadaudiovisual.org\/nuevaweb\/conferencia-internacional-reformas-legislativas-para-proteger-y-promover-la-diversidad-de-las-expresiones-culturales-en-el-entorno-digital\/\" rel=\"bookmark\"><time class=\"entry-date published\" datetime=\"2023-01-26T12:42:09+00:00\">Ene 26, 2023<\/time><time class=\"updated tm-hide\" datetime=\"2023-02-10T11:39:34+00:00\">Feb 10, 2023<\/time><\/a><\/span><\/div>\n      <div class=\"thememount-box-title\"><h4><a href=\"https:\/\/diversidadaudiovisual.org\/nuevaweb\/conferencia-internacional-reformas-legislativas-para-proteger-y-promover-la-diversidad-de-las-expresiones-culturales-en-el-entorno-digital\/\">Conferencia Internacional: Reformas legislativas para proteger y promover la diversidad de las expresiones culturales en el entorno digital<\/a><\/h4><\/div>      <div class=\"author-email\">\n        <p><strong><\/strong> <\/p>\n      <\/div>\n <div class=\"universidad\">\n        <p> <\/p>\n      <\/div>\n      <div class=\"thememount-box-desc\">\n        <div class=\"thememount-box-desc-text\">Jueves 27 de enero de 2022 Actividad en l\u00ednea, gratuita. El 27 de enero de 2022, la Coalici\u00f3n para la Diversidad de las Expres...<\/div>\n        <div class=\"thememount-box-desc-footer\">\n                    <div class=\"thememount-blogbox-desc-footer\">\n            <div class=\"thememount-blogbox-footer-readmore\">  <\/div>\n          <\/div>\n        <\/div>\n      <\/div>\n    <\/div>\n  <\/div>\n<\/article>\n<\/div><div class=\"tm-box-col-wrapper col-lg-4 col-sm-6 col-md-4 col-xs-12 actividades actividades-anteriores\"><article class=\"thememount-box thememount-box-blog thememount-blogbox-format- \">\n  <div class=\"post-item\">\n        <div class=\"tm-featured-outer-wrapper tm-post-featured-outer-wrapper\"> <div class=\"tm-post-format-icon-wrapper\"><i class=\"tm-knox-icon-pencil\"><\/i><\/div> <div class=\"tm-featured-wrapper tm-post-featured-wrapper tm-post-format-\"><a href=\"https:\/\/diversidadaudiovisual.org\/nuevaweb\/vi-congreso-internacional-tmic-ae-ic-2021\/\"><img loading=\"lazy\" decoding=\"async\" width=\"800\" height=\"533\" src=\"https:\/\/diversidadaudiovisual.org\/nuevaweb\/wp-content\/uploads\/2012\/06\/diversidad-audiovisual-congreso-800x533.jpg\" class=\"attachment-thememount-img-blog size-thememount-img-blog wp-post-image\" alt=\"Diversidad Audiovisual Congreso\" srcset=\"https:\/\/diversidadaudiovisual.org\/nuevaweb\/wp-content\/uploads\/2012\/06\/diversidad-audiovisual-congreso-800x533.jpg 800w, https:\/\/diversidadaudiovisual.org\/nuevaweb\/wp-content\/uploads\/2012\/06\/diversidad-audiovisual-congreso-300x200.jpg 300w, https:\/\/diversidadaudiovisual.org\/nuevaweb\/wp-content\/uploads\/2012\/06\/diversidad-audiovisual-congreso-1024x683.jpg 1024w, https:\/\/diversidadaudiovisual.org\/nuevaweb\/wp-content\/uploads\/2012\/06\/diversidad-audiovisual-congreso-768x512.jpg 768w, https:\/\/diversidadaudiovisual.org\/nuevaweb\/wp-content\/uploads\/2012\/06\/diversidad-audiovisual-congreso.jpg 1200w\" sizes=\"auto, (max-width: 800px) 100vw, 800px\" data-id=\"8500\" \/><\/a><\/div> <\/div>\n    <div class=\"thememount-box-content\">\n      <div class=\"thememount-box-post-date\"><span class=\"tm-meta-line posted-on\"><span class=\"screen-reader-text tm-hide\">Posted on <\/span><a href=\"https:\/\/diversidadaudiovisual.org\/nuevaweb\/vi-congreso-internacional-tmic-ae-ic-2021\/\" rel=\"bookmark\"><time class=\"entry-date published\" datetime=\"2023-01-26T11:57:15+00:00\">Ene 26, 2023<\/time><time class=\"updated tm-hide\" datetime=\"2023-02-10T11:38:36+00:00\">Feb 10, 2023<\/time><\/a><\/span><\/div>\n      <div class=\"thememount-box-title\"><h4><a href=\"https:\/\/diversidadaudiovisual.org\/nuevaweb\/vi-congreso-internacional-tmic-ae-ic-2021\/\">VI Congreso Internacional TMIC- AE-IC 2021<\/a><\/h4><\/div>      <div class=\"author-email\">\n        <p><strong><\/strong> <\/p>\n      <\/div>\n <div class=\"universidad\">\n        <p> <\/p>\n      <\/div>\n      <div class=\"thememount-box-desc\">\n        <div class=\"thememount-box-desc-text\">Varios miembros del proyecto \u00abDiversidad y servicios audiovisuales Bajo Demanda por Suscripci\u00f3n\u00bb (PID2019-109639RB-I00), partic...<\/div>\n        <div class=\"thememount-box-desc-footer\">\n                    <div class=\"thememount-blogbox-desc-footer\">\n            <div class=\"thememount-blogbox-footer-readmore\">  <\/div>\n          <\/div>\n        <\/div>\n      <\/div>\n    <\/div>\n  <\/div>\n<\/article>\n<\/div><div class=\"tm-box-col-wrapper col-lg-4 col-sm-6 col-md-4 col-xs-12 actividades actividades-anteriores\"><article class=\"thememount-box thememount-box-blog thememount-blogbox-format- \">\n  <div class=\"post-item\">\n        <div class=\"tm-featured-outer-wrapper tm-post-featured-outer-wrapper\"> <div class=\"tm-post-format-icon-wrapper\"><i class=\"tm-knox-icon-pencil\"><\/i><\/div> <div class=\"tm-featured-wrapper tm-post-featured-wrapper tm-post-format-\"><a href=\"https:\/\/diversidadaudiovisual.org\/nuevaweb\/presentacion-de-la-seccion-comunicacion-y-sociedad-netflix-y-la-transnacionalizacion-de-la-industria-audiovisual\/\"><img loading=\"lazy\" decoding=\"async\" width=\"800\" height=\"533\" src=\"https:\/\/diversidadaudiovisual.org\/nuevaweb\/wp-content\/uploads\/2012\/06\/diversidad-audiovisual-noticia-800x533.jpg\" class=\"attachment-thememount-img-blog size-thememount-img-blog wp-post-image\" alt=\"Diversidad Audiovisual Noticia\" srcset=\"https:\/\/diversidadaudiovisual.org\/nuevaweb\/wp-content\/uploads\/2012\/06\/diversidad-audiovisual-noticia-800x533.jpg 800w, https:\/\/diversidadaudiovisual.org\/nuevaweb\/wp-content\/uploads\/2012\/06\/diversidad-audiovisual-noticia-300x200.jpg 300w, https:\/\/diversidadaudiovisual.org\/nuevaweb\/wp-content\/uploads\/2012\/06\/diversidad-audiovisual-noticia-1024x683.jpg 1024w, https:\/\/diversidadaudiovisual.org\/nuevaweb\/wp-content\/uploads\/2012\/06\/diversidad-audiovisual-noticia-768x512.jpg 768w, https:\/\/diversidadaudiovisual.org\/nuevaweb\/wp-content\/uploads\/2012\/06\/diversidad-audiovisual-noticia.jpg 1200w\" sizes=\"auto, (max-width: 800px) 100vw, 800px\" data-id=\"8502\" \/><\/a><\/div> <\/div>\n    <div class=\"thememount-box-content\">\n      <div class=\"thememount-box-post-date\"><span class=\"tm-meta-line posted-on\"><span class=\"screen-reader-text tm-hide\">Posted on <\/span><a href=\"https:\/\/diversidadaudiovisual.org\/nuevaweb\/presentacion-de-la-seccion-comunicacion-y-sociedad-netflix-y-la-transnacionalizacion-de-la-industria-audiovisual\/\" rel=\"bookmark\"><time class=\"entry-date published\" datetime=\"2023-01-26T11:55:39+00:00\">Ene 26, 2023<\/time><time class=\"updated tm-hide\" datetime=\"2023-02-10T11:37:52+00:00\">Feb 10, 2023<\/time><\/a><\/span><\/div>\n      <div class=\"thememount-box-title\"><h4><a href=\"https:\/\/diversidadaudiovisual.org\/nuevaweb\/presentacion-de-la-seccion-comunicacion-y-sociedad-netflix-y-la-transnacionalizacion-de-la-industria-audiovisual\/\">Presentaci\u00f3n de la secci\u00f3n Comunicaci\u00f3n y Sociedad. Netflix y la transnacionalizaci\u00f3n de la industria audiovisual<\/a><\/h4><\/div>      <div class=\"author-email\">\n        <p><strong><\/strong> <\/p>\n      <\/div>\n <div class=\"universidad\">\n        <p> <\/p>\n      <\/div>\n      <div class=\"thememount-box-desc\">\n        <div class=\"thememount-box-desc-text\">Jueves 30 de septiembre de 2021 \u2013 17:00 hs. (Espa\u00f1a) Actividad en l\u00ednea, gratuita, con retransmisi\u00f3n en directo....<\/div>\n        <div class=\"thememount-box-desc-footer\">\n                    <div class=\"thememount-blogbox-desc-footer\">\n            <div class=\"thememount-blogbox-footer-readmore\">  <\/div>\n          <\/div>\n        <\/div>\n      <\/div>\n    <\/div>\n  <\/div>\n<\/article>\n<\/div><div class=\"tm-box-col-wrapper col-lg-4 col-sm-6 col-md-4 col-xs-12 actividades actividades-anteriores\"><article class=\"thememount-box thememount-box-blog thememount-blogbox-format- \">\n  <div class=\"post-item\">\n        <div class=\"tm-featured-outer-wrapper tm-post-featured-outer-wrapper\"> <div class=\"tm-post-format-icon-wrapper\"><i class=\"tm-knox-icon-pencil\"><\/i><\/div> <div class=\"tm-featured-wrapper tm-post-featured-wrapper tm-post-format-\"><a href=\"https:\/\/diversidadaudiovisual.org\/nuevaweb\/begona-herrero-asiste-a-conecta-fiction-5-co-pro-networking-international-tv-event-celebrado-del-13-al-18-de-septiembre-de-2021-en-pamplona-iruna-navarra-espana\/\"><img loading=\"lazy\" decoding=\"async\" width=\"800\" height=\"533\" src=\"https:\/\/diversidadaudiovisual.org\/nuevaweb\/wp-content\/uploads\/2012\/06\/diversidad-audiovisual-noticia-800x533.jpg\" class=\"attachment-thememount-img-blog size-thememount-img-blog wp-post-image\" alt=\"Diversidad Audiovisual Noticia\" srcset=\"https:\/\/diversidadaudiovisual.org\/nuevaweb\/wp-content\/uploads\/2012\/06\/diversidad-audiovisual-noticia-800x533.jpg 800w, https:\/\/diversidadaudiovisual.org\/nuevaweb\/wp-content\/uploads\/2012\/06\/diversidad-audiovisual-noticia-300x200.jpg 300w, https:\/\/diversidadaudiovisual.org\/nuevaweb\/wp-content\/uploads\/2012\/06\/diversidad-audiovisual-noticia-1024x683.jpg 1024w, https:\/\/diversidadaudiovisual.org\/nuevaweb\/wp-content\/uploads\/2012\/06\/diversidad-audiovisual-noticia-768x512.jpg 768w, https:\/\/diversidadaudiovisual.org\/nuevaweb\/wp-content\/uploads\/2012\/06\/diversidad-audiovisual-noticia.jpg 1200w\" sizes=\"auto, (max-width: 800px) 100vw, 800px\" data-id=\"8502\" \/><\/a><\/div> <\/div>\n    <div class=\"thememount-box-content\">\n      <div class=\"thememount-box-post-date\"><span class=\"tm-meta-line posted-on\"><span class=\"screen-reader-text tm-hide\">Posted on <\/span><a href=\"https:\/\/diversidadaudiovisual.org\/nuevaweb\/begona-herrero-asiste-a-conecta-fiction-5-co-pro-networking-international-tv-event-celebrado-del-13-al-18-de-septiembre-de-2021-en-pamplona-iruna-navarra-espana\/\" rel=\"bookmark\"><time class=\"entry-date published\" datetime=\"2023-01-26T11:51:59+00:00\">Ene 26, 2023<\/time><time class=\"updated tm-hide\" datetime=\"2023-02-10T11:37:27+00:00\">Feb 10, 2023<\/time><\/a><\/span><\/div>\n      <div class=\"thememount-box-title\"><h4><a href=\"https:\/\/diversidadaudiovisual.org\/nuevaweb\/begona-herrero-asiste-a-conecta-fiction-5-co-pro-networking-international-tv-event-celebrado-del-13-al-18-de-septiembre-de-2021-en-pamplona-iruna-navarra-espana\/\">Bego\u00f1a Herrero asiste a Conecta Fiction 5, Co-Pro &#038; Networking International TV Event, celebrado del 13 al 18 de septiembre de 2021 en Pamplona-Iru\u00f1a (Navarra, Espa\u00f1a)<\/a><\/h4><\/div>      <div class=\"author-email\">\n        <p><strong><\/strong> <\/p>\n      <\/div>\n <div class=\"universidad\">\n        <p> <\/p>\n      <\/div>\n      <div class=\"thememount-box-desc\">\n        <div class=\"thememount-box-desc-text\">Conecta Fiction es un evento internacional que re\u00fane a todos los actores clave (industria y talento creativo) involucrados en los...<\/div>\n        <div class=\"thememount-box-desc-footer\">\n                    <div class=\"thememount-blogbox-desc-footer\">\n            <div class=\"thememount-blogbox-footer-readmore\">  <\/div>\n          <\/div>\n        <\/div>\n      <\/div>\n    <\/div>\n  <\/div>\n<\/article>\n<\/div><div class=\"tm-box-col-wrapper col-lg-4 col-sm-6 col-md-4 col-xs-12 actividades actividades-anteriores\"><article class=\"thememount-box thememount-box-blog thememount-blogbox-format- \">\n  <div class=\"post-item\">\n        <div class=\"tm-featured-outer-wrapper tm-post-featured-outer-wrapper\"> <div class=\"tm-post-format-icon-wrapper\"><i class=\"tm-knox-icon-pencil\"><\/i><\/div> <div class=\"tm-featured-wrapper tm-post-featured-wrapper tm-post-format-\"><a href=\"https:\/\/diversidadaudiovisual.org\/nuevaweb\/iamcr-nairobi-2021\/\"><img loading=\"lazy\" decoding=\"async\" width=\"800\" height=\"533\" src=\"https:\/\/diversidadaudiovisual.org\/nuevaweb\/wp-content\/uploads\/2012\/06\/diversidad-audiovisual-congreso-800x533.jpg\" class=\"attachment-thememount-img-blog size-thememount-img-blog wp-post-image\" alt=\"Diversidad Audiovisual Congreso\" srcset=\"https:\/\/diversidadaudiovisual.org\/nuevaweb\/wp-content\/uploads\/2012\/06\/diversidad-audiovisual-congreso-800x533.jpg 800w, https:\/\/diversidadaudiovisual.org\/nuevaweb\/wp-content\/uploads\/2012\/06\/diversidad-audiovisual-congreso-300x200.jpg 300w, https:\/\/diversidadaudiovisual.org\/nuevaweb\/wp-content\/uploads\/2012\/06\/diversidad-audiovisual-congreso-1024x683.jpg 1024w, https:\/\/diversidadaudiovisual.org\/nuevaweb\/wp-content\/uploads\/2012\/06\/diversidad-audiovisual-congreso-768x512.jpg 768w, https:\/\/diversidadaudiovisual.org\/nuevaweb\/wp-content\/uploads\/2012\/06\/diversidad-audiovisual-congreso.jpg 1200w\" sizes=\"auto, (max-width: 800px) 100vw, 800px\" data-id=\"8500\" \/><\/a><\/div> <\/div>\n    <div class=\"thememount-box-content\">\n      <div class=\"thememount-box-post-date\"><span class=\"tm-meta-line posted-on\"><span class=\"screen-reader-text tm-hide\">Posted on <\/span><a href=\"https:\/\/diversidadaudiovisual.org\/nuevaweb\/iamcr-nairobi-2021\/\" rel=\"bookmark\"><time class=\"entry-date published\" datetime=\"2023-01-26T11:47:31+00:00\">Ene 26, 2023<\/time><time class=\"updated tm-hide\" datetime=\"2023-02-10T11:36:30+00:00\">Feb 10, 2023<\/time><\/a><\/span><\/div>\n      <div class=\"thememount-box-title\"><h4><a href=\"https:\/\/diversidadaudiovisual.org\/nuevaweb\/iamcr-nairobi-2021\/\">IAMCR Nairobi 2021<\/a><\/h4><\/div>      <div class=\"author-email\">\n        <p><strong><\/strong> <\/p>\n      <\/div>\n <div class=\"universidad\">\n        <p> <\/p>\n      <\/div>\n      <div class=\"thememount-box-desc\">\n        <div class=\"thememount-box-desc-text\">11-15 de julio de 2021 \u2013 Conferencia en l\u00ednea \u2013 USIU-Africa in Nairobi, Kenya Luis A. Albornoz y M\u00aa Trinidad Garc\u00eda Leiv...<\/div>\n        <div class=\"thememount-box-desc-footer\">\n                    <div class=\"thememount-blogbox-desc-footer\">\n            <div class=\"thememount-blogbox-footer-readmore\">  <\/div>\n          <\/div>\n        <\/div>\n      <\/div>\n    <\/div>\n  <\/div>\n<\/article>\n<\/div><div class=\"tm-box-col-wrapper col-lg-4 col-sm-6 col-md-4 col-xs-12 actividades actividades-anteriores\"><article class=\"thememount-box thememount-box-blog thememount-blogbox-format- \">\n  <div class=\"post-item\">\n        <div class=\"tm-featured-outer-wrapper tm-post-featured-outer-wrapper\"> <div class=\"tm-post-format-icon-wrapper\"><i class=\"tm-knox-icon-pencil\"><\/i><\/div> <div class=\"tm-featured-wrapper tm-post-featured-wrapper tm-post-format-\"><a href=\"https:\/\/diversidadaudiovisual.org\/nuevaweb\/luis-a-albornoz-participa-en-el-workshop-digital-platforms-in-the-global-south-shaping-a-critical-approach\/\"><img loading=\"lazy\" decoding=\"async\" width=\"800\" height=\"533\" src=\"https:\/\/diversidadaudiovisual.org\/nuevaweb\/wp-content\/uploads\/2012\/06\/diversidad-audiovisual-noticia-800x533.jpg\" class=\"attachment-thememount-img-blog size-thememount-img-blog wp-post-image\" alt=\"Diversidad Audiovisual Noticia\" srcset=\"https:\/\/diversidadaudiovisual.org\/nuevaweb\/wp-content\/uploads\/2012\/06\/diversidad-audiovisual-noticia-800x533.jpg 800w, https:\/\/diversidadaudiovisual.org\/nuevaweb\/wp-content\/uploads\/2012\/06\/diversidad-audiovisual-noticia-300x200.jpg 300w, https:\/\/diversidadaudiovisual.org\/nuevaweb\/wp-content\/uploads\/2012\/06\/diversidad-audiovisual-noticia-1024x683.jpg 1024w, https:\/\/diversidadaudiovisual.org\/nuevaweb\/wp-content\/uploads\/2012\/06\/diversidad-audiovisual-noticia-768x512.jpg 768w, https:\/\/diversidadaudiovisual.org\/nuevaweb\/wp-content\/uploads\/2012\/06\/diversidad-audiovisual-noticia.jpg 1200w\" sizes=\"auto, (max-width: 800px) 100vw, 800px\" data-id=\"8502\" \/><\/a><\/div> <\/div>\n    <div class=\"thememount-box-content\">\n      <div class=\"thememount-box-post-date\"><span class=\"tm-meta-line posted-on\"><span class=\"screen-reader-text tm-hide\">Posted on <\/span><a href=\"https:\/\/diversidadaudiovisual.org\/nuevaweb\/luis-a-albornoz-participa-en-el-workshop-digital-platforms-in-the-global-south-shaping-a-critical-approach\/\" rel=\"bookmark\"><time class=\"entry-date published\" datetime=\"2023-01-26T11:45:09+00:00\">Ene 26, 2023<\/time><time class=\"updated tm-hide\" datetime=\"2023-02-10T11:35:48+00:00\">Feb 10, 2023<\/time><\/a><\/span><\/div>\n      <div class=\"thememount-box-title\"><h4><a href=\"https:\/\/diversidadaudiovisual.org\/nuevaweb\/luis-a-albornoz-participa-en-el-workshop-digital-platforms-in-the-global-south-shaping-a-critical-approach\/\">Luis A. Albornoz participa en el workshop \u00abDigital Platforms in the Global South: Shaping a Critical Approach\u00bb<\/a><\/h4><\/div>      <div class=\"author-email\">\n        <p><strong><\/strong> <\/p>\n      <\/div>\n <div class=\"universidad\">\n        <p> <\/p>\n      <\/div>\n      <div class=\"thememount-box-desc\">\n        <div class=\"thememount-box-desc-text\">28 y 29 de junio de 2021 \u2013 LabSIC (Paris 13) \u2013 Passages (CNRS) \u2013 Carism (Universit\u00e9 Paris 2) \u00abThe Issues Raised by Netf...<\/div>\n        <div class=\"thememount-box-desc-footer\">\n                    <div class=\"thememount-blogbox-desc-footer\">\n            <div class=\"thememount-blogbox-footer-readmore\">  <\/div>\n          <\/div>\n        <\/div>\n      <\/div>\n    <\/div>\n  <\/div>\n<\/article>\n<\/div><div class=\"tm-box-col-wrapper col-lg-4 col-sm-6 col-md-4 col-xs-12 actividades actividades-anteriores\"><article class=\"thememount-box thememount-box-blog thememount-blogbox-format- \">\n  <div class=\"post-item\">\n        <div class=\"tm-featured-outer-wrapper tm-post-featured-outer-wrapper\"> <div class=\"tm-post-format-icon-wrapper\"><i class=\"tm-knox-icon-pencil\"><\/i><\/div> <div class=\"tm-featured-wrapper tm-post-featured-wrapper tm-post-format-\"><a href=\"https:\/\/diversidadaudiovisual.org\/nuevaweb\/xvi-congreso-de-novela-y-cine-negro-reescrituras-en-negro\/\"><img loading=\"lazy\" decoding=\"async\" width=\"800\" height=\"533\" src=\"https:\/\/diversidadaudiovisual.org\/nuevaweb\/wp-content\/uploads\/2012\/06\/diversidad-audiovisual-congreso-800x533.jpg\" class=\"attachment-thememount-img-blog size-thememount-img-blog wp-post-image\" alt=\"Diversidad Audiovisual Congreso\" srcset=\"https:\/\/diversidadaudiovisual.org\/nuevaweb\/wp-content\/uploads\/2012\/06\/diversidad-audiovisual-congreso-800x533.jpg 800w, https:\/\/diversidadaudiovisual.org\/nuevaweb\/wp-content\/uploads\/2012\/06\/diversidad-audiovisual-congreso-300x200.jpg 300w, https:\/\/diversidadaudiovisual.org\/nuevaweb\/wp-content\/uploads\/2012\/06\/diversidad-audiovisual-congreso-1024x683.jpg 1024w, https:\/\/diversidadaudiovisual.org\/nuevaweb\/wp-content\/uploads\/2012\/06\/diversidad-audiovisual-congreso-768x512.jpg 768w, https:\/\/diversidadaudiovisual.org\/nuevaweb\/wp-content\/uploads\/2012\/06\/diversidad-audiovisual-congreso.jpg 1200w\" sizes=\"auto, (max-width: 800px) 100vw, 800px\" data-id=\"8500\" \/><\/a><\/div> <\/div>\n    <div class=\"thememount-box-content\">\n      <div class=\"thememount-box-post-date\"><span class=\"tm-meta-line posted-on\"><span class=\"screen-reader-text tm-hide\">Posted on <\/span><a href=\"https:\/\/diversidadaudiovisual.org\/nuevaweb\/xvi-congreso-de-novela-y-cine-negro-reescrituras-en-negro\/\" rel=\"bookmark\"><time class=\"entry-date published\" datetime=\"2023-01-26T11:41:28+00:00\">Ene 26, 2023<\/time><time class=\"updated tm-hide\" datetime=\"2023-02-10T11:34:54+00:00\">Feb 10, 2023<\/time><\/a><\/span><\/div>\n      <div class=\"thememount-box-title\"><h4><a href=\"https:\/\/diversidadaudiovisual.org\/nuevaweb\/xvi-congreso-de-novela-y-cine-negro-reescrituras-en-negro\/\">XVI Congreso de Novela y Cine Negro \u00ab(Re)escrituras en negro\u00bb<\/a><\/h4><\/div>      <div class=\"author-email\">\n        <p><strong><\/strong> <\/p>\n      <\/div>\n <div class=\"universidad\">\n        <p> <\/p>\n      <\/div>\n      <div class=\"thememount-box-desc\">\n        <div class=\"thememount-box-desc-text\">18-21 de mayo de 2021. Josep Pedro ha participado en el XVI Congreso de Novela y Cine Negro \u00ab(Re)escrituras en negro\u00bb, donde ha...<\/div>\n        <div class=\"thememount-box-desc-footer\">\n                    <div class=\"thememount-blogbox-desc-footer\">\n            <div class=\"thememount-blogbox-footer-readmore\">  <\/div>\n          <\/div>\n        <\/div>\n      <\/div>\n    <\/div>\n  <\/div>\n<\/article>\n<\/div><div class=\"tm-box-col-wrapper col-lg-4 col-sm-6 col-md-4 col-xs-12 actividades actividades-anteriores\"><article class=\"thememount-box thememount-box-blog thememount-blogbox-format- \">\n  <div class=\"post-item\">\n        <div class=\"tm-featured-outer-wrapper tm-post-featured-outer-wrapper\"> <div class=\"tm-post-format-icon-wrapper\"><i class=\"tm-knox-icon-pencil\"><\/i><\/div> <div class=\"tm-featured-wrapper tm-post-featured-wrapper tm-post-format-\"><a href=\"https:\/\/diversidadaudiovisual.org\/nuevaweb\/visita-de-miguel-angel-casado-upv-ehu-al-seminario-permanente\/\"><img loading=\"lazy\" decoding=\"async\" width=\"800\" height=\"533\" src=\"https:\/\/diversidadaudiovisual.org\/nuevaweb\/wp-content\/uploads\/2012\/06\/diversidad-audiovisual-noticia-800x533.jpg\" class=\"attachment-thememount-img-blog size-thememount-img-blog wp-post-image\" alt=\"Diversidad Audiovisual Noticia\" srcset=\"https:\/\/diversidadaudiovisual.org\/nuevaweb\/wp-content\/uploads\/2012\/06\/diversidad-audiovisual-noticia-800x533.jpg 800w, https:\/\/diversidadaudiovisual.org\/nuevaweb\/wp-content\/uploads\/2012\/06\/diversidad-audiovisual-noticia-300x200.jpg 300w, https:\/\/diversidadaudiovisual.org\/nuevaweb\/wp-content\/uploads\/2012\/06\/diversidad-audiovisual-noticia-1024x683.jpg 1024w, https:\/\/diversidadaudiovisual.org\/nuevaweb\/wp-content\/uploads\/2012\/06\/diversidad-audiovisual-noticia-768x512.jpg 768w, https:\/\/diversidadaudiovisual.org\/nuevaweb\/wp-content\/uploads\/2012\/06\/diversidad-audiovisual-noticia.jpg 1200w\" sizes=\"auto, (max-width: 800px) 100vw, 800px\" data-id=\"8502\" \/><\/a><\/div> <\/div>\n    <div class=\"thememount-box-content\">\n      <div class=\"thememount-box-post-date\"><span class=\"tm-meta-line posted-on\"><span class=\"screen-reader-text tm-hide\">Posted on <\/span><a href=\"https:\/\/diversidadaudiovisual.org\/nuevaweb\/visita-de-miguel-angel-casado-upv-ehu-al-seminario-permanente\/\" rel=\"bookmark\"><time class=\"entry-date published\" datetime=\"2023-01-26T11:30:05+00:00\">Ene 26, 2023<\/time><time class=\"updated tm-hide\" datetime=\"2023-02-10T11:34:25+00:00\">Feb 10, 2023<\/time><\/a><\/span><\/div>\n      <div class=\"thememount-box-title\"><h4><a href=\"https:\/\/diversidadaudiovisual.org\/nuevaweb\/visita-de-miguel-angel-casado-upv-ehu-al-seminario-permanente\/\">Visita de Miguel \u00c1ngel Casado (UPV\/EHU) al seminario permanente<\/a><\/h4><\/div>      <div class=\"author-email\">\n        <p><strong><\/strong> <\/p>\n      <\/div>\n <div class=\"universidad\">\n        <p> <\/p>\n      <\/div>\n      <div class=\"thememount-box-desc\">\n        <div class=\"thememount-box-desc-text\">16 de abril de 2021 \u2013 Universidad Carlos III de Madrid Miguel \u00c1ngel Casado, Profesor del departamento de Comunicaci\u00f3n Audio...<\/div>\n        <div class=\"thememount-box-desc-footer\">\n                    <div class=\"thememount-blogbox-desc-footer\">\n            <div class=\"thememount-blogbox-footer-readmore\">  <\/div>\n          <\/div>\n        <\/div>\n      <\/div>\n    <\/div>\n  <\/div>\n<\/article>\n<\/div><div class=\"tm-box-col-wrapper col-lg-4 col-sm-6 col-md-4 col-xs-12 actividades actividades-anteriores\"><article class=\"thememount-box thememount-box-blog thememount-blogbox-format- \">\n  <div class=\"post-item\">\n        <div class=\"tm-featured-outer-wrapper tm-post-featured-outer-wrapper\"> <div class=\"tm-post-format-icon-wrapper\"><i class=\"tm-knox-icon-pencil\"><\/i><\/div> <div class=\"tm-featured-wrapper tm-post-featured-wrapper tm-post-format-\"><a href=\"https:\/\/diversidadaudiovisual.org\/nuevaweb\/webinario-la-futura-ley-general-de-la-comunicacion-audiovisual-a-debate\/\"><img loading=\"lazy\" decoding=\"async\" width=\"800\" height=\"533\" src=\"https:\/\/diversidadaudiovisual.org\/nuevaweb\/wp-content\/uploads\/2012\/06\/diversidad-audiovisual-evento-800x533.jpg\" class=\"attachment-thememount-img-blog size-thememount-img-blog wp-post-image\" alt=\"Diversidad Audiovisual Evento\" srcset=\"https:\/\/diversidadaudiovisual.org\/nuevaweb\/wp-content\/uploads\/2012\/06\/diversidad-audiovisual-evento-800x533.jpg 800w, https:\/\/diversidadaudiovisual.org\/nuevaweb\/wp-content\/uploads\/2012\/06\/diversidad-audiovisual-evento-300x200.jpg 300w, https:\/\/diversidadaudiovisual.org\/nuevaweb\/wp-content\/uploads\/2012\/06\/diversidad-audiovisual-evento-1024x683.jpg 1024w, https:\/\/diversidadaudiovisual.org\/nuevaweb\/wp-content\/uploads\/2012\/06\/diversidad-audiovisual-evento-768x512.jpg 768w, https:\/\/diversidadaudiovisual.org\/nuevaweb\/wp-content\/uploads\/2012\/06\/diversidad-audiovisual-evento.jpg 1200w\" sizes=\"auto, (max-width: 800px) 100vw, 800px\" data-id=\"8501\" \/><\/a><\/div> <\/div>\n    <div class=\"thememount-box-content\">\n      <div class=\"thememount-box-post-date\"><span class=\"tm-meta-line posted-on\"><span class=\"screen-reader-text tm-hide\">Posted on <\/span><a href=\"https:\/\/diversidadaudiovisual.org\/nuevaweb\/webinario-la-futura-ley-general-de-la-comunicacion-audiovisual-a-debate\/\" rel=\"bookmark\"><time class=\"entry-date published\" datetime=\"2021-02-15T12:04:49+00:00\">Feb 15, 2021<\/time><time class=\"updated tm-hide\" datetime=\"2023-02-10T11:33:49+00:00\">Feb 10, 2023<\/time><\/a><\/span><\/div>\n      <div class=\"thememount-box-title\"><h4><a href=\"https:\/\/diversidadaudiovisual.org\/nuevaweb\/webinario-la-futura-ley-general-de-la-comunicacion-audiovisual-a-debate\/\">Webinario. La futura Ley General de la Comunicaci\u00f3n Audiovisual a debate<\/a><\/h4><\/div>      <div class=\"author-email\">\n        <p><strong><\/strong> <\/p>\n      <\/div>\n <div class=\"universidad\">\n        <p> <\/p>\n      <\/div>\n      <div class=\"thememount-box-desc\">\n        <div class=\"thememount-box-desc-text\">Jueves 11 de marzo de 2021 \u2013 16:30 a 18:40 hs. (Espa\u00f1a) Actividad en l\u00ednea, gratuita, con inscripci\u00f3n previa en el sig...<\/div>\n        <div class=\"thememount-box-desc-footer\">\n                    <div class=\"thememount-blogbox-desc-footer\">\n            <div class=\"thememount-blogbox-footer-readmore\">  <\/div>\n          <\/div>\n        <\/div>\n      <\/div>\n    <\/div>\n  <\/div>\n<\/article>\n<\/div><div class=\"tm-box-col-wrapper col-lg-4 col-sm-6 col-md-4 col-xs-12 actividades actividades-anteriores\"><article class=\"thememount-box thememount-box-blog thememount-blogbox-format- \">\n  <div class=\"post-item\">\n        <div class=\"tm-featured-outer-wrapper tm-post-featured-outer-wrapper\"> <div class=\"tm-post-format-icon-wrapper\"><i class=\"tm-knox-icon-pencil\"><\/i><\/div> <div class=\"tm-featured-wrapper tm-post-featured-wrapper tm-post-format-\"><a href=\"https:\/\/diversidadaudiovisual.org\/nuevaweb\/vii-congreso-nacional-ulepicc-espana\/\"><img loading=\"lazy\" decoding=\"async\" width=\"800\" height=\"533\" src=\"https:\/\/diversidadaudiovisual.org\/nuevaweb\/wp-content\/uploads\/2012\/06\/diversidad-audiovisual-congreso-800x533.jpg\" class=\"attachment-thememount-img-blog size-thememount-img-blog wp-post-image\" alt=\"Diversidad Audiovisual Congreso\" srcset=\"https:\/\/diversidadaudiovisual.org\/nuevaweb\/wp-content\/uploads\/2012\/06\/diversidad-audiovisual-congreso-800x533.jpg 800w, https:\/\/diversidadaudiovisual.org\/nuevaweb\/wp-content\/uploads\/2012\/06\/diversidad-audiovisual-congreso-300x200.jpg 300w, https:\/\/diversidadaudiovisual.org\/nuevaweb\/wp-content\/uploads\/2012\/06\/diversidad-audiovisual-congreso-1024x683.jpg 1024w, https:\/\/diversidadaudiovisual.org\/nuevaweb\/wp-content\/uploads\/2012\/06\/diversidad-audiovisual-congreso-768x512.jpg 768w, https:\/\/diversidadaudiovisual.org\/nuevaweb\/wp-content\/uploads\/2012\/06\/diversidad-audiovisual-congreso.jpg 1200w\" sizes=\"auto, (max-width: 800px) 100vw, 800px\" data-id=\"8500\" \/><\/a><\/div> <\/div>\n    <div class=\"thememount-box-content\">\n      <div class=\"thememount-box-post-date\"><span class=\"tm-meta-line posted-on\"><span class=\"screen-reader-text tm-hide\">Posted on <\/span><a href=\"https:\/\/diversidadaudiovisual.org\/nuevaweb\/vii-congreso-nacional-ulepicc-espana\/\" rel=\"bookmark\"><time class=\"entry-date published\" datetime=\"2021-02-08T21:22:55+00:00\">Feb 8, 2021<\/time><time class=\"updated tm-hide\" datetime=\"2023-02-10T11:33:18+00:00\">Feb 10, 2023<\/time><\/a><\/span><\/div>\n      <div class=\"thememount-box-title\"><h4><a href=\"https:\/\/diversidadaudiovisual.org\/nuevaweb\/vii-congreso-nacional-ulepicc-espana\/\">VII Congreso Nacional ULEPICC-Espa\u00f1a<\/a><\/h4><\/div>      <div class=\"author-email\">\n        <p><strong><\/strong> <\/p>\n      <\/div>\n <div class=\"universidad\">\n        <p> <\/p>\n      <\/div>\n      <div class=\"thememount-box-desc\">\n        <div class=\"thememount-box-desc-text\">11 y 12 de febrero de 2021 \u2013 Universidad de Valladolid Luis A. Albornoz y M\u00aa Trinidad Garc\u00eda Leiva participar\u00e1n del congre...<\/div>\n        <div class=\"thememount-box-desc-footer\">\n                    <div class=\"thememount-blogbox-desc-footer\">\n            <div class=\"thememount-blogbox-footer-readmore\">  <\/div>\n          <\/div>\n        <\/div>\n      <\/div>\n    <\/div>\n  <\/div>\n<\/article>\n<\/div><div class=\"tm-box-col-wrapper col-lg-4 col-sm-6 col-md-4 col-xs-12 actividades actividades-anteriores\"><article class=\"thememount-box thememount-box-blog thememount-blogbox-format- \">\n  <div class=\"post-item\">\n        <div class=\"tm-featured-outer-wrapper tm-post-featured-outer-wrapper\"> <div class=\"tm-post-format-icon-wrapper\"><i class=\"tm-knox-icon-pencil\"><\/i><\/div> <div class=\"tm-featured-wrapper tm-post-featured-wrapper tm-post-format-\"><a href=\"https:\/\/diversidadaudiovisual.org\/nuevaweb\/film-and-tv-content-in-vod-catalogue-2020-edition-european-audiovisual-observatory-report-presentation\/\"><img loading=\"lazy\" decoding=\"async\" width=\"800\" height=\"533\" src=\"https:\/\/diversidadaudiovisual.org\/nuevaweb\/wp-content\/uploads\/2012\/06\/diversidad-audiovisual-evento-800x533.jpg\" class=\"attachment-thememount-img-blog size-thememount-img-blog wp-post-image\" alt=\"Diversidad Audiovisual Evento\" srcset=\"https:\/\/diversidadaudiovisual.org\/nuevaweb\/wp-content\/uploads\/2012\/06\/diversidad-audiovisual-evento-800x533.jpg 800w, https:\/\/diversidadaudiovisual.org\/nuevaweb\/wp-content\/uploads\/2012\/06\/diversidad-audiovisual-evento-300x200.jpg 300w, https:\/\/diversidadaudiovisual.org\/nuevaweb\/wp-content\/uploads\/2012\/06\/diversidad-audiovisual-evento-1024x683.jpg 1024w, https:\/\/diversidadaudiovisual.org\/nuevaweb\/wp-content\/uploads\/2012\/06\/diversidad-audiovisual-evento-768x512.jpg 768w, https:\/\/diversidadaudiovisual.org\/nuevaweb\/wp-content\/uploads\/2012\/06\/diversidad-audiovisual-evento.jpg 1200w\" sizes=\"auto, (max-width: 800px) 100vw, 800px\" data-id=\"8501\" \/><\/a><\/div> <\/div>\n    <div class=\"thememount-box-content\">\n      <div class=\"thememount-box-post-date\"><span class=\"tm-meta-line posted-on\"><span class=\"screen-reader-text tm-hide\">Posted on <\/span><a href=\"https:\/\/diversidadaudiovisual.org\/nuevaweb\/film-and-tv-content-in-vod-catalogue-2020-edition-european-audiovisual-observatory-report-presentation\/\" rel=\"bookmark\"><time class=\"entry-date published\" datetime=\"2021-02-05T17:49:15+00:00\">Feb 5, 2021<\/time><time class=\"updated tm-hide\" datetime=\"2023-02-10T11:32:22+00:00\">Feb 10, 2023<\/time><\/a><\/span><\/div>\n      <div class=\"thememount-box-title\"><h4><a href=\"https:\/\/diversidadaudiovisual.org\/nuevaweb\/film-and-tv-content-in-vod-catalogue-2020-edition-european-audiovisual-observatory-report-presentation\/\">Film and TV content in VOD catalogue \u2013 2020 edition.  European Audiovisual Observatory \u2013 report presentation<\/a><\/h4><\/div>      <div class=\"author-email\">\n        <p><strong><\/strong> <\/p>\n      <\/div>\n <div class=\"universidad\">\n        <p> <\/p>\n      <\/div>\n      <div class=\"thememount-box-desc\">\n        <div class=\"thememount-box-desc-text\">March 3, 2021, 15:00-16:00 horas (Spanish Time) &nbsp; Free webinar in Spanish. Registration required The Communi...<\/div>\n        <div class=\"thememount-box-desc-footer\">\n                    <div class=\"thememount-blogbox-desc-footer\">\n            <div class=\"thememount-blogbox-footer-readmore\">  <\/div>\n          <\/div>\n        <\/div>\n      <\/div>\n    <\/div>\n  <\/div>\n<\/article>\n<\/div><div class=\"tm-box-col-wrapper col-lg-4 col-sm-6 col-md-4 col-xs-12 actividades actividades-anteriores\"><article class=\"thememount-box thememount-box-blog thememount-blogbox-format- \">\n  <div class=\"post-item\">\n        <div class=\"tm-featured-outer-wrapper tm-post-featured-outer-wrapper\"> <div class=\"tm-post-format-icon-wrapper\"><i class=\"tm-knox-icon-pencil\"><\/i><\/div> <div class=\"tm-featured-wrapper tm-post-featured-wrapper tm-post-format-\"><a href=\"https:\/\/diversidadaudiovisual.org\/nuevaweb\/film-and-tv-content-in-vod-catalogue-2020-edition-presentacion-del-informe-del-observatorio-europeo-del-audiovisual\/\"><img loading=\"lazy\" decoding=\"async\" width=\"800\" height=\"533\" src=\"https:\/\/diversidadaudiovisual.org\/nuevaweb\/wp-content\/uploads\/2012\/06\/diversidad-audiovisual-evento-800x533.jpg\" class=\"attachment-thememount-img-blog size-thememount-img-blog wp-post-image\" alt=\"Diversidad Audiovisual Evento\" srcset=\"https:\/\/diversidadaudiovisual.org\/nuevaweb\/wp-content\/uploads\/2012\/06\/diversidad-audiovisual-evento-800x533.jpg 800w, https:\/\/diversidadaudiovisual.org\/nuevaweb\/wp-content\/uploads\/2012\/06\/diversidad-audiovisual-evento-300x200.jpg 300w, https:\/\/diversidadaudiovisual.org\/nuevaweb\/wp-content\/uploads\/2012\/06\/diversidad-audiovisual-evento-1024x683.jpg 1024w, https:\/\/diversidadaudiovisual.org\/nuevaweb\/wp-content\/uploads\/2012\/06\/diversidad-audiovisual-evento-768x512.jpg 768w, https:\/\/diversidadaudiovisual.org\/nuevaweb\/wp-content\/uploads\/2012\/06\/diversidad-audiovisual-evento.jpg 1200w\" sizes=\"auto, (max-width: 800px) 100vw, 800px\" data-id=\"8501\" \/><\/a><\/div> <\/div>\n    <div class=\"thememount-box-content\">\n      <div class=\"thememount-box-post-date\"><span class=\"tm-meta-line posted-on\"><span class=\"screen-reader-text tm-hide\">Posted on <\/span><a href=\"https:\/\/diversidadaudiovisual.org\/nuevaweb\/film-and-tv-content-in-vod-catalogue-2020-edition-presentacion-del-informe-del-observatorio-europeo-del-audiovisual\/\" rel=\"bookmark\"><time class=\"entry-date published\" datetime=\"2021-02-05T17:42:23+00:00\">Feb 5, 2021<\/time><time class=\"updated tm-hide\" datetime=\"2023-02-10T11:31:52+00:00\">Feb 10, 2023<\/time><\/a><\/span><\/div>\n      <div class=\"thememount-box-title\"><h4><a href=\"https:\/\/diversidadaudiovisual.org\/nuevaweb\/film-and-tv-content-in-vod-catalogue-2020-edition-presentacion-del-informe-del-observatorio-europeo-del-audiovisual\/\">Film and TV content in VOD catalogue \u2013 2020 edition. Presentaci\u00f3n del informe del Observatorio Europeo del Audiovisual<\/a><\/h4><\/div>      <div class=\"author-email\">\n        <p><strong><\/strong> <\/p>\n      <\/div>\n <div class=\"universidad\">\n        <p> <\/p>\n      <\/div>\n      <div class=\"thememount-box-desc\">\n        <div class=\"thememount-box-desc-text\">3 de marzo de 2021 - 15:00-16:00 (Espa\u00f1a) Actividad gratuita en espa\u00f1ol. Modalidad virtual con registro previo aqu\u00ed L...<\/div>\n        <div class=\"thememount-box-desc-footer\">\n                    <div class=\"thememount-blogbox-desc-footer\">\n            <div class=\"thememount-blogbox-footer-readmore\">  <\/div>\n          <\/div>\n        <\/div>\n      <\/div>\n    <\/div>\n  <\/div>\n<\/article>\n<\/div><div class=\"tm-box-col-wrapper col-lg-4 col-sm-6 col-md-4 col-xs-12 actividades actividades-anteriores\"><article class=\"thememount-box thememount-box-blog thememount-blogbox-format- \">\n  <div class=\"post-item\">\n        <div class=\"tm-featured-outer-wrapper tm-post-featured-outer-wrapper\"> <div class=\"tm-post-format-icon-wrapper\"><i class=\"tm-knox-icon-pencil\"><\/i><\/div> <div class=\"tm-featured-wrapper tm-post-featured-wrapper tm-post-format-\"><a href=\"https:\/\/diversidadaudiovisual.org\/nuevaweb\/m-trinidad-garcia-leiva-y-luis-albornoz-asisten-al-online-workshop-diversity-and-inclusion-in-the-european-audiovisual-industries-del-obs\/\"><img loading=\"lazy\" decoding=\"async\" width=\"800\" height=\"533\" src=\"https:\/\/diversidadaudiovisual.org\/nuevaweb\/wp-content\/uploads\/2012\/06\/diversidad-audiovisual-noticia-800x533.jpg\" class=\"attachment-thememount-img-blog size-thememount-img-blog wp-post-image\" alt=\"Diversidad Audiovisual Noticia\" srcset=\"https:\/\/diversidadaudiovisual.org\/nuevaweb\/wp-content\/uploads\/2012\/06\/diversidad-audiovisual-noticia-800x533.jpg 800w, https:\/\/diversidadaudiovisual.org\/nuevaweb\/wp-content\/uploads\/2012\/06\/diversidad-audiovisual-noticia-300x200.jpg 300w, https:\/\/diversidadaudiovisual.org\/nuevaweb\/wp-content\/uploads\/2012\/06\/diversidad-audiovisual-noticia-1024x683.jpg 1024w, https:\/\/diversidadaudiovisual.org\/nuevaweb\/wp-content\/uploads\/2012\/06\/diversidad-audiovisual-noticia-768x512.jpg 768w, https:\/\/diversidadaudiovisual.org\/nuevaweb\/wp-content\/uploads\/2012\/06\/diversidad-audiovisual-noticia.jpg 1200w\" sizes=\"auto, (max-width: 800px) 100vw, 800px\" data-id=\"8502\" \/><\/a><\/div> <\/div>\n    <div class=\"thememount-box-content\">\n      <div class=\"thememount-box-post-date\"><span class=\"tm-meta-line posted-on\"><span class=\"screen-reader-text tm-hide\">Posted on <\/span><a href=\"https:\/\/diversidadaudiovisual.org\/nuevaweb\/m-trinidad-garcia-leiva-y-luis-albornoz-asisten-al-online-workshop-diversity-and-inclusion-in-the-european-audiovisual-industries-del-obs\/\" rel=\"bookmark\"><time class=\"entry-date published\" datetime=\"2020-12-18T12:45:46+00:00\">Dic 18, 2020<\/time><time class=\"updated tm-hide\" datetime=\"2023-02-10T11:31:13+00:00\">Feb 10, 2023<\/time><\/a><\/span><\/div>\n      <div class=\"thememount-box-title\"><h4><a href=\"https:\/\/diversidadaudiovisual.org\/nuevaweb\/m-trinidad-garcia-leiva-y-luis-albornoz-asisten-al-online-workshop-diversity-and-inclusion-in-the-european-audiovisual-industries-del-obs\/\">M. Trinidad Garc\u00eda Leiva y Luis Albornoz asisten al online workshop: Diversity and inclusion in the European audiovisual industries, del Observatorio Europeo del Audiovisual<\/a><\/h4><\/div>      <div class=\"author-email\">\n        <p><strong><\/strong> <\/p>\n      <\/div>\n <div class=\"universidad\">\n        <p> <\/p>\n      <\/div>\n      <div class=\"thememount-box-desc\">\n        <div class=\"thememount-box-desc-text\">Observatorio Europeo del Audiovisual - 10 de diciembre de 2020 M. Trinidad Garc\u00eda Leiva y Luis Albornoz asistieron al onli...<\/div>\n        <div class=\"thememount-box-desc-footer\">\n                    <div class=\"thememount-blogbox-desc-footer\">\n            <div class=\"thememount-blogbox-footer-readmore\">  <\/div>\n          <\/div>\n        <\/div>\n      <\/div>\n    <\/div>\n  <\/div>\n<\/article>\n<\/div><div class=\"tm-box-col-wrapper col-lg-4 col-sm-6 col-md-4 col-xs-12 actividades actividades-anteriores\"><article class=\"thememount-box thememount-box-blog thememount-blogbox-format- \">\n  <div class=\"post-item\">\n        <div class=\"tm-featured-outer-wrapper tm-post-featured-outer-wrapper\"> <div class=\"tm-post-format-icon-wrapper\"><i class=\"tm-knox-icon-pencil\"><\/i><\/div> <div class=\"tm-featured-wrapper tm-post-featured-wrapper tm-post-format-\"><a href=\"https:\/\/diversidadaudiovisual.org\/nuevaweb\/ma-trinidad-garcia-leiva-y-luis-albornoz-participan-en-el-master-en-continguts-de-comunicacio-audiovisual-i-publicitat-uab\/\"><img loading=\"lazy\" decoding=\"async\" width=\"800\" height=\"533\" src=\"https:\/\/diversidadaudiovisual.org\/nuevaweb\/wp-content\/uploads\/2012\/06\/diversidad-audiovisual-noticia-800x533.jpg\" class=\"attachment-thememount-img-blog size-thememount-img-blog wp-post-image\" alt=\"Diversidad Audiovisual Noticia\" srcset=\"https:\/\/diversidadaudiovisual.org\/nuevaweb\/wp-content\/uploads\/2012\/06\/diversidad-audiovisual-noticia-800x533.jpg 800w, https:\/\/diversidadaudiovisual.org\/nuevaweb\/wp-content\/uploads\/2012\/06\/diversidad-audiovisual-noticia-300x200.jpg 300w, https:\/\/diversidadaudiovisual.org\/nuevaweb\/wp-content\/uploads\/2012\/06\/diversidad-audiovisual-noticia-1024x683.jpg 1024w, https:\/\/diversidadaudiovisual.org\/nuevaweb\/wp-content\/uploads\/2012\/06\/diversidad-audiovisual-noticia-768x512.jpg 768w, https:\/\/diversidadaudiovisual.org\/nuevaweb\/wp-content\/uploads\/2012\/06\/diversidad-audiovisual-noticia.jpg 1200w\" sizes=\"auto, (max-width: 800px) 100vw, 800px\" data-id=\"8502\" \/><\/a><\/div> <\/div>\n    <div class=\"thememount-box-content\">\n      <div class=\"thememount-box-post-date\"><span class=\"tm-meta-line posted-on\"><span class=\"screen-reader-text tm-hide\">Posted on <\/span><a href=\"https:\/\/diversidadaudiovisual.org\/nuevaweb\/ma-trinidad-garcia-leiva-y-luis-albornoz-participan-en-el-master-en-continguts-de-comunicacio-audiovisual-i-publicitat-uab\/\" rel=\"bookmark\"><time class=\"entry-date published\" datetime=\"2020-12-09T23:16:56+00:00\">Dic 9, 2020<\/time><time class=\"updated tm-hide\" datetime=\"2023-02-10T11:30:45+00:00\">Feb 10, 2023<\/time><\/a><\/span><\/div>\n      <div class=\"thememount-box-title\"><h4><a href=\"https:\/\/diversidadaudiovisual.org\/nuevaweb\/ma-trinidad-garcia-leiva-y-luis-albornoz-participan-en-el-master-en-continguts-de-comunicacio-audiovisual-i-publicitat-uab\/\">M\u00aa Trinidad Garc\u00eda Leiva y Luis Albornoz participan en el M\u00e1ster en Continguts de Comunicaci\u00f3 Audiovisual i Publicitat (UAB)<\/a><\/h4><\/div>      <div class=\"author-email\">\n        <p><strong><\/strong> <\/p>\n      <\/div>\n <div class=\"universidad\">\n        <p> <\/p>\n      <\/div>\n      <div class=\"thememount-box-desc\">\n        <div class=\"thememount-box-desc-text\">11 de diciembre de 2020 - M\u00e1ster en Continguts de Comunicaci\u00f3 Audiovisual i Publicitat (UAB) \"Retos del estudio de los se...<\/div>\n        <div class=\"thememount-box-desc-footer\">\n                    <div class=\"thememount-blogbox-desc-footer\">\n            <div class=\"thememount-blogbox-footer-readmore\">  <\/div>\n          <\/div>\n        <\/div>\n      <\/div>\n    <\/div>\n  <\/div>\n<\/article>\n<\/div><div class=\"tm-box-col-wrapper col-lg-4 col-sm-6 col-md-4 col-xs-12 actividades actividades-anteriores\"><article class=\"thememount-box thememount-box-blog thememount-blogbox-format- \">\n  <div class=\"post-item\">\n        <div class=\"tm-featured-outer-wrapper tm-post-featured-outer-wrapper\"> <div class=\"tm-post-format-icon-wrapper\"><i class=\"tm-knox-icon-pencil\"><\/i><\/div> <div class=\"tm-featured-wrapper tm-post-featured-wrapper tm-post-format-\"><a href=\"https:\/\/diversidadaudiovisual.org\/nuevaweb\/ma-trinidad-garcia-leiva-participa-en-el-mucaii-universidad-de-salamanca\/\"><img loading=\"lazy\" decoding=\"async\" width=\"800\" height=\"533\" src=\"https:\/\/diversidadaudiovisual.org\/nuevaweb\/wp-content\/uploads\/2012\/06\/diversidad-audiovisual-noticia-800x533.jpg\" class=\"attachment-thememount-img-blog size-thememount-img-blog wp-post-image\" alt=\"Diversidad Audiovisual Noticia\" srcset=\"https:\/\/diversidadaudiovisual.org\/nuevaweb\/wp-content\/uploads\/2012\/06\/diversidad-audiovisual-noticia-800x533.jpg 800w, https:\/\/diversidadaudiovisual.org\/nuevaweb\/wp-content\/uploads\/2012\/06\/diversidad-audiovisual-noticia-300x200.jpg 300w, https:\/\/diversidadaudiovisual.org\/nuevaweb\/wp-content\/uploads\/2012\/06\/diversidad-audiovisual-noticia-1024x683.jpg 1024w, https:\/\/diversidadaudiovisual.org\/nuevaweb\/wp-content\/uploads\/2012\/06\/diversidad-audiovisual-noticia-768x512.jpg 768w, https:\/\/diversidadaudiovisual.org\/nuevaweb\/wp-content\/uploads\/2012\/06\/diversidad-audiovisual-noticia.jpg 1200w\" sizes=\"auto, (max-width: 800px) 100vw, 800px\" data-id=\"8502\" \/><\/a><\/div> <\/div>\n    <div class=\"thememount-box-content\">\n      <div class=\"thememount-box-post-date\"><span class=\"tm-meta-line posted-on\"><span class=\"screen-reader-text tm-hide\">Posted on <\/span><a href=\"https:\/\/diversidadaudiovisual.org\/nuevaweb\/ma-trinidad-garcia-leiva-participa-en-el-mucaii-universidad-de-salamanca\/\" rel=\"bookmark\"><time class=\"entry-date published\" datetime=\"2020-11-12T22:38:57+00:00\">Nov 12, 2020<\/time><time class=\"updated tm-hide\" datetime=\"2023-02-10T11:30:16+00:00\">Feb 10, 2023<\/time><\/a><\/span><\/div>\n      <div class=\"thememount-box-title\"><h4><a href=\"https:\/\/diversidadaudiovisual.org\/nuevaweb\/ma-trinidad-garcia-leiva-participa-en-el-mucaii-universidad-de-salamanca\/\">M\u00aa Trinidad Garc\u00eda Leiva participa en el MUCAII &#8211; Universidad de Salamanca<\/a><\/h4><\/div>      <div class=\"author-email\">\n        <p><strong><\/strong> <\/p>\n      <\/div>\n <div class=\"universidad\">\n        <p> <\/p>\n      <\/div>\n      <div class=\"thememount-box-desc\">\n        <div class=\"thememount-box-desc-text\">26 de noviembre de 2020 - M\u00e1ster Universitario en Comunicaci\u00f3n Audiovisual: Investigaci\u00f3n e Innovaci\u00f3n. Universidad de Salaman...<\/div>\n        <div class=\"thememount-box-desc-footer\">\n                    <div class=\"thememount-blogbox-desc-footer\">\n            <div class=\"thememount-blogbox-footer-readmore\">  <\/div>\n          <\/div>\n        <\/div>\n      <\/div>\n    <\/div>\n  <\/div>\n<\/article>\n<\/div><div class=\"tm-box-col-wrapper col-lg-4 col-sm-6 col-md-4 col-xs-12 actividades actividades-anteriores\"><article class=\"thememount-box thememount-box-blog thememount-blogbox-format- \">\n  <div class=\"post-item\">\n        <div class=\"tm-featured-outer-wrapper tm-post-featured-outer-wrapper\"> <div class=\"tm-post-format-icon-wrapper\"><i class=\"tm-knox-icon-pencil\"><\/i><\/div> <div class=\"tm-featured-wrapper tm-post-featured-wrapper tm-post-format-\"><a href=\"https:\/\/diversidadaudiovisual.org\/nuevaweb\/xii-congreso-internacional-latina-de-comunicacion-social\/\"><img loading=\"lazy\" decoding=\"async\" width=\"800\" height=\"533\" src=\"https:\/\/diversidadaudiovisual.org\/nuevaweb\/wp-content\/uploads\/2012\/06\/diversidad-audiovisual-congreso-800x533.jpg\" class=\"attachment-thememount-img-blog size-thememount-img-blog wp-post-image\" alt=\"Diversidad Audiovisual Congreso\" srcset=\"https:\/\/diversidadaudiovisual.org\/nuevaweb\/wp-content\/uploads\/2012\/06\/diversidad-audiovisual-congreso-800x533.jpg 800w, https:\/\/diversidadaudiovisual.org\/nuevaweb\/wp-content\/uploads\/2012\/06\/diversidad-audiovisual-congreso-300x200.jpg 300w, https:\/\/diversidadaudiovisual.org\/nuevaweb\/wp-content\/uploads\/2012\/06\/diversidad-audiovisual-congreso-1024x683.jpg 1024w, https:\/\/diversidadaudiovisual.org\/nuevaweb\/wp-content\/uploads\/2012\/06\/diversidad-audiovisual-congreso-768x512.jpg 768w, https:\/\/diversidadaudiovisual.org\/nuevaweb\/wp-content\/uploads\/2012\/06\/diversidad-audiovisual-congreso.jpg 1200w\" sizes=\"auto, (max-width: 800px) 100vw, 800px\" data-id=\"8500\" \/><\/a><\/div> <\/div>\n    <div class=\"thememount-box-content\">\n      <div class=\"thememount-box-post-date\"><span class=\"tm-meta-line posted-on\"><span class=\"screen-reader-text tm-hide\">Posted on <\/span><a href=\"https:\/\/diversidadaudiovisual.org\/nuevaweb\/xii-congreso-internacional-latina-de-comunicacion-social\/\" rel=\"bookmark\"><time class=\"entry-date published\" datetime=\"2020-11-12T22:37:06+00:00\">Nov 12, 2020<\/time><time class=\"updated tm-hide\" datetime=\"2023-02-10T11:29:49+00:00\">Feb 10, 2023<\/time><\/a><\/span><\/div>\n      <div class=\"thememount-box-title\"><h4><a href=\"https:\/\/diversidadaudiovisual.org\/nuevaweb\/xii-congreso-internacional-latina-de-comunicacion-social\/\">XII Congreso Internacional Latina de Comunicaci\u00f3n Social<\/a><\/h4><\/div>      <div class=\"author-email\">\n        <p><strong><\/strong> <\/p>\n      <\/div>\n <div class=\"universidad\">\n        <p> <\/p>\n      <\/div>\n      <div class=\"thememount-box-desc\">\n        <div class=\"thememount-box-desc-text\">Del 2 al 4 de diciembre de 2020 \u2013 Universidad Complutense de Madrid M\u00aa Trinidad Garc\u00eda Leiva y Marina Hern\u00e1ndez Prieto...<\/div>\n        <div class=\"thememount-box-desc-footer\">\n                    <div class=\"thememount-blogbox-desc-footer\">\n            <div class=\"thememount-blogbox-footer-readmore\">  <\/div>\n          <\/div>\n        <\/div>\n      <\/div>\n    <\/div>\n  <\/div>\n<\/article>\n<\/div><div class=\"tm-box-col-wrapper col-lg-4 col-sm-6 col-md-4 col-xs-12 actividades actividades-anteriores\"><article class=\"thememount-box thememount-box-blog thememount-blogbox-format- \">\n  <div class=\"post-item\">\n        <div class=\"tm-featured-outer-wrapper tm-post-featured-outer-wrapper\"> <div class=\"tm-post-format-icon-wrapper\"><i class=\"tm-knox-icon-pencil\"><\/i><\/div> <div class=\"tm-featured-wrapper tm-post-featured-wrapper tm-post-format-\"><a href=\"https:\/\/diversidadaudiovisual.org\/nuevaweb\/ma-trinidad-garcia-leiva-imparte-un-curso-de-formacion-de-la-federacion-internacional-de-coaliciones-para-la-diversidad-cultural-ficdc\/\"><img loading=\"lazy\" decoding=\"async\" width=\"800\" height=\"533\" src=\"https:\/\/diversidadaudiovisual.org\/nuevaweb\/wp-content\/uploads\/2012\/06\/diversidad-audiovisual-noticia-800x533.jpg\" class=\"attachment-thememount-img-blog size-thememount-img-blog wp-post-image\" alt=\"Diversidad Audiovisual Noticia\" srcset=\"https:\/\/diversidadaudiovisual.org\/nuevaweb\/wp-content\/uploads\/2012\/06\/diversidad-audiovisual-noticia-800x533.jpg 800w, https:\/\/diversidadaudiovisual.org\/nuevaweb\/wp-content\/uploads\/2012\/06\/diversidad-audiovisual-noticia-300x200.jpg 300w, https:\/\/diversidadaudiovisual.org\/nuevaweb\/wp-content\/uploads\/2012\/06\/diversidad-audiovisual-noticia-1024x683.jpg 1024w, https:\/\/diversidadaudiovisual.org\/nuevaweb\/wp-content\/uploads\/2012\/06\/diversidad-audiovisual-noticia-768x512.jpg 768w, https:\/\/diversidadaudiovisual.org\/nuevaweb\/wp-content\/uploads\/2012\/06\/diversidad-audiovisual-noticia.jpg 1200w\" sizes=\"auto, (max-width: 800px) 100vw, 800px\" data-id=\"8502\" \/><\/a><\/div> <\/div>\n    <div class=\"thememount-box-content\">\n      <div class=\"thememount-box-post-date\"><span class=\"tm-meta-line posted-on\"><span class=\"screen-reader-text tm-hide\">Posted on <\/span><a href=\"https:\/\/diversidadaudiovisual.org\/nuevaweb\/ma-trinidad-garcia-leiva-imparte-un-curso-de-formacion-de-la-federacion-internacional-de-coaliciones-para-la-diversidad-cultural-ficdc\/\" rel=\"bookmark\"><time class=\"entry-date published\" datetime=\"2020-10-09T10:00:16+00:00\">Oct 9, 2020<\/time><time class=\"updated tm-hide\" datetime=\"2023-02-10T11:29:00+00:00\">Feb 10, 2023<\/time><\/a><\/span><\/div>\n      <div class=\"thememount-box-title\"><h4><a href=\"https:\/\/diversidadaudiovisual.org\/nuevaweb\/ma-trinidad-garcia-leiva-imparte-un-curso-de-formacion-de-la-federacion-internacional-de-coaliciones-para-la-diversidad-cultural-ficdc\/\">M\u00aa Trinidad Garc\u00eda Leiva participa en una actividad formativa de la FICDC<\/a><\/h4><\/div>      <div class=\"author-email\">\n        <p><strong><\/strong> <\/p>\n      <\/div>\n <div class=\"universidad\">\n        <p> <\/p>\n      <\/div>\n      <div class=\"thememount-box-desc\">\n        <div class=\"thememount-box-desc-text\">Del 6 al 28 de noviembre de 2020 \u2013 Federaci\u00f3n Internacional de Coaliciones para la Diversidad Cultural (FICDC) La Federa...<\/div>\n        <div class=\"thememount-box-desc-footer\">\n                    <div class=\"thememount-blogbox-desc-footer\">\n            <div class=\"thememount-blogbox-footer-readmore\">  <\/div>\n          <\/div>\n        <\/div>\n      <\/div>\n    <\/div>\n  <\/div>\n<\/article>\n<\/div><div class=\"tm-box-col-wrapper col-lg-4 col-sm-6 col-md-4 col-xs-12 actividades actividades-anteriores\"><article class=\"thememount-box thememount-box-blog thememount-blogbox-format- \">\n  <div class=\"post-item\">\n        <div class=\"tm-featured-outer-wrapper tm-post-featured-outer-wrapper\"> <div class=\"tm-post-format-icon-wrapper\"><i class=\"tm-knox-icon-pencil\"><\/i><\/div> <div class=\"tm-featured-wrapper tm-post-featured-wrapper tm-post-format-\"><a href=\"https:\/\/diversidadaudiovisual.org\/nuevaweb\/vii-congreso-internacional-de-la-asociacion-espanola-de-investigacion-de-la-comunicacion-ae-ic-comunicacion-y-diversidad\/\"><img loading=\"lazy\" decoding=\"async\" width=\"800\" height=\"533\" src=\"https:\/\/diversidadaudiovisual.org\/nuevaweb\/wp-content\/uploads\/2012\/06\/diversidad-audiovisual-congreso-800x533.jpg\" class=\"attachment-thememount-img-blog size-thememount-img-blog wp-post-image\" alt=\"Diversidad Audiovisual Congreso\" srcset=\"https:\/\/diversidadaudiovisual.org\/nuevaweb\/wp-content\/uploads\/2012\/06\/diversidad-audiovisual-congreso-800x533.jpg 800w, https:\/\/diversidadaudiovisual.org\/nuevaweb\/wp-content\/uploads\/2012\/06\/diversidad-audiovisual-congreso-300x200.jpg 300w, https:\/\/diversidadaudiovisual.org\/nuevaweb\/wp-content\/uploads\/2012\/06\/diversidad-audiovisual-congreso-1024x683.jpg 1024w, https:\/\/diversidadaudiovisual.org\/nuevaweb\/wp-content\/uploads\/2012\/06\/diversidad-audiovisual-congreso-768x512.jpg 768w, https:\/\/diversidadaudiovisual.org\/nuevaweb\/wp-content\/uploads\/2012\/06\/diversidad-audiovisual-congreso.jpg 1200w\" sizes=\"auto, (max-width: 800px) 100vw, 800px\" data-id=\"8500\" \/><\/a><\/div> <\/div>\n    <div class=\"thememount-box-content\">\n      <div class=\"thememount-box-post-date\"><span class=\"tm-meta-line posted-on\"><span class=\"screen-reader-text tm-hide\">Posted on <\/span><a href=\"https:\/\/diversidadaudiovisual.org\/nuevaweb\/vii-congreso-internacional-de-la-asociacion-espanola-de-investigacion-de-la-comunicacion-ae-ic-comunicacion-y-diversidad\/\" rel=\"bookmark\"><time class=\"entry-date published\" datetime=\"2020-10-07T08:02:23+00:00\">Oct 7, 2020<\/time><time class=\"updated tm-hide\" datetime=\"2023-02-10T11:28:28+00:00\">Feb 10, 2023<\/time><\/a><\/span><\/div>\n      <div class=\"thememount-box-title\"><h4><a href=\"https:\/\/diversidadaudiovisual.org\/nuevaweb\/vii-congreso-internacional-de-la-asociacion-espanola-de-investigacion-de-la-comunicacion-ae-ic-comunicacion-y-diversidad\/\">VII Congreso Internacional de la Asociaci\u00f3n Espa\u00f1ola de Investigaci\u00f3n de la Comunicaci\u00f3n (AE-IC) &#8211; Comunicaci\u00f3n y diversidad<\/a><\/h4><\/div>      <div class=\"author-email\">\n        <p><strong><\/strong> <\/p>\n      <\/div>\n <div class=\"universidad\">\n        <p> <\/p>\n      <\/div>\n      <div class=\"thememount-box-desc\">\n        <div class=\"thememount-box-desc-text\">Del 28 al 30 de octubre de 2020 - Universidad de Valencia Varios miembros del proyecto de investigaci\u00f3n presentaron comuni...<\/div>\n        <div class=\"thememount-box-desc-footer\">\n                    <div class=\"thememount-blogbox-desc-footer\">\n            <div class=\"thememount-blogbox-footer-readmore\">  <\/div>\n          <\/div>\n        <\/div>\n      <\/div>\n    <\/div>\n  <\/div>\n<\/article>\n<\/div><div class=\"tm-box-col-wrapper col-lg-4 col-sm-6 col-md-4 col-xs-12 actividades actividades-anteriores\"><article class=\"thememount-box thememount-box-blog thememount-blogbox-format- \">\n  <div class=\"post-item\">\n        <div class=\"tm-featured-outer-wrapper tm-post-featured-outer-wrapper\"> <div class=\"tm-post-format-icon-wrapper\"><i class=\"tm-knox-icon-pencil\"><\/i><\/div> <div class=\"tm-featured-wrapper tm-post-featured-wrapper tm-post-format-\"><a href=\"https:\/\/diversidadaudiovisual.org\/nuevaweb\/visita-de-alessia-di-giacomo-rtve-al-seminario-permanente\/\"><img loading=\"lazy\" decoding=\"async\" width=\"800\" height=\"533\" src=\"https:\/\/diversidadaudiovisual.org\/nuevaweb\/wp-content\/uploads\/2012\/06\/diversidad-audiovisual-noticia-800x533.jpg\" class=\"attachment-thememount-img-blog size-thememount-img-blog wp-post-image\" alt=\"Diversidad Audiovisual Noticia\" srcset=\"https:\/\/diversidadaudiovisual.org\/nuevaweb\/wp-content\/uploads\/2012\/06\/diversidad-audiovisual-noticia-800x533.jpg 800w, https:\/\/diversidadaudiovisual.org\/nuevaweb\/wp-content\/uploads\/2012\/06\/diversidad-audiovisual-noticia-300x200.jpg 300w, https:\/\/diversidadaudiovisual.org\/nuevaweb\/wp-content\/uploads\/2012\/06\/diversidad-audiovisual-noticia-1024x683.jpg 1024w, https:\/\/diversidadaudiovisual.org\/nuevaweb\/wp-content\/uploads\/2012\/06\/diversidad-audiovisual-noticia-768x512.jpg 768w, https:\/\/diversidadaudiovisual.org\/nuevaweb\/wp-content\/uploads\/2012\/06\/diversidad-audiovisual-noticia.jpg 1200w\" sizes=\"auto, (max-width: 800px) 100vw, 800px\" data-id=\"8502\" \/><\/a><\/div> <\/div>\n    <div class=\"thememount-box-content\">\n      <div class=\"thememount-box-post-date\"><span class=\"tm-meta-line posted-on\"><span class=\"screen-reader-text tm-hide\">Posted on <\/span><a href=\"https:\/\/diversidadaudiovisual.org\/nuevaweb\/visita-de-alessia-di-giacomo-rtve-al-seminario-permanente\/\" rel=\"bookmark\"><time class=\"entry-date published\" datetime=\"2020-02-21T10:06:08+00:00\">Feb 21, 2020<\/time><time class=\"updated tm-hide\" datetime=\"2023-02-10T11:28:00+00:00\">Feb 10, 2023<\/time><\/a><\/span><\/div>\n      <div class=\"thememount-box-title\"><h4><a href=\"https:\/\/diversidadaudiovisual.org\/nuevaweb\/visita-de-alessia-di-giacomo-rtve-al-seminario-permanente\/\">Visita de Alessia Di Giacomo (RTVE) al seminario permanente<\/a><\/h4><\/div>      <div class=\"author-email\">\n        <p><strong><\/strong> <\/p>\n      <\/div>\n <div class=\"universidad\">\n        <p> <\/p>\n      <\/div>\n      <div class=\"thememount-box-desc\">\n        <div class=\"thememount-box-desc-text\">8 de octubre de 2020 - Universidad Carlos III de Madrid Alessia Di Giacomo, Ejecutiva de Venta de Licencias y Programas Inf...<\/div>\n        <div class=\"thememount-box-desc-footer\">\n                    <div class=\"thememount-blogbox-desc-footer\">\n            <div class=\"thememount-blogbox-footer-readmore\">  <\/div>\n          <\/div>\n        <\/div>\n      <\/div>\n    <\/div>\n  <\/div>\n<\/article>\n<\/div><div class=\"tm-box-col-wrapper col-lg-4 col-sm-6 col-md-4 col-xs-12 actividades actividades-anteriores\"><article class=\"thememount-box thememount-box-blog thememount-blogbox-format- \">\n  <div class=\"post-item\">\n        <div class=\"tm-featured-outer-wrapper tm-post-featured-outer-wrapper\"> <div class=\"tm-post-format-icon-wrapper\"><i class=\"tm-knox-icon-pencil\"><\/i><\/div> <div class=\"tm-featured-wrapper tm-post-featured-wrapper tm-post-format-\"><a href=\"https:\/\/diversidadaudiovisual.org\/nuevaweb\/taller-sobre-fuentes-de-informacion-juridica-y-bibliografica-de-la-ue\/\"><img loading=\"lazy\" decoding=\"async\" width=\"800\" height=\"533\" src=\"https:\/\/diversidadaudiovisual.org\/nuevaweb\/wp-content\/uploads\/2012\/06\/diversidad-audiovisual-noticia-800x533.jpg\" class=\"attachment-thememount-img-blog size-thememount-img-blog wp-post-image\" alt=\"Diversidad Audiovisual Noticia\" srcset=\"https:\/\/diversidadaudiovisual.org\/nuevaweb\/wp-content\/uploads\/2012\/06\/diversidad-audiovisual-noticia-800x533.jpg 800w, https:\/\/diversidadaudiovisual.org\/nuevaweb\/wp-content\/uploads\/2012\/06\/diversidad-audiovisual-noticia-300x200.jpg 300w, https:\/\/diversidadaudiovisual.org\/nuevaweb\/wp-content\/uploads\/2012\/06\/diversidad-audiovisual-noticia-1024x683.jpg 1024w, https:\/\/diversidadaudiovisual.org\/nuevaweb\/wp-content\/uploads\/2012\/06\/diversidad-audiovisual-noticia-768x512.jpg 768w, https:\/\/diversidadaudiovisual.org\/nuevaweb\/wp-content\/uploads\/2012\/06\/diversidad-audiovisual-noticia.jpg 1200w\" sizes=\"auto, (max-width: 800px) 100vw, 800px\" data-id=\"8502\" \/><\/a><\/div> <\/div>\n    <div class=\"thememount-box-content\">\n      <div class=\"thememount-box-post-date\"><span class=\"tm-meta-line posted-on\"><span class=\"screen-reader-text tm-hide\">Posted on <\/span><a href=\"https:\/\/diversidadaudiovisual.org\/nuevaweb\/taller-sobre-fuentes-de-informacion-juridica-y-bibliografica-de-la-ue\/\" rel=\"bookmark\"><time class=\"entry-date published\" datetime=\"2020-02-08T15:49:25+00:00\">Feb 8, 2020<\/time><time class=\"updated tm-hide\" datetime=\"2023-02-10T11:27:31+00:00\">Feb 10, 2023<\/time><\/a><\/span><\/div>\n      <div class=\"thememount-box-title\"><h4><a href=\"https:\/\/diversidadaudiovisual.org\/nuevaweb\/taller-sobre-fuentes-de-informacion-juridica-y-bibliografica-de-la-ue\/\">Taller sobre fuentes de informaci\u00f3n jur\u00eddica y bibliogr\u00e1fica de la UE<\/a><\/h4><\/div>      <div class=\"author-email\">\n        <p><strong><\/strong> <\/p>\n      <\/div>\n <div class=\"universidad\">\n        <p> <\/p>\n      <\/div>\n      <div class=\"thememount-box-desc\">\n        <div class=\"thememount-box-desc-text\">26 de febrero de 2020 - Universidad Carloss III de Madrid, Campus de GetafeImpartido por Teresa Garc\u00eda (UC3M), esta formaci\u00f3n\u00a0s...<\/div>\n        <div class=\"thememount-box-desc-footer\">\n                    <div class=\"thememount-blogbox-desc-footer\">\n            <div class=\"thememount-blogbox-footer-readmore\">  <\/div>\n          <\/div>\n        <\/div>\n      <\/div>\n    <\/div>\n  <\/div>\n<\/article>\n<\/div><div class=\"tm-box-col-wrapper col-lg-4 col-sm-6 col-md-4 col-xs-12 actividades actividades-anteriores\"><article class=\"thememount-box thememount-box-blog thememount-blogbox-format- \">\n  <div class=\"post-item\">\n        <div class=\"tm-featured-outer-wrapper tm-post-featured-outer-wrapper\"> <div class=\"tm-post-format-icon-wrapper\"><i class=\"tm-knox-icon-pencil\"><\/i><\/div> <div class=\"tm-featured-wrapper tm-post-featured-wrapper tm-post-format-\"><a href=\"https:\/\/diversidadaudiovisual.org\/nuevaweb\/xi-congreso-internacional-ulepicc-sevilla-2019\/\"><img loading=\"lazy\" decoding=\"async\" width=\"800\" height=\"533\" src=\"https:\/\/diversidadaudiovisual.org\/nuevaweb\/wp-content\/uploads\/2012\/06\/diversidad-audiovisual-congreso-800x533.jpg\" class=\"attachment-thememount-img-blog size-thememount-img-blog wp-post-image\" alt=\"Diversidad Audiovisual Congreso\" srcset=\"https:\/\/diversidadaudiovisual.org\/nuevaweb\/wp-content\/uploads\/2012\/06\/diversidad-audiovisual-congreso-800x533.jpg 800w, https:\/\/diversidadaudiovisual.org\/nuevaweb\/wp-content\/uploads\/2012\/06\/diversidad-audiovisual-congreso-300x200.jpg 300w, https:\/\/diversidadaudiovisual.org\/nuevaweb\/wp-content\/uploads\/2012\/06\/diversidad-audiovisual-congreso-1024x683.jpg 1024w, https:\/\/diversidadaudiovisual.org\/nuevaweb\/wp-content\/uploads\/2012\/06\/diversidad-audiovisual-congreso-768x512.jpg 768w, https:\/\/diversidadaudiovisual.org\/nuevaweb\/wp-content\/uploads\/2012\/06\/diversidad-audiovisual-congreso.jpg 1200w\" sizes=\"auto, (max-width: 800px) 100vw, 800px\" data-id=\"8500\" \/><\/a><\/div> <\/div>\n    <div class=\"thememount-box-content\">\n      <div class=\"thememount-box-post-date\"><span class=\"tm-meta-line posted-on\"><span class=\"screen-reader-text tm-hide\">Posted on <\/span><a href=\"https:\/\/diversidadaudiovisual.org\/nuevaweb\/xi-congreso-internacional-ulepicc-sevilla-2019\/\" rel=\"bookmark\"><time class=\"entry-date published\" datetime=\"2019-12-05T13:08:19+00:00\">Dic 5, 2019<\/time><time class=\"updated tm-hide\" datetime=\"2023-02-10T11:27:04+00:00\">Feb 10, 2023<\/time><\/a><\/span><\/div>\n      <div class=\"thememount-box-title\"><h4><a href=\"https:\/\/diversidadaudiovisual.org\/nuevaweb\/xi-congreso-internacional-ulepicc-sevilla-2019\/\">XI Congreso Internacional ULEPICC | Sevilla 2019<\/a><\/h4><\/div>      <div class=\"author-email\">\n        <p><strong><\/strong> <\/p>\n      <\/div>\n <div class=\"universidad\">\n        <p> <\/p>\n      <\/div>\n      <div class=\"thememount-box-desc\">\n        <div class=\"thememount-box-desc-text\">Del 18 al 20 de noviembre de 2019 - Universidad de Sevilla (Espa\u00f1a) El grupo de investigaci\u00f3n Diversidad Audiovisual particip...<\/div>\n        <div class=\"thememount-box-desc-footer\">\n                    <div class=\"thememount-blogbox-desc-footer\">\n            <div class=\"thememount-blogbox-footer-readmore\">  <\/div>\n          <\/div>\n        <\/div>\n      <\/div>\n    <\/div>\n  <\/div>\n<\/article>\n<\/div><div class=\"tm-box-col-wrapper col-lg-4 col-sm-6 col-md-4 col-xs-12 actividades actividades-anteriores\"><article class=\"thememount-box thememount-box-blog thememount-blogbox-format- \">\n  <div class=\"post-item\">\n        <div class=\"tm-featured-outer-wrapper tm-post-featured-outer-wrapper\"> <div class=\"tm-post-format-icon-wrapper\"><i class=\"tm-knox-icon-pencil\"><\/i><\/div> <div class=\"tm-featured-wrapper tm-post-featured-wrapper tm-post-format-\"><a href=\"https:\/\/diversidadaudiovisual.org\/nuevaweb\/la-trasposicion-de-la-directiva-de-servicios-de-comunicacion-audiovisual-nuevo-escenario-nuevas-reglas\/\"><img loading=\"lazy\" decoding=\"async\" width=\"800\" height=\"533\" src=\"https:\/\/diversidadaudiovisual.org\/nuevaweb\/wp-content\/uploads\/2012\/06\/diversidad-audiovisual-evento-800x533.jpg\" class=\"attachment-thememount-img-blog size-thememount-img-blog wp-post-image\" alt=\"Diversidad Audiovisual Evento\" srcset=\"https:\/\/diversidadaudiovisual.org\/nuevaweb\/wp-content\/uploads\/2012\/06\/diversidad-audiovisual-evento-800x533.jpg 800w, https:\/\/diversidadaudiovisual.org\/nuevaweb\/wp-content\/uploads\/2012\/06\/diversidad-audiovisual-evento-300x200.jpg 300w, https:\/\/diversidadaudiovisual.org\/nuevaweb\/wp-content\/uploads\/2012\/06\/diversidad-audiovisual-evento-1024x683.jpg 1024w, https:\/\/diversidadaudiovisual.org\/nuevaweb\/wp-content\/uploads\/2012\/06\/diversidad-audiovisual-evento-768x512.jpg 768w, https:\/\/diversidadaudiovisual.org\/nuevaweb\/wp-content\/uploads\/2012\/06\/diversidad-audiovisual-evento.jpg 1200w\" sizes=\"auto, (max-width: 800px) 100vw, 800px\" data-id=\"8501\" \/><\/a><\/div> <\/div>\n    <div class=\"thememount-box-content\">\n      <div class=\"thememount-box-post-date\"><span class=\"tm-meta-line posted-on\"><span class=\"screen-reader-text tm-hide\">Posted on <\/span><a href=\"https:\/\/diversidadaudiovisual.org\/nuevaweb\/la-trasposicion-de-la-directiva-de-servicios-de-comunicacion-audiovisual-nuevo-escenario-nuevas-reglas\/\" rel=\"bookmark\"><time class=\"entry-date published\" datetime=\"2019-12-04T13:17:13+00:00\">Dic 4, 2019<\/time><time class=\"updated tm-hide\" datetime=\"2023-02-10T11:26:34+00:00\">Feb 10, 2023<\/time><\/a><\/span><\/div>\n      <div class=\"thememount-box-title\"><h4><a href=\"https:\/\/diversidadaudiovisual.org\/nuevaweb\/la-trasposicion-de-la-directiva-de-servicios-de-comunicacion-audiovisual-nuevo-escenario-nuevas-reglas\/\">La trasposici\u00f3n de la Directiva de Servicios de Comunicaci\u00f3n Audiovisual: nuevo escenario, nuevas reglas<\/a><\/h4><\/div>      <div class=\"author-email\">\n        <p><strong><\/strong> <\/p>\n      <\/div>\n <div class=\"universidad\">\n        <p> <\/p>\n      <\/div>\n      <div class=\"thememount-box-desc\">\n        <div class=\"thememount-box-desc-text\">13 de noviembre de 2019 - Universidad Rey Juan Carlos (Espa\u00f1a) Luis A. Albornoz y M\u00aa Trinidad Garc\u00eda Leiva,\u00a0miembros del grup...<\/div>\n        <div class=\"thememount-box-desc-footer\">\n                    <div class=\"thememount-blogbox-desc-footer\">\n            <div class=\"thememount-blogbox-footer-readmore\">  <\/div>\n          <\/div>\n        <\/div>\n      <\/div>\n    <\/div>\n  <\/div>\n<\/article>\n<\/div><div class=\"tm-box-col-wrapper col-lg-4 col-sm-6 col-md-4 col-xs-12 actividades actividades-anteriores\"><article class=\"thememount-box thememount-box-blog thememount-blogbox-format- \">\n  <div class=\"post-item\">\n        <div class=\"tm-featured-outer-wrapper tm-post-featured-outer-wrapper\"> <div class=\"tm-post-format-icon-wrapper\"><i class=\"tm-knox-icon-pencil\"><\/i><\/div> <div class=\"tm-featured-wrapper tm-post-featured-wrapper tm-post-format-\"><a href=\"https:\/\/diversidadaudiovisual.org\/nuevaweb\/seminario-internacional-plataformas-y-diversidad-netflix-a-debate\/\"><img loading=\"lazy\" decoding=\"async\" width=\"800\" height=\"360\" src=\"https:\/\/diversidadaudiovisual.org\/nuevaweb\/wp-content\/uploads\/2019\/07\/plataformas-y-diversidad-netflix-a-debate-800x360.jpg\" class=\"attachment-thememount-img-blog size-thememount-img-blog wp-post-image\" alt=\"Plataformas y diversidad: Netflix a debate\" data-id=\"5588\" \/><\/a><\/div> <\/div>\n    <div class=\"thememount-box-content\">\n      <div class=\"thememount-box-post-date\"><span class=\"tm-meta-line posted-on\"><span class=\"screen-reader-text tm-hide\">Posted on <\/span><a href=\"https:\/\/diversidadaudiovisual.org\/nuevaweb\/seminario-internacional-plataformas-y-diversidad-netflix-a-debate\/\" rel=\"bookmark\"><time class=\"entry-date published\" datetime=\"2019-07-29T15:18:09+00:00\">Jul 29, 2019<\/time><time class=\"updated tm-hide\" datetime=\"2023-02-06T12:05:52+00:00\">Feb 6, 2023<\/time><\/a><\/span><\/div>\n      <div class=\"thememount-box-title\"><h4><a href=\"https:\/\/diversidadaudiovisual.org\/nuevaweb\/seminario-internacional-plataformas-y-diversidad-netflix-a-debate\/\">Seminario internacional: \u2018Plataformas y diversidad: Netflix a debate\u2019<\/a><\/h4><\/div>      <div class=\"author-email\">\n        <p><strong>Luis A. Albornoz<\/strong> <\/p>\n      <\/div>\n <div class=\"universidad\">\n        <p> <\/p>\n      <\/div>\n      <div class=\"thememount-box-desc\">\n        <div class=\"thememount-box-desc-text\">El grupo de investigaci\u00f3n Diversidad Audiovisual del Departamento de Periodismo y Comunicaci\u00f3n Audiovisual de la Universidad Carlos III de Madrid organiz\u00f3 el seminario internacional \u2018Plataformas y diversidad: Netflix a debate\u2019, el cual tendr\u00e1 tuvo los d\u00edas 7 y 8 de noviembre de 2019 en la Facultad de Humanidades, Comunicaci\u00f3n y Documentaci\u00f3n (campus de Getafe), de la Universidad Carlos III de Madrid (UC3M).<\/div>\n        <div class=\"thememount-box-desc-footer\">\n                    <div class=\"thememount-blogbox-desc-footer\">\n            <div class=\"thememount-blogbox-footer-readmore\">  <\/div>\n          <\/div>\n        <\/div>\n      <\/div>\n    <\/div>\n  <\/div>\n<\/article>\n<\/div><div class=\"tm-box-col-wrapper col-lg-4 col-sm-6 col-md-4 col-xs-12 actividades actividades-anteriores\"><article class=\"thememount-box thememount-box-blog thememount-blogbox-format- \">\n  <div class=\"post-item\">\n        <div class=\"tm-featured-outer-wrapper tm-post-featured-outer-wrapper\"> <div class=\"tm-post-format-icon-wrapper\"><i class=\"tm-knox-icon-pencil\"><\/i><\/div> <div class=\"tm-featured-wrapper tm-post-featured-wrapper tm-post-format-\"><a href=\"https:\/\/diversidadaudiovisual.org\/nuevaweb\/lanzamiento-de-libro-audiovisual-industries-and-diversity\/\"><img loading=\"lazy\" decoding=\"async\" width=\"800\" height=\"533\" src=\"https:\/\/diversidadaudiovisual.org\/nuevaweb\/wp-content\/uploads\/2020\/11\/audio-visual-industries-and-diversity-economics-and-policies-in-the-digital-era-1-800x533.jpg\" class=\"attachment-thememount-img-blog size-thememount-img-blog wp-post-image\" alt=\"Audiovisual Industries and Diversity. Economics and Policies in the Digital Era\" data-id=\"6367\" \/><\/a><\/div> <\/div>\n    <div class=\"thememount-box-content\">\n      <div class=\"thememount-box-post-date\"><span class=\"tm-meta-line posted-on\"><span class=\"screen-reader-text tm-hide\">Posted on <\/span><a href=\"https:\/\/diversidadaudiovisual.org\/nuevaweb\/lanzamiento-de-libro-audiovisual-industries-and-diversity\/\" rel=\"bookmark\"><time class=\"entry-date published\" datetime=\"2019-07-09T12:41:25+00:00\">Jul 9, 2019<\/time><time class=\"updated tm-hide\" datetime=\"2023-02-10T11:25:25+00:00\">Feb 10, 2023<\/time><\/a><\/span><\/div>\n      <div class=\"thememount-box-title\"><h4><a href=\"https:\/\/diversidadaudiovisual.org\/nuevaweb\/lanzamiento-de-libro-audiovisual-industries-and-diversity\/\">Lanzamiento de libro &#8211; Audiovisual Industries and Diversity<\/a><\/h4><\/div>      <div class=\"author-email\">\n        <p><strong><\/strong> <\/p>\n      <\/div>\n <div class=\"universidad\">\n        <p> <\/p>\n      <\/div>\n      <div class=\"thememount-box-desc\">\n        <div class=\"thememount-box-desc-text\">9 de julio de 2019 - Librer\u00eda Ocho y Medio, Madrid Luis A. Albornoz y M\u00aa Trinidad Garc\u00eda Leiva presentaron el libro\u00a0Audiovisu...<\/div>\n        <div class=\"thememount-box-desc-footer\">\n                    <div class=\"thememount-blogbox-desc-footer\">\n            <div class=\"thememount-blogbox-footer-readmore\">  <\/div>\n          <\/div>\n        <\/div>\n      <\/div>\n    <\/div>\n  <\/div>\n<\/article>\n<\/div><div class=\"tm-box-col-wrapper col-lg-4 col-sm-6 col-md-4 col-xs-12 actividades actividades-anteriores\"><article class=\"thememount-box thememount-box-blog thememount-blogbox-format- \">\n  <div class=\"post-item\">\n        <div class=\"tm-featured-outer-wrapper tm-post-featured-outer-wrapper\"> <div class=\"tm-post-format-icon-wrapper\"><i class=\"tm-knox-icon-pencil\"><\/i><\/div> <div class=\"tm-featured-wrapper tm-post-featured-wrapper tm-post-format-\"><a href=\"https:\/\/diversidadaudiovisual.org\/nuevaweb\/ma-trinidad-garcia-leiva-participa-en-el-ii-encuentro-de-cineastas\/\"><img loading=\"lazy\" decoding=\"async\" width=\"800\" height=\"533\" src=\"https:\/\/diversidadaudiovisual.org\/nuevaweb\/wp-content\/uploads\/2012\/06\/diversidad-audiovisual-evento-800x533.jpg\" class=\"attachment-thememount-img-blog size-thememount-img-blog wp-post-image\" alt=\"Diversidad Audiovisual Evento\" srcset=\"https:\/\/diversidadaudiovisual.org\/nuevaweb\/wp-content\/uploads\/2012\/06\/diversidad-audiovisual-evento-800x533.jpg 800w, https:\/\/diversidadaudiovisual.org\/nuevaweb\/wp-content\/uploads\/2012\/06\/diversidad-audiovisual-evento-300x200.jpg 300w, https:\/\/diversidadaudiovisual.org\/nuevaweb\/wp-content\/uploads\/2012\/06\/diversidad-audiovisual-evento-1024x683.jpg 1024w, https:\/\/diversidadaudiovisual.org\/nuevaweb\/wp-content\/uploads\/2012\/06\/diversidad-audiovisual-evento-768x512.jpg 768w, https:\/\/diversidadaudiovisual.org\/nuevaweb\/wp-content\/uploads\/2012\/06\/diversidad-audiovisual-evento.jpg 1200w\" sizes=\"auto, (max-width: 800px) 100vw, 800px\" data-id=\"8501\" \/><\/a><\/div> <\/div>\n    <div class=\"thememount-box-content\">\n      <div class=\"thememount-box-post-date\"><span class=\"tm-meta-line posted-on\"><span class=\"screen-reader-text tm-hide\">Posted on <\/span><a href=\"https:\/\/diversidadaudiovisual.org\/nuevaweb\/ma-trinidad-garcia-leiva-participa-en-el-ii-encuentro-de-cineastas\/\" rel=\"bookmark\"><time class=\"entry-date published\" datetime=\"2019-06-13T18:25:02+00:00\">Jun 13, 2019<\/time><time class=\"updated tm-hide\" datetime=\"2023-02-10T11:24:27+00:00\">Feb 10, 2023<\/time><\/a><\/span><\/div>\n      <div class=\"thememount-box-title\"><h4><a href=\"https:\/\/diversidadaudiovisual.org\/nuevaweb\/ma-trinidad-garcia-leiva-participa-en-el-ii-encuentro-de-cineastas\/\">M\u00aa Trinidad Garc\u00eda Leiva participa en el II Encuentro de Cineastas<\/a><\/h4><\/div>      <div class=\"author-email\">\n        <p><strong><\/strong> <\/p>\n      <\/div>\n <div class=\"universidad\">\n        <p> <\/p>\n      <\/div>\n      <div class=\"thememount-box-desc\">\n        <div class=\"thememount-box-desc-text\">14 de junio de 2019 \u2013\u00a0 Plat\u00f3 de Cineteca Madrid. Matadero Trinidad Garc\u00eda (Universidad Carlos III de Madrid), investigador...<\/div>\n        <div class=\"thememount-box-desc-footer\">\n                    <div class=\"thememount-blogbox-desc-footer\">\n            <div class=\"thememount-blogbox-footer-readmore\">  <\/div>\n          <\/div>\n        <\/div>\n      <\/div>\n    <\/div>\n  <\/div>\n<\/article>\n<\/div><div class=\"tm-box-col-wrapper col-lg-4 col-sm-6 col-md-4 col-xs-12 actividades actividades-anteriores\"><article class=\"thememount-box thememount-box-blog thememount-blogbox-format- \">\n  <div class=\"post-item\">\n        <div class=\"tm-featured-outer-wrapper tm-post-featured-outer-wrapper\"> <div class=\"tm-post-format-icon-wrapper\"><i class=\"tm-knox-icon-pencil\"><\/i><\/div> <div class=\"tm-featured-wrapper tm-post-featured-wrapper tm-post-format-\"><a href=\"https:\/\/diversidadaudiovisual.org\/nuevaweb\/conferencia-innovating-media-economics\/\"><img loading=\"lazy\" decoding=\"async\" width=\"800\" height=\"533\" src=\"https:\/\/diversidadaudiovisual.org\/nuevaweb\/wp-content\/uploads\/2012\/06\/diversidad-audiovisual-evento-800x533.jpg\" class=\"attachment-thememount-img-blog size-thememount-img-blog wp-post-image\" alt=\"Diversidad Audiovisual Evento\" srcset=\"https:\/\/diversidadaudiovisual.org\/nuevaweb\/wp-content\/uploads\/2012\/06\/diversidad-audiovisual-evento-800x533.jpg 800w, https:\/\/diversidadaudiovisual.org\/nuevaweb\/wp-content\/uploads\/2012\/06\/diversidad-audiovisual-evento-300x200.jpg 300w, https:\/\/diversidadaudiovisual.org\/nuevaweb\/wp-content\/uploads\/2012\/06\/diversidad-audiovisual-evento-1024x683.jpg 1024w, https:\/\/diversidadaudiovisual.org\/nuevaweb\/wp-content\/uploads\/2012\/06\/diversidad-audiovisual-evento-768x512.jpg 768w, https:\/\/diversidadaudiovisual.org\/nuevaweb\/wp-content\/uploads\/2012\/06\/diversidad-audiovisual-evento.jpg 1200w\" sizes=\"auto, (max-width: 800px) 100vw, 800px\" data-id=\"8501\" \/><\/a><\/div> <\/div>\n    <div class=\"thememount-box-content\">\n      <div class=\"thememount-box-post-date\"><span class=\"tm-meta-line posted-on\"><span class=\"screen-reader-text tm-hide\">Posted on <\/span><a href=\"https:\/\/diversidadaudiovisual.org\/nuevaweb\/conferencia-innovating-media-economics\/\" rel=\"bookmark\"><time class=\"entry-date published\" datetime=\"2019-06-13T15:15:55+00:00\">Jun 13, 2019<\/time><time class=\"updated tm-hide\" datetime=\"2023-02-10T11:21:10+00:00\">Feb 10, 2023<\/time><\/a><\/span><\/div>\n      <div class=\"thememount-box-title\"><h4><a href=\"https:\/\/diversidadaudiovisual.org\/nuevaweb\/conferencia-innovating-media-economics\/\">Conferencia \u2018Innovating Media Economics\u2019<\/a><\/h4><\/div>      <div class=\"author-email\">\n        <p><strong><\/strong> <\/p>\n      <\/div>\n <div class=\"universidad\">\n        <p> <\/p>\n      <\/div>\n      <div class=\"thememount-box-desc\">\n        <div class=\"thememount-box-desc-text\">27 de junio de 2019 - \u00a0Mediahub Brussels, B\u00e9lgica. Los investigadores Luis A. Albornoz y M\u00aa Trinidad Garc\u00eda Leiva asistieron...<\/div>\n        <div class=\"thememount-box-desc-footer\">\n                    <div class=\"thememount-blogbox-desc-footer\">\n            <div class=\"thememount-blogbox-footer-readmore\">  <\/div>\n          <\/div>\n        <\/div>\n      <\/div>\n    <\/div>\n  <\/div>\n<\/article>\n<\/div><div class=\"tm-box-col-wrapper col-lg-4 col-sm-6 col-md-4 col-xs-12 actividades actividades-anteriores\"><article class=\"thememount-box thememount-box-blog thememount-blogbox-format- \">\n  <div class=\"post-item\">\n        <div class=\"tm-featured-outer-wrapper tm-post-featured-outer-wrapper\"> <div class=\"tm-post-format-icon-wrapper\"><i class=\"tm-knox-icon-pencil\"><\/i><\/div> <div class=\"tm-featured-wrapper tm-post-featured-wrapper tm-post-format-\"><a href=\"https:\/\/diversidadaudiovisual.org\/nuevaweb\/estancia-en-ryerson-university\/\"><img loading=\"lazy\" decoding=\"async\" width=\"800\" height=\"533\" src=\"https:\/\/diversidadaudiovisual.org\/nuevaweb\/wp-content\/uploads\/2012\/06\/diversidad-audiovisual-noticia-800x533.jpg\" class=\"attachment-thememount-img-blog size-thememount-img-blog wp-post-image\" alt=\"Diversidad Audiovisual Noticia\" srcset=\"https:\/\/diversidadaudiovisual.org\/nuevaweb\/wp-content\/uploads\/2012\/06\/diversidad-audiovisual-noticia-800x533.jpg 800w, https:\/\/diversidadaudiovisual.org\/nuevaweb\/wp-content\/uploads\/2012\/06\/diversidad-audiovisual-noticia-300x200.jpg 300w, https:\/\/diversidadaudiovisual.org\/nuevaweb\/wp-content\/uploads\/2012\/06\/diversidad-audiovisual-noticia-1024x683.jpg 1024w, https:\/\/diversidadaudiovisual.org\/nuevaweb\/wp-content\/uploads\/2012\/06\/diversidad-audiovisual-noticia-768x512.jpg 768w, https:\/\/diversidadaudiovisual.org\/nuevaweb\/wp-content\/uploads\/2012\/06\/diversidad-audiovisual-noticia.jpg 1200w\" sizes=\"auto, (max-width: 800px) 100vw, 800px\" data-id=\"8502\" \/><\/a><\/div> <\/div>\n    <div class=\"thememount-box-content\">\n      <div class=\"thememount-box-post-date\"><span class=\"tm-meta-line posted-on\"><span class=\"screen-reader-text tm-hide\">Posted on <\/span><a href=\"https:\/\/diversidadaudiovisual.org\/nuevaweb\/estancia-en-ryerson-university\/\" rel=\"bookmark\"><time class=\"entry-date published\" datetime=\"2019-05-30T15:31:34+00:00\">May 30, 2019<\/time><time class=\"updated tm-hide\" datetime=\"2023-02-10T11:20:39+00:00\">Feb 10, 2023<\/time><\/a><\/span><\/div>\n      <div class=\"thememount-box-title\"><h4><a href=\"https:\/\/diversidadaudiovisual.org\/nuevaweb\/estancia-en-ryerson-university\/\">Estancia en Ryerson University<\/a><\/h4><\/div>      <div class=\"author-email\">\n        <p><strong><\/strong> <\/p>\n      <\/div>\n <div class=\"universidad\">\n        <p> <\/p>\n      <\/div>\n      <div class=\"thememount-box-desc\">\n        <div class=\"thememount-box-desc-text\">Marzo-Julio 2019. El profesor Ignacio Gallego, miembro del grupo Diversidad Audiovisual, realiz\u00f3 una estancia de investigaci\u00f3n e...<\/div>\n        <div class=\"thememount-box-desc-footer\">\n                    <div class=\"thememount-blogbox-desc-footer\">\n            <div class=\"thememount-blogbox-footer-readmore\">  <\/div>\n          <\/div>\n        <\/div>\n      <\/div>\n    <\/div>\n  <\/div>\n<\/article>\n<\/div><div class=\"tm-box-col-wrapper col-lg-4 col-sm-6 col-md-4 col-xs-12 actividades actividades-anteriores\"><article class=\"thememount-box thememount-box-blog thememount-blogbox-format- \">\n  <div class=\"post-item\">\n        <div class=\"tm-featured-outer-wrapper tm-post-featured-outer-wrapper\"> <div class=\"tm-post-format-icon-wrapper\"><i class=\"tm-knox-icon-pencil\"><\/i><\/div> <div class=\"tm-featured-wrapper tm-post-featured-wrapper tm-post-format-\"><a href=\"https:\/\/diversidadaudiovisual.org\/nuevaweb\/visita-al-seminario-permanente-de-las-profesoras-jenny-jovita-yaguache-quichimbo-y-gabriela-coronel-salas-de-la-universidad-tecnica-particular-de-loja-ecuador\/\"><img loading=\"lazy\" decoding=\"async\" width=\"800\" height=\"533\" src=\"https:\/\/diversidadaudiovisual.org\/nuevaweb\/wp-content\/uploads\/2012\/06\/diversidad-audiovisual-noticia-800x533.jpg\" class=\"attachment-thememount-img-blog size-thememount-img-blog wp-post-image\" alt=\"Diversidad Audiovisual Noticia\" srcset=\"https:\/\/diversidadaudiovisual.org\/nuevaweb\/wp-content\/uploads\/2012\/06\/diversidad-audiovisual-noticia-800x533.jpg 800w, https:\/\/diversidadaudiovisual.org\/nuevaweb\/wp-content\/uploads\/2012\/06\/diversidad-audiovisual-noticia-300x200.jpg 300w, https:\/\/diversidadaudiovisual.org\/nuevaweb\/wp-content\/uploads\/2012\/06\/diversidad-audiovisual-noticia-1024x683.jpg 1024w, https:\/\/diversidadaudiovisual.org\/nuevaweb\/wp-content\/uploads\/2012\/06\/diversidad-audiovisual-noticia-768x512.jpg 768w, https:\/\/diversidadaudiovisual.org\/nuevaweb\/wp-content\/uploads\/2012\/06\/diversidad-audiovisual-noticia.jpg 1200w\" sizes=\"auto, (max-width: 800px) 100vw, 800px\" data-id=\"8502\" \/><\/a><\/div> <\/div>\n    <div class=\"thememount-box-content\">\n      <div class=\"thememount-box-post-date\"><span class=\"tm-meta-line posted-on\"><span class=\"screen-reader-text tm-hide\">Posted on <\/span><a href=\"https:\/\/diversidadaudiovisual.org\/nuevaweb\/visita-al-seminario-permanente-de-las-profesoras-jenny-jovita-yaguache-quichimbo-y-gabriela-coronel-salas-de-la-universidad-tecnica-particular-de-loja-ecuador\/\" rel=\"bookmark\"><time class=\"entry-date published\" datetime=\"2019-05-30T15:12:45+00:00\">May 30, 2019<\/time><time class=\"updated tm-hide\" datetime=\"2023-02-10T11:20:13+00:00\">Feb 10, 2023<\/time><\/a><\/span><\/div>\n      <div class=\"thememount-box-title\"><h4><a href=\"https:\/\/diversidadaudiovisual.org\/nuevaweb\/visita-al-seminario-permanente-de-las-profesoras-jenny-jovita-yaguache-quichimbo-y-gabriela-coronel-salas-de-la-universidad-tecnica-particular-de-loja-ecuador\/\">Visita al seminario permanente de las profesoras Jenny Jovita Yaguache Quichimbo y Gabriela Coronel Salas, de la Universidad T\u00e9cnica Particular de Loja (Ecuador)<\/a><\/h4><\/div>      <div class=\"author-email\">\n        <p><strong><\/strong> <\/p>\n      <\/div>\n <div class=\"universidad\">\n        <p> <\/p>\n      <\/div>\n      <div class=\"thememount-box-desc\">\n        <div class=\"thememount-box-desc-text\">El pasado 28 de marzo de 2019 las profesoras Jenny Jovita Yaguache Quichimbo y Gabriela Coronel Salas, ambas Doctoras por la Unive...<\/div>\n        <div class=\"thememount-box-desc-footer\">\n                    <div class=\"thememount-blogbox-desc-footer\">\n            <div class=\"thememount-blogbox-footer-readmore\">  <\/div>\n          <\/div>\n        <\/div>\n      <\/div>\n    <\/div>\n  <\/div>\n<\/article>\n<\/div><div class=\"tm-box-col-wrapper col-lg-4 col-sm-6 col-md-4 col-xs-12 actividades actividades-anteriores\"><article class=\"thememount-box thememount-box-blog thememount-blogbox-format- \">\n  <div class=\"post-item\">\n        <div class=\"tm-featured-outer-wrapper tm-post-featured-outer-wrapper\"> <div class=\"tm-post-format-icon-wrapper\"><i class=\"tm-knox-icon-pencil\"><\/i><\/div> <div class=\"tm-featured-wrapper tm-post-featured-wrapper tm-post-format-\"><a href=\"https:\/\/diversidadaudiovisual.org\/nuevaweb\/la-unesco-invita-al-profesor-luis-albornoz-a-participar-de-la-reunion-preparatoria-del-proximo-informe-mundial-reshaping-cultural-policies\/\"><img loading=\"lazy\" decoding=\"async\" width=\"800\" height=\"533\" src=\"https:\/\/diversidadaudiovisual.org\/nuevaweb\/wp-content\/uploads\/2012\/06\/diversidad-audiovisual-evento-800x533.jpg\" class=\"attachment-thememount-img-blog size-thememount-img-blog wp-post-image\" alt=\"Diversidad Audiovisual Evento\" srcset=\"https:\/\/diversidadaudiovisual.org\/nuevaweb\/wp-content\/uploads\/2012\/06\/diversidad-audiovisual-evento-800x533.jpg 800w, https:\/\/diversidadaudiovisual.org\/nuevaweb\/wp-content\/uploads\/2012\/06\/diversidad-audiovisual-evento-300x200.jpg 300w, https:\/\/diversidadaudiovisual.org\/nuevaweb\/wp-content\/uploads\/2012\/06\/diversidad-audiovisual-evento-1024x683.jpg 1024w, https:\/\/diversidadaudiovisual.org\/nuevaweb\/wp-content\/uploads\/2012\/06\/diversidad-audiovisual-evento-768x512.jpg 768w, https:\/\/diversidadaudiovisual.org\/nuevaweb\/wp-content\/uploads\/2012\/06\/diversidad-audiovisual-evento.jpg 1200w\" sizes=\"auto, (max-width: 800px) 100vw, 800px\" data-id=\"8501\" \/><\/a><\/div> <\/div>\n    <div class=\"thememount-box-content\">\n      <div class=\"thememount-box-post-date\"><span class=\"tm-meta-line posted-on\"><span class=\"screen-reader-text tm-hide\">Posted on <\/span><a href=\"https:\/\/diversidadaudiovisual.org\/nuevaweb\/la-unesco-invita-al-profesor-luis-albornoz-a-participar-de-la-reunion-preparatoria-del-proximo-informe-mundial-reshaping-cultural-policies\/\" rel=\"bookmark\"><time class=\"entry-date published\" datetime=\"2019-05-30T15:03:33+00:00\">May 30, 2019<\/time><time class=\"updated tm-hide\" datetime=\"2023-02-10T11:19:47+00:00\">Feb 10, 2023<\/time><\/a><\/span><\/div>\n      <div class=\"thememount-box-title\"><h4><a href=\"https:\/\/diversidadaudiovisual.org\/nuevaweb\/la-unesco-invita-al-profesor-luis-albornoz-a-participar-de-la-reunion-preparatoria-del-proximo-informe-mundial-reshaping-cultural-policies\/\">La UNESCO invita al profesor Luis Albornoz a participar de la reuni\u00f3n preparatoria del pr\u00f3ximo informe mundial Re\/Shaping Cultural Policies<\/a><\/h4><\/div>      <div class=\"author-email\">\n        <p><strong><\/strong> <\/p>\n      <\/div>\n <div class=\"universidad\">\n        <p> <\/p>\n      <\/div>\n      <div class=\"thememount-box-desc\">\n        <div class=\"thememount-box-desc-text\">La UNESCO es responsable de la publicaci\u00f3n de la serie de informes mundiales Re|Shaping Cultural Policies, que ha sido concebida...<\/div>\n        <div class=\"thememount-box-desc-footer\">\n                    <div class=\"thememount-blogbox-desc-footer\">\n            <div class=\"thememount-blogbox-footer-readmore\">  <\/div>\n          <\/div>\n        <\/div>\n      <\/div>\n    <\/div>\n  <\/div>\n<\/article>\n<\/div><div class=\"tm-box-col-wrapper col-lg-4 col-sm-6 col-md-4 col-xs-12 actividades actividades-anteriores\"><article class=\"thememount-box thememount-box-blog thememount-blogbox-format- \">\n  <div class=\"post-item\">\n        <div class=\"tm-featured-outer-wrapper tm-post-featured-outer-wrapper\"> <div class=\"tm-post-format-icon-wrapper\"><i class=\"tm-knox-icon-pencil\"><\/i><\/div> <div class=\"tm-featured-wrapper tm-post-featured-wrapper tm-post-format-\"><a href=\"https:\/\/diversidadaudiovisual.org\/nuevaweb\/estancia-predoctoral-del-profesor-jose-manuel-moreno-dominguez\/\"><img loading=\"lazy\" decoding=\"async\" width=\"800\" height=\"533\" src=\"https:\/\/diversidadaudiovisual.org\/nuevaweb\/wp-content\/uploads\/2012\/06\/diversidad-audiovisual-noticia-800x533.jpg\" class=\"attachment-thememount-img-blog size-thememount-img-blog wp-post-image\" alt=\"Diversidad Audiovisual Noticia\" srcset=\"https:\/\/diversidadaudiovisual.org\/nuevaweb\/wp-content\/uploads\/2012\/06\/diversidad-audiovisual-noticia-800x533.jpg 800w, https:\/\/diversidadaudiovisual.org\/nuevaweb\/wp-content\/uploads\/2012\/06\/diversidad-audiovisual-noticia-300x200.jpg 300w, https:\/\/diversidadaudiovisual.org\/nuevaweb\/wp-content\/uploads\/2012\/06\/diversidad-audiovisual-noticia-1024x683.jpg 1024w, https:\/\/diversidadaudiovisual.org\/nuevaweb\/wp-content\/uploads\/2012\/06\/diversidad-audiovisual-noticia-768x512.jpg 768w, https:\/\/diversidadaudiovisual.org\/nuevaweb\/wp-content\/uploads\/2012\/06\/diversidad-audiovisual-noticia.jpg 1200w\" sizes=\"auto, (max-width: 800px) 100vw, 800px\" data-id=\"8502\" \/><\/a><\/div> <\/div>\n    <div class=\"thememount-box-content\">\n      <div class=\"thememount-box-post-date\"><span class=\"tm-meta-line posted-on\"><span class=\"screen-reader-text tm-hide\">Posted on <\/span><a href=\"https:\/\/diversidadaudiovisual.org\/nuevaweb\/estancia-predoctoral-del-profesor-jose-manuel-moreno-dominguez\/\" rel=\"bookmark\"><time class=\"entry-date published\" datetime=\"2018-12-16T18:19:02+00:00\">Dic 16, 2018<\/time><time class=\"updated tm-hide\" datetime=\"2023-02-10T11:19:18+00:00\">Feb 10, 2023<\/time><\/a><\/span><\/div>\n      <div class=\"thememount-box-title\"><h4><a href=\"https:\/\/diversidadaudiovisual.org\/nuevaweb\/estancia-predoctoral-del-profesor-jose-manuel-moreno-dominguez\/\">Estancia predoctoral del profesor Jos\u00e9 Manuel Moreno Dom\u00ednguez<\/a><\/h4><\/div>      <div class=\"author-email\">\n        <p><strong><\/strong> <\/p>\n      <\/div>\n <div class=\"universidad\">\n        <p> <\/p>\n      <\/div>\n      <div class=\"thememount-box-desc\">\n        <div class=\"thememount-box-desc-text\">Diciembre de 2018 - Universidad Carlos III de Madrid El profesor Jos\u00e9 Manuel Moreno Dom\u00ednguez, miembro del grupo de Estudios In...<\/div>\n        <div class=\"thememount-box-desc-footer\">\n                    <div class=\"thememount-blogbox-desc-footer\">\n            <div class=\"thememount-blogbox-footer-readmore\">  <\/div>\n          <\/div>\n        <\/div>\n      <\/div>\n    <\/div>\n  <\/div>\n<\/article>\n<\/div><div class=\"tm-box-col-wrapper col-lg-4 col-sm-6 col-md-4 col-xs-12 actividades actividades-anteriores\"><article class=\"thememount-box thememount-box-blog thememount-blogbox-format- \">\n  <div class=\"post-item\">\n        <div class=\"tm-featured-outer-wrapper tm-post-featured-outer-wrapper\"> <div class=\"tm-post-format-icon-wrapper\"><i class=\"tm-knox-icon-pencil\"><\/i><\/div> <div class=\"tm-featured-wrapper tm-post-featured-wrapper tm-post-format-\"><a href=\"https:\/\/diversidadaudiovisual.org\/nuevaweb\/seminario-internacional-plataformas-digitales-de-la-comunicacion-y-la-cultura-post-congreso-iamcr-2019\/\"><img loading=\"lazy\" decoding=\"async\" width=\"800\" height=\"533\" src=\"https:\/\/diversidadaudiovisual.org\/nuevaweb\/wp-content\/uploads\/2012\/06\/diversidad-audiovisual-congreso-800x533.jpg\" class=\"attachment-thememount-img-blog size-thememount-img-blog wp-post-image\" alt=\"Diversidad Audiovisual Congreso\" srcset=\"https:\/\/diversidadaudiovisual.org\/nuevaweb\/wp-content\/uploads\/2012\/06\/diversidad-audiovisual-congreso-800x533.jpg 800w, https:\/\/diversidadaudiovisual.org\/nuevaweb\/wp-content\/uploads\/2012\/06\/diversidad-audiovisual-congreso-300x200.jpg 300w, https:\/\/diversidadaudiovisual.org\/nuevaweb\/wp-content\/uploads\/2012\/06\/diversidad-audiovisual-congreso-1024x683.jpg 1024w, https:\/\/diversidadaudiovisual.org\/nuevaweb\/wp-content\/uploads\/2012\/06\/diversidad-audiovisual-congreso-768x512.jpg 768w, https:\/\/diversidadaudiovisual.org\/nuevaweb\/wp-content\/uploads\/2012\/06\/diversidad-audiovisual-congreso.jpg 1200w\" sizes=\"auto, (max-width: 800px) 100vw, 800px\" data-id=\"8500\" \/><\/a><\/div> <\/div>\n    <div class=\"thememount-box-content\">\n      <div class=\"thememount-box-post-date\"><span class=\"tm-meta-line posted-on\"><span class=\"screen-reader-text tm-hide\">Posted on <\/span><a href=\"https:\/\/diversidadaudiovisual.org\/nuevaweb\/seminario-internacional-plataformas-digitales-de-la-comunicacion-y-la-cultura-post-congreso-iamcr-2019\/\" rel=\"bookmark\"><time class=\"entry-date published\" datetime=\"2018-11-21T12:57:09+00:00\">Nov 21, 2018<\/time><time class=\"updated tm-hide\" datetime=\"2023-02-10T11:18:48+00:00\">Feb 10, 2023<\/time><\/a><\/span><\/div>\n      <div class=\"thememount-box-title\"><h4><a href=\"https:\/\/diversidadaudiovisual.org\/nuevaweb\/seminario-internacional-plataformas-digitales-de-la-comunicacion-y-la-cultura-post-congreso-iamcr-2019\/\">Seminario internacional: \u2018Plataformas digitales de la comunicaci\u00f3n y la cultura\u2019 (Post-congreso IAMCR 2019)<\/a><\/h4><\/div>      <div class=\"author-email\">\n        <p><strong><\/strong> <\/p>\n      <\/div>\n <div class=\"universidad\">\n        <p> <\/p>\n      <\/div>\n      <div class=\"thememount-box-desc\">\n        <div class=\"thememount-box-desc-text\">12 de julio de 2019 \u2013 Seminario internacional: \u2018Plataformas digitales de la comunicaci\u00f3n y la cultura\u2019 (Post-congreso IAMCR...<\/div>\n        <div class=\"thememount-box-desc-footer\">\n                    <div class=\"thememount-blogbox-desc-footer\">\n            <div class=\"thememount-blogbox-footer-readmore\">  <\/div>\n          <\/div>\n        <\/div>\n      <\/div>\n    <\/div>\n  <\/div>\n<\/article>\n<\/div><div class=\"tm-box-col-wrapper col-lg-4 col-sm-6 col-md-4 col-xs-12 actividades actividades-anteriores\"><article class=\"thememount-box thememount-box-blog thememount-blogbox-format- \">\n  <div class=\"post-item\">\n        <div class=\"tm-featured-outer-wrapper tm-post-featured-outer-wrapper\"> <div class=\"tm-post-format-icon-wrapper\"><i class=\"tm-knox-icon-pencil\"><\/i><\/div> <div class=\"tm-featured-wrapper tm-post-featured-wrapper tm-post-format-\"><a href=\"https:\/\/diversidadaudiovisual.org\/nuevaweb\/vi-congreso-ulepicc-espana-digitalizacion-de-la-comunicacion-democracia-y-ciudadania\/\"><img loading=\"lazy\" decoding=\"async\" width=\"800\" height=\"533\" src=\"https:\/\/diversidadaudiovisual.org\/nuevaweb\/wp-content\/uploads\/2012\/06\/diversidad-audiovisual-congreso-800x533.jpg\" class=\"attachment-thememount-img-blog size-thememount-img-blog wp-post-image\" alt=\"Diversidad Audiovisual Congreso\" srcset=\"https:\/\/diversidadaudiovisual.org\/nuevaweb\/wp-content\/uploads\/2012\/06\/diversidad-audiovisual-congreso-800x533.jpg 800w, https:\/\/diversidadaudiovisual.org\/nuevaweb\/wp-content\/uploads\/2012\/06\/diversidad-audiovisual-congreso-300x200.jpg 300w, https:\/\/diversidadaudiovisual.org\/nuevaweb\/wp-content\/uploads\/2012\/06\/diversidad-audiovisual-congreso-1024x683.jpg 1024w, https:\/\/diversidadaudiovisual.org\/nuevaweb\/wp-content\/uploads\/2012\/06\/diversidad-audiovisual-congreso-768x512.jpg 768w, https:\/\/diversidadaudiovisual.org\/nuevaweb\/wp-content\/uploads\/2012\/06\/diversidad-audiovisual-congreso.jpg 1200w\" sizes=\"auto, (max-width: 800px) 100vw, 800px\" data-id=\"8500\" \/><\/a><\/div> <\/div>\n    <div class=\"thememount-box-content\">\n      <div class=\"thememount-box-post-date\"><span class=\"tm-meta-line posted-on\"><span class=\"screen-reader-text tm-hide\">Posted on <\/span><a href=\"https:\/\/diversidadaudiovisual.org\/nuevaweb\/vi-congreso-ulepicc-espana-digitalizacion-de-la-comunicacion-democracia-y-ciudadania\/\" rel=\"bookmark\"><time class=\"entry-date published\" datetime=\"2018-11-13T13:03:30+00:00\">Nov 13, 2018<\/time><time class=\"updated tm-hide\" datetime=\"2023-02-10T11:17:57+00:00\">Feb 10, 2023<\/time><\/a><\/span><\/div>\n      <div class=\"thememount-box-title\"><h4><a href=\"https:\/\/diversidadaudiovisual.org\/nuevaweb\/vi-congreso-ulepicc-espana-digitalizacion-de-la-comunicacion-democracia-y-ciudadania\/\">VI Congreso ULEPICC-Espa\u00f1a &#8211; Digitalizaci\u00f3n de la comunicaci\u00f3n, Democracia y Ciudadan\u00eda.<\/a><\/h4><\/div>      <div class=\"author-email\">\n        <p><strong><\/strong> <\/p>\n      <\/div>\n <div class=\"universidad\">\n        <p> <\/p>\n      <\/div>\n      <div class=\"thememount-box-desc\">\n        <div class=\"thememount-box-desc-text\">22 y 23 de noviembre de 2018 -\u00a0Facultad de Periodismo de la Universidad de Castilla-La Mancha (Cuenca)\u00a0 Miembros del grupo de i...<\/div>\n        <div class=\"thememount-box-desc-footer\">\n                    <div class=\"thememount-blogbox-desc-footer\">\n            <div class=\"thememount-blogbox-footer-readmore\">  <\/div>\n          <\/div>\n        <\/div>\n      <\/div>\n    <\/div>\n  <\/div>\n<\/article>\n<\/div><div class=\"tm-box-col-wrapper col-lg-4 col-sm-6 col-md-4 col-xs-12 actividades actividades-anteriores\"><article class=\"thememount-box thememount-box-blog thememount-blogbox-format- \">\n  <div class=\"post-item\">\n        <div class=\"tm-featured-outer-wrapper tm-post-featured-outer-wrapper\"> <div class=\"tm-post-format-icon-wrapper\"><i class=\"tm-knox-icon-pencil\"><\/i><\/div> <div class=\"tm-featured-wrapper tm-post-featured-wrapper tm-post-format-\"><a href=\"https:\/\/diversidadaudiovisual.org\/nuevaweb\/ecc-2018-centres-and-peripheries-communication-research-translation\/\"><img loading=\"lazy\" decoding=\"async\" width=\"800\" height=\"533\" src=\"https:\/\/diversidadaudiovisual.org\/nuevaweb\/wp-content\/uploads\/2012\/06\/diversidad-audiovisual-congreso-800x533.jpg\" class=\"attachment-thememount-img-blog size-thememount-img-blog wp-post-image\" alt=\"Diversidad Audiovisual Congreso\" srcset=\"https:\/\/diversidadaudiovisual.org\/nuevaweb\/wp-content\/uploads\/2012\/06\/diversidad-audiovisual-congreso-800x533.jpg 800w, https:\/\/diversidadaudiovisual.org\/nuevaweb\/wp-content\/uploads\/2012\/06\/diversidad-audiovisual-congreso-300x200.jpg 300w, https:\/\/diversidadaudiovisual.org\/nuevaweb\/wp-content\/uploads\/2012\/06\/diversidad-audiovisual-congreso-1024x683.jpg 1024w, https:\/\/diversidadaudiovisual.org\/nuevaweb\/wp-content\/uploads\/2012\/06\/diversidad-audiovisual-congreso-768x512.jpg 768w, https:\/\/diversidadaudiovisual.org\/nuevaweb\/wp-content\/uploads\/2012\/06\/diversidad-audiovisual-congreso.jpg 1200w\" sizes=\"auto, (max-width: 800px) 100vw, 800px\" data-id=\"8500\" \/><\/a><\/div> <\/div>\n    <div class=\"thememount-box-content\">\n      <div class=\"thememount-box-post-date\"><span class=\"tm-meta-line posted-on\"><span class=\"screen-reader-text tm-hide\">Posted on <\/span><a href=\"https:\/\/diversidadaudiovisual.org\/nuevaweb\/ecc-2018-centres-and-peripheries-communication-research-translation\/\" rel=\"bookmark\"><time class=\"entry-date published\" datetime=\"2018-09-25T12:57:07+00:00\">Sep 25, 2018<\/time><time class=\"updated tm-hide\" datetime=\"2023-02-10T11:17:26+00:00\">Feb 10, 2023<\/time><\/a><\/span><\/div>\n      <div class=\"thememount-box-title\"><h4><a href=\"https:\/\/diversidadaudiovisual.org\/nuevaweb\/ecc-2018-centres-and-peripheries-communication-research-translation\/\">ECC 2018 &#8211; Centres and Peripheries: Communication, Research, Translation<\/a><\/h4><\/div>      <div class=\"author-email\">\n        <p><strong><\/strong> <\/p>\n      <\/div>\n <div class=\"universidad\">\n        <p> <\/p>\n      <\/div>\n      <div class=\"thememount-box-desc\">\n        <div class=\"thememount-box-desc-text\">Del 31 de octubre al 3 de noviembre de 2018 -\u00a0Universit\u00e0 della Svizzera italiana (Lugano, Suiza) Los miembros de proyecto de in...<\/div>\n        <div class=\"thememount-box-desc-footer\">\n                    <div class=\"thememount-blogbox-desc-footer\">\n            <div class=\"thememount-blogbox-footer-readmore\">  <\/div>\n          <\/div>\n        <\/div>\n      <\/div>\n    <\/div>\n  <\/div>\n<\/article>\n<\/div><div class=\"tm-box-col-wrapper col-lg-4 col-sm-6 col-md-4 col-xs-12 actividades actividades-anteriores\"><article class=\"thememount-box thememount-box-blog thememount-blogbox-format- \">\n  <div class=\"post-item\">\n        <div class=\"tm-featured-outer-wrapper tm-post-featured-outer-wrapper\"> <div class=\"tm-post-format-icon-wrapper\"><i class=\"tm-knox-icon-pencil\"><\/i><\/div> <div class=\"tm-featured-wrapper tm-post-featured-wrapper tm-post-format-\"><a href=\"https:\/\/diversidadaudiovisual.org\/nuevaweb\/le-contenu-culturel-a-lere-du-numerique-acteurs-normes-et-politiques\/\"><img loading=\"lazy\" decoding=\"async\" width=\"800\" height=\"352\" src=\"https:\/\/diversidadaudiovisual.org\/nuevaweb\/wp-content\/uploads\/2018\/09\/le-contenu-culturel-a-lere-du-numerique-acteurs-normes-et-politiques-800x352.jpg\" class=\"attachment-thememount-img-blog size-thememount-img-blog wp-post-image\" alt=\"le-contenu-Le contenu culturel \u00e0 l\u2019\u00e8re du num\u00e9rique. Acteurs, normes et politiquesculturel-a-lere-du-numerique-acteurs-normes-et-politiques\" data-id=\"5600\" \/><\/a><\/div> <\/div>\n    <div class=\"thememount-box-content\">\n      <div class=\"thememount-box-post-date\"><span class=\"tm-meta-line posted-on\"><span class=\"screen-reader-text tm-hide\">Posted on <\/span><a href=\"https:\/\/diversidadaudiovisual.org\/nuevaweb\/le-contenu-culturel-a-lere-du-numerique-acteurs-normes-et-politiques\/\" rel=\"bookmark\"><time class=\"entry-date published\" datetime=\"2018-09-25T12:39:47+00:00\">Sep 25, 2018<\/time><time class=\"updated tm-hide\" datetime=\"2023-02-06T11:59:34+00:00\">Feb 6, 2023<\/time><\/a><\/span><\/div>\n      <div class=\"thememount-box-title\"><h4><a href=\"https:\/\/diversidadaudiovisual.org\/nuevaweb\/le-contenu-culturel-a-lere-du-numerique-acteurs-normes-et-politiques\/\">Le contenu culturel \u00e0 l\u2019\u00e8re du num\u00e9rique. Acteurs, normes et politiques<\/a><\/h4><\/div>      <div class=\"author-email\">\n        <p><strong><\/strong> <\/p>\n      <\/div>\n <div class=\"universidad\">\n        <p> <\/p>\n      <\/div>\n      <div class=\"thememount-box-desc\">\n        <div class=\"thememount-box-desc-text\">El grupo de investigaci\u00f3n Diversidad Audiovisual particip\u00f3 en la organizaci\u00f3n de la jornada \"Le contenu culturel \u00e0 l\u2019\u00e8re du num\u00e9rique. Acteurs, normes et politiques\" que tuvo lugar en la Universit\u00e9 de Li\u00e8ge. El coloquio, organizado por los profesores\u00a0Antonios Vlassis (Universit\u00e9 de Li\u00e8ge), Mich\u00e8le Rioux (Universit\u00e9 du Qu\u00e9bec \u00e0 Montr\u00e9al), Destiny Tch\u00e9houali (Universit\u00e9 du Qu\u00e9bec \u00e0 Montr\u00e9al), ten\u00eda como objetivo\u00a0analizar la coherencia de las pol\u00edticas culturales y digitales y comprender c\u00f3mo los actores, sus discursos y estrategias pretenden ir m\u00e1s all\u00e1 de los intereses del mundo de las artes y la cultura.<\/div>\n        <div class=\"thememount-box-desc-footer\">\n                    <div class=\"thememount-blogbox-desc-footer\">\n            <div class=\"thememount-blogbox-footer-readmore\">  <\/div>\n          <\/div>\n        <\/div>\n      <\/div>\n    <\/div>\n  <\/div>\n<\/article>\n<\/div><div class=\"tm-box-col-wrapper col-lg-4 col-sm-6 col-md-4 col-xs-12 actividades actividades-anteriores\"><article class=\"thememount-box thememount-box-blog thememount-blogbox-format- \">\n  <div class=\"post-item\">\n        <div class=\"tm-featured-outer-wrapper tm-post-featured-outer-wrapper\"> <div class=\"tm-post-format-icon-wrapper\"><i class=\"tm-knox-icon-pencil\"><\/i><\/div> <div class=\"tm-featured-wrapper tm-post-featured-wrapper tm-post-format-\"><a href=\"https:\/\/diversidadaudiovisual.org\/nuevaweb\/visita-al-seminario-permanente-del-profesor-philippe-bouquillion-labsic\/\"><img loading=\"lazy\" decoding=\"async\" width=\"800\" height=\"533\" src=\"https:\/\/diversidadaudiovisual.org\/nuevaweb\/wp-content\/uploads\/2012\/06\/diversidad-audiovisual-noticia-800x533.jpg\" class=\"attachment-thememount-img-blog size-thememount-img-blog wp-post-image\" alt=\"Diversidad Audiovisual Noticia\" srcset=\"https:\/\/diversidadaudiovisual.org\/nuevaweb\/wp-content\/uploads\/2012\/06\/diversidad-audiovisual-noticia-800x533.jpg 800w, https:\/\/diversidadaudiovisual.org\/nuevaweb\/wp-content\/uploads\/2012\/06\/diversidad-audiovisual-noticia-300x200.jpg 300w, https:\/\/diversidadaudiovisual.org\/nuevaweb\/wp-content\/uploads\/2012\/06\/diversidad-audiovisual-noticia-1024x683.jpg 1024w, https:\/\/diversidadaudiovisual.org\/nuevaweb\/wp-content\/uploads\/2012\/06\/diversidad-audiovisual-noticia-768x512.jpg 768w, https:\/\/diversidadaudiovisual.org\/nuevaweb\/wp-content\/uploads\/2012\/06\/diversidad-audiovisual-noticia.jpg 1200w\" sizes=\"auto, (max-width: 800px) 100vw, 800px\" data-id=\"8502\" \/><\/a><\/div> <\/div>\n    <div class=\"thememount-box-content\">\n      <div class=\"thememount-box-post-date\"><span class=\"tm-meta-line posted-on\"><span class=\"screen-reader-text tm-hide\">Posted on <\/span><a href=\"https:\/\/diversidadaudiovisual.org\/nuevaweb\/visita-al-seminario-permanente-del-profesor-philippe-bouquillion-labsic\/\" rel=\"bookmark\"><time class=\"entry-date published\" datetime=\"2018-06-28T09:56:26+00:00\">Jun 28, 2018<\/time><time class=\"updated tm-hide\" datetime=\"2023-02-10T11:16:34+00:00\">Feb 10, 2023<\/time><\/a><\/span><\/div>\n      <div class=\"thememount-box-title\"><h4><a href=\"https:\/\/diversidadaudiovisual.org\/nuevaweb\/visita-al-seminario-permanente-del-profesor-philippe-bouquillion-labsic\/\">Visita al Seminario Permanente del profesor Philippe Bouquillion (LabSIC)<\/a><\/h4><\/div>      <div class=\"author-email\">\n        <p><strong><\/strong> <\/p>\n      <\/div>\n <div class=\"universidad\">\n        <p> <\/p>\n      <\/div>\n      <div class=\"thememount-box-desc\">\n        <div class=\"thememount-box-desc-text\">9 de julio de 2018 - Facultad de Humanidades, Comunicaci\u00f3n y Documentaci\u00f3n, Universidad Carlos III de Madrid El profesor\u00a0Phi...<\/div>\n        <div class=\"thememount-box-desc-footer\">\n                    <div class=\"thememount-blogbox-desc-footer\">\n            <div class=\"thememount-blogbox-footer-readmore\">  <\/div>\n          <\/div>\n        <\/div>\n      <\/div>\n    <\/div>\n  <\/div>\n<\/article>\n<\/div><div class=\"tm-box-col-wrapper col-lg-4 col-sm-6 col-md-4 col-xs-12 actividades actividades-anteriores\"><article class=\"thememount-box thememount-box-blog thememount-blogbox-format- \">\n  <div class=\"post-item\">\n        <div class=\"tm-featured-outer-wrapper tm-post-featured-outer-wrapper\"> <div class=\"tm-post-format-icon-wrapper\"><i class=\"tm-knox-icon-pencil\"><\/i><\/div> <div class=\"tm-featured-wrapper tm-post-featured-wrapper tm-post-format-\"><a href=\"https:\/\/diversidadaudiovisual.org\/nuevaweb\/firma-del-libro-en-la-feria-del-libro-de-madrid-2018\/\"><img loading=\"lazy\" decoding=\"async\" width=\"800\" height=\"533\" src=\"https:\/\/diversidadaudiovisual.org\/nuevaweb\/wp-content\/uploads\/2012\/06\/diversidad-audiovisual-evento-800x533.jpg\" class=\"attachment-thememount-img-blog size-thememount-img-blog wp-post-image\" alt=\"Diversidad Audiovisual Evento\" srcset=\"https:\/\/diversidadaudiovisual.org\/nuevaweb\/wp-content\/uploads\/2012\/06\/diversidad-audiovisual-evento-800x533.jpg 800w, https:\/\/diversidadaudiovisual.org\/nuevaweb\/wp-content\/uploads\/2012\/06\/diversidad-audiovisual-evento-300x200.jpg 300w, https:\/\/diversidadaudiovisual.org\/nuevaweb\/wp-content\/uploads\/2012\/06\/diversidad-audiovisual-evento-1024x683.jpg 1024w, https:\/\/diversidadaudiovisual.org\/nuevaweb\/wp-content\/uploads\/2012\/06\/diversidad-audiovisual-evento-768x512.jpg 768w, https:\/\/diversidadaudiovisual.org\/nuevaweb\/wp-content\/uploads\/2012\/06\/diversidad-audiovisual-evento.jpg 1200w\" sizes=\"auto, (max-width: 800px) 100vw, 800px\" data-id=\"8501\" \/><\/a><\/div> <\/div>\n    <div class=\"thememount-box-content\">\n      <div class=\"thememount-box-post-date\"><span class=\"tm-meta-line posted-on\"><span class=\"screen-reader-text tm-hide\">Posted on <\/span><a href=\"https:\/\/diversidadaudiovisual.org\/nuevaweb\/firma-del-libro-en-la-feria-del-libro-de-madrid-2018\/\" rel=\"bookmark\"><time class=\"entry-date published\" datetime=\"2018-05-24T10:13:46+00:00\">May 24, 2018<\/time><time class=\"updated tm-hide\" datetime=\"2023-02-10T11:16:03+00:00\">Feb 10, 2023<\/time><\/a><\/span><\/div>\n      <div class=\"thememount-box-title\"><h4><a href=\"https:\/\/diversidadaudiovisual.org\/nuevaweb\/firma-del-libro-en-la-feria-del-libro-de-madrid-2018\/\">Firma del libro &#8220;Diversidad e industria audiovisual. El desaf\u00edo cultural del siglo XXI&#8221; en la Feria del Libro de Madrid 2018<\/a><\/h4><\/div>      <div class=\"author-email\">\n        <p><strong><\/strong> <\/p>\n      <\/div>\n <div class=\"universidad\">\n        <p> <\/p>\n      <\/div>\n      <div class=\"thememount-box-desc\">\n        <div class=\"thememount-box-desc-text\">9 de junio de 2018 - Feria del Libro de Madrid (Parque del Retiro, Madrid) M\u00aa Trinidad Garc\u00eda Leiva y Luis A. Albornoz han fi...<\/div>\n        <div class=\"thememount-box-desc-footer\">\n                    <div class=\"thememount-blogbox-desc-footer\">\n            <div class=\"thememount-blogbox-footer-readmore\">  <\/div>\n          <\/div>\n        <\/div>\n      <\/div>\n    <\/div>\n  <\/div>\n<\/article>\n<\/div><div class=\"tm-box-col-wrapper col-lg-4 col-sm-6 col-md-4 col-xs-12 actividades actividades-anteriores\"><article class=\"thememount-box thememount-box-blog thememount-blogbox-format- \">\n  <div class=\"post-item\">\n        <div class=\"tm-featured-outer-wrapper tm-post-featured-outer-wrapper\"> <div class=\"tm-post-format-icon-wrapper\"><i class=\"tm-knox-icon-pencil\"><\/i><\/div> <div class=\"tm-featured-wrapper tm-post-featured-wrapper tm-post-format-\"><a href=\"https:\/\/diversidadaudiovisual.org\/nuevaweb\/foro-de-innovacion-audiovisual-el-exito-del-contenido-televisivo-en-la-era-de-netflix-hbo-y-amazon\/\"><img loading=\"lazy\" decoding=\"async\" width=\"800\" height=\"533\" src=\"https:\/\/diversidadaudiovisual.org\/nuevaweb\/wp-content\/uploads\/2012\/06\/diversidad-audiovisual-evento-800x533.jpg\" class=\"attachment-thememount-img-blog size-thememount-img-blog wp-post-image\" alt=\"Diversidad Audiovisual Evento\" srcset=\"https:\/\/diversidadaudiovisual.org\/nuevaweb\/wp-content\/uploads\/2012\/06\/diversidad-audiovisual-evento-800x533.jpg 800w, https:\/\/diversidadaudiovisual.org\/nuevaweb\/wp-content\/uploads\/2012\/06\/diversidad-audiovisual-evento-300x200.jpg 300w, https:\/\/diversidadaudiovisual.org\/nuevaweb\/wp-content\/uploads\/2012\/06\/diversidad-audiovisual-evento-1024x683.jpg 1024w, https:\/\/diversidadaudiovisual.org\/nuevaweb\/wp-content\/uploads\/2012\/06\/diversidad-audiovisual-evento-768x512.jpg 768w, https:\/\/diversidadaudiovisual.org\/nuevaweb\/wp-content\/uploads\/2012\/06\/diversidad-audiovisual-evento.jpg 1200w\" sizes=\"auto, (max-width: 800px) 100vw, 800px\" data-id=\"8501\" \/><\/a><\/div> <\/div>\n    <div class=\"thememount-box-content\">\n      <div class=\"thememount-box-post-date\"><span class=\"tm-meta-line posted-on\"><span class=\"screen-reader-text tm-hide\">Posted on <\/span><a href=\"https:\/\/diversidadaudiovisual.org\/nuevaweb\/foro-de-innovacion-audiovisual-el-exito-del-contenido-televisivo-en-la-era-de-netflix-hbo-y-amazon\/\" rel=\"bookmark\"><time class=\"entry-date published\" datetime=\"2018-05-24T09:53:50+00:00\">May 24, 2018<\/time><time class=\"updated tm-hide\" datetime=\"2023-02-10T11:15:30+00:00\">Feb 10, 2023<\/time><\/a><\/span><\/div>\n      <div class=\"thememount-box-title\"><h4><a href=\"https:\/\/diversidadaudiovisual.org\/nuevaweb\/foro-de-innovacion-audiovisual-el-exito-del-contenido-televisivo-en-la-era-de-netflix-hbo-y-amazon\/\">Foro de Innovaci\u00f3n Audiovisual: el \u00e9xito del contenido televisivo en la era de Netflix, HBO y Amazon<\/a><\/h4><\/div>      <div class=\"author-email\">\n        <p><strong><\/strong> <\/p>\n      <\/div>\n <div class=\"universidad\">\n        <p> <\/p>\n      <\/div>\n      <div class=\"thememount-box-desc\">\n        <div class=\"thememount-box-desc-text\">22 de mayo de 2018 - Sede de la Universidad de Navarra en Madrid Asier Aranzubia, miembro del proyecto de investigaci\u00f3n \"Diver...<\/div>\n        <div class=\"thememount-box-desc-footer\">\n                    <div class=\"thememount-blogbox-desc-footer\">\n            <div class=\"thememount-blogbox-footer-readmore\">  <\/div>\n          <\/div>\n        <\/div>\n      <\/div>\n    <\/div>\n  <\/div>\n<\/article>\n<\/div><div class=\"tm-box-col-wrapper col-lg-4 col-sm-6 col-md-4 col-xs-12 actividades actividades-anteriores\"><article class=\"thememount-box thememount-box-blog thememount-blogbox-format- \">\n  <div class=\"post-item\">\n        <div class=\"tm-featured-outer-wrapper tm-post-featured-outer-wrapper\"> <div class=\"tm-post-format-icon-wrapper\"><i class=\"tm-knox-icon-pencil\"><\/i><\/div> <div class=\"tm-featured-wrapper tm-post-featured-wrapper tm-post-format-\"><a href=\"https:\/\/diversidadaudiovisual.org\/nuevaweb\/workshop-when-everything-is-a-platform\/\"><img loading=\"lazy\" decoding=\"async\" width=\"800\" height=\"533\" src=\"https:\/\/diversidadaudiovisual.org\/nuevaweb\/wp-content\/uploads\/2012\/06\/diversidad-audiovisual-congreso-800x533.jpg\" class=\"attachment-thememount-img-blog size-thememount-img-blog wp-post-image\" alt=\"Diversidad Audiovisual Congreso\" srcset=\"https:\/\/diversidadaudiovisual.org\/nuevaweb\/wp-content\/uploads\/2012\/06\/diversidad-audiovisual-congreso-800x533.jpg 800w, https:\/\/diversidadaudiovisual.org\/nuevaweb\/wp-content\/uploads\/2012\/06\/diversidad-audiovisual-congreso-300x200.jpg 300w, https:\/\/diversidadaudiovisual.org\/nuevaweb\/wp-content\/uploads\/2012\/06\/diversidad-audiovisual-congreso-1024x683.jpg 1024w, https:\/\/diversidadaudiovisual.org\/nuevaweb\/wp-content\/uploads\/2012\/06\/diversidad-audiovisual-congreso-768x512.jpg 768w, https:\/\/diversidadaudiovisual.org\/nuevaweb\/wp-content\/uploads\/2012\/06\/diversidad-audiovisual-congreso.jpg 1200w\" sizes=\"auto, (max-width: 800px) 100vw, 800px\" data-id=\"8500\" \/><\/a><\/div> <\/div>\n    <div class=\"thememount-box-content\">\n      <div class=\"thememount-box-post-date\"><span class=\"tm-meta-line posted-on\"><span class=\"screen-reader-text tm-hide\">Posted on <\/span><a href=\"https:\/\/diversidadaudiovisual.org\/nuevaweb\/workshop-when-everything-is-a-platform\/\" rel=\"bookmark\"><time class=\"entry-date published\" datetime=\"2018-03-13T16:49:34+00:00\">Mar 13, 2018<\/time><time class=\"updated tm-hide\" datetime=\"2023-02-10T11:14:38+00:00\">Feb 10, 2023<\/time><\/a><\/span><\/div>\n      <div class=\"thememount-box-title\"><h4><a href=\"https:\/\/diversidadaudiovisual.org\/nuevaweb\/workshop-when-everything-is-a-platform\/\">Workshop When Everything is a Platform<\/a><\/h4><\/div>      <div class=\"author-email\">\n        <p><strong><\/strong> <\/p>\n      <\/div>\n <div class=\"universidad\">\n        <p> <\/p>\n      <\/div>\n      <div class=\"thememount-box-desc\">\n        <div class=\"thememount-box-desc-text\">16 de abril de 2018 -\u00a0Santa Chiara Lab, Universidad de Siena (Italia) El profesor Juan I. Gallego, miembro del proyecto de inv...<\/div>\n        <div class=\"thememount-box-desc-footer\">\n                    <div class=\"thememount-blogbox-desc-footer\">\n            <div class=\"thememount-blogbox-footer-readmore\">  <\/div>\n          <\/div>\n        <\/div>\n      <\/div>\n    <\/div>\n  <\/div>\n<\/article>\n<\/div><div class=\"tm-box-col-wrapper col-lg-4 col-sm-6 col-md-4 col-xs-12 actividades actividades-anteriores\"><article class=\"thememount-box thememount-box-blog thememount-blogbox-format- \">\n  <div class=\"post-item\">\n        <div class=\"tm-featured-outer-wrapper tm-post-featured-outer-wrapper\"> <div class=\"tm-post-format-icon-wrapper\"><i class=\"tm-knox-icon-pencil\"><\/i><\/div> <div class=\"tm-featured-wrapper tm-post-featured-wrapper tm-post-format-\"><a href=\"https:\/\/diversidadaudiovisual.org\/nuevaweb\/congreso-internacional-la-ciudad-imagenes-e-imaginarios\/\"><img loading=\"lazy\" decoding=\"async\" width=\"800\" height=\"533\" src=\"https:\/\/diversidadaudiovisual.org\/nuevaweb\/wp-content\/uploads\/2012\/06\/diversidad-audiovisual-congreso-800x533.jpg\" class=\"attachment-thememount-img-blog size-thememount-img-blog wp-post-image\" alt=\"Diversidad Audiovisual Congreso\" srcset=\"https:\/\/diversidadaudiovisual.org\/nuevaweb\/wp-content\/uploads\/2012\/06\/diversidad-audiovisual-congreso-800x533.jpg 800w, https:\/\/diversidadaudiovisual.org\/nuevaweb\/wp-content\/uploads\/2012\/06\/diversidad-audiovisual-congreso-300x200.jpg 300w, https:\/\/diversidadaudiovisual.org\/nuevaweb\/wp-content\/uploads\/2012\/06\/diversidad-audiovisual-congreso-1024x683.jpg 1024w, https:\/\/diversidadaudiovisual.org\/nuevaweb\/wp-content\/uploads\/2012\/06\/diversidad-audiovisual-congreso-768x512.jpg 768w, https:\/\/diversidadaudiovisual.org\/nuevaweb\/wp-content\/uploads\/2012\/06\/diversidad-audiovisual-congreso.jpg 1200w\" sizes=\"auto, (max-width: 800px) 100vw, 800px\" data-id=\"8500\" \/><\/a><\/div> <\/div>\n    <div class=\"thememount-box-content\">\n      <div class=\"thememount-box-post-date\"><span class=\"tm-meta-line posted-on\"><span class=\"screen-reader-text tm-hide\">Posted on <\/span><a href=\"https:\/\/diversidadaudiovisual.org\/nuevaweb\/congreso-internacional-la-ciudad-imagenes-e-imaginarios\/\" rel=\"bookmark\"><time class=\"entry-date published\" datetime=\"2018-03-13T16:44:05+00:00\">Mar 13, 2018<\/time><time class=\"updated tm-hide\" datetime=\"2023-02-10T11:14:07+00:00\">Feb 10, 2023<\/time><\/a><\/span><\/div>\n      <div class=\"thememount-box-title\"><h4><a href=\"https:\/\/diversidadaudiovisual.org\/nuevaweb\/congreso-internacional-la-ciudad-imagenes-e-imaginarios\/\">Congreso Internacional La ciudad: im\u00e1genes e imaginarios<\/a><\/h4><\/div>      <div class=\"author-email\">\n        <p><strong><\/strong> <\/p>\n      <\/div>\n <div class=\"universidad\">\n        <p> <\/p>\n      <\/div>\n      <div class=\"thememount-box-desc\">\n        <div class=\"thememount-box-desc-text\">Del 12 al 15 de marzo de 2018 - Facultad de Humanidades, Comunicaci\u00f3n y Documentaci\u00f3n de la Universidad Carlos III de Madrid...<\/div>\n        <div class=\"thememount-box-desc-footer\">\n                    <div class=\"thememount-blogbox-desc-footer\">\n            <div class=\"thememount-blogbox-footer-readmore\">  <\/div>\n          <\/div>\n        <\/div>\n      <\/div>\n    <\/div>\n  <\/div>\n<\/article>\n<\/div><div class=\"tm-box-col-wrapper col-lg-4 col-sm-6 col-md-4 col-xs-12 actividades actividades-anteriores\"><article class=\"thememount-box thememount-box-blog thememount-blogbox-format- \">\n  <div class=\"post-item\">\n        <div class=\"tm-featured-outer-wrapper tm-post-featured-outer-wrapper\"> <div class=\"tm-post-format-icon-wrapper\"><i class=\"tm-knox-icon-pencil\"><\/i><\/div> <div class=\"tm-featured-wrapper tm-post-featured-wrapper tm-post-format-\"><a href=\"https:\/\/diversidadaudiovisual.org\/nuevaweb\/presentacion-del-libro-diversidad-e-industria-audiovisual-el-desafio-cultural-del-siglo-xxi-en-barcelona\/\"><img loading=\"lazy\" decoding=\"async\" width=\"800\" height=\"533\" src=\"https:\/\/diversidadaudiovisual.org\/nuevaweb\/wp-content\/uploads\/2012\/06\/diversidad-audiovisual-evento-800x533.jpg\" class=\"attachment-thememount-img-blog size-thememount-img-blog wp-post-image\" alt=\"Diversidad Audiovisual Evento\" srcset=\"https:\/\/diversidadaudiovisual.org\/nuevaweb\/wp-content\/uploads\/2012\/06\/diversidad-audiovisual-evento-800x533.jpg 800w, https:\/\/diversidadaudiovisual.org\/nuevaweb\/wp-content\/uploads\/2012\/06\/diversidad-audiovisual-evento-300x200.jpg 300w, https:\/\/diversidadaudiovisual.org\/nuevaweb\/wp-content\/uploads\/2012\/06\/diversidad-audiovisual-evento-1024x683.jpg 1024w, https:\/\/diversidadaudiovisual.org\/nuevaweb\/wp-content\/uploads\/2012\/06\/diversidad-audiovisual-evento-768x512.jpg 768w, https:\/\/diversidadaudiovisual.org\/nuevaweb\/wp-content\/uploads\/2012\/06\/diversidad-audiovisual-evento.jpg 1200w\" sizes=\"auto, (max-width: 800px) 100vw, 800px\" data-id=\"8501\" \/><\/a><\/div> <\/div>\n    <div class=\"thememount-box-content\">\n      <div class=\"thememount-box-post-date\"><span class=\"tm-meta-line posted-on\"><span class=\"screen-reader-text tm-hide\">Posted on <\/span><a href=\"https:\/\/diversidadaudiovisual.org\/nuevaweb\/presentacion-del-libro-diversidad-e-industria-audiovisual-el-desafio-cultural-del-siglo-xxi-en-barcelona\/\" rel=\"bookmark\"><time class=\"entry-date published\" datetime=\"2018-02-28T13:25:33+00:00\">Feb 28, 2018<\/time><time class=\"updated tm-hide\" datetime=\"2023-02-10T11:13:36+00:00\">Feb 10, 2023<\/time><\/a><\/span><\/div>\n      <div class=\"thememount-box-title\"><h4><a href=\"https:\/\/diversidadaudiovisual.org\/nuevaweb\/presentacion-del-libro-diversidad-e-industria-audiovisual-el-desafio-cultural-del-siglo-xxi-en-barcelona\/\">Presentaci\u00f3n del libro &#8220;Diversidad e industria audiovisual. El desaf\u00edo cultural del siglo XXI&#8221; en Barcelona<\/a><\/h4><\/div>      <div class=\"author-email\">\n        <p><strong><\/strong> <\/p>\n      <\/div>\n <div class=\"universidad\">\n        <p> <\/p>\n      <\/div>\n      <div class=\"thememount-box-desc\">\n        <div class=\"thememount-box-desc-text\">5 de marzo de 2018 -\u00a0Sala de Actos del Col\u00b7legi de Periodistes de Catalunya &nbsp;...<\/div>\n        <div class=\"thememount-box-desc-footer\">\n                    <div class=\"thememount-blogbox-desc-footer\">\n            <div class=\"thememount-blogbox-footer-readmore\">  <\/div>\n          <\/div>\n        <\/div>\n      <\/div>\n    <\/div>\n  <\/div>\n<\/article>\n<\/div><div class=\"tm-box-col-wrapper col-lg-4 col-sm-6 col-md-4 col-xs-12 actividades actividades-anteriores\"><article class=\"thememount-box thememount-box-blog thememount-blogbox-format- \">\n  <div class=\"post-item\">\n        <div class=\"tm-featured-outer-wrapper tm-post-featured-outer-wrapper\"> <div class=\"tm-post-format-icon-wrapper\"><i class=\"tm-knox-icon-pencil\"><\/i><\/div> <div class=\"tm-featured-wrapper tm-post-featured-wrapper tm-post-format-\"><a href=\"https:\/\/diversidadaudiovisual.org\/nuevaweb\/luis-a-albornoz-visita-la-universidad-autonoma-de-barcelona-para-impartir-la-conferencia-la-nocion-de-diversidad-en-el-marco-de-funcionamiento-de-la-industria-audiovisual\/\"><img loading=\"lazy\" decoding=\"async\" width=\"800\" height=\"533\" src=\"https:\/\/diversidadaudiovisual.org\/nuevaweb\/wp-content\/uploads\/2012\/05\/diversidad-audiovisual-transferencia-800x533.jpg\" class=\"attachment-thememount-img-blog size-thememount-img-blog wp-post-image\" alt=\"Diversidad Audiovisual Transferencia\" srcset=\"https:\/\/diversidadaudiovisual.org\/nuevaweb\/wp-content\/uploads\/2012\/05\/diversidad-audiovisual-transferencia-800x533.jpg 800w, https:\/\/diversidadaudiovisual.org\/nuevaweb\/wp-content\/uploads\/2012\/05\/diversidad-audiovisual-transferencia-300x200.jpg 300w, https:\/\/diversidadaudiovisual.org\/nuevaweb\/wp-content\/uploads\/2012\/05\/diversidad-audiovisual-transferencia-1024x683.jpg 1024w, https:\/\/diversidadaudiovisual.org\/nuevaweb\/wp-content\/uploads\/2012\/05\/diversidad-audiovisual-transferencia-768x512.jpg 768w, https:\/\/diversidadaudiovisual.org\/nuevaweb\/wp-content\/uploads\/2012\/05\/diversidad-audiovisual-transferencia.jpg 1200w\" sizes=\"auto, (max-width: 800px) 100vw, 800px\" data-id=\"8497\" \/><\/a><\/div> <\/div>\n    <div class=\"thememount-box-content\">\n      <div class=\"thememount-box-post-date\"><span class=\"tm-meta-line posted-on\"><span class=\"screen-reader-text tm-hide\">Posted on <\/span><a href=\"https:\/\/diversidadaudiovisual.org\/nuevaweb\/luis-a-albornoz-visita-la-universidad-autonoma-de-barcelona-para-impartir-la-conferencia-la-nocion-de-diversidad-en-el-marco-de-funcionamiento-de-la-industria-audiovisual\/\" rel=\"bookmark\"><time class=\"entry-date published\" datetime=\"2018-02-28T12:41:42+00:00\">Feb 28, 2018<\/time><time class=\"updated tm-hide\" datetime=\"2023-02-10T11:13:08+00:00\">Feb 10, 2023<\/time><\/a><\/span><\/div>\n      <div class=\"thememount-box-title\"><h4><a href=\"https:\/\/diversidadaudiovisual.org\/nuevaweb\/luis-a-albornoz-visita-la-universidad-autonoma-de-barcelona-para-impartir-la-conferencia-la-nocion-de-diversidad-en-el-marco-de-funcionamiento-de-la-industria-audiovisual\/\">Luis A. Albornoz visita la Universidad Aut\u00f3noma de Barcelona para impartir la conferencia La noci\u00f3n de diversidad en el marco de funcionamiento de la industria audiovisual<\/a><\/h4><\/div>      <div class=\"author-email\">\n        <p><strong><\/strong> <\/p>\n      <\/div>\n <div class=\"universidad\">\n        <p> <\/p>\n      <\/div>\n      <div class=\"thememount-box-desc\">\n        <div class=\"thememount-box-desc-text\">5 de marzo de 2018 -\u00a0Universitat Aut\u00f2noma de Barcelona El pasado lunes 5 de marzo de 2018, Luis Albornoz (Universidad Carlos II...<\/div>\n        <div class=\"thememount-box-desc-footer\">\n                    <div class=\"thememount-blogbox-desc-footer\">\n            <div class=\"thememount-blogbox-footer-readmore\">  <\/div>\n          <\/div>\n        <\/div>\n      <\/div>\n    <\/div>\n  <\/div>\n<\/article>\n<\/div><div class=\"tm-box-col-wrapper col-lg-4 col-sm-6 col-md-4 col-xs-12 actividades actividades-anteriores\"><article class=\"thememount-box thememount-box-blog thememount-blogbox-format- \">\n  <div class=\"post-item\">\n        <div class=\"tm-featured-outer-wrapper tm-post-featured-outer-wrapper\"> <div class=\"tm-post-format-icon-wrapper\"><i class=\"tm-knox-icon-pencil\"><\/i><\/div> <div class=\"tm-featured-wrapper tm-post-featured-wrapper tm-post-format-\"><a href=\"https:\/\/diversidadaudiovisual.org\/nuevaweb\/presentacion-del-libro-diversidad-e-industria-audiovisual-el-desafio-cultural-del-siglo-xxi-en-zaragoza\/\"><img loading=\"lazy\" decoding=\"async\" width=\"800\" height=\"533\" src=\"https:\/\/diversidadaudiovisual.org\/nuevaweb\/wp-content\/uploads\/2012\/06\/diversidad-audiovisual-evento-800x533.jpg\" class=\"attachment-thememount-img-blog size-thememount-img-blog wp-post-image\" alt=\"Diversidad Audiovisual Evento\" srcset=\"https:\/\/diversidadaudiovisual.org\/nuevaweb\/wp-content\/uploads\/2012\/06\/diversidad-audiovisual-evento-800x533.jpg 800w, https:\/\/diversidadaudiovisual.org\/nuevaweb\/wp-content\/uploads\/2012\/06\/diversidad-audiovisual-evento-300x200.jpg 300w, https:\/\/diversidadaudiovisual.org\/nuevaweb\/wp-content\/uploads\/2012\/06\/diversidad-audiovisual-evento-1024x683.jpg 1024w, https:\/\/diversidadaudiovisual.org\/nuevaweb\/wp-content\/uploads\/2012\/06\/diversidad-audiovisual-evento-768x512.jpg 768w, https:\/\/diversidadaudiovisual.org\/nuevaweb\/wp-content\/uploads\/2012\/06\/diversidad-audiovisual-evento.jpg 1200w\" sizes=\"auto, (max-width: 800px) 100vw, 800px\" data-id=\"8501\" \/><\/a><\/div> <\/div>\n    <div class=\"thememount-box-content\">\n      <div class=\"thememount-box-post-date\"><span class=\"tm-meta-line posted-on\"><span class=\"screen-reader-text tm-hide\">Posted on <\/span><a href=\"https:\/\/diversidadaudiovisual.org\/nuevaweb\/presentacion-del-libro-diversidad-e-industria-audiovisual-el-desafio-cultural-del-siglo-xxi-en-zaragoza\/\" rel=\"bookmark\"><time class=\"entry-date published\" datetime=\"2018-02-27T12:42:43+00:00\">Feb 27, 2018<\/time><time class=\"updated tm-hide\" datetime=\"2023-02-10T11:12:04+00:00\">Feb 10, 2023<\/time><\/a><\/span><\/div>\n      <div class=\"thememount-box-title\"><h4><a href=\"https:\/\/diversidadaudiovisual.org\/nuevaweb\/presentacion-del-libro-diversidad-e-industria-audiovisual-el-desafio-cultural-del-siglo-xxi-en-zaragoza\/\">Presentaci\u00f3n del libro &#8220;Diversidad e industria audiovisual. El desaf\u00edo cultural del siglo XXI&#8221; en Zaragoza<\/a><\/h4><\/div>      <div class=\"author-email\">\n        <p><strong><\/strong> <\/p>\n      <\/div>\n <div class=\"universidad\">\n        <p> <\/p>\n      <\/div>\n      <div class=\"thememount-box-desc\">\n        <div class=\"thememount-box-desc-text\">2 de marzo de 2018 - Sede de la Asociaci\u00f3n de Periodistas de Arag\u00f3n (Zaragoza) &nbsp; &nbsp;...<\/div>\n        <div class=\"thememount-box-desc-footer\">\n                    <div class=\"thememount-blogbox-desc-footer\">\n            <div class=\"thememount-blogbox-footer-readmore\">  <\/div>\n          <\/div>\n        <\/div>\n      <\/div>\n    <\/div>\n  <\/div>\n<\/article>\n<\/div><div class=\"tm-box-col-wrapper col-lg-4 col-sm-6 col-md-4 col-xs-12 actividades actividades-anteriores\"><article class=\"thememount-box thememount-box-blog thememount-blogbox-format- \">\n  <div class=\"post-item\">\n        <div class=\"tm-featured-outer-wrapper tm-post-featured-outer-wrapper\"> <div class=\"tm-post-format-icon-wrapper\"><i class=\"tm-knox-icon-pencil\"><\/i><\/div> <div class=\"tm-featured-wrapper tm-post-featured-wrapper tm-post-format-\"><a href=\"https:\/\/diversidadaudiovisual.org\/nuevaweb\/presentacion-del-libro-diversidad-e-industria-audiovisual-el-desafio-cultural-del-siglo-xxi\/\"><img loading=\"lazy\" decoding=\"async\" width=\"800\" height=\"533\" src=\"https:\/\/diversidadaudiovisual.org\/nuevaweb\/wp-content\/uploads\/2012\/06\/diversidad-audiovisual-evento-800x533.jpg\" class=\"attachment-thememount-img-blog size-thememount-img-blog wp-post-image\" alt=\"Diversidad Audiovisual Evento\" srcset=\"https:\/\/diversidadaudiovisual.org\/nuevaweb\/wp-content\/uploads\/2012\/06\/diversidad-audiovisual-evento-800x533.jpg 800w, https:\/\/diversidadaudiovisual.org\/nuevaweb\/wp-content\/uploads\/2012\/06\/diversidad-audiovisual-evento-300x200.jpg 300w, https:\/\/diversidadaudiovisual.org\/nuevaweb\/wp-content\/uploads\/2012\/06\/diversidad-audiovisual-evento-1024x683.jpg 1024w, https:\/\/diversidadaudiovisual.org\/nuevaweb\/wp-content\/uploads\/2012\/06\/diversidad-audiovisual-evento-768x512.jpg 768w, https:\/\/diversidadaudiovisual.org\/nuevaweb\/wp-content\/uploads\/2012\/06\/diversidad-audiovisual-evento.jpg 1200w\" sizes=\"auto, (max-width: 800px) 100vw, 800px\" data-id=\"8501\" \/><\/a><\/div> <\/div>\n    <div class=\"thememount-box-content\">\n      <div class=\"thememount-box-post-date\"><span class=\"tm-meta-line posted-on\"><span class=\"screen-reader-text tm-hide\">Posted on <\/span><a href=\"https:\/\/diversidadaudiovisual.org\/nuevaweb\/presentacion-del-libro-diversidad-e-industria-audiovisual-el-desafio-cultural-del-siglo-xxi\/\" rel=\"bookmark\"><time class=\"entry-date published\" datetime=\"2017-11-21T12:09:33+00:00\">Nov 21, 2017<\/time><time class=\"updated tm-hide\" datetime=\"2023-02-10T11:11:38+00:00\">Feb 10, 2023<\/time><\/a><\/span><\/div>\n      <div class=\"thememount-box-title\"><h4><a href=\"https:\/\/diversidadaudiovisual.org\/nuevaweb\/presentacion-del-libro-diversidad-e-industria-audiovisual-el-desafio-cultural-del-siglo-xxi\/\">Presentaci\u00f3n del libro &#8220;Diversidad e industria audiovisual. El desaf\u00edo cultural del siglo XXI&#8221; en Madrid<\/a><\/h4><\/div>      <div class=\"author-email\">\n        <p><strong><\/strong> <\/p>\n      <\/div>\n <div class=\"universidad\">\n        <p> <\/p>\n      <\/div>\n      <div class=\"thememount-box-desc\">\n        <div class=\"thememount-box-desc-text\">30 de noviembre de 2017 - Librer\u00eda Juan Rulfo...<\/div>\n        <div class=\"thememount-box-desc-footer\">\n                    <div class=\"thememount-blogbox-desc-footer\">\n            <div class=\"thememount-blogbox-footer-readmore\">  <\/div>\n          <\/div>\n        <\/div>\n      <\/div>\n    <\/div>\n  <\/div>\n<\/article>\n<\/div><div class=\"tm-box-col-wrapper col-lg-4 col-sm-6 col-md-4 col-xs-12 actividades actividades-anteriores\"><article class=\"thememount-box thememount-box-blog thememount-blogbox-format- \">\n  <div class=\"post-item\">\n        <div class=\"tm-featured-outer-wrapper tm-post-featured-outer-wrapper\"> <div class=\"tm-post-format-icon-wrapper\"><i class=\"tm-knox-icon-pencil\"><\/i><\/div> <div class=\"tm-featured-wrapper tm-post-featured-wrapper tm-post-format-\"><a href=\"https:\/\/diversidadaudiovisual.org\/nuevaweb\/presentacion-del-libro-comunicacion-y-lucha-de-clases-vol-1-capitalismo-imperialismo\/\"><img loading=\"lazy\" decoding=\"async\" width=\"800\" height=\"533\" src=\"https:\/\/diversidadaudiovisual.org\/nuevaweb\/wp-content\/uploads\/2012\/06\/diversidad-audiovisual-evento-800x533.jpg\" class=\"attachment-thememount-img-blog size-thememount-img-blog wp-post-image\" alt=\"Diversidad Audiovisual Evento\" srcset=\"https:\/\/diversidadaudiovisual.org\/nuevaweb\/wp-content\/uploads\/2012\/06\/diversidad-audiovisual-evento-800x533.jpg 800w, https:\/\/diversidadaudiovisual.org\/nuevaweb\/wp-content\/uploads\/2012\/06\/diversidad-audiovisual-evento-300x200.jpg 300w, https:\/\/diversidadaudiovisual.org\/nuevaweb\/wp-content\/uploads\/2012\/06\/diversidad-audiovisual-evento-1024x683.jpg 1024w, https:\/\/diversidadaudiovisual.org\/nuevaweb\/wp-content\/uploads\/2012\/06\/diversidad-audiovisual-evento-768x512.jpg 768w, https:\/\/diversidadaudiovisual.org\/nuevaweb\/wp-content\/uploads\/2012\/06\/diversidad-audiovisual-evento.jpg 1200w\" sizes=\"auto, (max-width: 800px) 100vw, 800px\" data-id=\"8501\" \/><\/a><\/div> <\/div>\n    <div class=\"thememount-box-content\">\n      <div class=\"thememount-box-post-date\"><span class=\"tm-meta-line posted-on\"><span class=\"screen-reader-text tm-hide\">Posted on <\/span><a href=\"https:\/\/diversidadaudiovisual.org\/nuevaweb\/presentacion-del-libro-comunicacion-y-lucha-de-clases-vol-1-capitalismo-imperialismo\/\" rel=\"bookmark\"><time class=\"entry-date published\" datetime=\"2017-09-21T14:38:55+00:00\">Sep 21, 2017<\/time><time class=\"updated tm-hide\" datetime=\"2023-02-10T11:11:00+00:00\">Feb 10, 2023<\/time><\/a><\/span><\/div>\n      <div class=\"thememount-box-title\"><h4><a href=\"https:\/\/diversidadaudiovisual.org\/nuevaweb\/presentacion-del-libro-comunicacion-y-lucha-de-clases-vol-1-capitalismo-imperialismo\/\">Presentaci\u00f3n del libro &#8220;Comunicaci\u00f3n y lucha de clases. Vol.1 Capitalismo, Imperialismo&#8221;<\/a><\/h4><\/div>      <div class=\"author-email\">\n        <p><strong><\/strong> <\/p>\n      <\/div>\n <div class=\"universidad\">\n        <p> <\/p>\n      <\/div>\n      <div class=\"thememount-box-desc\">\n        <div class=\"thememount-box-desc-text\">29 de septiembre de 2017 - Sede Madrid-Puerta de Toledo UC3M (aula 2.A03), 18 horas &nbsp;...<\/div>\n        <div class=\"thememount-box-desc-footer\">\n                    <div class=\"thememount-blogbox-desc-footer\">\n            <div class=\"thememount-blogbox-footer-readmore\">  <\/div>\n          <\/div>\n        <\/div>\n      <\/div>\n    <\/div>\n  <\/div>\n<\/article>\n<\/div><div class=\"tm-box-col-wrapper col-lg-4 col-sm-6 col-md-4 col-xs-12 actividades actividades-anteriores\"><article class=\"thememount-box thememount-box-blog thememount-blogbox-format- \">\n  <div class=\"post-item\">\n        <div class=\"tm-featured-outer-wrapper tm-post-featured-outer-wrapper\"> <div class=\"tm-post-format-icon-wrapper\"><i class=\"tm-knox-icon-pencil\"><\/i><\/div> <div class=\"tm-featured-wrapper tm-post-featured-wrapper tm-post-format-\"><a href=\"https:\/\/diversidadaudiovisual.org\/nuevaweb\/gt-clacso-tecnopolitica-cultura-digital-y-ciudadania-un-nuevo-campo-de-lucha-social-y-una-nueva-emergencia-epistemica-2\/\"><img loading=\"lazy\" decoding=\"async\" width=\"800\" height=\"533\" src=\"https:\/\/diversidadaudiovisual.org\/nuevaweb\/wp-content\/uploads\/2012\/06\/diversidad-audiovisual-congreso-800x533.jpg\" class=\"attachment-thememount-img-blog size-thememount-img-blog wp-post-image\" alt=\"Diversidad Audiovisual Congreso\" srcset=\"https:\/\/diversidadaudiovisual.org\/nuevaweb\/wp-content\/uploads\/2012\/06\/diversidad-audiovisual-congreso-800x533.jpg 800w, https:\/\/diversidadaudiovisual.org\/nuevaweb\/wp-content\/uploads\/2012\/06\/diversidad-audiovisual-congreso-300x200.jpg 300w, https:\/\/diversidadaudiovisual.org\/nuevaweb\/wp-content\/uploads\/2012\/06\/diversidad-audiovisual-congreso-1024x683.jpg 1024w, https:\/\/diversidadaudiovisual.org\/nuevaweb\/wp-content\/uploads\/2012\/06\/diversidad-audiovisual-congreso-768x512.jpg 768w, https:\/\/diversidadaudiovisual.org\/nuevaweb\/wp-content\/uploads\/2012\/06\/diversidad-audiovisual-congreso.jpg 1200w\" sizes=\"auto, (max-width: 800px) 100vw, 800px\" data-id=\"8500\" \/><\/a><\/div> <\/div>\n    <div class=\"thememount-box-content\">\n      <div class=\"thememount-box-post-date\"><span class=\"tm-meta-line posted-on\"><span class=\"screen-reader-text tm-hide\">Posted on <\/span><a href=\"https:\/\/diversidadaudiovisual.org\/nuevaweb\/gt-clacso-tecnopolitica-cultura-digital-y-ciudadania-un-nuevo-campo-de-lucha-social-y-una-nueva-emergencia-epistemica-2\/\" rel=\"bookmark\"><time class=\"entry-date published\" datetime=\"2017-07-20T12:01:12+00:00\">Jul 20, 2017<\/time><time class=\"updated tm-hide\" datetime=\"2023-02-10T11:10:26+00:00\">Feb 10, 2023<\/time><\/a><\/span><\/div>\n      <div class=\"thememount-box-title\"><h4><a href=\"https:\/\/diversidadaudiovisual.org\/nuevaweb\/gt-clacso-tecnopolitica-cultura-digital-y-ciudadania-un-nuevo-campo-de-lucha-social-y-una-nueva-emergencia-epistemica-2\/\">GT CLACSO Tecnopol\u00edtica, Cultura Digital y Ciudadan\u00eda: &#8220;Un nuevo campo de lucha social y una nueva emergencia epist\u00e9mica&#8221;<\/a><\/h4><\/div>      <div class=\"author-email\">\n        <p><strong><\/strong> <\/p>\n      <\/div>\n <div class=\"universidad\">\n        <p> <\/p>\n      <\/div>\n      <div class=\"thememount-box-desc\">\n        <div class=\"thememount-box-desc-text\">10 y\u00a011 de julio\u00a0de 2017 \u2013 Centro de Convenciones de Cartagena de Indias, Colombia La International Association for Media and...<\/div>\n        <div class=\"thememount-box-desc-footer\">\n                    <div class=\"thememount-blogbox-desc-footer\">\n            <div class=\"thememount-blogbox-footer-readmore\">  <\/div>\n          <\/div>\n        <\/div>\n      <\/div>\n    <\/div>\n  <\/div>\n<\/article>\n<\/div><div class=\"tm-box-col-wrapper col-lg-4 col-sm-6 col-md-4 col-xs-12 actividades actividades-anteriores\"><article class=\"thememount-box thememount-box-blog thememount-blogbox-format- \">\n  <div class=\"post-item\">\n        <div class=\"tm-featured-outer-wrapper tm-post-featured-outer-wrapper\"> <div class=\"tm-post-format-icon-wrapper\"><i class=\"tm-knox-icon-pencil\"><\/i><\/div> <div class=\"tm-featured-wrapper tm-post-featured-wrapper tm-post-format-\"><a href=\"https:\/\/diversidadaudiovisual.org\/nuevaweb\/transformacion-de-la-cultura-la-politica-y-la-comunicacion-nuevos-medios-territorios-y-discursos\/\"><img loading=\"lazy\" decoding=\"async\" width=\"800\" height=\"533\" src=\"https:\/\/diversidadaudiovisual.org\/nuevaweb\/wp-content\/uploads\/2012\/06\/diversidad-audiovisual-congreso-800x533.jpg\" class=\"attachment-thememount-img-blog size-thememount-img-blog wp-post-image\" alt=\"Diversidad Audiovisual Congreso\" srcset=\"https:\/\/diversidadaudiovisual.org\/nuevaweb\/wp-content\/uploads\/2012\/06\/diversidad-audiovisual-congreso-800x533.jpg 800w, https:\/\/diversidadaudiovisual.org\/nuevaweb\/wp-content\/uploads\/2012\/06\/diversidad-audiovisual-congreso-300x200.jpg 300w, https:\/\/diversidadaudiovisual.org\/nuevaweb\/wp-content\/uploads\/2012\/06\/diversidad-audiovisual-congreso-1024x683.jpg 1024w, https:\/\/diversidadaudiovisual.org\/nuevaweb\/wp-content\/uploads\/2012\/06\/diversidad-audiovisual-congreso-768x512.jpg 768w, https:\/\/diversidadaudiovisual.org\/nuevaweb\/wp-content\/uploads\/2012\/06\/diversidad-audiovisual-congreso.jpg 1200w\" sizes=\"auto, (max-width: 800px) 100vw, 800px\" data-id=\"8500\" \/><\/a><\/div> <\/div>\n    <div class=\"thememount-box-content\">\n      <div class=\"thememount-box-post-date\"><span class=\"tm-meta-line posted-on\"><span class=\"screen-reader-text tm-hide\">Posted on <\/span><a href=\"https:\/\/diversidadaudiovisual.org\/nuevaweb\/transformacion-de-la-cultura-la-politica-y-la-comunicacion-nuevos-medios-territorios-y-discursos\/\" rel=\"bookmark\"><time class=\"entry-date published\" datetime=\"2017-07-16T08:13:10+00:00\">Jul 16, 2017<\/time><time class=\"updated tm-hide\" datetime=\"2023-02-10T11:09:14+00:00\">Feb 10, 2023<\/time><\/a><\/span><\/div>\n      <div class=\"thememount-box-title\"><h4><a href=\"https:\/\/diversidadaudiovisual.org\/nuevaweb\/transformacion-de-la-cultura-la-politica-y-la-comunicacion-nuevos-medios-territorios-y-discursos\/\">Transformaci\u00f3n de la cultura, la pol\u00edtica y la comunicaci\u00f3n: Nuevos medios, territorios y discursos<\/a><\/h4><\/div>      <div class=\"author-email\">\n        <p><strong><\/strong> <\/p>\n      <\/div>\n <div class=\"universidad\">\n        <p> <\/p>\n      <\/div>\n      <div class=\"thememount-box-desc\">\n        <div class=\"thememount-box-desc-text\">Del 16 al 20 de julio\u00a0de 2017 \u2013 Centro de Convenciones de Cartagena de Indias, Colombia La International Association for Media...<\/div>\n        <div class=\"thememount-box-desc-footer\">\n                    <div class=\"thememount-blogbox-desc-footer\">\n            <div class=\"thememount-blogbox-footer-readmore\">  <\/div>\n          <\/div>\n        <\/div>\n      <\/div>\n    <\/div>\n  <\/div>\n<\/article>\n<\/div><div class=\"tm-box-col-wrapper col-lg-4 col-sm-6 col-md-4 col-xs-12 actividades actividades-anteriores\"><article class=\"thememount-box thememount-box-blog thememount-blogbox-format- \">\n  <div class=\"post-item\">\n        <div class=\"tm-featured-outer-wrapper tm-post-featured-outer-wrapper\"> <div class=\"tm-post-format-icon-wrapper\"><i class=\"tm-knox-icon-pencil\"><\/i><\/div> <div class=\"tm-featured-wrapper tm-post-featured-wrapper tm-post-format-\"><a href=\"https:\/\/diversidadaudiovisual.org\/nuevaweb\/x-congreso-internacional-de-la-union-latina-de-economia-politica-de-la-informacion-la-comunicacion-y-la-cultura-ulepicc-2017-viii-encuentro-pan-americano-de-ciencias-de-la-comunicacion\/\"><img loading=\"lazy\" decoding=\"async\" width=\"800\" height=\"533\" src=\"https:\/\/diversidadaudiovisual.org\/nuevaweb\/wp-content\/uploads\/2012\/06\/diversidad-audiovisual-congreso-800x533.jpg\" class=\"attachment-thememount-img-blog size-thememount-img-blog wp-post-image\" alt=\"Diversidad Audiovisual Congreso\" srcset=\"https:\/\/diversidadaudiovisual.org\/nuevaweb\/wp-content\/uploads\/2012\/06\/diversidad-audiovisual-congreso-800x533.jpg 800w, https:\/\/diversidadaudiovisual.org\/nuevaweb\/wp-content\/uploads\/2012\/06\/diversidad-audiovisual-congreso-300x200.jpg 300w, https:\/\/diversidadaudiovisual.org\/nuevaweb\/wp-content\/uploads\/2012\/06\/diversidad-audiovisual-congreso-1024x683.jpg 1024w, https:\/\/diversidadaudiovisual.org\/nuevaweb\/wp-content\/uploads\/2012\/06\/diversidad-audiovisual-congreso-768x512.jpg 768w, https:\/\/diversidadaudiovisual.org\/nuevaweb\/wp-content\/uploads\/2012\/06\/diversidad-audiovisual-congreso.jpg 1200w\" sizes=\"auto, (max-width: 800px) 100vw, 800px\" data-id=\"8500\" \/><\/a><\/div> <\/div>\n    <div class=\"thememount-box-content\">\n      <div class=\"thememount-box-post-date\"><span class=\"tm-meta-line posted-on\"><span class=\"screen-reader-text tm-hide\">Posted on <\/span><a href=\"https:\/\/diversidadaudiovisual.org\/nuevaweb\/x-congreso-internacional-de-la-union-latina-de-economia-politica-de-la-informacion-la-comunicacion-y-la-cultura-ulepicc-2017-viii-encuentro-pan-americano-de-ciencias-de-la-comunicacion\/\" rel=\"bookmark\"><time class=\"entry-date published\" datetime=\"2017-07-12T10:55:10+00:00\">Jul 12, 2017<\/time><time class=\"updated tm-hide\" datetime=\"2023-02-10T11:08:15+00:00\">Feb 10, 2023<\/time><\/a><\/span><\/div>\n      <div class=\"thememount-box-title\"><h4><a href=\"https:\/\/diversidadaudiovisual.org\/nuevaweb\/x-congreso-internacional-de-la-union-latina-de-economia-politica-de-la-informacion-la-comunicacion-y-la-cultura-ulepicc-2017-viii-encuentro-pan-americano-de-ciencias-de-la-comunicacion\/\">X Congreso Internacional de la Uni\u00f3n Latina de Econom\u00eda Pol\u00edtica de la Informaci\u00f3n, la Comunicaci\u00f3n y la Cultura (ULEPICC \u2013 2017) | VIII Encuentro Pan-Americano de Ciencias de la Comunicaci\u00f3n (PANAM-2017)<\/a><\/h4><\/div>      <div class=\"author-email\">\n        <p><strong><\/strong> <\/p>\n      <\/div>\n <div class=\"universidad\">\n        <p> <\/p>\n      <\/div>\n      <div class=\"thememount-box-desc\">\n        <div class=\"thememount-box-desc-text\">Del 12 al 14 de julio\u00a0de 2017 \u2013 Centro Internacional de Estudios Superiores de Comunicaci\u00f3n para Am\u00e9rica Latina, Quito (Ecuad...<\/div>\n        <div class=\"thememount-box-desc-footer\">\n                    <div class=\"thememount-blogbox-desc-footer\">\n            <div class=\"thememount-blogbox-footer-readmore\">  <\/div>\n          <\/div>\n        <\/div>\n      <\/div>\n    <\/div>\n  <\/div>\n<\/article>\n<\/div><div class=\"tm-box-col-wrapper col-lg-4 col-sm-6 col-md-4 col-xs-12 actividades actividades-anteriores\"><article class=\"thememount-box thememount-box-blog thememount-blogbox-format- \">\n  <div class=\"post-item\">\n        <div class=\"tm-featured-outer-wrapper tm-post-featured-outer-wrapper\"> <div class=\"tm-post-format-icon-wrapper\"><i class=\"tm-knox-icon-pencil\"><\/i><\/div> <div class=\"tm-featured-wrapper tm-post-featured-wrapper tm-post-format-\"><a href=\"https:\/\/diversidadaudiovisual.org\/nuevaweb\/1er-seminario-internacional-de-la-red-latina-de-teoria-critica-en-comunicacion-y-cultura-crisis-capitalismo-y-transformacion-los-desafios-de-las-teorias-criticas-1er-encuentro\/\"><img loading=\"lazy\" decoding=\"async\" width=\"800\" height=\"533\" src=\"https:\/\/diversidadaudiovisual.org\/nuevaweb\/wp-content\/uploads\/2012\/06\/diversidad-audiovisual-congreso-800x533.jpg\" class=\"attachment-thememount-img-blog size-thememount-img-blog wp-post-image\" alt=\"Diversidad Audiovisual Congreso\" srcset=\"https:\/\/diversidadaudiovisual.org\/nuevaweb\/wp-content\/uploads\/2012\/06\/diversidad-audiovisual-congreso-800x533.jpg 800w, https:\/\/diversidadaudiovisual.org\/nuevaweb\/wp-content\/uploads\/2012\/06\/diversidad-audiovisual-congreso-300x200.jpg 300w, https:\/\/diversidadaudiovisual.org\/nuevaweb\/wp-content\/uploads\/2012\/06\/diversidad-audiovisual-congreso-1024x683.jpg 1024w, https:\/\/diversidadaudiovisual.org\/nuevaweb\/wp-content\/uploads\/2012\/06\/diversidad-audiovisual-congreso-768x512.jpg 768w, https:\/\/diversidadaudiovisual.org\/nuevaweb\/wp-content\/uploads\/2012\/06\/diversidad-audiovisual-congreso.jpg 1200w\" sizes=\"auto, (max-width: 800px) 100vw, 800px\" data-id=\"8500\" \/><\/a><\/div> <\/div>\n    <div class=\"thememount-box-content\">\n      <div class=\"thememount-box-post-date\"><span class=\"tm-meta-line posted-on\"><span class=\"screen-reader-text tm-hide\">Posted on <\/span><a href=\"https:\/\/diversidadaudiovisual.org\/nuevaweb\/1er-seminario-internacional-de-la-red-latina-de-teoria-critica-en-comunicacion-y-cultura-crisis-capitalismo-y-transformacion-los-desafios-de-las-teorias-criticas-1er-encuentro\/\" rel=\"bookmark\"><time class=\"entry-date published\" datetime=\"2017-07-12T09:27:12+00:00\">Jul 12, 2017<\/time><time class=\"updated tm-hide\" datetime=\"2023-02-10T11:07:49+00:00\">Feb 10, 2023<\/time><\/a><\/span><\/div>\n      <div class=\"thememount-box-title\"><h4><a href=\"https:\/\/diversidadaudiovisual.org\/nuevaweb\/1er-seminario-internacional-de-la-red-latina-de-teoria-critica-en-comunicacion-y-cultura-crisis-capitalismo-y-transformacion-los-desafios-de-las-teorias-criticas-1er-encuentro\/\">1er. Seminario internacional de la Red Latina de Teor\u00eda Cr\u00edtica en Comunicaci\u00f3n y Cultura: \u201cCrisis, capitalismo y transformaci\u00f3n: los desaf\u00edos de las teor\u00edas cr\u00edticas\u201d \/ 1er. Encuentro internacional del Grupo de Trabajo del Consejo Latinoamericano de Ciencias Sociales (GT CLACSO): \u201cUn nuevo campo de lucha social y una nueva emergencia epist\u00e9mica\u201d.<\/a><\/h4><\/div>      <div class=\"author-email\">\n        <p><strong><\/strong> <\/p>\n      <\/div>\n <div class=\"universidad\">\n        <p> <\/p>\n      <\/div>\n      <div class=\"thememount-box-desc\">\n        <div class=\"thememount-box-desc-text\">Del 10 al 11 de julio de 2017 -\u00a0Centro Internacional de Estudios Superiores de Comunicaci\u00f3n para Am\u00e9rica Latina (Ciespal), Quit...<\/div>\n        <div class=\"thememount-box-desc-footer\">\n                    <div class=\"thememount-blogbox-desc-footer\">\n            <div class=\"thememount-blogbox-footer-readmore\">  <\/div>\n          <\/div>\n        <\/div>\n      <\/div>\n    <\/div>\n  <\/div>\n<\/article>\n<\/div><div class=\"tm-box-col-wrapper col-lg-4 col-sm-6 col-md-4 col-xs-12 actividades actividades-anteriores\"><article class=\"thememount-box thememount-box-blog thememount-blogbox-format- \">\n  <div class=\"post-item\">\n        <div class=\"tm-featured-outer-wrapper tm-post-featured-outer-wrapper\"> <div class=\"tm-post-format-icon-wrapper\"><i class=\"tm-knox-icon-pencil\"><\/i><\/div> <div class=\"tm-featured-wrapper tm-post-featured-wrapper tm-post-format-\"><a href=\"https:\/\/diversidadaudiovisual.org\/nuevaweb\/curso-de-postgrado-politicas-de-cultura-y-comunicacion-industrias-culturales-y-diversidad\/\"><img loading=\"lazy\" decoding=\"async\" width=\"248\" height=\"351\" src=\"https:\/\/diversidadaudiovisual.org\/nuevaweb\/wp-content\/uploads\/2017\/05\/curso-verano-luis.jpg\" class=\"attachment-thememount-img-blog size-thememount-img-blog wp-post-image\" alt=\"Curso de postgrado: \u2018Pol\u00edticas de cultura y comunicaci\u00f3n: industrias culturales y diversidad\u2019\" srcset=\"https:\/\/diversidadaudiovisual.org\/nuevaweb\/wp-content\/uploads\/2017\/05\/curso-verano-luis.jpg 248w, https:\/\/diversidadaudiovisual.org\/nuevaweb\/wp-content\/uploads\/2017\/05\/curso-verano-luis-212x300.jpg 212w\" sizes=\"auto, (max-width: 248px) 100vw, 248px\" data-id=\"8531\" \/><\/a><\/div> <\/div>\n    <div class=\"thememount-box-content\">\n      <div class=\"thememount-box-post-date\"><span class=\"tm-meta-line posted-on\"><span class=\"screen-reader-text tm-hide\">Posted on <\/span><a href=\"https:\/\/diversidadaudiovisual.org\/nuevaweb\/curso-de-postgrado-politicas-de-cultura-y-comunicacion-industrias-culturales-y-diversidad\/\" rel=\"bookmark\"><time class=\"entry-date published\" datetime=\"2017-05-28T19:55:57+00:00\">May 28, 2017<\/time><time class=\"updated tm-hide\" datetime=\"2023-02-10T11:07:02+00:00\">Feb 10, 2023<\/time><\/a><\/span><\/div>\n      <div class=\"thememount-box-title\"><h4><a href=\"https:\/\/diversidadaudiovisual.org\/nuevaweb\/curso-de-postgrado-politicas-de-cultura-y-comunicacion-industrias-culturales-y-diversidad\/\">Curso de postgrado: \u2018Pol\u00edticas de cultura y comunicaci\u00f3n: industrias culturales y diversidad\u2019<\/a><\/h4><\/div>      <div class=\"author-email\">\n        <p><strong><\/strong> <\/p>\n      <\/div>\n <div class=\"universidad\">\n        <p> <\/p>\n      <\/div>\n      <div class=\"thememount-box-desc\">\n        <div class=\"thememount-box-desc-text\">El Dr. Luis Albornoz imparti\u00f3 el curso de postgrado \u201cPol\u00edticas de cultura y comunicaci\u00f3n: industrias culturales y diversidad?...<\/div>\n        <div class=\"thememount-box-desc-footer\">\n                    <div class=\"thememount-blogbox-desc-footer\">\n            <div class=\"thememount-blogbox-footer-readmore\">  <\/div>\n          <\/div>\n        <\/div>\n      <\/div>\n    <\/div>\n  <\/div>\n<\/article>\n<\/div><div class=\"tm-box-col-wrapper col-lg-4 col-sm-6 col-md-4 col-xs-12 actividades actividades-anteriores\"><article class=\"thememount-box thememount-box-blog thememount-blogbox-format- \">\n  <div class=\"post-item\">\n        <div class=\"tm-featured-outer-wrapper tm-post-featured-outer-wrapper\"> <div class=\"tm-post-format-icon-wrapper\"><i class=\"tm-knox-icon-pencil\"><\/i><\/div> <div class=\"tm-featured-wrapper tm-post-featured-wrapper tm-post-format-\"><a href=\"https:\/\/diversidadaudiovisual.org\/nuevaweb\/curso-de-verano-diversidad-discapacidad-y-medios-de-comunicacion\/\"><img loading=\"lazy\" decoding=\"async\" width=\"800\" height=\"533\" src=\"https:\/\/diversidadaudiovisual.org\/nuevaweb\/wp-content\/uploads\/2012\/06\/diversidad-audiovisual-evento-800x533.jpg\" class=\"attachment-thememount-img-blog size-thememount-img-blog wp-post-image\" alt=\"Diversidad Audiovisual Evento\" srcset=\"https:\/\/diversidadaudiovisual.org\/nuevaweb\/wp-content\/uploads\/2012\/06\/diversidad-audiovisual-evento-800x533.jpg 800w, https:\/\/diversidadaudiovisual.org\/nuevaweb\/wp-content\/uploads\/2012\/06\/diversidad-audiovisual-evento-300x200.jpg 300w, https:\/\/diversidadaudiovisual.org\/nuevaweb\/wp-content\/uploads\/2012\/06\/diversidad-audiovisual-evento-1024x683.jpg 1024w, https:\/\/diversidadaudiovisual.org\/nuevaweb\/wp-content\/uploads\/2012\/06\/diversidad-audiovisual-evento-768x512.jpg 768w, https:\/\/diversidadaudiovisual.org\/nuevaweb\/wp-content\/uploads\/2012\/06\/diversidad-audiovisual-evento.jpg 1200w\" sizes=\"auto, (max-width: 800px) 100vw, 800px\" data-id=\"8501\" \/><\/a><\/div> <\/div>\n    <div class=\"thememount-box-content\">\n      <div class=\"thememount-box-post-date\"><span class=\"tm-meta-line posted-on\"><span class=\"screen-reader-text tm-hide\">Posted on <\/span><a href=\"https:\/\/diversidadaudiovisual.org\/nuevaweb\/curso-de-verano-diversidad-discapacidad-y-medios-de-comunicacion\/\" rel=\"bookmark\"><time class=\"entry-date published\" datetime=\"2017-05-11T10:48:35+00:00\">May 11, 2017<\/time><time class=\"updated tm-hide\" datetime=\"2023-02-10T11:05:05+00:00\">Feb 10, 2023<\/time><\/a><\/span><\/div>\n      <div class=\"thememount-box-title\"><h4><a href=\"https:\/\/diversidadaudiovisual.org\/nuevaweb\/curso-de-verano-diversidad-discapacidad-y-medios-de-comunicacion\/\">Curso de verano: Diversidad, discapacidad y medios de comunicaci\u00f3n<\/a><\/h4><\/div>      <div class=\"author-email\">\n        <p><strong><\/strong> <\/p>\n      <\/div>\n <div class=\"universidad\">\n        <p> <\/p>\n      <\/div>\n      <div class=\"thememount-box-desc\">\n        <div class=\"thememount-box-desc-text\">27 y 28 de junio de 2017 \u2013\u00a0Sala Multiusos, Universidad Complutense de Madrid Manuel Fern\u00e1ndez Sande, miembro del grupo de inv...<\/div>\n        <div class=\"thememount-box-desc-footer\">\n                    <div class=\"thememount-blogbox-desc-footer\">\n            <div class=\"thememount-blogbox-footer-readmore\">  <\/div>\n          <\/div>\n        <\/div>\n      <\/div>\n    <\/div>\n  <\/div>\n<\/article>\n<\/div><div class=\"tm-box-col-wrapper col-lg-4 col-sm-6 col-md-4 col-xs-12 actividades actividades-anteriores\"><article class=\"thememount-box thememount-box-blog thememount-blogbox-format- \">\n  <div class=\"post-item\">\n        <div class=\"tm-featured-outer-wrapper tm-post-featured-outer-wrapper\"> <div class=\"tm-post-format-icon-wrapper\"><i class=\"tm-knox-icon-pencil\"><\/i><\/div> <div class=\"tm-featured-wrapper tm-post-featured-wrapper tm-post-format-\"><a href=\"https:\/\/diversidadaudiovisual.org\/nuevaweb\/sexta-sesion-ordinaria-de-la-conferencia-de-las-partes-de-la-convencion-sobre-la-proteccion-y-promocion-de-la-diversidad-de-las-expresiones-culturales\/\"><img loading=\"lazy\" decoding=\"async\" width=\"800\" height=\"533\" src=\"https:\/\/diversidadaudiovisual.org\/nuevaweb\/wp-content\/uploads\/2012\/06\/diversidad-audiovisual-noticia-800x533.jpg\" class=\"attachment-thememount-img-blog size-thememount-img-blog wp-post-image\" alt=\"Diversidad Audiovisual Noticia\" srcset=\"https:\/\/diversidadaudiovisual.org\/nuevaweb\/wp-content\/uploads\/2012\/06\/diversidad-audiovisual-noticia-800x533.jpg 800w, https:\/\/diversidadaudiovisual.org\/nuevaweb\/wp-content\/uploads\/2012\/06\/diversidad-audiovisual-noticia-300x200.jpg 300w, https:\/\/diversidadaudiovisual.org\/nuevaweb\/wp-content\/uploads\/2012\/06\/diversidad-audiovisual-noticia-1024x683.jpg 1024w, https:\/\/diversidadaudiovisual.org\/nuevaweb\/wp-content\/uploads\/2012\/06\/diversidad-audiovisual-noticia-768x512.jpg 768w, https:\/\/diversidadaudiovisual.org\/nuevaweb\/wp-content\/uploads\/2012\/06\/diversidad-audiovisual-noticia.jpg 1200w\" sizes=\"auto, (max-width: 800px) 100vw, 800px\" data-id=\"8502\" \/><\/a><\/div> <\/div>\n    <div class=\"thememount-box-content\">\n      <div class=\"thememount-box-post-date\"><span class=\"tm-meta-line posted-on\"><span class=\"screen-reader-text tm-hide\">Posted on <\/span><a href=\"https:\/\/diversidadaudiovisual.org\/nuevaweb\/sexta-sesion-ordinaria-de-la-conferencia-de-las-partes-de-la-convencion-sobre-la-proteccion-y-promocion-de-la-diversidad-de-las-expresiones-culturales\/\" rel=\"bookmark\"><time class=\"entry-date published\" datetime=\"2017-05-11T10:37:12+00:00\">May 11, 2017<\/time><time class=\"updated tm-hide\" datetime=\"2023-02-10T11:04:37+00:00\">Feb 10, 2023<\/time><\/a><\/span><\/div>\n      <div class=\"thememount-box-title\"><h4><a href=\"https:\/\/diversidadaudiovisual.org\/nuevaweb\/sexta-sesion-ordinaria-de-la-conferencia-de-las-partes-de-la-convencion-sobre-la-proteccion-y-promocion-de-la-diversidad-de-las-expresiones-culturales\/\">Sexta sesi\u00f3n ordinaria de la Conferencia de las Partes de la Convenci\u00f3n sobre la Protecci\u00f3n y Promoci\u00f3n de la Diversidad de las Expresiones Culturales<\/a><\/h4><\/div>      <div class=\"author-email\">\n        <p><strong><\/strong> <\/p>\n      <\/div>\n <div class=\"universidad\">\n        <p> <\/p>\n      <\/div>\n      <div class=\"thememount-box-desc\">\n        <div class=\"thememount-box-desc-text\">Del\u00a012 al 15 de Junio - Sede de la UNESCO, Par\u00eds M\u00aa Trinidad Garc\u00eda Leiva,\u00a0Investigadora Principal del proyecto de\u00a0invest...<\/div>\n        <div class=\"thememount-box-desc-footer\">\n                    <div class=\"thememount-blogbox-desc-footer\">\n            <div class=\"thememount-blogbox-footer-readmore\">  <\/div>\n          <\/div>\n        <\/div>\n      <\/div>\n    <\/div>\n  <\/div>\n<\/article>\n<\/div><div class=\"tm-box-col-wrapper col-lg-4 col-sm-6 col-md-4 col-xs-12 actividades actividades-anteriores\"><article class=\"thememount-box thememount-box-blog thememount-blogbox-format- \">\n  <div class=\"post-item\">\n        <div class=\"tm-featured-outer-wrapper tm-post-featured-outer-wrapper\"> <div class=\"tm-post-format-icon-wrapper\"><i class=\"tm-knox-icon-pencil\"><\/i><\/div> <div class=\"tm-featured-wrapper tm-post-featured-wrapper tm-post-format-\"><a href=\"https:\/\/diversidadaudiovisual.org\/nuevaweb\/visita-al-seminario-permanente-del-dr-angel-badillo-real-instituto-elcano-universidad-de-salamanca\/\"><img loading=\"lazy\" decoding=\"async\" width=\"800\" height=\"533\" src=\"https:\/\/diversidadaudiovisual.org\/nuevaweb\/wp-content\/uploads\/2012\/06\/diversidad-audiovisual-noticia-800x533.jpg\" class=\"attachment-thememount-img-blog size-thememount-img-blog wp-post-image\" alt=\"Diversidad Audiovisual Noticia\" srcset=\"https:\/\/diversidadaudiovisual.org\/nuevaweb\/wp-content\/uploads\/2012\/06\/diversidad-audiovisual-noticia-800x533.jpg 800w, https:\/\/diversidadaudiovisual.org\/nuevaweb\/wp-content\/uploads\/2012\/06\/diversidad-audiovisual-noticia-300x200.jpg 300w, https:\/\/diversidadaudiovisual.org\/nuevaweb\/wp-content\/uploads\/2012\/06\/diversidad-audiovisual-noticia-1024x683.jpg 1024w, https:\/\/diversidadaudiovisual.org\/nuevaweb\/wp-content\/uploads\/2012\/06\/diversidad-audiovisual-noticia-768x512.jpg 768w, https:\/\/diversidadaudiovisual.org\/nuevaweb\/wp-content\/uploads\/2012\/06\/diversidad-audiovisual-noticia.jpg 1200w\" sizes=\"auto, (max-width: 800px) 100vw, 800px\" data-id=\"8502\" \/><\/a><\/div> <\/div>\n    <div class=\"thememount-box-content\">\n      <div class=\"thememount-box-post-date\"><span class=\"tm-meta-line posted-on\"><span class=\"screen-reader-text tm-hide\">Posted on <\/span><a href=\"https:\/\/diversidadaudiovisual.org\/nuevaweb\/visita-al-seminario-permanente-del-dr-angel-badillo-real-instituto-elcano-universidad-de-salamanca\/\" rel=\"bookmark\"><time class=\"entry-date published\" datetime=\"2017-04-18T15:21:07+00:00\">Abr 18, 2017<\/time><time class=\"updated tm-hide\" datetime=\"2023-02-10T11:04:10+00:00\">Feb 10, 2023<\/time><\/a><\/span><\/div>\n      <div class=\"thememount-box-title\"><h4><a href=\"https:\/\/diversidadaudiovisual.org\/nuevaweb\/visita-al-seminario-permanente-del-dr-angel-badillo-real-instituto-elcano-universidad-de-salamanca\/\">Visita al seminario permanente del Dr. \u00c1ngel Badillo (Real Instituto Elcano, Universidad de Salamanca)<\/a><\/h4><\/div>      <div class=\"author-email\">\n        <p><strong><\/strong> <\/p>\n      <\/div>\n <div class=\"universidad\">\n        <p> <\/p>\n      <\/div>\n      <div class=\"thememount-box-desc\">\n        <div class=\"thememount-box-desc-text\">19 de abril de 1017 \u2013 Facultad de Humanidades, Comunicaci\u00f3n y Documentaci\u00f3n de la Universidad Carlos III de Madrid. El Dr. \u00c1...<\/div>\n        <div class=\"thememount-box-desc-footer\">\n                    <div class=\"thememount-blogbox-desc-footer\">\n            <div class=\"thememount-blogbox-footer-readmore\">  <\/div>\n          <\/div>\n        <\/div>\n      <\/div>\n    <\/div>\n  <\/div>\n<\/article>\n<\/div><div class=\"tm-box-col-wrapper col-lg-4 col-sm-6 col-md-4 col-xs-12 actividades actividades-anteriores\"><article class=\"thememount-box thememount-box-blog thememount-blogbox-format- \">\n  <div class=\"post-item\">\n        <div class=\"tm-featured-outer-wrapper tm-post-featured-outer-wrapper\"> <div class=\"tm-post-format-icon-wrapper\"><i class=\"tm-knox-icon-pencil\"><\/i><\/div> <div class=\"tm-featured-wrapper tm-post-featured-wrapper tm-post-format-\"><a href=\"https:\/\/diversidadaudiovisual.org\/nuevaweb\/jornada-de-debate-cultura-y-desarrollo\/\"><img loading=\"lazy\" decoding=\"async\" width=\"800\" height=\"533\" src=\"https:\/\/diversidadaudiovisual.org\/nuevaweb\/wp-content\/uploads\/2012\/06\/diversidad-audiovisual-noticia-800x533.jpg\" class=\"attachment-thememount-img-blog size-thememount-img-blog wp-post-image\" alt=\"Diversidad Audiovisual Noticia\" srcset=\"https:\/\/diversidadaudiovisual.org\/nuevaweb\/wp-content\/uploads\/2012\/06\/diversidad-audiovisual-noticia-800x533.jpg 800w, https:\/\/diversidadaudiovisual.org\/nuevaweb\/wp-content\/uploads\/2012\/06\/diversidad-audiovisual-noticia-300x200.jpg 300w, https:\/\/diversidadaudiovisual.org\/nuevaweb\/wp-content\/uploads\/2012\/06\/diversidad-audiovisual-noticia-1024x683.jpg 1024w, https:\/\/diversidadaudiovisual.org\/nuevaweb\/wp-content\/uploads\/2012\/06\/diversidad-audiovisual-noticia-768x512.jpg 768w, https:\/\/diversidadaudiovisual.org\/nuevaweb\/wp-content\/uploads\/2012\/06\/diversidad-audiovisual-noticia.jpg 1200w\" sizes=\"auto, (max-width: 800px) 100vw, 800px\" data-id=\"8502\" \/><\/a><\/div> <\/div>\n    <div class=\"thememount-box-content\">\n      <div class=\"thememount-box-post-date\"><span class=\"tm-meta-line posted-on\"><span class=\"screen-reader-text tm-hide\">Posted on <\/span><a href=\"https:\/\/diversidadaudiovisual.org\/nuevaweb\/jornada-de-debate-cultura-y-desarrollo\/\" rel=\"bookmark\"><time class=\"entry-date published\" datetime=\"2017-04-17T15:36:14+00:00\">Abr 17, 2017<\/time><time class=\"updated tm-hide\" datetime=\"2023-02-10T11:03:41+00:00\">Feb 10, 2023<\/time><\/a><\/span><\/div>\n      <div class=\"thememount-box-title\"><h4><a href=\"https:\/\/diversidadaudiovisual.org\/nuevaweb\/jornada-de-debate-cultura-y-desarrollo\/\">Jornada de debate &#8220;Cultura y desarrollo&#8221;<\/a><\/h4><\/div>      <div class=\"author-email\">\n        <p><strong><\/strong> <\/p>\n      <\/div>\n <div class=\"universidad\">\n        <p> <\/p>\n      <\/div>\n      <div class=\"thememount-box-desc\">\n        <div class=\"thememount-box-desc-text\">18 de abril de 2017, sede\u00a0AECID (Madrid) M\u00aa Trinidad Garc\u00eda Leiva, investigadora principal del proyecto de investigaci\u00f3n Div...<\/div>\n        <div class=\"thememount-box-desc-footer\">\n                    <div class=\"thememount-blogbox-desc-footer\">\n            <div class=\"thememount-blogbox-footer-readmore\">  <\/div>\n          <\/div>\n        <\/div>\n      <\/div>\n    <\/div>\n  <\/div>\n<\/article>\n<\/div><div class=\"tm-box-col-wrapper col-lg-4 col-sm-6 col-md-4 col-xs-12 actividades actividades-anteriores\"><article class=\"thememount-box thememount-box-blog thememount-blogbox-format- \">\n  <div class=\"post-item\">\n        <div class=\"tm-featured-outer-wrapper tm-post-featured-outer-wrapper\"> <div class=\"tm-post-format-icon-wrapper\"><i class=\"tm-knox-icon-pencil\"><\/i><\/div> <div class=\"tm-featured-wrapper tm-post-featured-wrapper tm-post-format-\"><a href=\"https:\/\/diversidadaudiovisual.org\/nuevaweb\/el-labsic-labex-icca-participa-del-seminario-permanente\/\"><img loading=\"lazy\" decoding=\"async\" width=\"800\" height=\"533\" src=\"https:\/\/diversidadaudiovisual.org\/nuevaweb\/wp-content\/uploads\/2012\/06\/diversidad-audiovisual-noticia-800x533.jpg\" class=\"attachment-thememount-img-blog size-thememount-img-blog wp-post-image\" alt=\"Diversidad Audiovisual Noticia\" srcset=\"https:\/\/diversidadaudiovisual.org\/nuevaweb\/wp-content\/uploads\/2012\/06\/diversidad-audiovisual-noticia-800x533.jpg 800w, https:\/\/diversidadaudiovisual.org\/nuevaweb\/wp-content\/uploads\/2012\/06\/diversidad-audiovisual-noticia-300x200.jpg 300w, https:\/\/diversidadaudiovisual.org\/nuevaweb\/wp-content\/uploads\/2012\/06\/diversidad-audiovisual-noticia-1024x683.jpg 1024w, https:\/\/diversidadaudiovisual.org\/nuevaweb\/wp-content\/uploads\/2012\/06\/diversidad-audiovisual-noticia-768x512.jpg 768w, https:\/\/diversidadaudiovisual.org\/nuevaweb\/wp-content\/uploads\/2012\/06\/diversidad-audiovisual-noticia.jpg 1200w\" sizes=\"auto, (max-width: 800px) 100vw, 800px\" data-id=\"8502\" \/><\/a><\/div> <\/div>\n    <div class=\"thememount-box-content\">\n      <div class=\"thememount-box-post-date\"><span class=\"tm-meta-line posted-on\"><span class=\"screen-reader-text tm-hide\">Posted on <\/span><a href=\"https:\/\/diversidadaudiovisual.org\/nuevaweb\/el-labsic-labex-icca-participa-del-seminario-permanente\/\" rel=\"bookmark\"><time class=\"entry-date published\" datetime=\"2017-01-23T17:18:54+00:00\">Ene 23, 2017<\/time><time class=\"updated tm-hide\" datetime=\"2023-02-10T11:03:07+00:00\">Feb 10, 2023<\/time><\/a><\/span><\/div>\n      <div class=\"thememount-box-title\"><h4><a href=\"https:\/\/diversidadaudiovisual.org\/nuevaweb\/el-labsic-labex-icca-participa-del-seminario-permanente\/\">El LabSIC \/LabEx ICCA participa del seminario permanente<\/a><\/h4><\/div>      <div class=\"author-email\">\n        <p><strong><\/strong> <\/p>\n      <\/div>\n <div class=\"universidad\">\n        <p> <\/p>\n      <\/div>\n      <div class=\"thememount-box-desc\">\n        <div class=\"thememount-box-desc-text\">15 de febrero de 2017 -\u00a0Facultad de Humanidades, Comunicaci\u00f3n y Documentaci\u00f3n de la Universidad Carlos III de Madrid Bertran...<\/div>\n        <div class=\"thememount-box-desc-footer\">\n                    <div class=\"thememount-blogbox-desc-footer\">\n            <div class=\"thememount-blogbox-footer-readmore\">  <\/div>\n          <\/div>\n        <\/div>\n      <\/div>\n    <\/div>\n  <\/div>\n<\/article>\n<\/div><div class=\"tm-box-col-wrapper col-lg-4 col-sm-6 col-md-4 col-xs-12 actividades actividades-anteriores\"><article class=\"thememount-box thememount-box-blog thememount-blogbox-format- \">\n  <div class=\"post-item\">\n        <div class=\"tm-featured-outer-wrapper tm-post-featured-outer-wrapper\"> <div class=\"tm-post-format-icon-wrapper\"><i class=\"tm-knox-icon-pencil\"><\/i><\/div> <div class=\"tm-featured-wrapper tm-post-featured-wrapper tm-post-format-\"><a href=\"https:\/\/diversidadaudiovisual.org\/nuevaweb\/x-sesion-ordinaria-del-comite-intergubernamental-cig-para-la-proteccion-y-promocion-de-la-diversidad-cultural\/\"><img loading=\"lazy\" decoding=\"async\" width=\"800\" height=\"533\" src=\"https:\/\/diversidadaudiovisual.org\/nuevaweb\/wp-content\/uploads\/2012\/06\/diversidad-audiovisual-noticia-800x533.jpg\" class=\"attachment-thememount-img-blog size-thememount-img-blog wp-post-image\" alt=\"Diversidad Audiovisual Noticia\" srcset=\"https:\/\/diversidadaudiovisual.org\/nuevaweb\/wp-content\/uploads\/2012\/06\/diversidad-audiovisual-noticia-800x533.jpg 800w, https:\/\/diversidadaudiovisual.org\/nuevaweb\/wp-content\/uploads\/2012\/06\/diversidad-audiovisual-noticia-300x200.jpg 300w, https:\/\/diversidadaudiovisual.org\/nuevaweb\/wp-content\/uploads\/2012\/06\/diversidad-audiovisual-noticia-1024x683.jpg 1024w, https:\/\/diversidadaudiovisual.org\/nuevaweb\/wp-content\/uploads\/2012\/06\/diversidad-audiovisual-noticia-768x512.jpg 768w, https:\/\/diversidadaudiovisual.org\/nuevaweb\/wp-content\/uploads\/2012\/06\/diversidad-audiovisual-noticia.jpg 1200w\" sizes=\"auto, (max-width: 800px) 100vw, 800px\" data-id=\"8502\" \/><\/a><\/div> <\/div>\n    <div class=\"thememount-box-content\">\n      <div class=\"thememount-box-post-date\"><span class=\"tm-meta-line posted-on\"><span class=\"screen-reader-text tm-hide\">Posted on <\/span><a href=\"https:\/\/diversidadaudiovisual.org\/nuevaweb\/x-sesion-ordinaria-del-comite-intergubernamental-cig-para-la-proteccion-y-promocion-de-la-diversidad-cultural\/\" rel=\"bookmark\"><time class=\"entry-date published\" datetime=\"2016-11-22T11:24:25+00:00\">Nov 22, 2016<\/time><time class=\"updated tm-hide\" datetime=\"2023-02-10T11:02:39+00:00\">Feb 10, 2023<\/time><\/a><\/span><\/div>\n      <div class=\"thememount-box-title\"><h4><a href=\"https:\/\/diversidadaudiovisual.org\/nuevaweb\/x-sesion-ordinaria-del-comite-intergubernamental-cig-para-la-proteccion-y-promocion-de-la-diversidad-cultural\/\">X sesi\u00f3n ordinaria del Comit\u00e9 intergubernamental (CIG) para la protecci\u00f3n y promoci\u00f3n de la diversidad cultural<\/a><\/h4><\/div>      <div class=\"author-email\">\n        <p><strong><\/strong> <\/p>\n      <\/div>\n <div class=\"universidad\">\n        <p> <\/p>\n      <\/div>\n      <div class=\"thememount-box-desc\">\n        <div class=\"thememount-box-desc-text\">Del 12 al 15 de diciembre de 2016 \u2013 Sede de la UNESCO, Par\u00eds. Ignacio Gallego,\u00a0Investigador Principal del proyecto de\u00a0inve...<\/div>\n        <div class=\"thememount-box-desc-footer\">\n                    <div class=\"thememount-blogbox-desc-footer\">\n            <div class=\"thememount-blogbox-footer-readmore\">  <\/div>\n          <\/div>\n        <\/div>\n      <\/div>\n    <\/div>\n  <\/div>\n<\/article>\n<\/div><div class=\"tm-box-col-wrapper col-lg-4 col-sm-6 col-md-4 col-xs-12 actividades actividades-anteriores\"><article class=\"thememount-box thememount-box-blog thememount-blogbox-format- \">\n  <div class=\"post-item\">\n        <div class=\"tm-featured-outer-wrapper tm-post-featured-outer-wrapper\"> <div class=\"tm-post-format-icon-wrapper\"><i class=\"tm-knox-icon-pencil\"><\/i><\/div> <div class=\"tm-featured-wrapper tm-post-featured-wrapper tm-post-format-\"><a href=\"https:\/\/diversidadaudiovisual.org\/nuevaweb\/6th-european-communication-conference-ecrea-2016-mediating-discontinuities-contesting-pasts-presents-and-futures\/\"><img loading=\"lazy\" decoding=\"async\" width=\"800\" height=\"533\" src=\"https:\/\/diversidadaudiovisual.org\/nuevaweb\/wp-content\/uploads\/2012\/06\/diversidad-audiovisual-congreso-800x533.jpg\" class=\"attachment-thememount-img-blog size-thememount-img-blog wp-post-image\" alt=\"Diversidad Audiovisual Congreso\" srcset=\"https:\/\/diversidadaudiovisual.org\/nuevaweb\/wp-content\/uploads\/2012\/06\/diversidad-audiovisual-congreso-800x533.jpg 800w, https:\/\/diversidadaudiovisual.org\/nuevaweb\/wp-content\/uploads\/2012\/06\/diversidad-audiovisual-congreso-300x200.jpg 300w, https:\/\/diversidadaudiovisual.org\/nuevaweb\/wp-content\/uploads\/2012\/06\/diversidad-audiovisual-congreso-1024x683.jpg 1024w, https:\/\/diversidadaudiovisual.org\/nuevaweb\/wp-content\/uploads\/2012\/06\/diversidad-audiovisual-congreso-768x512.jpg 768w, https:\/\/diversidadaudiovisual.org\/nuevaweb\/wp-content\/uploads\/2012\/06\/diversidad-audiovisual-congreso.jpg 1200w\" sizes=\"auto, (max-width: 800px) 100vw, 800px\" data-id=\"8500\" \/><\/a><\/div> <\/div>\n    <div class=\"thememount-box-content\">\n      <div class=\"thememount-box-post-date\"><span class=\"tm-meta-line posted-on\"><span class=\"screen-reader-text tm-hide\">Posted on <\/span><a href=\"https:\/\/diversidadaudiovisual.org\/nuevaweb\/6th-european-communication-conference-ecrea-2016-mediating-discontinuities-contesting-pasts-presents-and-futures\/\" rel=\"bookmark\"><time class=\"entry-date published\" datetime=\"2016-07-25T20:14:58+00:00\">Jul 25, 2016<\/time><time class=\"updated tm-hide\" datetime=\"2023-02-10T11:02:04+00:00\">Feb 10, 2023<\/time><\/a><\/span><\/div>\n      <div class=\"thememount-box-title\"><h4><a href=\"https:\/\/diversidadaudiovisual.org\/nuevaweb\/6th-european-communication-conference-ecrea-2016-mediating-discontinuities-contesting-pasts-presents-and-futures\/\">6th European Communication Conference (ECREA 2016) &#8211; Mediating (Dis)Continuities: Contesting Pasts, Presents and Futures<\/a><\/h4><\/div>      <div class=\"author-email\">\n        <p><strong><\/strong> <\/p>\n      <\/div>\n <div class=\"universidad\">\n        <p> <\/p>\n      <\/div>\n      <div class=\"thememount-box-desc\">\n        <div class=\"thememount-box-desc-text\">Del 9 al 12 de noviembre de 2016 -\u00a0Charles University\u00a0(Praga, Rep\u00fablica Checa) Los miembros del proyecto de investigaci\u00f3n Div...<\/div>\n        <div class=\"thememount-box-desc-footer\">\n                    <div class=\"thememount-blogbox-desc-footer\">\n            <div class=\"thememount-blogbox-footer-readmore\">  <\/div>\n          <\/div>\n        <\/div>\n      <\/div>\n    <\/div>\n  <\/div>\n<\/article>\n<\/div><div class=\"tm-box-col-wrapper col-lg-4 col-sm-6 col-md-4 col-xs-12 actividades actividades-anteriores\"><article class=\"thememount-box thememount-box-blog thememount-blogbox-format- \">\n  <div class=\"post-item\">\n        <div class=\"tm-featured-outer-wrapper tm-post-featured-outer-wrapper\"> <div class=\"tm-post-format-icon-wrapper\"><i class=\"tm-knox-icon-pencil\"><\/i><\/div> <div class=\"tm-featured-wrapper tm-post-featured-wrapper tm-post-format-\"><a href=\"https:\/\/diversidadaudiovisual.org\/nuevaweb\/conferencia-de-la-dra-janet-wasko\/\"><img loading=\"lazy\" decoding=\"async\" width=\"800\" height=\"533\" src=\"https:\/\/diversidadaudiovisual.org\/nuevaweb\/wp-content\/uploads\/2012\/06\/diversidad-audiovisual-noticia-800x533.jpg\" class=\"attachment-thememount-img-blog size-thememount-img-blog wp-post-image\" alt=\"Diversidad Audiovisual Noticia\" srcset=\"https:\/\/diversidadaudiovisual.org\/nuevaweb\/wp-content\/uploads\/2012\/06\/diversidad-audiovisual-noticia-800x533.jpg 800w, https:\/\/diversidadaudiovisual.org\/nuevaweb\/wp-content\/uploads\/2012\/06\/diversidad-audiovisual-noticia-300x200.jpg 300w, https:\/\/diversidadaudiovisual.org\/nuevaweb\/wp-content\/uploads\/2012\/06\/diversidad-audiovisual-noticia-1024x683.jpg 1024w, https:\/\/diversidadaudiovisual.org\/nuevaweb\/wp-content\/uploads\/2012\/06\/diversidad-audiovisual-noticia-768x512.jpg 768w, https:\/\/diversidadaudiovisual.org\/nuevaweb\/wp-content\/uploads\/2012\/06\/diversidad-audiovisual-noticia.jpg 1200w\" sizes=\"auto, (max-width: 800px) 100vw, 800px\" data-id=\"8502\" \/><\/a><\/div> <\/div>\n    <div class=\"thememount-box-content\">\n      <div class=\"thememount-box-post-date\"><span class=\"tm-meta-line posted-on\"><span class=\"screen-reader-text tm-hide\">Posted on <\/span><a href=\"https:\/\/diversidadaudiovisual.org\/nuevaweb\/conferencia-de-la-dra-janet-wasko\/\" rel=\"bookmark\"><time class=\"entry-date published\" datetime=\"2016-07-24T08:23:09+00:00\">Jul 24, 2016<\/time><time class=\"updated tm-hide\" datetime=\"2023-02-10T11:01:34+00:00\">Feb 10, 2023<\/time><\/a><\/span><\/div>\n      <div class=\"thememount-box-title\"><h4><a href=\"https:\/\/diversidadaudiovisual.org\/nuevaweb\/conferencia-de-la-dra-janet-wasko\/\">Conferencia de la Dra. Janet Wasko<\/a><\/h4><\/div>      <div class=\"author-email\">\n        <p><strong><\/strong> <\/p>\n      <\/div>\n <div class=\"universidad\">\n        <p> <\/p>\n      <\/div>\n      <div class=\"thememount-box-desc\">\n        <div class=\"thememount-box-desc-text\">Lunes 7 de noviembre de 2016, 12:00\u201314:00 hs. \u2013 Facultad de Humanidades, Comunicaci\u00f3n y Documentaci\u00f3n, Universidad Carlos II...<\/div>\n        <div class=\"thememount-box-desc-footer\">\n                    <div class=\"thememount-blogbox-desc-footer\">\n            <div class=\"thememount-blogbox-footer-readmore\">  <\/div>\n          <\/div>\n        <\/div>\n      <\/div>\n    <\/div>\n  <\/div>\n<\/article>\n<\/div><div class=\"tm-box-col-wrapper col-lg-4 col-sm-6 col-md-4 col-xs-12 actividades actividades-anteriores\"><article class=\"thememount-box thememount-box-blog thememount-blogbox-format- \">\n  <div class=\"post-item\">\n        <div class=\"tm-featured-outer-wrapper tm-post-featured-outer-wrapper\"> <div class=\"tm-post-format-icon-wrapper\"><i class=\"tm-knox-icon-pencil\"><\/i><\/div> <div class=\"tm-featured-wrapper tm-post-featured-wrapper tm-post-format-\"><a href=\"https:\/\/diversidadaudiovisual.org\/nuevaweb\/seminario-internacional-la-diversidad-audiovisual-en-internet-economia-y-politicas\/\"><img loading=\"lazy\" decoding=\"async\" width=\"800\" height=\"533\" src=\"https:\/\/diversidadaudiovisual.org\/nuevaweb\/wp-content\/uploads\/2012\/06\/diversidad-audiovisual-evento-800x533.jpg\" class=\"attachment-thememount-img-blog size-thememount-img-blog wp-post-image\" alt=\"Diversidad Audiovisual Evento\" srcset=\"https:\/\/diversidadaudiovisual.org\/nuevaweb\/wp-content\/uploads\/2012\/06\/diversidad-audiovisual-evento-800x533.jpg 800w, https:\/\/diversidadaudiovisual.org\/nuevaweb\/wp-content\/uploads\/2012\/06\/diversidad-audiovisual-evento-300x200.jpg 300w, https:\/\/diversidadaudiovisual.org\/nuevaweb\/wp-content\/uploads\/2012\/06\/diversidad-audiovisual-evento-1024x683.jpg 1024w, https:\/\/diversidadaudiovisual.org\/nuevaweb\/wp-content\/uploads\/2012\/06\/diversidad-audiovisual-evento-768x512.jpg 768w, https:\/\/diversidadaudiovisual.org\/nuevaweb\/wp-content\/uploads\/2012\/06\/diversidad-audiovisual-evento.jpg 1200w\" sizes=\"auto, (max-width: 800px) 100vw, 800px\" data-id=\"8501\" \/><\/a><\/div> <\/div>\n    <div class=\"thememount-box-content\">\n      <div class=\"thememount-box-post-date\"><span class=\"tm-meta-line posted-on\"><span class=\"screen-reader-text tm-hide\">Posted on <\/span><a href=\"https:\/\/diversidadaudiovisual.org\/nuevaweb\/seminario-internacional-la-diversidad-audiovisual-en-internet-economia-y-politicas\/\" rel=\"bookmark\"><time class=\"entry-date published\" datetime=\"2016-07-23T18:37:56+00:00\">Jul 23, 2016<\/time><time class=\"updated tm-hide\" datetime=\"2023-02-10T11:00:50+00:00\">Feb 10, 2023<\/time><\/a><\/span><\/div>\n      <div class=\"thememount-box-title\"><h4><a href=\"https:\/\/diversidadaudiovisual.org\/nuevaweb\/seminario-internacional-la-diversidad-audiovisual-en-internet-economia-y-politicas\/\">Seminario Internacional &#8220;La diversidad audiovisual en internet: econom\u00eda y pol\u00edticas&#8221;<\/a><\/h4><\/div>      <div class=\"author-email\">\n        <p><strong><\/strong> <\/p>\n      <\/div>\n <div class=\"universidad\">\n        <p> <\/p>\n      <\/div>\n      <div class=\"thememount-box-desc\">\n        <div class=\"thememount-box-desc-text\">3 y 4 de noviembre de 2016 \u2013\u00a0Facultad de Humanidades, Comunicaci\u00f3n y Documentaci\u00f3n (campus de Getafe), de la Universidad Carl...<\/div>\n        <div class=\"thememount-box-desc-footer\">\n                    <div class=\"thememount-blogbox-desc-footer\">\n            <div class=\"thememount-blogbox-footer-readmore\">  <\/div>\n          <\/div>\n        <\/div>\n      <\/div>\n    <\/div>\n  <\/div>\n<\/article>\n<\/div><div class=\"tm-box-col-wrapper col-lg-4 col-sm-6 col-md-4 col-xs-12 actividades actividades-anteriores\"><article class=\"thememount-box thememount-box-blog thememount-blogbox-format- \">\n  <div class=\"post-item\">\n        <div class=\"tm-featured-outer-wrapper tm-post-featured-outer-wrapper\"> <div class=\"tm-post-format-icon-wrapper\"><i class=\"tm-knox-icon-pencil\"><\/i><\/div> <div class=\"tm-featured-wrapper tm-post-featured-wrapper tm-post-format-\"><a href=\"https:\/\/diversidadaudiovisual.org\/nuevaweb\/mesa-redonda-la-diversidad-negra-en-iberoamerica\/\"><img loading=\"lazy\" decoding=\"async\" width=\"800\" height=\"533\" src=\"https:\/\/diversidadaudiovisual.org\/nuevaweb\/wp-content\/uploads\/2012\/06\/diversidad-audiovisual-noticia-800x533.jpg\" class=\"attachment-thememount-img-blog size-thememount-img-blog wp-post-image\" alt=\"Diversidad Audiovisual Noticia\" srcset=\"https:\/\/diversidadaudiovisual.org\/nuevaweb\/wp-content\/uploads\/2012\/06\/diversidad-audiovisual-noticia-800x533.jpg 800w, https:\/\/diversidadaudiovisual.org\/nuevaweb\/wp-content\/uploads\/2012\/06\/diversidad-audiovisual-noticia-300x200.jpg 300w, https:\/\/diversidadaudiovisual.org\/nuevaweb\/wp-content\/uploads\/2012\/06\/diversidad-audiovisual-noticia-1024x683.jpg 1024w, https:\/\/diversidadaudiovisual.org\/nuevaweb\/wp-content\/uploads\/2012\/06\/diversidad-audiovisual-noticia-768x512.jpg 768w, https:\/\/diversidadaudiovisual.org\/nuevaweb\/wp-content\/uploads\/2012\/06\/diversidad-audiovisual-noticia.jpg 1200w\" sizes=\"auto, (max-width: 800px) 100vw, 800px\" data-id=\"8502\" \/><\/a><\/div> <\/div>\n    <div class=\"thememount-box-content\">\n      <div class=\"thememount-box-post-date\"><span class=\"tm-meta-line posted-on\"><span class=\"screen-reader-text tm-hide\">Posted on <\/span><a href=\"https:\/\/diversidadaudiovisual.org\/nuevaweb\/mesa-redonda-la-diversidad-negra-en-iberoamerica\/\" rel=\"bookmark\"><time class=\"entry-date published\" datetime=\"2016-06-29T12:45:09+00:00\">Jun 29, 2016<\/time><time class=\"updated tm-hide\" datetime=\"2023-02-10T11:00:14+00:00\">Feb 10, 2023<\/time><\/a><\/span><\/div>\n      <div class=\"thememount-box-title\"><h4><a href=\"https:\/\/diversidadaudiovisual.org\/nuevaweb\/mesa-redonda-la-diversidad-negra-en-iberoamerica\/\">Mesa redonda: La diversidad negra en Iberoam\u00e9rica<\/a><\/h4><\/div>      <div class=\"author-email\">\n        <p><strong><\/strong> <\/p>\n      <\/div>\n <div class=\"universidad\">\n        <p> <\/p>\n      <\/div>\n      <div class=\"thememount-box-desc\">\n        <div class=\"thememount-box-desc-text\">15 de junio de 2016 - Sede\u00a0de la Organizaci\u00f3n de Estados Iberoamericanos para la Educaci\u00f3n, la Ciencia y la Cultura (OEI) en Ma...<\/div>\n        <div class=\"thememount-box-desc-footer\">\n                    <div class=\"thememount-blogbox-desc-footer\">\n            <div class=\"thememount-blogbox-footer-readmore\">  <\/div>\n          <\/div>\n        <\/div>\n      <\/div>\n    <\/div>\n  <\/div>\n<\/article>\n<\/div><div class=\"tm-box-col-wrapper col-lg-4 col-sm-6 col-md-4 col-xs-12 actividades actividades-anteriores\"><article class=\"thememount-box thememount-box-blog thememount-blogbox-format- \">\n  <div class=\"post-item\">\n        <div class=\"tm-featured-outer-wrapper tm-post-featured-outer-wrapper\"> <div class=\"tm-post-format-icon-wrapper\"><i class=\"tm-knox-icon-pencil\"><\/i><\/div> <div class=\"tm-featured-wrapper tm-post-featured-wrapper tm-post-format-\"><a href=\"https:\/\/diversidadaudiovisual.org\/nuevaweb\/manifiesto-conjunto-con-el-centro-unesco-getafe-madrid-por-el-dia-mundial-de-la-diversidad-cultural-para-el-dialogo-y-el-desarrollo\/\"><img loading=\"lazy\" decoding=\"async\" width=\"800\" height=\"533\" src=\"https:\/\/diversidadaudiovisual.org\/nuevaweb\/wp-content\/uploads\/2012\/06\/diversidad-audiovisual-noticia-800x533.jpg\" class=\"attachment-thememount-img-blog size-thememount-img-blog wp-post-image\" alt=\"Diversidad Audiovisual Noticia\" srcset=\"https:\/\/diversidadaudiovisual.org\/nuevaweb\/wp-content\/uploads\/2012\/06\/diversidad-audiovisual-noticia-800x533.jpg 800w, https:\/\/diversidadaudiovisual.org\/nuevaweb\/wp-content\/uploads\/2012\/06\/diversidad-audiovisual-noticia-300x200.jpg 300w, https:\/\/diversidadaudiovisual.org\/nuevaweb\/wp-content\/uploads\/2012\/06\/diversidad-audiovisual-noticia-1024x683.jpg 1024w, https:\/\/diversidadaudiovisual.org\/nuevaweb\/wp-content\/uploads\/2012\/06\/diversidad-audiovisual-noticia-768x512.jpg 768w, https:\/\/diversidadaudiovisual.org\/nuevaweb\/wp-content\/uploads\/2012\/06\/diversidad-audiovisual-noticia.jpg 1200w\" sizes=\"auto, (max-width: 800px) 100vw, 800px\" data-id=\"8502\" \/><\/a><\/div> <\/div>\n    <div class=\"thememount-box-content\">\n      <div class=\"thememount-box-post-date\"><span class=\"tm-meta-line posted-on\"><span class=\"screen-reader-text tm-hide\">Posted on <\/span><a href=\"https:\/\/diversidadaudiovisual.org\/nuevaweb\/manifiesto-conjunto-con-el-centro-unesco-getafe-madrid-por-el-dia-mundial-de-la-diversidad-cultural-para-el-dialogo-y-el-desarrollo\/\" rel=\"bookmark\"><time class=\"entry-date published\" datetime=\"2016-05-25T11:43:30+00:00\">May 25, 2016<\/time><time class=\"updated tm-hide\" datetime=\"2023-02-10T10:59:45+00:00\">Feb 10, 2023<\/time><\/a><\/span><\/div>\n      <div class=\"thememount-box-title\"><h4><a href=\"https:\/\/diversidadaudiovisual.org\/nuevaweb\/manifiesto-conjunto-con-el-centro-unesco-getafe-madrid-por-el-dia-mundial-de-la-diversidad-cultural-para-el-dialogo-y-el-desarrollo\/\">Manifiesto conjunto con el Centro UNESCO Getafe-Madrid por el D\u00eda Mundial de la Diversidad Cultural para el Di\u00e1logo y el Desarrollo<\/a><\/h4><\/div>      <div class=\"author-email\">\n        <p><strong><\/strong> <\/p>\n      <\/div>\n <div class=\"universidad\">\n        <p> <\/p>\n      <\/div>\n      <div class=\"thememount-box-desc\">\n        <div class=\"thememount-box-desc-text\">21 de mayo de 2016 - Getafe Con motivo de la celebraci\u00f3n del D\u00eda Mundial de la Diversidad Cultural para el Di\u00e1logo y el Desarr...<\/div>\n        <div class=\"thememount-box-desc-footer\">\n                    <div class=\"thememount-blogbox-desc-footer\">\n            <div class=\"thememount-blogbox-footer-readmore\">  <\/div>\n          <\/div>\n        <\/div>\n      <\/div>\n    <\/div>\n  <\/div>\n<\/article>\n<\/div><div class=\"tm-box-col-wrapper col-lg-4 col-sm-6 col-md-4 col-xs-12 actividades actividades-anteriores\"><article class=\"thememount-box thememount-box-blog thememount-blogbox-format- \">\n  <div class=\"post-item\">\n        <div class=\"tm-featured-outer-wrapper tm-post-featured-outer-wrapper\"> <div class=\"tm-post-format-icon-wrapper\"><i class=\"tm-knox-icon-pencil\"><\/i><\/div> <div class=\"tm-featured-wrapper tm-post-featured-wrapper tm-post-format-\"><a href=\"https:\/\/diversidadaudiovisual.org\/nuevaweb\/congreso-iberoamericano-de-comunicacion-comunicacion-cultura-y-cooperacion\/\"><img loading=\"lazy\" decoding=\"async\" width=\"800\" height=\"533\" src=\"https:\/\/diversidadaudiovisual.org\/nuevaweb\/wp-content\/uploads\/2012\/06\/diversidad-audiovisual-congreso-800x533.jpg\" class=\"attachment-thememount-img-blog size-thememount-img-blog wp-post-image\" alt=\"Diversidad Audiovisual Congreso\" srcset=\"https:\/\/diversidadaudiovisual.org\/nuevaweb\/wp-content\/uploads\/2012\/06\/diversidad-audiovisual-congreso-800x533.jpg 800w, https:\/\/diversidadaudiovisual.org\/nuevaweb\/wp-content\/uploads\/2012\/06\/diversidad-audiovisual-congreso-300x200.jpg 300w, https:\/\/diversidadaudiovisual.org\/nuevaweb\/wp-content\/uploads\/2012\/06\/diversidad-audiovisual-congreso-1024x683.jpg 1024w, https:\/\/diversidadaudiovisual.org\/nuevaweb\/wp-content\/uploads\/2012\/06\/diversidad-audiovisual-congreso-768x512.jpg 768w, https:\/\/diversidadaudiovisual.org\/nuevaweb\/wp-content\/uploads\/2012\/06\/diversidad-audiovisual-congreso.jpg 1200w\" sizes=\"auto, (max-width: 800px) 100vw, 800px\" data-id=\"8500\" \/><\/a><\/div> <\/div>\n    <div class=\"thememount-box-content\">\n      <div class=\"thememount-box-post-date\"><span class=\"tm-meta-line posted-on\"><span class=\"screen-reader-text tm-hide\">Posted on <\/span><a href=\"https:\/\/diversidadaudiovisual.org\/nuevaweb\/congreso-iberoamericano-de-comunicacion-comunicacion-cultura-y-cooperacion\/\" rel=\"bookmark\"><time class=\"entry-date published\" datetime=\"2016-02-02T16:23:56+00:00\">Feb 2, 2016<\/time><time class=\"updated tm-hide\" datetime=\"2023-02-10T10:59:11+00:00\">Feb 10, 2023<\/time><\/a><\/span><\/div>\n      <div class=\"thememount-box-title\"><h4><a href=\"https:\/\/diversidadaudiovisual.org\/nuevaweb\/congreso-iberoamericano-de-comunicacion-comunicacion-cultura-y-cooperacion\/\">Congreso Iberoamericano de Comunicaci\u00f3n \u201cComunicaci\u00f3n, Cultura y Cooperaci\u00f3n\u201d<\/a><\/h4><\/div>      <div class=\"author-email\">\n        <p><strong><\/strong> <\/p>\n      <\/div>\n <div class=\"universidad\">\n        <p> <\/p>\n      <\/div>\n      <div class=\"thememount-box-desc\">\n        <div class=\"thememount-box-desc-text\">Del 4 al 8\u00a0de julio\u00a0de 2016 \u2013 Facultad de Ciencias de la Informaci\u00f3n (UCM), Facultad de Ciencias de la Comunicaci\u00f3n (URJC) y...<\/div>\n        <div class=\"thememount-box-desc-footer\">\n                    <div class=\"thememount-blogbox-desc-footer\">\n            <div class=\"thememount-blogbox-footer-readmore\">  <\/div>\n          <\/div>\n        <\/div>\n      <\/div>\n    <\/div>\n  <\/div>\n<\/article>\n<\/div><div class=\"tm-box-col-wrapper col-lg-4 col-sm-6 col-md-4 col-xs-12 actividades actividades-anteriores\"><article class=\"thememount-box thememount-box-blog thememount-blogbox-format- \">\n  <div class=\"post-item\">\n        <div class=\"tm-featured-outer-wrapper tm-post-featured-outer-wrapper\"> <div class=\"tm-post-format-icon-wrapper\"><i class=\"tm-knox-icon-pencil\"><\/i><\/div> <div class=\"tm-featured-wrapper tm-post-featured-wrapper tm-post-format-\"><a href=\"https:\/\/diversidadaudiovisual.org\/nuevaweb\/ii-jornada-diversidade-cultural-e-novas-tecnologias\/\"><img loading=\"lazy\" decoding=\"async\" width=\"800\" height=\"533\" src=\"https:\/\/diversidadaudiovisual.org\/nuevaweb\/wp-content\/uploads\/2012\/06\/diversidad-audiovisual-noticia-800x533.jpg\" class=\"attachment-thememount-img-blog size-thememount-img-blog wp-post-image\" alt=\"Diversidad Audiovisual Noticia\" srcset=\"https:\/\/diversidadaudiovisual.org\/nuevaweb\/wp-content\/uploads\/2012\/06\/diversidad-audiovisual-noticia-800x533.jpg 800w, https:\/\/diversidadaudiovisual.org\/nuevaweb\/wp-content\/uploads\/2012\/06\/diversidad-audiovisual-noticia-300x200.jpg 300w, https:\/\/diversidadaudiovisual.org\/nuevaweb\/wp-content\/uploads\/2012\/06\/diversidad-audiovisual-noticia-1024x683.jpg 1024w, https:\/\/diversidadaudiovisual.org\/nuevaweb\/wp-content\/uploads\/2012\/06\/diversidad-audiovisual-noticia-768x512.jpg 768w, https:\/\/diversidadaudiovisual.org\/nuevaweb\/wp-content\/uploads\/2012\/06\/diversidad-audiovisual-noticia.jpg 1200w\" sizes=\"auto, (max-width: 800px) 100vw, 800px\" data-id=\"8502\" \/><\/a><\/div> <\/div>\n    <div class=\"thememount-box-content\">\n      <div class=\"thememount-box-post-date\"><span class=\"tm-meta-line posted-on\"><span class=\"screen-reader-text tm-hide\">Posted on <\/span><a href=\"https:\/\/diversidadaudiovisual.org\/nuevaweb\/ii-jornada-diversidade-cultural-e-novas-tecnologias\/\" rel=\"bookmark\"><time class=\"entry-date published\" datetime=\"2015-12-17T17:22:04+00:00\">Dic 17, 2015<\/time><time class=\"updated tm-hide\" datetime=\"2023-02-10T10:57:42+00:00\">Feb 10, 2023<\/time><\/a><\/span><\/div>\n      <div class=\"thememount-box-title\"><h4><a href=\"https:\/\/diversidadaudiovisual.org\/nuevaweb\/ii-jornada-diversidade-cultural-e-novas-tecnologias\/\">II Jornada Diversidade Cultural e Novas Tecnologias<\/a><\/h4><\/div>      <div class=\"author-email\">\n        <p><strong><\/strong> <\/p>\n      <\/div>\n <div class=\"universidad\">\n        <p> <\/p>\n      <\/div>\n      <div class=\"thememount-box-desc\">\n        <div class=\"thememount-box-desc-text\">19 de mayo de 2015 - Sao Paulo (Brasil) El Profesor Luis A. Albornoz particip\u00f3 en la Jornada Diversidade Cultural e Novas Tecnol...<\/div>\n        <div class=\"thememount-box-desc-footer\">\n                    <div class=\"thememount-blogbox-desc-footer\">\n            <div class=\"thememount-blogbox-footer-readmore\">  <\/div>\n          <\/div>\n        <\/div>\n      <\/div>\n    <\/div>\n  <\/div>\n<\/article>\n<\/div><div class=\"tm-box-col-wrapper col-lg-4 col-sm-6 col-md-4 col-xs-12 actividades actividades-anteriores\"><article class=\"thememount-box thememount-box-blog thememount-blogbox-format- \">\n  <div class=\"post-item\">\n        <div class=\"tm-featured-outer-wrapper tm-post-featured-outer-wrapper\"> <div class=\"tm-post-format-icon-wrapper\"><i class=\"tm-knox-icon-pencil\"><\/i><\/div> <div class=\"tm-featured-wrapper tm-post-featured-wrapper tm-post-format-\"><a href=\"https:\/\/diversidadaudiovisual.org\/nuevaweb\/simposio-internacional-sobre-la-medicion-de-los-productos-culturales-digitalizados\/\"><img loading=\"lazy\" decoding=\"async\" width=\"800\" height=\"533\" src=\"https:\/\/diversidadaudiovisual.org\/nuevaweb\/wp-content\/uploads\/2012\/06\/diversidad-audiovisual-noticia-800x533.jpg\" class=\"attachment-thememount-img-blog size-thememount-img-blog wp-post-image\" alt=\"Diversidad Audiovisual Noticia\" srcset=\"https:\/\/diversidadaudiovisual.org\/nuevaweb\/wp-content\/uploads\/2012\/06\/diversidad-audiovisual-noticia-800x533.jpg 800w, https:\/\/diversidadaudiovisual.org\/nuevaweb\/wp-content\/uploads\/2012\/06\/diversidad-audiovisual-noticia-300x200.jpg 300w, https:\/\/diversidadaudiovisual.org\/nuevaweb\/wp-content\/uploads\/2012\/06\/diversidad-audiovisual-noticia-1024x683.jpg 1024w, https:\/\/diversidadaudiovisual.org\/nuevaweb\/wp-content\/uploads\/2012\/06\/diversidad-audiovisual-noticia-768x512.jpg 768w, https:\/\/diversidadaudiovisual.org\/nuevaweb\/wp-content\/uploads\/2012\/06\/diversidad-audiovisual-noticia.jpg 1200w\" sizes=\"auto, (max-width: 800px) 100vw, 800px\" data-id=\"8502\" \/><\/a><\/div> <\/div>\n    <div class=\"thememount-box-content\">\n      <div class=\"thememount-box-post-date\"><span class=\"tm-meta-line posted-on\"><span class=\"screen-reader-text tm-hide\">Posted on <\/span><a href=\"https:\/\/diversidadaudiovisual.org\/nuevaweb\/simposio-internacional-sobre-la-medicion-de-los-productos-culturales-digitalizados\/\" rel=\"bookmark\"><time class=\"entry-date published\" datetime=\"2015-12-16T15:30:27+00:00\">Dic 16, 2015<\/time><time class=\"updated tm-hide\" datetime=\"2023-02-10T10:57:06+00:00\">Feb 10, 2023<\/time><\/a><\/span><\/div>\n      <div class=\"thememount-box-title\"><h4><a href=\"https:\/\/diversidadaudiovisual.org\/nuevaweb\/simposio-internacional-sobre-la-medicion-de-los-productos-culturales-digitalizados\/\">Simposio Internacional sobre la Medici\u00f3n de los Productos Culturales Digitalizados<\/a><\/h4><\/div>      <div class=\"author-email\">\n        <p><strong><\/strong> <\/p>\n      <\/div>\n <div class=\"universidad\">\n        <p> <\/p>\n      <\/div>\n      <div class=\"thememount-box-desc\">\n        <div class=\"thememount-box-desc-text\">Del 9 al 11 de mayo de 2016 \u2013 HEC-Montreal (Canad\u00e1) Coincidiendo con el d\u00e9cimo aniversario de la Convenci\u00f3n de la UNESCO sob...<\/div>\n        <div class=\"thememount-box-desc-footer\">\n                    <div class=\"thememount-blogbox-desc-footer\">\n            <div class=\"thememount-blogbox-footer-readmore\">  <\/div>\n          <\/div>\n        <\/div>\n      <\/div>\n    <\/div>\n  <\/div>\n<\/article>\n<\/div><div class=\"tm-box-col-wrapper col-lg-4 col-sm-6 col-md-4 col-xs-12 actividades actividades-anteriores\"><article class=\"thememount-box thememount-box-blog thememount-blogbox-format- \">\n  <div class=\"post-item\">\n        <div class=\"tm-featured-outer-wrapper tm-post-featured-outer-wrapper\"> <div class=\"tm-post-format-icon-wrapper\"><i class=\"tm-knox-icon-pencil\"><\/i><\/div> <div class=\"tm-featured-wrapper tm-post-featured-wrapper tm-post-format-\"><a href=\"https:\/\/diversidadaudiovisual.org\/nuevaweb\/la-radio-como-instrumento-de-integracion-comunitaria-radios-comunitarias-y-diversidad\/\"><img loading=\"lazy\" decoding=\"async\" width=\"800\" height=\"533\" src=\"https:\/\/diversidadaudiovisual.org\/nuevaweb\/wp-content\/uploads\/2012\/06\/diversidad-audiovisual-noticia-800x533.jpg\" class=\"attachment-thememount-img-blog size-thememount-img-blog wp-post-image\" alt=\"Diversidad Audiovisual Noticia\" srcset=\"https:\/\/diversidadaudiovisual.org\/nuevaweb\/wp-content\/uploads\/2012\/06\/diversidad-audiovisual-noticia-800x533.jpg 800w, https:\/\/diversidadaudiovisual.org\/nuevaweb\/wp-content\/uploads\/2012\/06\/diversidad-audiovisual-noticia-300x200.jpg 300w, https:\/\/diversidadaudiovisual.org\/nuevaweb\/wp-content\/uploads\/2012\/06\/diversidad-audiovisual-noticia-1024x683.jpg 1024w, https:\/\/diversidadaudiovisual.org\/nuevaweb\/wp-content\/uploads\/2012\/06\/diversidad-audiovisual-noticia-768x512.jpg 768w, https:\/\/diversidadaudiovisual.org\/nuevaweb\/wp-content\/uploads\/2012\/06\/diversidad-audiovisual-noticia.jpg 1200w\" sizes=\"auto, (max-width: 800px) 100vw, 800px\" data-id=\"8502\" \/><\/a><\/div> <\/div>\n    <div class=\"thememount-box-content\">\n      <div class=\"thememount-box-post-date\"><span class=\"tm-meta-line posted-on\"><span class=\"screen-reader-text tm-hide\">Posted on <\/span><a href=\"https:\/\/diversidadaudiovisual.org\/nuevaweb\/la-radio-como-instrumento-de-integracion-comunitaria-radios-comunitarias-y-diversidad\/\" rel=\"bookmark\"><time class=\"entry-date published\" datetime=\"2015-12-15T10:27:24+00:00\">Dic 15, 2015<\/time><time class=\"updated tm-hide\" datetime=\"2023-02-10T10:56:29+00:00\">Feb 10, 2023<\/time><\/a><\/span><\/div>\n      <div class=\"thememount-box-title\"><h4><a href=\"https:\/\/diversidadaudiovisual.org\/nuevaweb\/la-radio-como-instrumento-de-integracion-comunitaria-radios-comunitarias-y-diversidad\/\">La radio como instrumento de integraci\u00f3n comunitaria. Radios comunitarias y diversidad<\/a><\/h4><\/div>      <div class=\"author-email\">\n        <p><strong><\/strong> <\/p>\n      <\/div>\n <div class=\"universidad\">\n        <p> <\/p>\n      <\/div>\n      <div class=\"thememount-box-desc\">\n        <div class=\"thememount-box-desc-text\">31 de marzo de 2016 - Facultad de Ciencias de la Informaci\u00f3n de la Universidad Complutense de Madrid La Facultad de Ciencias de...<\/div>\n        <div class=\"thememount-box-desc-footer\">\n                    <div class=\"thememount-blogbox-desc-footer\">\n            <div class=\"thememount-blogbox-footer-readmore\">  <\/div>\n          <\/div>\n        <\/div>\n      <\/div>\n    <\/div>\n  <\/div>\n<\/article>\n<\/div><div class=\"tm-box-col-wrapper col-lg-4 col-sm-6 col-md-4 col-xs-12 actividades actividades-anteriores\"><article class=\"thememount-box thememount-box-blog thememount-blogbox-format- \">\n  <div class=\"post-item\">\n        <div class=\"tm-featured-outer-wrapper tm-post-featured-outer-wrapper\"> <div class=\"tm-post-format-icon-wrapper\"><i class=\"tm-knox-icon-pencil\"><\/i><\/div> <div class=\"tm-featured-wrapper tm-post-featured-wrapper tm-post-format-\"><a href=\"https:\/\/diversidadaudiovisual.org\/nuevaweb\/visita-al-seminario-permanente-de-la-dra-daniela-monje\/\"><img loading=\"lazy\" decoding=\"async\" width=\"800\" height=\"533\" src=\"https:\/\/diversidadaudiovisual.org\/nuevaweb\/wp-content\/uploads\/2012\/06\/diversidad-audiovisual-noticia-800x533.jpg\" class=\"attachment-thememount-img-blog size-thememount-img-blog wp-post-image\" alt=\"Diversidad Audiovisual Noticia\" srcset=\"https:\/\/diversidadaudiovisual.org\/nuevaweb\/wp-content\/uploads\/2012\/06\/diversidad-audiovisual-noticia-800x533.jpg 800w, https:\/\/diversidadaudiovisual.org\/nuevaweb\/wp-content\/uploads\/2012\/06\/diversidad-audiovisual-noticia-300x200.jpg 300w, https:\/\/diversidadaudiovisual.org\/nuevaweb\/wp-content\/uploads\/2012\/06\/diversidad-audiovisual-noticia-1024x683.jpg 1024w, https:\/\/diversidadaudiovisual.org\/nuevaweb\/wp-content\/uploads\/2012\/06\/diversidad-audiovisual-noticia-768x512.jpg 768w, https:\/\/diversidadaudiovisual.org\/nuevaweb\/wp-content\/uploads\/2012\/06\/diversidad-audiovisual-noticia.jpg 1200w\" sizes=\"auto, (max-width: 800px) 100vw, 800px\" data-id=\"8502\" \/><\/a><\/div> <\/div>\n    <div class=\"thememount-box-content\">\n      <div class=\"thememount-box-post-date\"><span class=\"tm-meta-line posted-on\"><span class=\"screen-reader-text tm-hide\">Posted on <\/span><a href=\"https:\/\/diversidadaudiovisual.org\/nuevaweb\/visita-al-seminario-permanente-de-la-dra-daniela-monje\/\" rel=\"bookmark\"><time class=\"entry-date published\" datetime=\"2015-12-09T12:38:27+00:00\">Dic 9, 2015<\/time><time class=\"updated tm-hide\" datetime=\"2023-02-10T10:55:58+00:00\">Feb 10, 2023<\/time><\/a><\/span><\/div>\n      <div class=\"thememount-box-title\"><h4><a href=\"https:\/\/diversidadaudiovisual.org\/nuevaweb\/visita-al-seminario-permanente-de-la-dra-daniela-monje\/\">Visita al seminario permanente de la Dra. Daniela Monje<\/a><\/h4><\/div>      <div class=\"author-email\">\n        <p><strong><\/strong> <\/p>\n      <\/div>\n <div class=\"universidad\">\n        <p> <\/p>\n      <\/div>\n      <div class=\"thememount-box-desc\">\n        <div class=\"thememount-box-desc-text\">26 de febrero de 2016 \u2013 Facultad de Humanidades, Comunicaci\u00f3n y Documentaci\u00f3n de la Universidad Carlos III de Madrid Dani...<\/div>\n        <div class=\"thememount-box-desc-footer\">\n                    <div class=\"thememount-blogbox-desc-footer\">\n            <div class=\"thememount-blogbox-footer-readmore\">  <\/div>\n          <\/div>\n        <\/div>\n      <\/div>\n    <\/div>\n  <\/div>\n<\/article>\n<\/div><div class=\"tm-box-col-wrapper col-lg-4 col-sm-6 col-md-4 col-xs-12 actividades actividades-anteriores\"><article class=\"thememount-box thememount-box-blog thememount-blogbox-format- \">\n  <div class=\"post-item\">\n        <div class=\"tm-featured-outer-wrapper tm-post-featured-outer-wrapper\"> <div class=\"tm-post-format-icon-wrapper\"><i class=\"tm-knox-icon-pencil\"><\/i><\/div> <div class=\"tm-featured-wrapper tm-post-featured-wrapper tm-post-format-\"><a href=\"https:\/\/diversidadaudiovisual.org\/nuevaweb\/70o-aniversario-de-la-unesco-y-10o-del-centro-unesco-getafe-madrid\/\"><img loading=\"lazy\" decoding=\"async\" width=\"800\" height=\"533\" src=\"https:\/\/diversidadaudiovisual.org\/nuevaweb\/wp-content\/uploads\/2012\/06\/diversidad-audiovisual-noticia-800x533.jpg\" class=\"attachment-thememount-img-blog size-thememount-img-blog wp-post-image\" alt=\"Diversidad Audiovisual Noticia\" srcset=\"https:\/\/diversidadaudiovisual.org\/nuevaweb\/wp-content\/uploads\/2012\/06\/diversidad-audiovisual-noticia-800x533.jpg 800w, https:\/\/diversidadaudiovisual.org\/nuevaweb\/wp-content\/uploads\/2012\/06\/diversidad-audiovisual-noticia-300x200.jpg 300w, https:\/\/diversidadaudiovisual.org\/nuevaweb\/wp-content\/uploads\/2012\/06\/diversidad-audiovisual-noticia-1024x683.jpg 1024w, https:\/\/diversidadaudiovisual.org\/nuevaweb\/wp-content\/uploads\/2012\/06\/diversidad-audiovisual-noticia-768x512.jpg 768w, https:\/\/diversidadaudiovisual.org\/nuevaweb\/wp-content\/uploads\/2012\/06\/diversidad-audiovisual-noticia.jpg 1200w\" sizes=\"auto, (max-width: 800px) 100vw, 800px\" data-id=\"8502\" \/><\/a><\/div> <\/div>\n    <div class=\"thememount-box-content\">\n      <div class=\"thememount-box-post-date\"><span class=\"tm-meta-line posted-on\"><span class=\"screen-reader-text tm-hide\">Posted on <\/span><a href=\"https:\/\/diversidadaudiovisual.org\/nuevaweb\/70o-aniversario-de-la-unesco-y-10o-del-centro-unesco-getafe-madrid\/\" rel=\"bookmark\"><time class=\"entry-date published\" datetime=\"2015-11-26T19:21:14+00:00\">Nov 26, 2015<\/time><time class=\"updated tm-hide\" datetime=\"2023-02-10T10:55:25+00:00\">Feb 10, 2023<\/time><\/a><\/span><\/div>\n      <div class=\"thememount-box-title\"><h4><a href=\"https:\/\/diversidadaudiovisual.org\/nuevaweb\/70o-aniversario-de-la-unesco-y-10o-del-centro-unesco-getafe-madrid\/\">70\u00ba Aniversario de la UNESCO y 10\u00ba del centro UNESCO Getafe-Madrid<\/a><\/h4><\/div>      <div class=\"author-email\">\n        <p><strong><\/strong> <\/p>\n      <\/div>\n <div class=\"universidad\">\n        <p> <\/p>\n      <\/div>\n      <div class=\"thememount-box-desc\">\n        <div class=\"thememount-box-desc-text\">4 de diciembre de 2015 - Teatro Garc\u00eda Lorca, Getafe M\u00aa Trinidad Garc\u00eda Leiva, investigadora principal del proyecto de investi...<\/div>\n        <div class=\"thememount-box-desc-footer\">\n                    <div class=\"thememount-blogbox-desc-footer\">\n            <div class=\"thememount-blogbox-footer-readmore\">  <\/div>\n          <\/div>\n        <\/div>\n      <\/div>\n    <\/div>\n  <\/div>\n<\/article>\n<\/div><div class=\"tm-box-col-wrapper col-lg-4 col-sm-6 col-md-4 col-xs-12 actividades actividades-anteriores\"><article class=\"thememount-box thememount-box-blog thememount-blogbox-format- \">\n  <div class=\"post-item\">\n        <div class=\"tm-featured-outer-wrapper tm-post-featured-outer-wrapper\"> <div class=\"tm-post-format-icon-wrapper\"><i class=\"tm-knox-icon-pencil\"><\/i><\/div> <div class=\"tm-featured-wrapper tm-post-featured-wrapper tm-post-format-\"><a href=\"https:\/\/diversidadaudiovisual.org\/nuevaweb\/ix-sesion-ordinaria-del-comite-intergubernamental-cig-para-la-proteccion-y-promocion-de-la-diversidad-cultural\/\"><img loading=\"lazy\" decoding=\"async\" width=\"800\" height=\"533\" src=\"https:\/\/diversidadaudiovisual.org\/nuevaweb\/wp-content\/uploads\/2012\/06\/diversidad-audiovisual-noticia-800x533.jpg\" class=\"attachment-thememount-img-blog size-thememount-img-blog wp-post-image\" alt=\"Diversidad Audiovisual Noticia\" srcset=\"https:\/\/diversidadaudiovisual.org\/nuevaweb\/wp-content\/uploads\/2012\/06\/diversidad-audiovisual-noticia-800x533.jpg 800w, https:\/\/diversidadaudiovisual.org\/nuevaweb\/wp-content\/uploads\/2012\/06\/diversidad-audiovisual-noticia-300x200.jpg 300w, https:\/\/diversidadaudiovisual.org\/nuevaweb\/wp-content\/uploads\/2012\/06\/diversidad-audiovisual-noticia-1024x683.jpg 1024w, https:\/\/diversidadaudiovisual.org\/nuevaweb\/wp-content\/uploads\/2012\/06\/diversidad-audiovisual-noticia-768x512.jpg 768w, https:\/\/diversidadaudiovisual.org\/nuevaweb\/wp-content\/uploads\/2012\/06\/diversidad-audiovisual-noticia.jpg 1200w\" sizes=\"auto, (max-width: 800px) 100vw, 800px\" data-id=\"8502\" \/><\/a><\/div> <\/div>\n    <div class=\"thememount-box-content\">\n      <div class=\"thememount-box-post-date\"><span class=\"tm-meta-line posted-on\"><span class=\"screen-reader-text tm-hide\">Posted on <\/span><a href=\"https:\/\/diversidadaudiovisual.org\/nuevaweb\/ix-sesion-ordinaria-del-comite-intergubernamental-cig-para-la-proteccion-y-promocion-de-la-diversidad-cultural\/\" rel=\"bookmark\"><time class=\"entry-date published\" datetime=\"2015-11-23T15:32:12+00:00\">Nov 23, 2015<\/time><time class=\"updated tm-hide\" datetime=\"2023-02-10T10:54:58+00:00\">Feb 10, 2023<\/time><\/a><\/span><\/div>\n      <div class=\"thememount-box-title\"><h4><a href=\"https:\/\/diversidadaudiovisual.org\/nuevaweb\/ix-sesion-ordinaria-del-comite-intergubernamental-cig-para-la-proteccion-y-promocion-de-la-diversidad-cultural\/\">IX sesi\u00f3n ordinaria del Comit\u00e9 intergubernamental (CIG) para la protecci\u00f3n y promoci\u00f3n de la diversidad cultural<\/a><\/h4><\/div>      <div class=\"author-email\">\n        <p><strong><\/strong> <\/p>\n      <\/div>\n <div class=\"universidad\">\n        <p> <\/p>\n      <\/div>\n      <div class=\"thememount-box-desc\">\n        <div class=\"thememount-box-desc-text\">Del 14 al 16 de diciembre de 2015 - Sede de la UNESCO, Par\u00eds. M\u00aa Trinidad Garc\u00eda Leiva,\u00a0Investigadora Principal del proyecto...<\/div>\n        <div class=\"thememount-box-desc-footer\">\n                    <div class=\"thememount-blogbox-desc-footer\">\n            <div class=\"thememount-blogbox-footer-readmore\">  <\/div>\n          <\/div>\n        <\/div>\n      <\/div>\n    <\/div>\n  <\/div>\n<\/article>\n<\/div><div class=\"tm-box-col-wrapper col-lg-4 col-sm-6 col-md-4 col-xs-12 actividades actividades-anteriores\"><article class=\"thememount-box thememount-box-blog thememount-blogbox-format- \">\n  <div class=\"post-item\">\n        <div class=\"tm-featured-outer-wrapper tm-post-featured-outer-wrapper\"> <div class=\"tm-post-format-icon-wrapper\"><i class=\"tm-knox-icon-pencil\"><\/i><\/div> <div class=\"tm-featured-wrapper tm-post-featured-wrapper tm-post-format-\"><a href=\"https:\/\/diversidadaudiovisual.org\/nuevaweb\/los-desafios-de-la-diversidad-en-el-audiovisual-digital\/\"><img loading=\"lazy\" decoding=\"async\" width=\"800\" height=\"533\" src=\"https:\/\/diversidadaudiovisual.org\/nuevaweb\/wp-content\/uploads\/2012\/06\/diversidad-audiovisual-evento-800x533.jpg\" class=\"attachment-thememount-img-blog size-thememount-img-blog wp-post-image\" alt=\"Diversidad Audiovisual Evento\" srcset=\"https:\/\/diversidadaudiovisual.org\/nuevaweb\/wp-content\/uploads\/2012\/06\/diversidad-audiovisual-evento-800x533.jpg 800w, https:\/\/diversidadaudiovisual.org\/nuevaweb\/wp-content\/uploads\/2012\/06\/diversidad-audiovisual-evento-300x200.jpg 300w, https:\/\/diversidadaudiovisual.org\/nuevaweb\/wp-content\/uploads\/2012\/06\/diversidad-audiovisual-evento-1024x683.jpg 1024w, https:\/\/diversidadaudiovisual.org\/nuevaweb\/wp-content\/uploads\/2012\/06\/diversidad-audiovisual-evento-768x512.jpg 768w, https:\/\/diversidadaudiovisual.org\/nuevaweb\/wp-content\/uploads\/2012\/06\/diversidad-audiovisual-evento.jpg 1200w\" sizes=\"auto, (max-width: 800px) 100vw, 800px\" data-id=\"8501\" \/><\/a><\/div> <\/div>\n    <div class=\"thememount-box-content\">\n      <div class=\"thememount-box-post-date\"><span class=\"tm-meta-line posted-on\"><span class=\"screen-reader-text tm-hide\">Posted on <\/span><a href=\"https:\/\/diversidadaudiovisual.org\/nuevaweb\/los-desafios-de-la-diversidad-en-el-audiovisual-digital\/\" rel=\"bookmark\"><time class=\"entry-date published\" datetime=\"2015-11-22T22:18:54+00:00\">Nov 22, 2015<\/time><time class=\"updated tm-hide\" datetime=\"2023-02-10T10:54:30+00:00\">Feb 10, 2023<\/time><\/a><\/span><\/div>\n      <div class=\"thememount-box-title\"><h4><a href=\"https:\/\/diversidadaudiovisual.org\/nuevaweb\/los-desafios-de-la-diversidad-en-el-audiovisual-digital\/\">Los desaf\u00edos de la diversidad en el audiovisual digital<\/a><\/h4><\/div>      <div class=\"author-email\">\n        <p><strong><\/strong> <\/p>\n      <\/div>\n <div class=\"universidad\">\n        <p> <\/p>\n      <\/div>\n      <div class=\"thememount-box-desc\">\n        <div class=\"thememount-box-desc-text\">13 de noviembre de 2015 - Real Instituto\u00a0Elcano, Madrid Coincidiendo con el d\u00e9cimo aniversario de la aprobaci\u00f3n de la Convenci...<\/div>\n        <div class=\"thememount-box-desc-footer\">\n                    <div class=\"thememount-blogbox-desc-footer\">\n            <div class=\"thememount-blogbox-footer-readmore\">  <\/div>\n          <\/div>\n        <\/div>\n      <\/div>\n    <\/div>\n  <\/div>\n<\/article>\n<\/div><div class=\"tm-box-col-wrapper col-lg-4 col-sm-6 col-md-4 col-xs-12 actividades actividades-anteriores\"><article class=\"thememount-box thememount-box-blog thememount-blogbox-format- \">\n  <div class=\"post-item\">\n        <div class=\"tm-featured-outer-wrapper tm-post-featured-outer-wrapper\"> <div class=\"tm-post-format-icon-wrapper\"><i class=\"tm-knox-icon-pencil\"><\/i><\/div> <div class=\"tm-featured-wrapper tm-post-featured-wrapper tm-post-format-\"><a href=\"https:\/\/diversidadaudiovisual.org\/nuevaweb\/beatrizmax\/\"><img loading=\"lazy\" decoding=\"async\" width=\"800\" height=\"533\" src=\"https:\/\/diversidadaudiovisual.org\/nuevaweb\/wp-content\/uploads\/2012\/06\/diversidad-audiovisual-congreso-800x533.jpg\" class=\"attachment-thememount-img-blog size-thememount-img-blog wp-post-image\" alt=\"Diversidad Audiovisual Congreso\" srcset=\"https:\/\/diversidadaudiovisual.org\/nuevaweb\/wp-content\/uploads\/2012\/06\/diversidad-audiovisual-congreso-800x533.jpg 800w, https:\/\/diversidadaudiovisual.org\/nuevaweb\/wp-content\/uploads\/2012\/06\/diversidad-audiovisual-congreso-300x200.jpg 300w, https:\/\/diversidadaudiovisual.org\/nuevaweb\/wp-content\/uploads\/2012\/06\/diversidad-audiovisual-congreso-1024x683.jpg 1024w, https:\/\/diversidadaudiovisual.org\/nuevaweb\/wp-content\/uploads\/2012\/06\/diversidad-audiovisual-congreso-768x512.jpg 768w, https:\/\/diversidadaudiovisual.org\/nuevaweb\/wp-content\/uploads\/2012\/06\/diversidad-audiovisual-congreso.jpg 1200w\" sizes=\"auto, (max-width: 800px) 100vw, 800px\" data-id=\"8500\" \/><\/a><\/div> <\/div>\n    <div class=\"thememount-box-content\">\n      <div class=\"thememount-box-post-date\"><span class=\"tm-meta-line posted-on\"><span class=\"screen-reader-text tm-hide\">Posted on <\/span><a href=\"https:\/\/diversidadaudiovisual.org\/nuevaweb\/beatrizmax\/\" rel=\"bookmark\"><time class=\"entry-date published\" datetime=\"2015-10-28T17:31:43+00:00\">Oct 28, 2015<\/time><time class=\"updated tm-hide\" datetime=\"2023-02-10T10:53:55+00:00\">Feb 10, 2023<\/time><\/a><\/span><\/div>\n      <div class=\"thememount-box-title\"><h4><a href=\"https:\/\/diversidadaudiovisual.org\/nuevaweb\/beatrizmax\/\">The Future of Transatlantic Economics Governance in the Age of the BRICS<\/a><\/h4><\/div>      <div class=\"author-email\">\n        <p><strong><\/strong> <\/p>\n      <\/div>\n <div class=\"universidad\">\n        <p> <\/p>\n      <\/div>\n      <div class=\"thememount-box-desc\">\n        <div class=\"thememount-box-desc-text\">11 y 12 de diciembre de 2015 -\u00a0Max Planck Institute for Comparative Public Law and International Law, Heidelberg (Alemania) La p...<\/div>\n        <div class=\"thememount-box-desc-footer\">\n                    <div class=\"thememount-blogbox-desc-footer\">\n            <div class=\"thememount-blogbox-footer-readmore\">  <\/div>\n          <\/div>\n        <\/div>\n      <\/div>\n    <\/div>\n  <\/div>\n<\/article>\n<\/div><div class=\"tm-box-col-wrapper col-lg-4 col-sm-6 col-md-4 col-xs-12 actividades actividades-anteriores\"><article class=\"thememount-box thememount-box-blog thememount-blogbox-format- \">\n  <div class=\"post-item\">\n        <div class=\"tm-featured-outer-wrapper tm-post-featured-outer-wrapper\"> <div class=\"tm-post-format-icon-wrapper\"><i class=\"tm-knox-icon-pencil\"><\/i><\/div> <div class=\"tm-featured-wrapper tm-post-featured-wrapper tm-post-format-\"><a href=\"https:\/\/diversidadaudiovisual.org\/nuevaweb\/diversite-culturelle-et-pluralisme-de-linformation-a-lere-numerique-memes-combats\/\"><img loading=\"lazy\" decoding=\"async\" width=\"800\" height=\"533\" src=\"https:\/\/diversidadaudiovisual.org\/nuevaweb\/wp-content\/uploads\/2012\/06\/diversidad-audiovisual-congreso-800x533.jpg\" class=\"attachment-thememount-img-blog size-thememount-img-blog wp-post-image\" alt=\"Diversidad Audiovisual Congreso\" srcset=\"https:\/\/diversidadaudiovisual.org\/nuevaweb\/wp-content\/uploads\/2012\/06\/diversidad-audiovisual-congreso-800x533.jpg 800w, https:\/\/diversidadaudiovisual.org\/nuevaweb\/wp-content\/uploads\/2012\/06\/diversidad-audiovisual-congreso-300x200.jpg 300w, https:\/\/diversidadaudiovisual.org\/nuevaweb\/wp-content\/uploads\/2012\/06\/diversidad-audiovisual-congreso-1024x683.jpg 1024w, https:\/\/diversidadaudiovisual.org\/nuevaweb\/wp-content\/uploads\/2012\/06\/diversidad-audiovisual-congreso-768x512.jpg 768w, https:\/\/diversidadaudiovisual.org\/nuevaweb\/wp-content\/uploads\/2012\/06\/diversidad-audiovisual-congreso.jpg 1200w\" sizes=\"auto, (max-width: 800px) 100vw, 800px\" data-id=\"8500\" \/><\/a><\/div> <\/div>\n    <div class=\"thememount-box-content\">\n      <div class=\"thememount-box-post-date\"><span class=\"tm-meta-line posted-on\"><span class=\"screen-reader-text tm-hide\">Posted on <\/span><a href=\"https:\/\/diversidadaudiovisual.org\/nuevaweb\/diversite-culturelle-et-pluralisme-de-linformation-a-lere-numerique-memes-combats\/\" rel=\"bookmark\"><time class=\"entry-date published\" datetime=\"2015-10-27T23:34:00+00:00\">Oct 27, 2015<\/time><time class=\"updated tm-hide\" datetime=\"2023-02-10T10:53:25+00:00\">Feb 10, 2023<\/time><\/a><\/span><\/div>\n      <div class=\"thememount-box-title\"><h4><a href=\"https:\/\/diversidadaudiovisual.org\/nuevaweb\/diversite-culturelle-et-pluralisme-de-linformation-a-lere-numerique-memes-combats\/\">Diversit\u00e9 culturelle et pluralisme de l&#8217;information \u00e0 l&#8217;\u00e8re num\u00e9rique : m\u00eames combats ?<\/a><\/h4><\/div>      <div class=\"author-email\">\n        <p><strong><\/strong> <\/p>\n      <\/div>\n <div class=\"universidad\">\n        <p> <\/p>\n      <\/div>\n      <div class=\"thememount-box-desc\">\n        <div class=\"thememount-box-desc-text\">4 de diciembre de\u00a02015 \u2013 Universit\u00e9 Sorbonne Nouvelle \u2013 Paris 3 (Francia) El profesor Ignacio Gallego, miembro del proyecto...<\/div>\n        <div class=\"thememount-box-desc-footer\">\n                    <div class=\"thememount-blogbox-desc-footer\">\n            <div class=\"thememount-blogbox-footer-readmore\">  <\/div>\n          <\/div>\n        <\/div>\n      <\/div>\n    <\/div>\n  <\/div>\n<\/article>\n<\/div><div class=\"tm-box-col-wrapper col-lg-4 col-sm-6 col-md-4 col-xs-12 actividades actividades-anteriores\"><article class=\"thememount-box thememount-box-blog thememount-blogbox-format- \">\n  <div class=\"post-item\">\n        <div class=\"tm-featured-outer-wrapper tm-post-featured-outer-wrapper\"> <div class=\"tm-post-format-icon-wrapper\"><i class=\"tm-knox-icon-pencil\"><\/i><\/div> <div class=\"tm-featured-wrapper tm-post-featured-wrapper tm-post-format-\"><a href=\"https:\/\/diversidadaudiovisual.org\/nuevaweb\/un-nuevo-modelo-de-comunicacion-de-servicio-publico-para-espana\/\"><img loading=\"lazy\" decoding=\"async\" width=\"800\" height=\"533\" src=\"https:\/\/diversidadaudiovisual.org\/nuevaweb\/wp-content\/uploads\/2012\/06\/diversidad-audiovisual-noticia-800x533.jpg\" class=\"attachment-thememount-img-blog size-thememount-img-blog wp-post-image\" alt=\"Diversidad Audiovisual Noticia\" srcset=\"https:\/\/diversidadaudiovisual.org\/nuevaweb\/wp-content\/uploads\/2012\/06\/diversidad-audiovisual-noticia-800x533.jpg 800w, https:\/\/diversidadaudiovisual.org\/nuevaweb\/wp-content\/uploads\/2012\/06\/diversidad-audiovisual-noticia-300x200.jpg 300w, https:\/\/diversidadaudiovisual.org\/nuevaweb\/wp-content\/uploads\/2012\/06\/diversidad-audiovisual-noticia-1024x683.jpg 1024w, https:\/\/diversidadaudiovisual.org\/nuevaweb\/wp-content\/uploads\/2012\/06\/diversidad-audiovisual-noticia-768x512.jpg 768w, https:\/\/diversidadaudiovisual.org\/nuevaweb\/wp-content\/uploads\/2012\/06\/diversidad-audiovisual-noticia.jpg 1200w\" sizes=\"auto, (max-width: 800px) 100vw, 800px\" data-id=\"8502\" \/><\/a><\/div> <\/div>\n    <div class=\"thememount-box-content\">\n      <div class=\"thememount-box-post-date\"><span class=\"tm-meta-line posted-on\"><span class=\"screen-reader-text tm-hide\">Posted on <\/span><a href=\"https:\/\/diversidadaudiovisual.org\/nuevaweb\/un-nuevo-modelo-de-comunicacion-de-servicio-publico-para-espana\/\" rel=\"bookmark\"><time class=\"entry-date published\" datetime=\"2015-10-12T14:16:30+00:00\">Oct 12, 2015<\/time><time class=\"updated tm-hide\" datetime=\"2023-02-10T10:52:54+00:00\">Feb 10, 2023<\/time><\/a><\/span><\/div>\n      <div class=\"thememount-box-title\"><h4><a href=\"https:\/\/diversidadaudiovisual.org\/nuevaweb\/un-nuevo-modelo-de-comunicacion-de-servicio-publico-para-espana\/\">Un nuevo modelo de comunicaci\u00f3n de servicio p\u00fablico para Espa\u00f1a<\/a><\/h4><\/div>      <div class=\"author-email\">\n        <p><strong><\/strong> <\/p>\n      <\/div>\n <div class=\"universidad\">\n        <p> <\/p>\n      <\/div>\n      <div class=\"thememount-box-desc\">\n        <div class=\"thememount-box-desc-text\">13 de octubre de 2015\u00a0\u2013 Universidad Carlos III de Madrid Los profesores Mar\u00eda Trinidad Garc\u00eda Leiva y Asier Aranzub\u00eda, miem...<\/div>\n        <div class=\"thememount-box-desc-footer\">\n                    <div class=\"thememount-blogbox-desc-footer\">\n            <div class=\"thememount-blogbox-footer-readmore\">  <\/div>\n          <\/div>\n        <\/div>\n      <\/div>\n    <\/div>\n  <\/div>\n<\/article>\n<\/div><div class=\"tm-box-col-wrapper col-lg-4 col-sm-6 col-md-4 col-xs-12 actividades actividades-anteriores\"><article class=\"thememount-box thememount-box-blog thememount-blogbox-format- \">\n  <div class=\"post-item\">\n        <div class=\"tm-featured-outer-wrapper tm-post-featured-outer-wrapper\"> <div class=\"tm-post-format-icon-wrapper\"><i class=\"tm-knox-icon-pencil\"><\/i><\/div> <div class=\"tm-featured-wrapper tm-post-featured-wrapper tm-post-format-\"><a href=\"https:\/\/diversidadaudiovisual.org\/nuevaweb\/fabricando-audiovisual-en-la-era-digital\/\"><img loading=\"lazy\" decoding=\"async\" width=\"800\" height=\"533\" src=\"https:\/\/diversidadaudiovisual.org\/nuevaweb\/wp-content\/uploads\/2012\/06\/diversidad-audiovisual-evento-800x533.jpg\" class=\"attachment-thememount-img-blog size-thememount-img-blog wp-post-image\" alt=\"Diversidad Audiovisual Evento\" srcset=\"https:\/\/diversidadaudiovisual.org\/nuevaweb\/wp-content\/uploads\/2012\/06\/diversidad-audiovisual-evento-800x533.jpg 800w, https:\/\/diversidadaudiovisual.org\/nuevaweb\/wp-content\/uploads\/2012\/06\/diversidad-audiovisual-evento-300x200.jpg 300w, https:\/\/diversidadaudiovisual.org\/nuevaweb\/wp-content\/uploads\/2012\/06\/diversidad-audiovisual-evento-1024x683.jpg 1024w, https:\/\/diversidadaudiovisual.org\/nuevaweb\/wp-content\/uploads\/2012\/06\/diversidad-audiovisual-evento-768x512.jpg 768w, https:\/\/diversidadaudiovisual.org\/nuevaweb\/wp-content\/uploads\/2012\/06\/diversidad-audiovisual-evento.jpg 1200w\" sizes=\"auto, (max-width: 800px) 100vw, 800px\" data-id=\"8501\" \/><\/a><\/div> <\/div>\n    <div class=\"thememount-box-content\">\n      <div class=\"thememount-box-post-date\"><span class=\"tm-meta-line posted-on\"><span class=\"screen-reader-text tm-hide\">Posted on <\/span><a href=\"https:\/\/diversidadaudiovisual.org\/nuevaweb\/fabricando-audiovisual-en-la-era-digital\/\" rel=\"bookmark\"><time class=\"entry-date published\" datetime=\"2015-07-20T14:49:44+00:00\">Jul 20, 2015<\/time><time class=\"updated tm-hide\" datetime=\"2023-02-10T10:52:15+00:00\">Feb 10, 2023<\/time><\/a><\/span><\/div>\n      <div class=\"thememount-box-title\"><h4><a href=\"https:\/\/diversidadaudiovisual.org\/nuevaweb\/fabricando-audiovisual-en-la-era-digital\/\">Fabricando Audiovisual en la Era Digital<\/a><\/h4><\/div>      <div class=\"author-email\">\n        <p><strong><\/strong> <\/p>\n      <\/div>\n <div class=\"universidad\">\n        <p> <\/p>\n      <\/div>\n      <div class=\"thememount-box-desc\">\n        <div class=\"thememount-box-desc-text\">8\u00a0de noviembre de 2015 \u2013 Matadero Madrid Los miembros del proyecto de investigaci\u00f3n \u201cDiversidad\u00a0de la industria audiovis...<\/div>\n        <div class=\"thememount-box-desc-footer\">\n                    <div class=\"thememount-blogbox-desc-footer\">\n            <div class=\"thememount-blogbox-footer-readmore\">  <\/div>\n          <\/div>\n        <\/div>\n      <\/div>\n    <\/div>\n  <\/div>\n<\/article>\n<\/div><div class=\"tm-box-col-wrapper col-lg-4 col-sm-6 col-md-4 col-xs-12 actividades actividades-anteriores\"><article class=\"thememount-box thememount-box-blog thememount-blogbox-format- \">\n  <div class=\"post-item\">\n        <div class=\"tm-featured-outer-wrapper tm-post-featured-outer-wrapper\"> <div class=\"tm-post-format-icon-wrapper\"><i class=\"tm-knox-icon-pencil\"><\/i><\/div> <div class=\"tm-featured-wrapper tm-post-featured-wrapper tm-post-format-\"><a href=\"https:\/\/diversidadaudiovisual.org\/nuevaweb\/radio-research-conference-2015\/\"><img loading=\"lazy\" decoding=\"async\" width=\"800\" height=\"533\" src=\"https:\/\/diversidadaudiovisual.org\/nuevaweb\/wp-content\/uploads\/2012\/06\/diversidad-audiovisual-congreso-800x533.jpg\" class=\"attachment-thememount-img-blog size-thememount-img-blog wp-post-image\" alt=\"Diversidad Audiovisual Congreso\" srcset=\"https:\/\/diversidadaudiovisual.org\/nuevaweb\/wp-content\/uploads\/2012\/06\/diversidad-audiovisual-congreso-800x533.jpg 800w, https:\/\/diversidadaudiovisual.org\/nuevaweb\/wp-content\/uploads\/2012\/06\/diversidad-audiovisual-congreso-300x200.jpg 300w, https:\/\/diversidadaudiovisual.org\/nuevaweb\/wp-content\/uploads\/2012\/06\/diversidad-audiovisual-congreso-1024x683.jpg 1024w, https:\/\/diversidadaudiovisual.org\/nuevaweb\/wp-content\/uploads\/2012\/06\/diversidad-audiovisual-congreso-768x512.jpg 768w, https:\/\/diversidadaudiovisual.org\/nuevaweb\/wp-content\/uploads\/2012\/06\/diversidad-audiovisual-congreso.jpg 1200w\" sizes=\"auto, (max-width: 800px) 100vw, 800px\" data-id=\"8500\" \/><\/a><\/div> <\/div>\n    <div class=\"thememount-box-content\">\n      <div class=\"thememount-box-post-date\"><span class=\"tm-meta-line posted-on\"><span class=\"screen-reader-text tm-hide\">Posted on <\/span><a href=\"https:\/\/diversidadaudiovisual.org\/nuevaweb\/radio-research-conference-2015\/\" rel=\"bookmark\"><time class=\"entry-date published\" datetime=\"2015-07-19T15:26:38+00:00\">Jul 19, 2015<\/time><time class=\"updated tm-hide\" datetime=\"2023-02-10T10:51:46+00:00\">Feb 10, 2023<\/time><\/a><\/span><\/div>\n      <div class=\"thememount-box-title\"><h4><a href=\"https:\/\/diversidadaudiovisual.org\/nuevaweb\/radio-research-conference-2015\/\">Radio Research Conference 2015<\/a><\/h4><\/div>      <div class=\"author-email\">\n        <p><strong><\/strong> <\/p>\n      <\/div>\n <div class=\"universidad\">\n        <p> <\/p>\n      <\/div>\n      <div class=\"thememount-box-desc\">\n        <div class=\"thememount-box-desc-text\">Del 28 al 30 de octubre de 2015\u00a0- Universidad\u00a0Carlos III de Madrid Los miembros del proyecto de investigaci\u00f3n \"Diversidad Audi...<\/div>\n        <div class=\"thememount-box-desc-footer\">\n                    <div class=\"thememount-blogbox-desc-footer\">\n            <div class=\"thememount-blogbox-footer-readmore\">  <\/div>\n          <\/div>\n        <\/div>\n      <\/div>\n    <\/div>\n  <\/div>\n<\/article>\n<\/div><div class=\"tm-box-col-wrapper col-lg-4 col-sm-6 col-md-4 col-xs-12 actividades actividades-anteriores\"><article class=\"thememount-box thememount-box-blog thememount-blogbox-format- \">\n  <div class=\"post-item\">\n        <div class=\"tm-featured-outer-wrapper tm-post-featured-outer-wrapper\"> <div class=\"tm-post-format-icon-wrapper\"><i class=\"tm-knox-icon-pencil\"><\/i><\/div> <div class=\"tm-featured-wrapper tm-post-featured-wrapper tm-post-format-\"><a href=\"https:\/\/diversidadaudiovisual.org\/nuevaweb\/simposio-internacional-cultures-societes-et-numerique\/\"><img loading=\"lazy\" decoding=\"async\" width=\"800\" height=\"533\" src=\"https:\/\/diversidadaudiovisual.org\/nuevaweb\/wp-content\/uploads\/2012\/06\/diversidad-audiovisual-congreso-800x533.jpg\" class=\"attachment-thememount-img-blog size-thememount-img-blog wp-post-image\" alt=\"Diversidad Audiovisual Congreso\" srcset=\"https:\/\/diversidadaudiovisual.org\/nuevaweb\/wp-content\/uploads\/2012\/06\/diversidad-audiovisual-congreso-800x533.jpg 800w, https:\/\/diversidadaudiovisual.org\/nuevaweb\/wp-content\/uploads\/2012\/06\/diversidad-audiovisual-congreso-300x200.jpg 300w, https:\/\/diversidadaudiovisual.org\/nuevaweb\/wp-content\/uploads\/2012\/06\/diversidad-audiovisual-congreso-1024x683.jpg 1024w, https:\/\/diversidadaudiovisual.org\/nuevaweb\/wp-content\/uploads\/2012\/06\/diversidad-audiovisual-congreso-768x512.jpg 768w, https:\/\/diversidadaudiovisual.org\/nuevaweb\/wp-content\/uploads\/2012\/06\/diversidad-audiovisual-congreso.jpg 1200w\" sizes=\"auto, (max-width: 800px) 100vw, 800px\" data-id=\"8500\" \/><\/a><\/div> <\/div>\n    <div class=\"thememount-box-content\">\n      <div class=\"thememount-box-post-date\"><span class=\"tm-meta-line posted-on\"><span class=\"screen-reader-text tm-hide\">Posted on <\/span><a href=\"https:\/\/diversidadaudiovisual.org\/nuevaweb\/simposio-internacional-cultures-societes-et-numerique\/\" rel=\"bookmark\"><time class=\"entry-date published\" datetime=\"2015-07-19T15:25:54+00:00\">Jul 19, 2015<\/time><time class=\"updated tm-hide\" datetime=\"2023-02-10T10:51:08+00:00\">Feb 10, 2023<\/time><\/a><\/span><\/div>\n      <div class=\"thememount-box-title\"><h4><a href=\"https:\/\/diversidadaudiovisual.org\/nuevaweb\/simposio-internacional-cultures-societes-et-numerique\/\">Simposio Internacional \u201cCultures, Soci\u00e9t\u00e9s et Num\u00e9rique\u201d<\/a><\/h4><\/div>      <div class=\"author-email\">\n        <p><strong><\/strong> <\/p>\n      <\/div>\n <div class=\"universidad\">\n        <p> <\/p>\n      <\/div>\n      <div class=\"thememount-box-desc\">\n        <div class=\"thememount-box-desc-text\">15 y 16 de octubre de 2015 \u2013 Universit\u00e9 du Qu\u00e9bec \u00e0 Montr\u00e9al (UQAM), Canad\u00e1 Tras la publicaci\u00f3n del estudio \u201cPour une c...<\/div>\n        <div class=\"thememount-box-desc-footer\">\n                    <div class=\"thememount-blogbox-desc-footer\">\n            <div class=\"thememount-blogbox-footer-readmore\">  <\/div>\n          <\/div>\n        <\/div>\n      <\/div>\n    <\/div>\n  <\/div>\n<\/article>\n<\/div><div class=\"tm-box-col-wrapper col-lg-4 col-sm-6 col-md-4 col-xs-12 actividades actividades-anteriores\"><article class=\"thememount-box thememount-box-blog thememount-blogbox-format- \">\n  <div class=\"post-item\">\n        <div class=\"tm-featured-outer-wrapper tm-post-featured-outer-wrapper\"> <div class=\"tm-post-format-icon-wrapper\"><i class=\"tm-knox-icon-pencil\"><\/i><\/div> <div class=\"tm-featured-wrapper tm-post-featured-wrapper tm-post-format-\"><a href=\"https:\/\/diversidadaudiovisual.org\/nuevaweb\/xiii-encuentro-nacional-de-carreras-de-comunicacion-enacom-2015\/\"><img loading=\"lazy\" decoding=\"async\" width=\"800\" height=\"533\" src=\"https:\/\/diversidadaudiovisual.org\/nuevaweb\/wp-content\/uploads\/2012\/06\/diversidad-audiovisual-congreso-800x533.jpg\" class=\"attachment-thememount-img-blog size-thememount-img-blog wp-post-image\" alt=\"Diversidad Audiovisual Congreso\" srcset=\"https:\/\/diversidadaudiovisual.org\/nuevaweb\/wp-content\/uploads\/2012\/06\/diversidad-audiovisual-congreso-800x533.jpg 800w, https:\/\/diversidadaudiovisual.org\/nuevaweb\/wp-content\/uploads\/2012\/06\/diversidad-audiovisual-congreso-300x200.jpg 300w, https:\/\/diversidadaudiovisual.org\/nuevaweb\/wp-content\/uploads\/2012\/06\/diversidad-audiovisual-congreso-1024x683.jpg 1024w, https:\/\/diversidadaudiovisual.org\/nuevaweb\/wp-content\/uploads\/2012\/06\/diversidad-audiovisual-congreso-768x512.jpg 768w, https:\/\/diversidadaudiovisual.org\/nuevaweb\/wp-content\/uploads\/2012\/06\/diversidad-audiovisual-congreso.jpg 1200w\" sizes=\"auto, (max-width: 800px) 100vw, 800px\" data-id=\"8500\" \/><\/a><\/div> <\/div>\n    <div class=\"thememount-box-content\">\n      <div class=\"thememount-box-post-date\"><span class=\"tm-meta-line posted-on\"><span class=\"screen-reader-text tm-hide\">Posted on <\/span><a href=\"https:\/\/diversidadaudiovisual.org\/nuevaweb\/xiii-encuentro-nacional-de-carreras-de-comunicacion-enacom-2015\/\" rel=\"bookmark\"><time class=\"entry-date published\" datetime=\"2015-07-19T15:23:30+00:00\">Jul 19, 2015<\/time><time class=\"updated tm-hide\" datetime=\"2023-02-10T10:50:28+00:00\">Feb 10, 2023<\/time><\/a><\/span><\/div>\n      <div class=\"thememount-box-title\"><h4><a href=\"https:\/\/diversidadaudiovisual.org\/nuevaweb\/xiii-encuentro-nacional-de-carreras-de-comunicacion-enacom-2015\/\">XIII Encuentro Nacional de Carreras de Comunicaci\u00f3n ENACOM 2015<\/a><\/h4><\/div>      <div class=\"author-email\">\n        <p><strong><\/strong> <\/p>\n      <\/div>\n <div class=\"universidad\">\n        <p> <\/p>\n      <\/div>\n      <div class=\"thememount-box-desc\">\n        <div class=\"thememount-box-desc-text\">Del 16 al 18 de septiembre de 2015 - Universidad del Salvador, Buenos Aires (Argentina) Azahara Ca\u00f1edo ha participado\u00a0en el\u00a0XI...<\/div>\n        <div class=\"thememount-box-desc-footer\">\n                    <div class=\"thememount-blogbox-desc-footer\">\n            <div class=\"thememount-blogbox-footer-readmore\">  <\/div>\n          <\/div>\n        <\/div>\n      <\/div>\n    <\/div>\n  <\/div>\n<\/article>\n<\/div><div class=\"tm-box-col-wrapper col-lg-4 col-sm-6 col-md-4 col-xs-12 actividades actividades-anteriores\"><article class=\"thememount-box thememount-box-blog thememount-blogbox-format- \">\n  <div class=\"post-item\">\n        <div class=\"tm-featured-outer-wrapper tm-post-featured-outer-wrapper\"> <div class=\"tm-post-format-icon-wrapper\"><i class=\"tm-knox-icon-pencil\"><\/i><\/div> <div class=\"tm-featured-wrapper tm-post-featured-wrapper tm-post-format-\"><a href=\"https:\/\/diversidadaudiovisual.org\/nuevaweb\/estancia-en-la-universidad-nacional-de-quilmes-argentina\/\"><img loading=\"lazy\" decoding=\"async\" width=\"800\" height=\"533\" src=\"https:\/\/diversidadaudiovisual.org\/nuevaweb\/wp-content\/uploads\/2013\/04\/diversidad-audiovisual-estancia-800x533.jpg\" class=\"attachment-thememount-img-blog size-thememount-img-blog wp-post-image\" alt=\"Diversidad Audiovisual Estancia\" srcset=\"https:\/\/diversidadaudiovisual.org\/nuevaweb\/wp-content\/uploads\/2013\/04\/diversidad-audiovisual-estancia-800x533.jpg 800w, https:\/\/diversidadaudiovisual.org\/nuevaweb\/wp-content\/uploads\/2013\/04\/diversidad-audiovisual-estancia-300x200.jpg 300w, https:\/\/diversidadaudiovisual.org\/nuevaweb\/wp-content\/uploads\/2013\/04\/diversidad-audiovisual-estancia-1024x683.jpg 1024w, https:\/\/diversidadaudiovisual.org\/nuevaweb\/wp-content\/uploads\/2013\/04\/diversidad-audiovisual-estancia-768x512.jpg 768w, https:\/\/diversidadaudiovisual.org\/nuevaweb\/wp-content\/uploads\/2013\/04\/diversidad-audiovisual-estancia.jpg 1200w\" sizes=\"auto, (max-width: 800px) 100vw, 800px\" data-id=\"8503\" \/><\/a><\/div> <\/div>\n    <div class=\"thememount-box-content\">\n      <div class=\"thememount-box-post-date\"><span class=\"tm-meta-line posted-on\"><span class=\"screen-reader-text tm-hide\">Posted on <\/span><a href=\"https:\/\/diversidadaudiovisual.org\/nuevaweb\/estancia-en-la-universidad-nacional-de-quilmes-argentina\/\" rel=\"bookmark\"><time class=\"entry-date published\" datetime=\"2015-07-13T14:44:31+00:00\">Jul 13, 2015<\/time><time class=\"updated tm-hide\" datetime=\"2023-02-10T10:49:52+00:00\">Feb 10, 2023<\/time><\/a><\/span><\/div>\n      <div class=\"thememount-box-title\"><h4><a href=\"https:\/\/diversidadaudiovisual.org\/nuevaweb\/estancia-en-la-universidad-nacional-de-quilmes-argentina\/\">Estancia en la Universidad Nacional de Quilmes<\/a><\/h4><\/div>      <div class=\"author-email\">\n        <p><strong><\/strong> <\/p>\n      <\/div>\n <div class=\"universidad\">\n        <p> <\/p>\n      <\/div>\n      <div class=\"thememount-box-desc\">\n        <div class=\"thememount-box-desc-text\">Del 1 de septiembre al 20 de diciembre de 2015 \u2013 Universidad Nacional de Quilmes, Argentina Azahara Ca\u00f1edo, miembro del proyec...<\/div>\n        <div class=\"thememount-box-desc-footer\">\n                    <div class=\"thememount-blogbox-desc-footer\">\n            <div class=\"thememount-blogbox-footer-readmore\">  <\/div>\n          <\/div>\n        <\/div>\n      <\/div>\n    <\/div>\n  <\/div>\n<\/article>\n<\/div><div class=\"tm-box-col-wrapper col-lg-4 col-sm-6 col-md-4 col-xs-12 actividades actividades-anteriores\"><article class=\"thememount-box thememount-box-blog thememount-blogbox-format- \">\n  <div class=\"post-item\">\n        <div class=\"tm-featured-outer-wrapper tm-post-featured-outer-wrapper\"> <div class=\"tm-post-format-icon-wrapper\"><i class=\"tm-knox-icon-pencil\"><\/i><\/div> <div class=\"tm-featured-wrapper tm-post-featured-wrapper tm-post-format-\"><a href=\"https:\/\/diversidadaudiovisual.org\/nuevaweb\/estancia-en-el-media-mcgill-de-la-mcgill-university\/\"><img loading=\"lazy\" decoding=\"async\" width=\"800\" height=\"533\" src=\"https:\/\/diversidadaudiovisual.org\/nuevaweb\/wp-content\/uploads\/2013\/04\/diversidad-audiovisual-estancia-800x533.jpg\" class=\"attachment-thememount-img-blog size-thememount-img-blog wp-post-image\" alt=\"Diversidad Audiovisual Estancia\" srcset=\"https:\/\/diversidadaudiovisual.org\/nuevaweb\/wp-content\/uploads\/2013\/04\/diversidad-audiovisual-estancia-800x533.jpg 800w, https:\/\/diversidadaudiovisual.org\/nuevaweb\/wp-content\/uploads\/2013\/04\/diversidad-audiovisual-estancia-300x200.jpg 300w, https:\/\/diversidadaudiovisual.org\/nuevaweb\/wp-content\/uploads\/2013\/04\/diversidad-audiovisual-estancia-1024x683.jpg 1024w, https:\/\/diversidadaudiovisual.org\/nuevaweb\/wp-content\/uploads\/2013\/04\/diversidad-audiovisual-estancia-768x512.jpg 768w, https:\/\/diversidadaudiovisual.org\/nuevaweb\/wp-content\/uploads\/2013\/04\/diversidad-audiovisual-estancia.jpg 1200w\" sizes=\"auto, (max-width: 800px) 100vw, 800px\" data-id=\"8503\" \/><\/a><\/div> <\/div>\n    <div class=\"thememount-box-content\">\n      <div class=\"thememount-box-post-date\"><span class=\"tm-meta-line posted-on\"><span class=\"screen-reader-text tm-hide\">Posted on <\/span><a href=\"https:\/\/diversidadaudiovisual.org\/nuevaweb\/estancia-en-el-media-mcgill-de-la-mcgill-university\/\" rel=\"bookmark\"><time class=\"entry-date published\" datetime=\"2015-06-11T14:47:00+00:00\">Jun 11, 2015<\/time><time class=\"updated tm-hide\" datetime=\"2023-02-10T10:48:50+00:00\">Feb 10, 2023<\/time><\/a><\/span><\/div>\n      <div class=\"thememount-box-title\"><h4><a href=\"https:\/\/diversidadaudiovisual.org\/nuevaweb\/estancia-en-el-media-mcgill-de-la-mcgill-university\/\">Estancia en el Media McGill de la McGill University<\/a><\/h4><\/div>      <div class=\"author-email\">\n        <p><strong><\/strong> <\/p>\n      <\/div>\n <div class=\"universidad\">\n        <p> <\/p>\n      <\/div>\n      <div class=\"thememount-box-desc\">\n        <div class=\"thememount-box-desc-text\">Del 1 de abril al 30 de agosto\u00a0de 2015 \u2013 Media McGill de la McGill University, Canad\u00e1. Ignacio Gallego, miembro del proyecto...<\/div>\n        <div class=\"thememount-box-desc-footer\">\n                    <div class=\"thememount-blogbox-desc-footer\">\n            <div class=\"thememount-blogbox-footer-readmore\">  <\/div>\n          <\/div>\n        <\/div>\n      <\/div>\n    <\/div>\n  <\/div>\n<\/article>\n<\/div><div class=\"tm-box-col-wrapper col-lg-4 col-sm-6 col-md-4 col-xs-12 actividades actividades-anteriores\"><article class=\"thememount-box thememount-box-blog thememount-blogbox-format- \">\n  <div class=\"post-item\">\n        <div class=\"tm-featured-outer-wrapper tm-post-featured-outer-wrapper\"> <div class=\"tm-post-format-icon-wrapper\"><i class=\"tm-knox-icon-pencil\"><\/i><\/div> <div class=\"tm-featured-wrapper tm-post-featured-wrapper tm-post-format-\"><a href=\"https:\/\/diversidadaudiovisual.org\/nuevaweb\/estancia-en-el-china-media-centre-cmc-de-la-universidad-de-westminster\/\"><img loading=\"lazy\" decoding=\"async\" width=\"800\" height=\"533\" src=\"https:\/\/diversidadaudiovisual.org\/nuevaweb\/wp-content\/uploads\/2013\/04\/diversidad-audiovisual-estancia-800x533.jpg\" class=\"attachment-thememount-img-blog size-thememount-img-blog wp-post-image\" alt=\"Diversidad Audiovisual Estancia\" srcset=\"https:\/\/diversidadaudiovisual.org\/nuevaweb\/wp-content\/uploads\/2013\/04\/diversidad-audiovisual-estancia-800x533.jpg 800w, https:\/\/diversidadaudiovisual.org\/nuevaweb\/wp-content\/uploads\/2013\/04\/diversidad-audiovisual-estancia-300x200.jpg 300w, https:\/\/diversidadaudiovisual.org\/nuevaweb\/wp-content\/uploads\/2013\/04\/diversidad-audiovisual-estancia-1024x683.jpg 1024w, https:\/\/diversidadaudiovisual.org\/nuevaweb\/wp-content\/uploads\/2013\/04\/diversidad-audiovisual-estancia-768x512.jpg 768w, https:\/\/diversidadaudiovisual.org\/nuevaweb\/wp-content\/uploads\/2013\/04\/diversidad-audiovisual-estancia.jpg 1200w\" sizes=\"auto, (max-width: 800px) 100vw, 800px\" data-id=\"8503\" \/><\/a><\/div> <\/div>\n    <div class=\"thememount-box-content\">\n      <div class=\"thememount-box-post-date\"><span class=\"tm-meta-line posted-on\"><span class=\"screen-reader-text tm-hide\">Posted on <\/span><a href=\"https:\/\/diversidadaudiovisual.org\/nuevaweb\/estancia-en-el-china-media-centre-cmc-de-la-universidad-de-westminster\/\" rel=\"bookmark\"><time class=\"entry-date published\" datetime=\"2015-06-10T15:30:26+00:00\">Jun 10, 2015<\/time><time class=\"updated tm-hide\" datetime=\"2023-02-10T10:48:20+00:00\">Feb 10, 2023<\/time><\/a><\/span><\/div>\n      <div class=\"thememount-box-title\"><h4><a href=\"https:\/\/diversidadaudiovisual.org\/nuevaweb\/estancia-en-el-china-media-centre-cmc-de-la-universidad-de-westminster\/\">Estancia en el China Media Centre (CMC) de la Universidad de Westminster<\/a><\/h4><\/div>      <div class=\"author-email\">\n        <p><strong><\/strong> <\/p>\n      <\/div>\n <div class=\"universidad\">\n        <p> <\/p>\n      <\/div>\n      <div class=\"thememount-box-desc\">\n        <div class=\"thememount-box-desc-text\">Del 1 de mayo al 31 de julio\u00a0de 2015 \u2013 China Media Centre (CMC) de la Universidad de Westminster, Reino Unido. Peilei Ye, miem...<\/div>\n        <div class=\"thememount-box-desc-footer\">\n                    <div class=\"thememount-blogbox-desc-footer\">\n            <div class=\"thememount-blogbox-footer-readmore\">  <\/div>\n          <\/div>\n        <\/div>\n      <\/div>\n    <\/div>\n  <\/div>\n<\/article>\n<\/div><div class=\"tm-box-col-wrapper col-lg-4 col-sm-6 col-md-4 col-xs-12 actividades actividades-anteriores\"><article class=\"thememount-box thememount-box-blog thememount-blogbox-format- \">\n  <div class=\"post-item\">\n        <div class=\"tm-featured-outer-wrapper tm-post-featured-outer-wrapper\"> <div class=\"tm-post-format-icon-wrapper\"><i class=\"tm-knox-icon-pencil\"><\/i><\/div> <div class=\"tm-featured-wrapper tm-post-featured-wrapper tm-post-format-\"><a href=\"https:\/\/diversidadaudiovisual.org\/nuevaweb\/simposio-gobernanza-y-medios-de-comunicacion-de-servicio-publico-en-las-sociedades-del-conocimiento\/\"><img loading=\"lazy\" decoding=\"async\" width=\"800\" height=\"533\" src=\"https:\/\/diversidadaudiovisual.org\/nuevaweb\/wp-content\/uploads\/2012\/06\/diversidad-audiovisual-congreso-800x533.jpg\" class=\"attachment-thememount-img-blog size-thememount-img-blog wp-post-image\" alt=\"Diversidad Audiovisual Congreso\" srcset=\"https:\/\/diversidadaudiovisual.org\/nuevaweb\/wp-content\/uploads\/2012\/06\/diversidad-audiovisual-congreso-800x533.jpg 800w, https:\/\/diversidadaudiovisual.org\/nuevaweb\/wp-content\/uploads\/2012\/06\/diversidad-audiovisual-congreso-300x200.jpg 300w, https:\/\/diversidadaudiovisual.org\/nuevaweb\/wp-content\/uploads\/2012\/06\/diversidad-audiovisual-congreso-1024x683.jpg 1024w, https:\/\/diversidadaudiovisual.org\/nuevaweb\/wp-content\/uploads\/2012\/06\/diversidad-audiovisual-congreso-768x512.jpg 768w, https:\/\/diversidadaudiovisual.org\/nuevaweb\/wp-content\/uploads\/2012\/06\/diversidad-audiovisual-congreso.jpg 1200w\" sizes=\"auto, (max-width: 800px) 100vw, 800px\" data-id=\"8500\" \/><\/a><\/div> <\/div>\n    <div class=\"thememount-box-content\">\n      <div class=\"thememount-box-post-date\"><span class=\"tm-meta-line posted-on\"><span class=\"screen-reader-text tm-hide\">Posted on <\/span><a href=\"https:\/\/diversidadaudiovisual.org\/nuevaweb\/simposio-gobernanza-y-medios-de-comunicacion-de-servicio-publico-en-las-sociedades-del-conocimiento\/\" rel=\"bookmark\"><time class=\"entry-date published\" datetime=\"2015-06-08T17:42:48+00:00\">Jun 8, 2015<\/time><time class=\"updated tm-hide\" datetime=\"2023-02-10T10:47:48+00:00\">Feb 10, 2023<\/time><\/a><\/span><\/div>\n      <div class=\"thememount-box-title\"><h4><a href=\"https:\/\/diversidadaudiovisual.org\/nuevaweb\/simposio-gobernanza-y-medios-de-comunicacion-de-servicio-publico-en-las-sociedades-del-conocimiento\/\">Simposio \u201cGobernanza y medios de comunicaci\u00f3n de servicio p\u00fablico en las sociedades del conocimiento\u201d\u00a0<\/a><\/h4><\/div>      <div class=\"author-email\">\n        <p><strong><\/strong> <\/p>\n      <\/div>\n <div class=\"universidad\">\n        <p> <\/p>\n      <\/div>\n      <div class=\"thememount-box-desc\">\n        <div class=\"thememount-box-desc-text\">16 y 17 de julio de 2015 - Universidad de Quebec en Montreal, Canad\u00e1. Luis A. Albornoz \u00a0ha participado en el simposio \u201cGobern...<\/div>\n        <div class=\"thememount-box-desc-footer\">\n                    <div class=\"thememount-blogbox-desc-footer\">\n            <div class=\"thememount-blogbox-footer-readmore\">  <\/div>\n          <\/div>\n        <\/div>\n      <\/div>\n    <\/div>\n  <\/div>\n<\/article>\n<\/div><div class=\"tm-box-col-wrapper col-lg-4 col-sm-6 col-md-4 col-xs-12 actividades actividades-anteriores\"><article class=\"thememount-box thememount-box-blog thememount-blogbox-format- \">\n  <div class=\"post-item\">\n        <div class=\"tm-featured-outer-wrapper tm-post-featured-outer-wrapper\"> <div class=\"tm-post-format-icon-wrapper\"><i class=\"tm-knox-icon-pencil\"><\/i><\/div> <div class=\"tm-featured-wrapper tm-post-featured-wrapper tm-post-format-\"><a href=\"https:\/\/diversidadaudiovisual.org\/nuevaweb\/congreso-anual-de-la-asociacion-internacional-de-investigacion-de-medios-y-comunicacion-2015\/\"><img loading=\"lazy\" decoding=\"async\" width=\"800\" height=\"533\" src=\"https:\/\/diversidadaudiovisual.org\/nuevaweb\/wp-content\/uploads\/2012\/06\/diversidad-audiovisual-congreso-800x533.jpg\" class=\"attachment-thememount-img-blog size-thememount-img-blog wp-post-image\" alt=\"Diversidad Audiovisual Congreso\" srcset=\"https:\/\/diversidadaudiovisual.org\/nuevaweb\/wp-content\/uploads\/2012\/06\/diversidad-audiovisual-congreso-800x533.jpg 800w, https:\/\/diversidadaudiovisual.org\/nuevaweb\/wp-content\/uploads\/2012\/06\/diversidad-audiovisual-congreso-300x200.jpg 300w, https:\/\/diversidadaudiovisual.org\/nuevaweb\/wp-content\/uploads\/2012\/06\/diversidad-audiovisual-congreso-1024x683.jpg 1024w, https:\/\/diversidadaudiovisual.org\/nuevaweb\/wp-content\/uploads\/2012\/06\/diversidad-audiovisual-congreso-768x512.jpg 768w, https:\/\/diversidadaudiovisual.org\/nuevaweb\/wp-content\/uploads\/2012\/06\/diversidad-audiovisual-congreso.jpg 1200w\" sizes=\"auto, (max-width: 800px) 100vw, 800px\" data-id=\"8500\" \/><\/a><\/div> <\/div>\n    <div class=\"thememount-box-content\">\n      <div class=\"thememount-box-post-date\"><span class=\"tm-meta-line posted-on\"><span class=\"screen-reader-text tm-hide\">Posted on <\/span><a href=\"https:\/\/diversidadaudiovisual.org\/nuevaweb\/congreso-anual-de-la-asociacion-internacional-de-investigacion-de-medios-y-comunicacion-2015\/\" rel=\"bookmark\"><time class=\"entry-date published\" datetime=\"2015-06-05T11:09:48+00:00\">Jun 5, 2015<\/time><time class=\"updated tm-hide\" datetime=\"2023-02-10T10:47:17+00:00\">Feb 10, 2023<\/time><\/a><\/span><\/div>\n      <div class=\"thememount-box-title\"><h4><a href=\"https:\/\/diversidadaudiovisual.org\/nuevaweb\/congreso-anual-de-la-asociacion-internacional-de-investigacion-de-medios-y-comunicacion-2015\/\">Congreso anual de la Asociaci\u00f3n Internacional de Investigaci\u00f3n de Medios y Comunicaci\u00f3n 2015<\/a><\/h4><\/div>      <div class=\"author-email\">\n        <p><strong><\/strong> <\/p>\n      <\/div>\n <div class=\"universidad\">\n        <p> <\/p>\n      <\/div>\n      <div class=\"thememount-box-desc\">\n        <div class=\"thememount-box-desc-text\">Del 12 al 16 de julio de 2015, Universidad de Quebec en Montreal, Canad\u00e1. Los Profesores Luis A. Albornoz, M\u00aa Trinidad Garc\u00eda...<\/div>\n        <div class=\"thememount-box-desc-footer\">\n                    <div class=\"thememount-blogbox-desc-footer\">\n            <div class=\"thememount-blogbox-footer-readmore\">  <\/div>\n          <\/div>\n        <\/div>\n      <\/div>\n    <\/div>\n  <\/div>\n<\/article>\n<\/div><div class=\"tm-box-col-wrapper col-lg-4 col-sm-6 col-md-4 col-xs-12 actividades actividades-anteriores\"><article class=\"thememount-box thememount-box-blog thememount-blogbox-format- \">\n  <div class=\"post-item\">\n        <div class=\"tm-featured-outer-wrapper tm-post-featured-outer-wrapper\"> <div class=\"tm-post-format-icon-wrapper\"><i class=\"tm-knox-icon-pencil\"><\/i><\/div> <div class=\"tm-featured-wrapper tm-post-featured-wrapper tm-post-format-\"><a href=\"https:\/\/diversidadaudiovisual.org\/nuevaweb\/cien-anos-de-administracion-de-las-bellas-artes\/\"><img loading=\"lazy\" decoding=\"async\" width=\"800\" height=\"533\" src=\"https:\/\/diversidadaudiovisual.org\/nuevaweb\/wp-content\/uploads\/2012\/06\/diversidad-audiovisual-noticia-800x533.jpg\" class=\"attachment-thememount-img-blog size-thememount-img-blog wp-post-image\" alt=\"Diversidad Audiovisual Noticia\" srcset=\"https:\/\/diversidadaudiovisual.org\/nuevaweb\/wp-content\/uploads\/2012\/06\/diversidad-audiovisual-noticia-800x533.jpg 800w, https:\/\/diversidadaudiovisual.org\/nuevaweb\/wp-content\/uploads\/2012\/06\/diversidad-audiovisual-noticia-300x200.jpg 300w, https:\/\/diversidadaudiovisual.org\/nuevaweb\/wp-content\/uploads\/2012\/06\/diversidad-audiovisual-noticia-1024x683.jpg 1024w, https:\/\/diversidadaudiovisual.org\/nuevaweb\/wp-content\/uploads\/2012\/06\/diversidad-audiovisual-noticia-768x512.jpg 768w, https:\/\/diversidadaudiovisual.org\/nuevaweb\/wp-content\/uploads\/2012\/06\/diversidad-audiovisual-noticia.jpg 1200w\" sizes=\"auto, (max-width: 800px) 100vw, 800px\" data-id=\"8502\" \/><\/a><\/div> <\/div>\n    <div class=\"thememount-box-content\">\n      <div class=\"thememount-box-post-date\"><span class=\"tm-meta-line posted-on\"><span class=\"screen-reader-text tm-hide\">Posted on <\/span><a href=\"https:\/\/diversidadaudiovisual.org\/nuevaweb\/cien-anos-de-administracion-de-las-bellas-artes\/\" rel=\"bookmark\"><time class=\"entry-date published\" datetime=\"2015-06-02T09:11:21+00:00\">Jun 2, 2015<\/time><time class=\"updated tm-hide\" datetime=\"2023-02-10T10:46:46+00:00\">Feb 10, 2023<\/time><\/a><\/span><\/div>\n      <div class=\"thememount-box-title\"><h4><a href=\"https:\/\/diversidadaudiovisual.org\/nuevaweb\/cien-anos-de-administracion-de-las-bellas-artes\/\">Cien a\u00f1os de Administraci\u00f3n de las Bellas Artes<\/a><\/h4><\/div>      <div class=\"author-email\">\n        <p><strong><\/strong> <\/p>\n      <\/div>\n <div class=\"universidad\">\n        <p> <\/p>\n      <\/div>\n      <div class=\"thememount-box-desc\">\n        <div class=\"thememount-box-desc-text\">18 y 19 de junio de 2015 - Museo Arqueol\u00f3gico Nacional (Madrid) Las Profesoras Maria Trinidad Garc\u00eda Leiva y Beatriz Barreiro,...<\/div>\n        <div class=\"thememount-box-desc-footer\">\n                    <div class=\"thememount-blogbox-desc-footer\">\n            <div class=\"thememount-blogbox-footer-readmore\">  <\/div>\n          <\/div>\n        <\/div>\n      <\/div>\n    <\/div>\n  <\/div>\n<\/article>\n<\/div><div class=\"tm-box-col-wrapper col-lg-4 col-sm-6 col-md-4 col-xs-12 actividades actividades-anteriores\"><article class=\"thememount-box thememount-box-blog thememount-blogbox-format- \">\n  <div class=\"post-item\">\n        <div class=\"tm-featured-outer-wrapper tm-post-featured-outer-wrapper\"> <div class=\"tm-post-format-icon-wrapper\"><i class=\"tm-knox-icon-pencil\"><\/i><\/div> <div class=\"tm-featured-wrapper tm-post-featured-wrapper tm-post-format-\"><a href=\"https:\/\/diversidadaudiovisual.org\/nuevaweb\/afrodescendencia-y-medios-de-comunicacion\/\"><img loading=\"lazy\" decoding=\"async\" width=\"800\" height=\"533\" src=\"https:\/\/diversidadaudiovisual.org\/nuevaweb\/wp-content\/uploads\/2012\/06\/diversidad-audiovisual-evento-800x533.jpg\" class=\"attachment-thememount-img-blog size-thememount-img-blog wp-post-image\" alt=\"Diversidad Audiovisual Evento\" srcset=\"https:\/\/diversidadaudiovisual.org\/nuevaweb\/wp-content\/uploads\/2012\/06\/diversidad-audiovisual-evento-800x533.jpg 800w, https:\/\/diversidadaudiovisual.org\/nuevaweb\/wp-content\/uploads\/2012\/06\/diversidad-audiovisual-evento-300x200.jpg 300w, https:\/\/diversidadaudiovisual.org\/nuevaweb\/wp-content\/uploads\/2012\/06\/diversidad-audiovisual-evento-1024x683.jpg 1024w, https:\/\/diversidadaudiovisual.org\/nuevaweb\/wp-content\/uploads\/2012\/06\/diversidad-audiovisual-evento-768x512.jpg 768w, https:\/\/diversidadaudiovisual.org\/nuevaweb\/wp-content\/uploads\/2012\/06\/diversidad-audiovisual-evento.jpg 1200w\" sizes=\"auto, (max-width: 800px) 100vw, 800px\" data-id=\"8501\" \/><\/a><\/div> <\/div>\n    <div class=\"thememount-box-content\">\n      <div class=\"thememount-box-post-date\"><span class=\"tm-meta-line posted-on\"><span class=\"screen-reader-text tm-hide\">Posted on <\/span><a href=\"https:\/\/diversidadaudiovisual.org\/nuevaweb\/afrodescendencia-y-medios-de-comunicacion\/\" rel=\"bookmark\"><time class=\"entry-date published\" datetime=\"2015-06-01T08:41:12+00:00\">Jun 1, 2015<\/time><time class=\"updated tm-hide\" datetime=\"2023-02-10T10:46:08+00:00\">Feb 10, 2023<\/time><\/a><\/span><\/div>\n      <div class=\"thememount-box-title\"><h4><a href=\"https:\/\/diversidadaudiovisual.org\/nuevaweb\/afrodescendencia-y-medios-de-comunicacion\/\">Afrodescendencia y medios de comunicaci\u00f3n<\/a><\/h4><\/div>      <div class=\"author-email\">\n        <p><strong><\/strong> <\/p>\n      <\/div>\n <div class=\"universidad\">\n        <p> <\/p>\n      <\/div>\n      <div class=\"thememount-box-desc\">\n        <div class=\"thememount-box-desc-text\">Del 16 al 19 de junio de 2015 - Universidad Complutense de Madrid La Profesora Beatriz Barreiro, miembro del proyecto de investig...<\/div>\n        <div class=\"thememount-box-desc-footer\">\n                    <div class=\"thememount-blogbox-desc-footer\">\n            <div class=\"thememount-blogbox-footer-readmore\">  <\/div>\n          <\/div>\n        <\/div>\n      <\/div>\n    <\/div>\n  <\/div>\n<\/article>\n<\/div><div class=\"tm-box-col-wrapper col-lg-4 col-sm-6 col-md-4 col-xs-12 actividades actividades-anteriores\"><article class=\"thememount-box thememount-box-blog thememount-blogbox-format- \">\n  <div class=\"post-item\">\n        <div class=\"tm-featured-outer-wrapper tm-post-featured-outer-wrapper\"> <div class=\"tm-post-format-icon-wrapper\"><i class=\"tm-knox-icon-pencil\"><\/i><\/div> <div class=\"tm-featured-wrapper tm-post-featured-wrapper tm-post-format-\"><a href=\"https:\/\/diversidadaudiovisual.org\/nuevaweb\/contribucion-a-proyecto-de-idi-hacia-el-espacio-digital-europeo-el-papel-de-las-pequenas-cinematografias-en-version-original\/\"><img loading=\"lazy\" decoding=\"async\" width=\"800\" height=\"533\" src=\"https:\/\/diversidadaudiovisual.org\/nuevaweb\/wp-content\/uploads\/2012\/06\/diversidad-audiovisual-noticia-800x533.jpg\" class=\"attachment-thememount-img-blog size-thememount-img-blog wp-post-image\" alt=\"Diversidad Audiovisual Noticia\" srcset=\"https:\/\/diversidadaudiovisual.org\/nuevaweb\/wp-content\/uploads\/2012\/06\/diversidad-audiovisual-noticia-800x533.jpg 800w, https:\/\/diversidadaudiovisual.org\/nuevaweb\/wp-content\/uploads\/2012\/06\/diversidad-audiovisual-noticia-300x200.jpg 300w, https:\/\/diversidadaudiovisual.org\/nuevaweb\/wp-content\/uploads\/2012\/06\/diversidad-audiovisual-noticia-1024x683.jpg 1024w, https:\/\/diversidadaudiovisual.org\/nuevaweb\/wp-content\/uploads\/2012\/06\/diversidad-audiovisual-noticia-768x512.jpg 768w, https:\/\/diversidadaudiovisual.org\/nuevaweb\/wp-content\/uploads\/2012\/06\/diversidad-audiovisual-noticia.jpg 1200w\" sizes=\"auto, (max-width: 800px) 100vw, 800px\" data-id=\"8502\" \/><\/a><\/div> <\/div>\n    <div class=\"thememount-box-content\">\n      <div class=\"thememount-box-post-date\"><span class=\"tm-meta-line posted-on\"><span class=\"screen-reader-text tm-hide\">Posted on <\/span><a href=\"https:\/\/diversidadaudiovisual.org\/nuevaweb\/contribucion-a-proyecto-de-idi-hacia-el-espacio-digital-europeo-el-papel-de-las-pequenas-cinematografias-en-version-original\/\" rel=\"bookmark\"><time class=\"entry-date published\" datetime=\"2015-05-31T15:48:12+00:00\">May 31, 2015<\/time><time class=\"updated tm-hide\" datetime=\"2023-02-10T10:45:39+00:00\">Feb 10, 2023<\/time><\/a><\/span><\/div>\n      <div class=\"thememount-box-title\"><h4><a href=\"https:\/\/diversidadaudiovisual.org\/nuevaweb\/contribucion-a-proyecto-de-idi-hacia-el-espacio-digital-europeo-el-papel-de-las-pequenas-cinematografias-en-version-original\/\">Contribuci\u00f3n a proyecto de I+D+i \u201cHacia el Espacio Digital Europeo: El papel de las peque\u00f1as cinematograf\u00edas en versi\u00f3n original\u201d<\/a><\/h4><\/div>      <div class=\"author-email\">\n        <p><strong><\/strong> <\/p>\n      <\/div>\n <div class=\"universidad\">\n        <p> <\/p>\n      <\/div>\n      <div class=\"thememount-box-desc\">\n        <div class=\"thememount-box-desc-text\">Junio 2015 - Universidad de Santiago de Compostela Luis A. Albornoz ha contribuido como experto invitado del proyecto de I+D+i ?...<\/div>\n        <div class=\"thememount-box-desc-footer\">\n                    <div class=\"thememount-blogbox-desc-footer\">\n            <div class=\"thememount-blogbox-footer-readmore\">  <\/div>\n          <\/div>\n        <\/div>\n      <\/div>\n    <\/div>\n  <\/div>\n<\/article>\n<\/div><div class=\"tm-box-col-wrapper col-lg-4 col-sm-6 col-md-4 col-xs-12 actividades actividades-anteriores\"><article class=\"thememount-box thememount-box-blog thememount-blogbox-format- \">\n  <div class=\"post-item\">\n        <div class=\"tm-featured-outer-wrapper tm-post-featured-outer-wrapper\"> <div class=\"tm-post-format-icon-wrapper\"><i class=\"tm-knox-icon-pencil\"><\/i><\/div> <div class=\"tm-featured-wrapper tm-post-featured-wrapper tm-post-format-\"><a href=\"https:\/\/diversidadaudiovisual.org\/nuevaweb\/ix-semana-de-sociologia-de-la-universidad-de-brasilia\/\"><img loading=\"lazy\" decoding=\"async\" width=\"800\" height=\"533\" src=\"https:\/\/diversidadaudiovisual.org\/nuevaweb\/wp-content\/uploads\/2012\/06\/diversidad-audiovisual-congreso-800x533.jpg\" class=\"attachment-thememount-img-blog size-thememount-img-blog wp-post-image\" alt=\"Diversidad Audiovisual Congreso\" srcset=\"https:\/\/diversidadaudiovisual.org\/nuevaweb\/wp-content\/uploads\/2012\/06\/diversidad-audiovisual-congreso-800x533.jpg 800w, https:\/\/diversidadaudiovisual.org\/nuevaweb\/wp-content\/uploads\/2012\/06\/diversidad-audiovisual-congreso-300x200.jpg 300w, https:\/\/diversidadaudiovisual.org\/nuevaweb\/wp-content\/uploads\/2012\/06\/diversidad-audiovisual-congreso-1024x683.jpg 1024w, https:\/\/diversidadaudiovisual.org\/nuevaweb\/wp-content\/uploads\/2012\/06\/diversidad-audiovisual-congreso-768x512.jpg 768w, https:\/\/diversidadaudiovisual.org\/nuevaweb\/wp-content\/uploads\/2012\/06\/diversidad-audiovisual-congreso.jpg 1200w\" sizes=\"auto, (max-width: 800px) 100vw, 800px\" data-id=\"8500\" \/><\/a><\/div> <\/div>\n    <div class=\"thememount-box-content\">\n      <div class=\"thememount-box-post-date\"><span class=\"tm-meta-line posted-on\"><span class=\"screen-reader-text tm-hide\">Posted on <\/span><a href=\"https:\/\/diversidadaudiovisual.org\/nuevaweb\/ix-semana-de-sociologia-de-la-universidad-de-brasilia\/\" rel=\"bookmark\"><time class=\"entry-date published\" datetime=\"2015-05-15T16:36:50+00:00\">May 15, 2015<\/time><time class=\"updated tm-hide\" datetime=\"2023-02-10T10:45:05+00:00\">Feb 10, 2023<\/time><\/a><\/span><\/div>\n      <div class=\"thememount-box-title\"><h4><a href=\"https:\/\/diversidadaudiovisual.org\/nuevaweb\/ix-semana-de-sociologia-de-la-universidad-de-brasilia\/\">IX Semana de Sociolog\u00eda de la Universidad de Brasilia<\/a><\/h4><\/div>      <div class=\"author-email\">\n        <p><strong><\/strong> <\/p>\n      <\/div>\n <div class=\"universidad\">\n        <p> <\/p>\n      <\/div>\n      <div class=\"thememount-box-desc\">\n        <div class=\"thememount-box-desc-text\">Del 9 al 12 de junio de 2015 - Universidade de Brasilia, Brasil Luis A. Albornoz ha participado en la IX Semana de Sociolog\u00eda de...<\/div>\n        <div class=\"thememount-box-desc-footer\">\n                    <div class=\"thememount-blogbox-desc-footer\">\n            <div class=\"thememount-blogbox-footer-readmore\">  <\/div>\n          <\/div>\n        <\/div>\n      <\/div>\n    <\/div>\n  <\/div>\n<\/article>\n<\/div><div class=\"tm-box-col-wrapper col-lg-4 col-sm-6 col-md-4 col-xs-12 actividades actividades-anteriores\"><article class=\"thememount-box thememount-box-blog thememount-blogbox-format- \">\n  <div class=\"post-item\">\n        <div class=\"tm-featured-outer-wrapper tm-post-featured-outer-wrapper\"> <div class=\"tm-post-format-icon-wrapper\"><i class=\"tm-knox-icon-pencil\"><\/i><\/div> <div class=\"tm-featured-wrapper tm-post-featured-wrapper tm-post-format-\"><a href=\"https:\/\/diversidadaudiovisual.org\/nuevaweb\/the-convention-on-the-protection-and-promotion-of-the-diversity-of-cultural-expressions-ten-years-after-national-and-international-perspectives\/\"><img loading=\"lazy\" decoding=\"async\" width=\"800\" height=\"533\" src=\"https:\/\/diversidadaudiovisual.org\/nuevaweb\/wp-content\/uploads\/2012\/06\/diversidad-audiovisual-congreso-800x533.jpg\" class=\"attachment-thememount-img-blog size-thememount-img-blog wp-post-image\" alt=\"Diversidad Audiovisual Congreso\" srcset=\"https:\/\/diversidadaudiovisual.org\/nuevaweb\/wp-content\/uploads\/2012\/06\/diversidad-audiovisual-congreso-800x533.jpg 800w, https:\/\/diversidadaudiovisual.org\/nuevaweb\/wp-content\/uploads\/2012\/06\/diversidad-audiovisual-congreso-300x200.jpg 300w, https:\/\/diversidadaudiovisual.org\/nuevaweb\/wp-content\/uploads\/2012\/06\/diversidad-audiovisual-congreso-1024x683.jpg 1024w, https:\/\/diversidadaudiovisual.org\/nuevaweb\/wp-content\/uploads\/2012\/06\/diversidad-audiovisual-congreso-768x512.jpg 768w, https:\/\/diversidadaudiovisual.org\/nuevaweb\/wp-content\/uploads\/2012\/06\/diversidad-audiovisual-congreso.jpg 1200w\" sizes=\"auto, (max-width: 800px) 100vw, 800px\" data-id=\"8500\" \/><\/a><\/div> <\/div>\n    <div class=\"thememount-box-content\">\n      <div class=\"thememount-box-post-date\"><span class=\"tm-meta-line posted-on\"><span class=\"screen-reader-text tm-hide\">Posted on <\/span><a href=\"https:\/\/diversidadaudiovisual.org\/nuevaweb\/the-convention-on-the-protection-and-promotion-of-the-diversity-of-cultural-expressions-ten-years-after-national-and-international-perspectives\/\" rel=\"bookmark\"><time class=\"entry-date published\" datetime=\"2015-05-07T11:29:14+00:00\">May 7, 2015<\/time><time class=\"updated tm-hide\" datetime=\"2023-02-10T10:44:33+00:00\">Feb 10, 2023<\/time><\/a><\/span><\/div>\n      <div class=\"thememount-box-title\"><h4><a href=\"https:\/\/diversidadaudiovisual.org\/nuevaweb\/the-convention-on-the-protection-and-promotion-of-the-diversity-of-cultural-expressions-ten-years-after-national-and-international-perspectives\/\">&#8220;The Convention on the Protection and Promotion of the Diversity of Cultural Expressions ten years after: national and international perspectives&#8221;<\/a><\/h4><\/div>      <div class=\"author-email\">\n        <p><strong><\/strong> <\/p>\n      <\/div>\n <div class=\"universidad\">\n        <p> <\/p>\n      <\/div>\n      <div class=\"thememount-box-desc\">\n        <div class=\"thememount-box-desc-text\">Del 28 al 30 de \u00a0mayo de 2015, Universidad de Laval en Quebec,\u00a0Montreal. Los Profesores Jos\u00e9 Ignacio Gallego (UC3M) y Beatri...<\/div>\n        <div class=\"thememount-box-desc-footer\">\n                    <div class=\"thememount-blogbox-desc-footer\">\n            <div class=\"thememount-blogbox-footer-readmore\">  <\/div>\n          <\/div>\n        <\/div>\n      <\/div>\n    <\/div>\n  <\/div>\n<\/article>\n<\/div><div class=\"tm-box-col-wrapper col-lg-4 col-sm-6 col-md-4 col-xs-12 actividades actividades-anteriores\"><article class=\"thememount-box thememount-box-blog thememount-blogbox-format- \">\n  <div class=\"post-item\">\n        <div class=\"tm-featured-outer-wrapper tm-post-featured-outer-wrapper\"> <div class=\"tm-post-format-icon-wrapper\"><i class=\"tm-knox-icon-pencil\"><\/i><\/div> <div class=\"tm-featured-wrapper tm-post-featured-wrapper tm-post-format-\"><a href=\"https:\/\/diversidadaudiovisual.org\/nuevaweb\/el-derecho-a-participar-en-la-vida-cultural-y-las-politicas-publicas-culturales-en-iberoamerica\/\"><img loading=\"lazy\" decoding=\"async\" width=\"800\" height=\"533\" src=\"https:\/\/diversidadaudiovisual.org\/nuevaweb\/wp-content\/uploads\/2012\/05\/diversidad-audiovisual-transferencia-800x533.jpg\" class=\"attachment-thememount-img-blog size-thememount-img-blog wp-post-image\" alt=\"Diversidad Audiovisual Transferencia\" srcset=\"https:\/\/diversidadaudiovisual.org\/nuevaweb\/wp-content\/uploads\/2012\/05\/diversidad-audiovisual-transferencia-800x533.jpg 800w, https:\/\/diversidadaudiovisual.org\/nuevaweb\/wp-content\/uploads\/2012\/05\/diversidad-audiovisual-transferencia-300x200.jpg 300w, https:\/\/diversidadaudiovisual.org\/nuevaweb\/wp-content\/uploads\/2012\/05\/diversidad-audiovisual-transferencia-1024x683.jpg 1024w, https:\/\/diversidadaudiovisual.org\/nuevaweb\/wp-content\/uploads\/2012\/05\/diversidad-audiovisual-transferencia-768x512.jpg 768w, https:\/\/diversidadaudiovisual.org\/nuevaweb\/wp-content\/uploads\/2012\/05\/diversidad-audiovisual-transferencia.jpg 1200w\" sizes=\"auto, (max-width: 800px) 100vw, 800px\" data-id=\"8497\" \/><\/a><\/div> <\/div>\n    <div class=\"thememount-box-content\">\n      <div class=\"thememount-box-post-date\"><span class=\"tm-meta-line posted-on\"><span class=\"screen-reader-text tm-hide\">Posted on <\/span><a href=\"https:\/\/diversidadaudiovisual.org\/nuevaweb\/el-derecho-a-participar-en-la-vida-cultural-y-las-politicas-publicas-culturales-en-iberoamerica\/\" rel=\"bookmark\"><time class=\"entry-date published\" datetime=\"2015-04-20T12:23:03+00:00\">Abr 20, 2015<\/time><time class=\"updated tm-hide\" datetime=\"2023-02-10T10:43:54+00:00\">Feb 10, 2023<\/time><\/a><\/span><\/div>\n      <div class=\"thememount-box-title\"><h4><a href=\"https:\/\/diversidadaudiovisual.org\/nuevaweb\/el-derecho-a-participar-en-la-vida-cultural-y-las-politicas-publicas-culturales-en-iberoamerica\/\">El derecho a participar en la vida cultural y las pol\u00edticas p\u00fablicas culturales en Iberoam\u00e9rica<\/a><\/h4><\/div>      <div class=\"author-email\">\n        <p><strong><\/strong> <\/p>\n      <\/div>\n <div class=\"universidad\">\n        <p> <\/p>\n      <\/div>\n      <div class=\"thememount-box-desc\">\n        <div class=\"thememount-box-desc-text\">20 de abril de 2015 - Ateneo de Madrid La Profesora Beatriz Barreiro ha presentado en la Sala Nueva Estafeta del Ateneo de Madrid...<\/div>\n        <div class=\"thememount-box-desc-footer\">\n                    <div class=\"thememount-blogbox-desc-footer\">\n            <div class=\"thememount-blogbox-footer-readmore\">  <\/div>\n          <\/div>\n        <\/div>\n      <\/div>\n    <\/div>\n  <\/div>\n<\/article>\n<\/div><div class=\"tm-box-col-wrapper col-lg-4 col-sm-6 col-md-4 col-xs-12 actividades actividades-anteriores\"><article class=\"thememount-box thememount-box-blog thememount-blogbox-format- \">\n  <div class=\"post-item\">\n        <div class=\"tm-featured-outer-wrapper tm-post-featured-outer-wrapper\"> <div class=\"tm-post-format-icon-wrapper\"><i class=\"tm-knox-icon-pencil\"><\/i><\/div> <div class=\"tm-featured-wrapper tm-post-featured-wrapper tm-post-format-\"><a href=\"https:\/\/diversidadaudiovisual.org\/nuevaweb\/comunicacion-en-el-comloc-2015\/\"><img loading=\"lazy\" decoding=\"async\" width=\"800\" height=\"533\" src=\"https:\/\/diversidadaudiovisual.org\/nuevaweb\/wp-content\/uploads\/2012\/06\/diversidad-audiovisual-congreso-800x533.jpg\" class=\"attachment-thememount-img-blog size-thememount-img-blog wp-post-image\" alt=\"Diversidad Audiovisual Congreso\" srcset=\"https:\/\/diversidadaudiovisual.org\/nuevaweb\/wp-content\/uploads\/2012\/06\/diversidad-audiovisual-congreso-800x533.jpg 800w, https:\/\/diversidadaudiovisual.org\/nuevaweb\/wp-content\/uploads\/2012\/06\/diversidad-audiovisual-congreso-300x200.jpg 300w, https:\/\/diversidadaudiovisual.org\/nuevaweb\/wp-content\/uploads\/2012\/06\/diversidad-audiovisual-congreso-1024x683.jpg 1024w, https:\/\/diversidadaudiovisual.org\/nuevaweb\/wp-content\/uploads\/2012\/06\/diversidad-audiovisual-congreso-768x512.jpg 768w, https:\/\/diversidadaudiovisual.org\/nuevaweb\/wp-content\/uploads\/2012\/06\/diversidad-audiovisual-congreso.jpg 1200w\" sizes=\"auto, (max-width: 800px) 100vw, 800px\" data-id=\"8500\" \/><\/a><\/div> <\/div>\n    <div class=\"thememount-box-content\">\n      <div class=\"thememount-box-post-date\"><span class=\"tm-meta-line posted-on\"><span class=\"screen-reader-text tm-hide\">Posted on <\/span><a href=\"https:\/\/diversidadaudiovisual.org\/nuevaweb\/comunicacion-en-el-comloc-2015\/\" rel=\"bookmark\"><time class=\"entry-date published\" datetime=\"2015-04-17T13:13:04+00:00\">Abr 17, 2015<\/time><time class=\"updated tm-hide\" datetime=\"2023-02-10T10:43:23+00:00\">Feb 10, 2023<\/time><\/a><\/span><\/div>\n      <div class=\"thememount-box-title\"><h4><a href=\"https:\/\/diversidadaudiovisual.org\/nuevaweb\/comunicacion-en-el-comloc-2015\/\">Comunicaci\u00f3n en el COMLOC 2015<\/a><\/h4><\/div>      <div class=\"author-email\">\n        <p><strong><\/strong> <\/p>\n      <\/div>\n <div class=\"universidad\">\n        <p> <\/p>\n      <\/div>\n      <div class=\"thememount-box-desc\">\n        <div class=\"thememount-box-desc-text\">Del 15 al 17 de abril de 2015 - Universidad Jaume I de Castell\u00f3n. Azahara Ca\u00f1edo (UC3M), miembro del proyecto de investigaci\u00f3n...<\/div>\n        <div class=\"thememount-box-desc-footer\">\n                    <div class=\"thememount-blogbox-desc-footer\">\n            <div class=\"thememount-blogbox-footer-readmore\">  <\/div>\n          <\/div>\n        <\/div>\n      <\/div>\n    <\/div>\n  <\/div>\n<\/article>\n<\/div><div class=\"tm-box-col-wrapper col-lg-4 col-sm-6 col-md-4 col-xs-12 actividades actividades-anteriores\"><article class=\"thememount-box thememount-box-blog thememount-blogbox-format- \">\n  <div class=\"post-item\">\n        <div class=\"tm-featured-outer-wrapper tm-post-featured-outer-wrapper\"> <div class=\"tm-post-format-icon-wrapper\"><i class=\"tm-knox-icon-pencil\"><\/i><\/div> <div class=\"tm-featured-wrapper tm-post-featured-wrapper tm-post-format-\"><a href=\"https:\/\/diversidadaudiovisual.org\/nuevaweb\/a-diversidade-cultural-e-o-sistema-audiovisual\/\"><img loading=\"lazy\" decoding=\"async\" width=\"800\" height=\"533\" src=\"https:\/\/diversidadaudiovisual.org\/nuevaweb\/wp-content\/uploads\/2012\/05\/diversidad-audiovisual-transferencia-800x533.jpg\" class=\"attachment-thememount-img-blog size-thememount-img-blog wp-post-image\" alt=\"Diversidad Audiovisual Transferencia\" srcset=\"https:\/\/diversidadaudiovisual.org\/nuevaweb\/wp-content\/uploads\/2012\/05\/diversidad-audiovisual-transferencia-800x533.jpg 800w, https:\/\/diversidadaudiovisual.org\/nuevaweb\/wp-content\/uploads\/2012\/05\/diversidad-audiovisual-transferencia-300x200.jpg 300w, https:\/\/diversidadaudiovisual.org\/nuevaweb\/wp-content\/uploads\/2012\/05\/diversidad-audiovisual-transferencia-1024x683.jpg 1024w, https:\/\/diversidadaudiovisual.org\/nuevaweb\/wp-content\/uploads\/2012\/05\/diversidad-audiovisual-transferencia-768x512.jpg 768w, https:\/\/diversidadaudiovisual.org\/nuevaweb\/wp-content\/uploads\/2012\/05\/diversidad-audiovisual-transferencia.jpg 1200w\" sizes=\"auto, (max-width: 800px) 100vw, 800px\" data-id=\"8497\" \/><\/a><\/div> <\/div>\n    <div class=\"thememount-box-content\">\n      <div class=\"thememount-box-post-date\"><span class=\"tm-meta-line posted-on\"><span class=\"screen-reader-text tm-hide\">Posted on <\/span><a href=\"https:\/\/diversidadaudiovisual.org\/nuevaweb\/a-diversidade-cultural-e-o-sistema-audiovisual\/\" rel=\"bookmark\"><time class=\"entry-date published\" datetime=\"2015-04-07T15:11:44+00:00\">Abr 7, 2015<\/time><time class=\"updated tm-hide\" datetime=\"2023-02-10T10:40:48+00:00\">Feb 10, 2023<\/time><\/a><\/span><\/div>\n      <div class=\"thememount-box-title\"><h4><a href=\"https:\/\/diversidadaudiovisual.org\/nuevaweb\/a-diversidade-cultural-e-o-sistema-audiovisual\/\">&#8220;A diversidade cultural e o sistema audiovisual&#8221;<\/a><\/h4><\/div>      <div class=\"author-email\">\n        <p><strong><\/strong> <\/p>\n      <\/div>\n <div class=\"universidad\">\n        <p> <\/p>\n      <\/div>\n      <div class=\"thememount-box-desc\">\n        <div class=\"thememount-box-desc-text\">24 y 25 de marzo de 2015\u00a0- Universidade Estadual Paulista \"J\u00falio de Mesquita Filho\", Brasil Luis A. Albornoz, investigador prin...<\/div>\n        <div class=\"thememount-box-desc-footer\">\n                    <div class=\"thememount-blogbox-desc-footer\">\n            <div class=\"thememount-blogbox-footer-readmore\">  <\/div>\n          <\/div>\n        <\/div>\n      <\/div>\n    <\/div>\n  <\/div>\n<\/article>\n<\/div><div class=\"tm-box-col-wrapper col-lg-4 col-sm-6 col-md-4 col-xs-12 actividades actividades-anteriores\"><article class=\"thememount-box thememount-box-blog thememount-blogbox-format- \">\n  <div class=\"post-item\">\n        <div class=\"tm-featured-outer-wrapper tm-post-featured-outer-wrapper\"> <div class=\"tm-post-format-icon-wrapper\"><i class=\"tm-knox-icon-pencil\"><\/i><\/div> <div class=\"tm-featured-wrapper tm-post-featured-wrapper tm-post-format-\"><a href=\"https:\/\/diversidadaudiovisual.org\/nuevaweb\/jornadas-lux-de-cine\/\"><img loading=\"lazy\" decoding=\"async\" width=\"800\" height=\"533\" src=\"https:\/\/diversidadaudiovisual.org\/nuevaweb\/wp-content\/uploads\/2012\/06\/diversidad-audiovisual-evento-800x533.jpg\" class=\"attachment-thememount-img-blog size-thememount-img-blog wp-post-image\" alt=\"Diversidad Audiovisual Evento\" srcset=\"https:\/\/diversidadaudiovisual.org\/nuevaweb\/wp-content\/uploads\/2012\/06\/diversidad-audiovisual-evento-800x533.jpg 800w, https:\/\/diversidadaudiovisual.org\/nuevaweb\/wp-content\/uploads\/2012\/06\/diversidad-audiovisual-evento-300x200.jpg 300w, https:\/\/diversidadaudiovisual.org\/nuevaweb\/wp-content\/uploads\/2012\/06\/diversidad-audiovisual-evento-1024x683.jpg 1024w, https:\/\/diversidadaudiovisual.org\/nuevaweb\/wp-content\/uploads\/2012\/06\/diversidad-audiovisual-evento-768x512.jpg 768w, https:\/\/diversidadaudiovisual.org\/nuevaweb\/wp-content\/uploads\/2012\/06\/diversidad-audiovisual-evento.jpg 1200w\" sizes=\"auto, (max-width: 800px) 100vw, 800px\" data-id=\"8501\" \/><\/a><\/div> <\/div>\n    <div class=\"thememount-box-content\">\n      <div class=\"thememount-box-post-date\"><span class=\"tm-meta-line posted-on\"><span class=\"screen-reader-text tm-hide\">Posted on <\/span><a href=\"https:\/\/diversidadaudiovisual.org\/nuevaweb\/jornadas-lux-de-cine\/\" rel=\"bookmark\"><time class=\"entry-date published\" datetime=\"2014-12-05T20:00:56+00:00\">Dic 5, 2014<\/time><time class=\"updated tm-hide\" datetime=\"2023-02-10T10:40:19+00:00\">Feb 10, 2023<\/time><\/a><\/span><\/div>\n      <div class=\"thememount-box-title\"><h4><a href=\"https:\/\/diversidadaudiovisual.org\/nuevaweb\/jornadas-lux-de-cine\/\">Jornadas Lux de Cine<\/a><\/h4><\/div>      <div class=\"author-email\">\n        <p><strong><\/strong> <\/p>\n      <\/div>\n <div class=\"universidad\">\n        <p> <\/p>\n      <\/div>\n      <div class=\"thememount-box-desc\">\n        <div class=\"thememount-box-desc-text\">26 y 27 de enero de 2015 \u2013 Cineteca del Matadero (Madrid) En colaboraci\u00f3n con la Oficina del Parlamento Europeo en Espa\u00f1a, As...<\/div>\n        <div class=\"thememount-box-desc-footer\">\n                    <div class=\"thememount-blogbox-desc-footer\">\n            <div class=\"thememount-blogbox-footer-readmore\">  <\/div>\n          <\/div>\n        <\/div>\n      <\/div>\n    <\/div>\n  <\/div>\n<\/article>\n<\/div><div class=\"tm-box-col-wrapper col-lg-4 col-sm-6 col-md-4 col-xs-12 actividades actividades-anteriores\"><article class=\"thememount-box thememount-box-blog thememount-blogbox-format- \">\n  <div class=\"post-item\">\n        <div class=\"tm-featured-outer-wrapper tm-post-featured-outer-wrapper\"> <div class=\"tm-post-format-icon-wrapper\"><i class=\"tm-knox-icon-pencil\"><\/i><\/div> <div class=\"tm-featured-wrapper tm-post-featured-wrapper tm-post-format-\"><a href=\"https:\/\/diversidadaudiovisual.org\/nuevaweb\/comunicaciones-en-el-iv-congreso-internacional-del-departamento-de-comunicacion-audiovisual-y-publicidad-de-la-upv\/\"><img loading=\"lazy\" decoding=\"async\" width=\"800\" height=\"533\" src=\"https:\/\/diversidadaudiovisual.org\/nuevaweb\/wp-content\/uploads\/2012\/06\/diversidad-audiovisual-congreso-800x533.jpg\" class=\"attachment-thememount-img-blog size-thememount-img-blog wp-post-image\" alt=\"Diversidad Audiovisual Congreso\" srcset=\"https:\/\/diversidadaudiovisual.org\/nuevaweb\/wp-content\/uploads\/2012\/06\/diversidad-audiovisual-congreso-800x533.jpg 800w, https:\/\/diversidadaudiovisual.org\/nuevaweb\/wp-content\/uploads\/2012\/06\/diversidad-audiovisual-congreso-300x200.jpg 300w, https:\/\/diversidadaudiovisual.org\/nuevaweb\/wp-content\/uploads\/2012\/06\/diversidad-audiovisual-congreso-1024x683.jpg 1024w, https:\/\/diversidadaudiovisual.org\/nuevaweb\/wp-content\/uploads\/2012\/06\/diversidad-audiovisual-congreso-768x512.jpg 768w, https:\/\/diversidadaudiovisual.org\/nuevaweb\/wp-content\/uploads\/2012\/06\/diversidad-audiovisual-congreso.jpg 1200w\" sizes=\"auto, (max-width: 800px) 100vw, 800px\" data-id=\"8500\" \/><\/a><\/div> <\/div>\n    <div class=\"thememount-box-content\">\n      <div class=\"thememount-box-post-date\"><span class=\"tm-meta-line posted-on\"><span class=\"screen-reader-text tm-hide\">Posted on <\/span><a href=\"https:\/\/diversidadaudiovisual.org\/nuevaweb\/comunicaciones-en-el-iv-congreso-internacional-del-departamento-de-comunicacion-audiovisual-y-publicidad-de-la-upv\/\" rel=\"bookmark\"><time class=\"entry-date published\" datetime=\"2014-12-01T11:56:56+00:00\">Dic 1, 2014<\/time><time class=\"updated tm-hide\" datetime=\"2023-02-10T10:39:40+00:00\">Feb 10, 2023<\/time><\/a><\/span><\/div>\n      <div class=\"thememount-box-title\"><h4><a href=\"https:\/\/diversidadaudiovisual.org\/nuevaweb\/comunicaciones-en-el-iv-congreso-internacional-del-departamento-de-comunicacion-audiovisual-y-publicidad-de-la-upv\/\">Comunicaciones en el IV Congreso Internacional del Departamento de Comunicaci\u00f3n Audiovisual y Publicidad de la UPV<\/a><\/h4><\/div>      <div class=\"author-email\">\n        <p><strong><\/strong> <\/p>\n      <\/div>\n <div class=\"universidad\">\n        <p> <\/p>\n      <\/div>\n      <div class=\"thememount-box-desc\">\n        <div class=\"thememount-box-desc-text\">28 de noviembre de\u00a02014\u00a0 \u2013\u00a0IV Congreso Internacional del Departamento de Comunicaci\u00f3n Audiovisual y Publicidad de la UPV...<\/div>\n        <div class=\"thememount-box-desc-footer\">\n                    <div class=\"thememount-blogbox-desc-footer\">\n            <div class=\"thememount-blogbox-footer-readmore\">  <\/div>\n          <\/div>\n        <\/div>\n      <\/div>\n    <\/div>\n  <\/div>\n<\/article>\n<\/div><div class=\"tm-box-col-wrapper col-lg-4 col-sm-6 col-md-4 col-xs-12 actividades actividades-anteriores\"><article class=\"thememount-box thememount-box-blog thememount-blogbox-format- \">\n  <div class=\"post-item\">\n        <div class=\"tm-featured-outer-wrapper tm-post-featured-outer-wrapper\"> <div class=\"tm-post-format-icon-wrapper\"><i class=\"tm-knox-icon-pencil\"><\/i><\/div> <div class=\"tm-featured-wrapper tm-post-featured-wrapper tm-post-format-\"><a href=\"https:\/\/diversidadaudiovisual.org\/nuevaweb\/fabricando-diversidad-audiovisual\/\"><img loading=\"lazy\" decoding=\"async\" width=\"800\" height=\"533\" src=\"https:\/\/diversidadaudiovisual.org\/nuevaweb\/wp-content\/uploads\/2012\/06\/diversidad-audiovisual-evento-800x533.jpg\" class=\"attachment-thememount-img-blog size-thememount-img-blog wp-post-image\" alt=\"Diversidad Audiovisual Evento\" srcset=\"https:\/\/diversidadaudiovisual.org\/nuevaweb\/wp-content\/uploads\/2012\/06\/diversidad-audiovisual-evento-800x533.jpg 800w, https:\/\/diversidadaudiovisual.org\/nuevaweb\/wp-content\/uploads\/2012\/06\/diversidad-audiovisual-evento-300x200.jpg 300w, https:\/\/diversidadaudiovisual.org\/nuevaweb\/wp-content\/uploads\/2012\/06\/diversidad-audiovisual-evento-1024x683.jpg 1024w, https:\/\/diversidadaudiovisual.org\/nuevaweb\/wp-content\/uploads\/2012\/06\/diversidad-audiovisual-evento-768x512.jpg 768w, https:\/\/diversidadaudiovisual.org\/nuevaweb\/wp-content\/uploads\/2012\/06\/diversidad-audiovisual-evento.jpg 1200w\" sizes=\"auto, (max-width: 800px) 100vw, 800px\" data-id=\"8501\" \/><\/a><\/div> <\/div>\n    <div class=\"thememount-box-content\">\n      <div class=\"thememount-box-post-date\"><span class=\"tm-meta-line posted-on\"><span class=\"screen-reader-text tm-hide\">Posted on <\/span><a href=\"https:\/\/diversidadaudiovisual.org\/nuevaweb\/fabricando-diversidad-audiovisual\/\" rel=\"bookmark\"><time class=\"entry-date published\" datetime=\"2014-11-20T11:35:00+00:00\">Nov 20, 2014<\/time><time class=\"updated tm-hide\" datetime=\"2023-02-10T10:39:07+00:00\">Feb 10, 2023<\/time><\/a><\/span><\/div>\n      <div class=\"thememount-box-title\"><h4><a href=\"https:\/\/diversidadaudiovisual.org\/nuevaweb\/fabricando-diversidad-audiovisual\/\">Fabricando Diversidad Audiovisual<\/a><\/h4><\/div>      <div class=\"author-email\">\n        <p><strong><\/strong> <\/p>\n      <\/div>\n <div class=\"universidad\">\n        <p> <\/p>\n      <\/div>\n      <div class=\"thememount-box-desc\">\n        <div class=\"thememount-box-desc-text\">9 de noviembre de 2014 - Matadero Madrid Los miembros del proyecto de investigaci\u00f3n \u201cDiversidad cultural y audiovisual: buenas...<\/div>\n        <div class=\"thememount-box-desc-footer\">\n                    <div class=\"thememount-blogbox-desc-footer\">\n            <div class=\"thememount-blogbox-footer-readmore\">  <\/div>\n          <\/div>\n        <\/div>\n      <\/div>\n    <\/div>\n  <\/div>\n<\/article>\n<\/div><div class=\"tm-box-col-wrapper col-lg-4 col-sm-6 col-md-4 col-xs-12 actividades actividades-anteriores\"><article class=\"thememount-box thememount-box-blog thememount-blogbox-format- \">\n  <div class=\"post-item\">\n        <div class=\"tm-featured-outer-wrapper tm-post-featured-outer-wrapper\"> <div class=\"tm-post-format-icon-wrapper\"><i class=\"tm-knox-icon-pencil\"><\/i><\/div> <div class=\"tm-featured-wrapper tm-post-featured-wrapper tm-post-format-\"><a href=\"https:\/\/diversidadaudiovisual.org\/nuevaweb\/itau-cultural-entrevista-a-luis-a-albornoz\/\"><img loading=\"lazy\" decoding=\"async\" width=\"800\" height=\"533\" src=\"https:\/\/diversidadaudiovisual.org\/nuevaweb\/wp-content\/uploads\/2012\/06\/diversidad-audiovisual-noticia-800x533.jpg\" class=\"attachment-thememount-img-blog size-thememount-img-blog wp-post-image\" alt=\"Diversidad Audiovisual Noticia\" srcset=\"https:\/\/diversidadaudiovisual.org\/nuevaweb\/wp-content\/uploads\/2012\/06\/diversidad-audiovisual-noticia-800x533.jpg 800w, https:\/\/diversidadaudiovisual.org\/nuevaweb\/wp-content\/uploads\/2012\/06\/diversidad-audiovisual-noticia-300x200.jpg 300w, https:\/\/diversidadaudiovisual.org\/nuevaweb\/wp-content\/uploads\/2012\/06\/diversidad-audiovisual-noticia-1024x683.jpg 1024w, https:\/\/diversidadaudiovisual.org\/nuevaweb\/wp-content\/uploads\/2012\/06\/diversidad-audiovisual-noticia-768x512.jpg 768w, https:\/\/diversidadaudiovisual.org\/nuevaweb\/wp-content\/uploads\/2012\/06\/diversidad-audiovisual-noticia.jpg 1200w\" sizes=\"auto, (max-width: 800px) 100vw, 800px\" data-id=\"8502\" \/><\/a><\/div> <\/div>\n    <div class=\"thememount-box-content\">\n      <div class=\"thememount-box-post-date\"><span class=\"tm-meta-line posted-on\"><span class=\"screen-reader-text tm-hide\">Posted on <\/span><a href=\"https:\/\/diversidadaudiovisual.org\/nuevaweb\/itau-cultural-entrevista-a-luis-a-albornoz\/\" rel=\"bookmark\"><time class=\"entry-date published\" datetime=\"2014-11-05T18:19:00+00:00\">Nov 5, 2014<\/time><time class=\"updated tm-hide\" datetime=\"2023-02-10T10:38:31+00:00\">Feb 10, 2023<\/time><\/a><\/span><\/div>\n      <div class=\"thememount-box-title\"><h4><a href=\"https:\/\/diversidadaudiovisual.org\/nuevaweb\/itau-cultural-entrevista-a-luis-a-albornoz\/\">Ita\u00fa Cultural entrevista a Luis A. Albornoz<\/a><\/h4><\/div>      <div class=\"author-email\">\n        <p><strong><\/strong> <\/p>\n      <\/div>\n <div class=\"universidad\">\n        <p> <\/p>\n      <\/div>\n      <div class=\"thememount-box-desc\">\n        <div class=\"thememount-box-desc-text\">4 de noviembre de 2014 El Profesor Luis A. Albornoz, investigador principal del proyecto de investigaci\u00f3n, ha sido entrevistado...<\/div>\n        <div class=\"thememount-box-desc-footer\">\n                    <div class=\"thememount-blogbox-desc-footer\">\n            <div class=\"thememount-blogbox-footer-readmore\">  <\/div>\n          <\/div>\n        <\/div>\n      <\/div>\n    <\/div>\n  <\/div>\n<\/article>\n<\/div><div class=\"tm-box-col-wrapper col-lg-4 col-sm-6 col-md-4 col-xs-12 actividades actividades-anteriores\"><article class=\"thememount-box thememount-box-blog thememount-blogbox-format- \">\n  <div class=\"post-item\">\n        <div class=\"tm-featured-outer-wrapper tm-post-featured-outer-wrapper\"> <div class=\"tm-post-format-icon-wrapper\"><i class=\"tm-knox-icon-pencil\"><\/i><\/div> <div class=\"tm-featured-wrapper tm-post-featured-wrapper tm-post-format-\"><a href=\"https:\/\/diversidadaudiovisual.org\/nuevaweb\/seminario-internacional-en-la-uc3m-el-sector-audiovisual-en-la-era-digital-politicas-y-estrategias-para-la-diversidad\/\"><img loading=\"lazy\" decoding=\"async\" width=\"800\" height=\"533\" src=\"https:\/\/diversidadaudiovisual.org\/nuevaweb\/wp-content\/uploads\/2012\/06\/diversidad-audiovisual-evento-800x533.jpg\" class=\"attachment-thememount-img-blog size-thememount-img-blog wp-post-image\" alt=\"Diversidad Audiovisual Evento\" srcset=\"https:\/\/diversidadaudiovisual.org\/nuevaweb\/wp-content\/uploads\/2012\/06\/diversidad-audiovisual-evento-800x533.jpg 800w, https:\/\/diversidadaudiovisual.org\/nuevaweb\/wp-content\/uploads\/2012\/06\/diversidad-audiovisual-evento-300x200.jpg 300w, https:\/\/diversidadaudiovisual.org\/nuevaweb\/wp-content\/uploads\/2012\/06\/diversidad-audiovisual-evento-1024x683.jpg 1024w, https:\/\/diversidadaudiovisual.org\/nuevaweb\/wp-content\/uploads\/2012\/06\/diversidad-audiovisual-evento-768x512.jpg 768w, https:\/\/diversidadaudiovisual.org\/nuevaweb\/wp-content\/uploads\/2012\/06\/diversidad-audiovisual-evento.jpg 1200w\" sizes=\"auto, (max-width: 800px) 100vw, 800px\" data-id=\"8501\" \/><\/a><\/div> <\/div>\n    <div class=\"thememount-box-content\">\n      <div class=\"thememount-box-post-date\"><span class=\"tm-meta-line posted-on\"><span class=\"screen-reader-text tm-hide\">Posted on <\/span><a href=\"https:\/\/diversidadaudiovisual.org\/nuevaweb\/seminario-internacional-en-la-uc3m-el-sector-audiovisual-en-la-era-digital-politicas-y-estrategias-para-la-diversidad\/\" rel=\"bookmark\"><time class=\"entry-date published\" datetime=\"2014-10-27T16:09:13+00:00\">Oct 27, 2014<\/time><time class=\"updated tm-hide\" datetime=\"2023-02-10T10:37:55+00:00\">Feb 10, 2023<\/time><\/a><\/span><\/div>\n      <div class=\"thememount-box-title\"><h4><a href=\"https:\/\/diversidadaudiovisual.org\/nuevaweb\/seminario-internacional-en-la-uc3m-el-sector-audiovisual-en-la-era-digital-politicas-y-estrategias-para-la-diversidad\/\">Seminario internacional en la UC3M &#8211; El sector audiovisual en la era digital: pol\u00edticas y estrategias para la diversidad<\/a><\/h4><\/div>      <div class=\"author-email\">\n        <p><strong><\/strong> <\/p>\n      <\/div>\n <div class=\"universidad\">\n        <p> <\/p>\n      <\/div>\n      <div class=\"thememount-box-desc\">\n        <div class=\"thememount-box-desc-text\">5, 6 y 7 de Noviembre de 2014 \u2013 Facultad de Humanidades, Comunicaci\u00f3n y Documentaci\u00f3n de la Universidad Carlos III de Madrid....<\/div>\n        <div class=\"thememount-box-desc-footer\">\n                    <div class=\"thememount-blogbox-desc-footer\">\n            <div class=\"thememount-blogbox-footer-readmore\">  <\/div>\n          <\/div>\n        <\/div>\n      <\/div>\n    <\/div>\n  <\/div>\n<\/article>\n<\/div><div class=\"tm-box-col-wrapper col-lg-4 col-sm-6 col-md-4 col-xs-12 actividades actividades-anteriores\"><article class=\"thememount-box thememount-box-blog thememount-blogbox-format- \">\n  <div class=\"post-item\">\n        <div class=\"tm-featured-outer-wrapper tm-post-featured-outer-wrapper\"> <div class=\"tm-post-format-icon-wrapper\"><i class=\"tm-knox-icon-pencil\"><\/i><\/div> <div class=\"tm-featured-wrapper tm-post-featured-wrapper tm-post-format-\"><a href=\"https:\/\/diversidadaudiovisual.org\/nuevaweb\/participacion-en-el-estudio-integral-de-la-unesco-sobre-temas-relacionados-con-internet\/\"><img loading=\"lazy\" decoding=\"async\" width=\"800\" height=\"533\" src=\"https:\/\/diversidadaudiovisual.org\/nuevaweb\/wp-content\/uploads\/2012\/06\/diversidad-audiovisual-noticia-800x533.jpg\" class=\"attachment-thememount-img-blog size-thememount-img-blog wp-post-image\" alt=\"Diversidad Audiovisual Noticia\" srcset=\"https:\/\/diversidadaudiovisual.org\/nuevaweb\/wp-content\/uploads\/2012\/06\/diversidad-audiovisual-noticia-800x533.jpg 800w, https:\/\/diversidadaudiovisual.org\/nuevaweb\/wp-content\/uploads\/2012\/06\/diversidad-audiovisual-noticia-300x200.jpg 300w, https:\/\/diversidadaudiovisual.org\/nuevaweb\/wp-content\/uploads\/2012\/06\/diversidad-audiovisual-noticia-1024x683.jpg 1024w, https:\/\/diversidadaudiovisual.org\/nuevaweb\/wp-content\/uploads\/2012\/06\/diversidad-audiovisual-noticia-768x512.jpg 768w, https:\/\/diversidadaudiovisual.org\/nuevaweb\/wp-content\/uploads\/2012\/06\/diversidad-audiovisual-noticia.jpg 1200w\" sizes=\"auto, (max-width: 800px) 100vw, 800px\" data-id=\"8502\" \/><\/a><\/div> <\/div>\n    <div class=\"thememount-box-content\">\n      <div class=\"thememount-box-post-date\"><span class=\"tm-meta-line posted-on\"><span class=\"screen-reader-text tm-hide\">Posted on <\/span><a href=\"https:\/\/diversidadaudiovisual.org\/nuevaweb\/participacion-en-el-estudio-integral-de-la-unesco-sobre-temas-relacionados-con-internet\/\" rel=\"bookmark\"><time class=\"entry-date published\" datetime=\"2014-10-27T15:59:37+00:00\">Oct 27, 2014<\/time><time class=\"updated tm-hide\" datetime=\"2023-02-10T10:37:24+00:00\">Feb 10, 2023<\/time><\/a><\/span><\/div>\n      <div class=\"thememount-box-title\"><h4><a href=\"https:\/\/diversidadaudiovisual.org\/nuevaweb\/participacion-en-el-estudio-integral-de-la-unesco-sobre-temas-relacionados-con-internet\/\">Participaci\u00f3n en el estudio integral de la UNESCO sobre temas relacionados con Internet<\/a><\/h4><\/div>      <div class=\"author-email\">\n        <p><strong><\/strong> <\/p>\n      <\/div>\n <div class=\"universidad\">\n        <p> <\/p>\n      <\/div>\n      <div class=\"thememount-box-desc\">\n        <div class=\"thememount-box-desc-text\">27 de octubre\u00a0de 2014\u2013 Facultad de Humanidades, Comunicaci\u00f3n y Documentaci\u00f3n de la Universidad Carlos III de Madrid Los miem...<\/div>\n        <div class=\"thememount-box-desc-footer\">\n                    <div class=\"thememount-blogbox-desc-footer\">\n            <div class=\"thememount-blogbox-footer-readmore\">  <\/div>\n          <\/div>\n        <\/div>\n      <\/div>\n    <\/div>\n  <\/div>\n<\/article>\n<\/div><div class=\"tm-box-col-wrapper col-lg-4 col-sm-6 col-md-4 col-xs-12 actividades actividades-anteriores\"><article class=\"thememount-box thememount-box-blog thememount-blogbox-format- \">\n  <div class=\"post-item\">\n        <div class=\"tm-featured-outer-wrapper tm-post-featured-outer-wrapper\"> <div class=\"tm-post-format-icon-wrapper\"><i class=\"tm-knox-icon-pencil\"><\/i><\/div> <div class=\"tm-featured-wrapper tm-post-featured-wrapper tm-post-format-\"><a href=\"https:\/\/diversidadaudiovisual.org\/nuevaweb\/participacion-encuesta-ceim\/\"><img loading=\"lazy\" decoding=\"async\" width=\"800\" height=\"533\" src=\"https:\/\/diversidadaudiovisual.org\/nuevaweb\/wp-content\/uploads\/2012\/06\/diversidad-audiovisual-noticia-800x533.jpg\" class=\"attachment-thememount-img-blog size-thememount-img-blog wp-post-image\" alt=\"Diversidad Audiovisual Noticia\" srcset=\"https:\/\/diversidadaudiovisual.org\/nuevaweb\/wp-content\/uploads\/2012\/06\/diversidad-audiovisual-noticia-800x533.jpg 800w, https:\/\/diversidadaudiovisual.org\/nuevaweb\/wp-content\/uploads\/2012\/06\/diversidad-audiovisual-noticia-300x200.jpg 300w, https:\/\/diversidadaudiovisual.org\/nuevaweb\/wp-content\/uploads\/2012\/06\/diversidad-audiovisual-noticia-1024x683.jpg 1024w, https:\/\/diversidadaudiovisual.org\/nuevaweb\/wp-content\/uploads\/2012\/06\/diversidad-audiovisual-noticia-768x512.jpg 768w, https:\/\/diversidadaudiovisual.org\/nuevaweb\/wp-content\/uploads\/2012\/06\/diversidad-audiovisual-noticia.jpg 1200w\" sizes=\"auto, (max-width: 800px) 100vw, 800px\" data-id=\"8502\" \/><\/a><\/div> <\/div>\n    <div class=\"thememount-box-content\">\n      <div class=\"thememount-box-post-date\"><span class=\"tm-meta-line posted-on\"><span class=\"screen-reader-text tm-hide\">Posted on <\/span><a href=\"https:\/\/diversidadaudiovisual.org\/nuevaweb\/participacion-encuesta-ceim\/\" rel=\"bookmark\"><time class=\"entry-date published\" datetime=\"2014-10-18T11:28:34+00:00\">Oct 18, 2014<\/time><time class=\"updated tm-hide\" datetime=\"2023-02-10T10:36:51+00:00\">Feb 10, 2023<\/time><\/a><\/span><\/div>\n      <div class=\"thememount-box-title\"><h4><a href=\"https:\/\/diversidadaudiovisual.org\/nuevaweb\/participacion-encuesta-ceim\/\">Participaci\u00f3n en la encuesta del CEIM acerca de la aplicaci\u00f3n de la Convenci\u00f3n de la UNESCO de 2005 sobre la protecci\u00f3n y promoci\u00f3n de la Diversidad de las Expresiones Culturales en la era digital<\/a><\/h4><\/div>      <div class=\"author-email\">\n        <p><strong><\/strong> <\/p>\n      <\/div>\n <div class=\"universidad\">\n        <p> <\/p>\n      <\/div>\n      <div class=\"thememount-box-desc\">\n        <div class=\"thememount-box-desc-text\">17 de octubre\u00a0de 2014\u2013 Facultad de Humanidades, Comunicaci\u00f3n y Documentaci\u00f3n de la Universidad Carlos III de Madrid Los miem...<\/div>\n        <div class=\"thememount-box-desc-footer\">\n                    <div class=\"thememount-blogbox-desc-footer\">\n            <div class=\"thememount-blogbox-footer-readmore\">  <\/div>\n          <\/div>\n        <\/div>\n      <\/div>\n    <\/div>\n  <\/div>\n<\/article>\n<\/div><div class=\"tm-box-col-wrapper col-lg-4 col-sm-6 col-md-4 col-xs-12 actividades actividades-anteriores\"><article class=\"thememount-box thememount-box-blog thememount-blogbox-format- \">\n  <div class=\"post-item\">\n        <div class=\"tm-featured-outer-wrapper tm-post-featured-outer-wrapper\"> <div class=\"tm-post-format-icon-wrapper\"><i class=\"tm-knox-icon-pencil\"><\/i><\/div> <div class=\"tm-featured-wrapper tm-post-featured-wrapper tm-post-format-\"><a href=\"https:\/\/diversidadaudiovisual.org\/nuevaweb\/encuentro-internacional-medios-y-democracia-desafios-en-tiempos-de-convergencia-tecnologica\/\"><img loading=\"lazy\" decoding=\"async\" width=\"800\" height=\"533\" src=\"https:\/\/diversidadaudiovisual.org\/nuevaweb\/wp-content\/uploads\/2012\/05\/diversidad-audiovisual-transferencia-800x533.jpg\" class=\"attachment-thememount-img-blog size-thememount-img-blog wp-post-image\" alt=\"Diversidad Audiovisual Transferencia\" srcset=\"https:\/\/diversidadaudiovisual.org\/nuevaweb\/wp-content\/uploads\/2012\/05\/diversidad-audiovisual-transferencia-800x533.jpg 800w, https:\/\/diversidadaudiovisual.org\/nuevaweb\/wp-content\/uploads\/2012\/05\/diversidad-audiovisual-transferencia-300x200.jpg 300w, https:\/\/diversidadaudiovisual.org\/nuevaweb\/wp-content\/uploads\/2012\/05\/diversidad-audiovisual-transferencia-1024x683.jpg 1024w, https:\/\/diversidadaudiovisual.org\/nuevaweb\/wp-content\/uploads\/2012\/05\/diversidad-audiovisual-transferencia-768x512.jpg 768w, https:\/\/diversidadaudiovisual.org\/nuevaweb\/wp-content\/uploads\/2012\/05\/diversidad-audiovisual-transferencia.jpg 1200w\" sizes=\"auto, (max-width: 800px) 100vw, 800px\" data-id=\"8497\" \/><\/a><\/div> <\/div>\n    <div class=\"thememount-box-content\">\n      <div class=\"thememount-box-post-date\"><span class=\"tm-meta-line posted-on\"><span class=\"screen-reader-text tm-hide\">Posted on <\/span><a href=\"https:\/\/diversidadaudiovisual.org\/nuevaweb\/encuentro-internacional-medios-y-democracia-desafios-en-tiempos-de-convergencia-tecnologica\/\" rel=\"bookmark\"><time class=\"entry-date published\" datetime=\"2014-10-13T18:29:42+00:00\">Oct 13, 2014<\/time><time class=\"updated tm-hide\" datetime=\"2023-02-10T10:35:53+00:00\">Feb 10, 2023<\/time><\/a><\/span><\/div>\n      <div class=\"thememount-box-title\"><h4><a href=\"https:\/\/diversidadaudiovisual.org\/nuevaweb\/encuentro-internacional-medios-y-democracia-desafios-en-tiempos-de-convergencia-tecnologica\/\">Encuentro Internacional Medios y Democracia. Desaf\u00edos en tiempos de convergencia tecnol\u00f3gica.<\/a><\/h4><\/div>      <div class=\"author-email\">\n        <p><strong><\/strong> <\/p>\n      <\/div>\n <div class=\"universidad\">\n        <p> <\/p>\n      <\/div>\n      <div class=\"thememount-box-desc\">\n        <div class=\"thememount-box-desc-text\">9 y 10 de octubre de 2014 \u2013 Espacio Memoria y Derechos Humanos, Buenos Aires Luis A. Albornoz, investigador principal del pro...<\/div>\n        <div class=\"thememount-box-desc-footer\">\n                    <div class=\"thememount-blogbox-desc-footer\">\n            <div class=\"thememount-blogbox-footer-readmore\">  <\/div>\n          <\/div>\n        <\/div>\n      <\/div>\n    <\/div>\n  <\/div>\n<\/article>\n<\/div><div class=\"tm-box-col-wrapper col-lg-4 col-sm-6 col-md-4 col-xs-12 actividades actividades-anteriores\"><article class=\"thememount-box thememount-box-blog thememount-blogbox-format- \">\n  <div class=\"post-item\">\n        <div class=\"tm-featured-outer-wrapper tm-post-featured-outer-wrapper\"> <div class=\"tm-post-format-icon-wrapper\"><i class=\"tm-knox-icon-pencil\"><\/i><\/div> <div class=\"tm-featured-wrapper tm-post-featured-wrapper tm-post-format-\"><a href=\"https:\/\/diversidadaudiovisual.org\/nuevaweb\/participacion-en-el-doctorial-del-congreso-espacios-de-comunicacio-upvehu-y-ae-ic-bilbao\/\"><img loading=\"lazy\" decoding=\"async\" width=\"800\" height=\"533\" src=\"https:\/\/diversidadaudiovisual.org\/nuevaweb\/wp-content\/uploads\/2012\/06\/diversidad-audiovisual-evento-800x533.jpg\" class=\"attachment-thememount-img-blog size-thememount-img-blog wp-post-image\" alt=\"Diversidad Audiovisual Evento\" srcset=\"https:\/\/diversidadaudiovisual.org\/nuevaweb\/wp-content\/uploads\/2012\/06\/diversidad-audiovisual-evento-800x533.jpg 800w, https:\/\/diversidadaudiovisual.org\/nuevaweb\/wp-content\/uploads\/2012\/06\/diversidad-audiovisual-evento-300x200.jpg 300w, https:\/\/diversidadaudiovisual.org\/nuevaweb\/wp-content\/uploads\/2012\/06\/diversidad-audiovisual-evento-1024x683.jpg 1024w, https:\/\/diversidadaudiovisual.org\/nuevaweb\/wp-content\/uploads\/2012\/06\/diversidad-audiovisual-evento-768x512.jpg 768w, https:\/\/diversidadaudiovisual.org\/nuevaweb\/wp-content\/uploads\/2012\/06\/diversidad-audiovisual-evento.jpg 1200w\" sizes=\"auto, (max-width: 800px) 100vw, 800px\" data-id=\"8501\" \/><\/a><\/div> <\/div>\n    <div class=\"thememount-box-content\">\n      <div class=\"thememount-box-post-date\"><span class=\"tm-meta-line posted-on\"><span class=\"screen-reader-text tm-hide\">Posted on <\/span><a href=\"https:\/\/diversidadaudiovisual.org\/nuevaweb\/participacion-en-el-doctorial-del-congreso-espacios-de-comunicacio-upvehu-y-ae-ic-bilbao\/\" rel=\"bookmark\"><time class=\"entry-date published\" datetime=\"2014-09-30T17:35:21+00:00\">Sep 30, 2014<\/time><time class=\"updated tm-hide\" datetime=\"2023-02-10T10:35:17+00:00\">Feb 10, 2023<\/time><\/a><\/span><\/div>\n      <div class=\"thememount-box-title\"><h4><a href=\"https:\/\/diversidadaudiovisual.org\/nuevaweb\/participacion-en-el-doctorial-del-congreso-espacios-de-comunicacio-upvehu-y-ae-ic-bilbao\/\">Participaci\u00f3n en el Doctorial del Congreso Espacios de Comunicaci\u00f3n UPV\/EHU y AE-IC Bilbao<\/a><\/h4><\/div>      <div class=\"author-email\">\n        <p><strong><\/strong> <\/p>\n      <\/div>\n <div class=\"universidad\">\n        <p> <\/p>\n      <\/div>\n      <div class=\"thememount-box-desc\">\n        <div class=\"thememount-box-desc-text\">Del 22 al 25 de septiembre de 2014 \u2013 Universidad del Pa\u00eds Vasco, Bilbao Peilei Ye y Azahara Ca\u00f1edo han participado, entre los...<\/div>\n        <div class=\"thememount-box-desc-footer\">\n                    <div class=\"thememount-blogbox-desc-footer\">\n            <div class=\"thememount-blogbox-footer-readmore\">  <\/div>\n          <\/div>\n        <\/div>\n      <\/div>\n    <\/div>\n  <\/div>\n<\/article>\n<\/div><div class=\"tm-box-col-wrapper col-lg-4 col-sm-6 col-md-4 col-xs-12 actividades actividades-anteriores\"><article class=\"thememount-box thememount-box-blog thememount-blogbox-format- \">\n  <div class=\"post-item\">\n        <div class=\"tm-featured-outer-wrapper tm-post-featured-outer-wrapper\"> <div class=\"tm-post-format-icon-wrapper\"><i class=\"tm-knox-icon-pencil\"><\/i><\/div> <div class=\"tm-featured-wrapper tm-post-featured-wrapper tm-post-format-\"><a href=\"https:\/\/diversidadaudiovisual.org\/nuevaweb\/participacion-en-la-conferencia-internacional-chinas-media-go-global\/\"><img loading=\"lazy\" decoding=\"async\" width=\"800\" height=\"533\" src=\"https:\/\/diversidadaudiovisual.org\/nuevaweb\/wp-content\/uploads\/2012\/05\/diversidad-audiovisual-transferencia-800x533.jpg\" class=\"attachment-thememount-img-blog size-thememount-img-blog wp-post-image\" alt=\"Diversidad Audiovisual Transferencia\" srcset=\"https:\/\/diversidadaudiovisual.org\/nuevaweb\/wp-content\/uploads\/2012\/05\/diversidad-audiovisual-transferencia-800x533.jpg 800w, https:\/\/diversidadaudiovisual.org\/nuevaweb\/wp-content\/uploads\/2012\/05\/diversidad-audiovisual-transferencia-300x200.jpg 300w, https:\/\/diversidadaudiovisual.org\/nuevaweb\/wp-content\/uploads\/2012\/05\/diversidad-audiovisual-transferencia-1024x683.jpg 1024w, https:\/\/diversidadaudiovisual.org\/nuevaweb\/wp-content\/uploads\/2012\/05\/diversidad-audiovisual-transferencia-768x512.jpg 768w, https:\/\/diversidadaudiovisual.org\/nuevaweb\/wp-content\/uploads\/2012\/05\/diversidad-audiovisual-transferencia.jpg 1200w\" sizes=\"auto, (max-width: 800px) 100vw, 800px\" data-id=\"8497\" \/><\/a><\/div> <\/div>\n    <div class=\"thememount-box-content\">\n      <div class=\"thememount-box-post-date\"><span class=\"tm-meta-line posted-on\"><span class=\"screen-reader-text tm-hide\">Posted on <\/span><a href=\"https:\/\/diversidadaudiovisual.org\/nuevaweb\/participacion-en-la-conferencia-internacional-chinas-media-go-global\/\" rel=\"bookmark\"><time class=\"entry-date published\" datetime=\"2014-06-30T10:48:27+00:00\">Jun 30, 2014<\/time><time class=\"updated tm-hide\" datetime=\"2023-02-10T10:34:51+00:00\">Feb 10, 2023<\/time><\/a><\/span><\/div>\n      <div class=\"thememount-box-title\"><h4><a href=\"https:\/\/diversidadaudiovisual.org\/nuevaweb\/participacion-en-la-conferencia-internacional-chinas-media-go-global\/\">Participaci\u00f3n en la conferencia internacional \u201cChina\u2019s Media Go Global\u201d<\/a><\/h4><\/div>      <div class=\"author-email\">\n        <p><strong><\/strong> <\/p>\n      <\/div>\n <div class=\"universidad\">\n        <p> <\/p>\n      <\/div>\n      <div class=\"thememount-box-desc\">\n        <div class=\"thememount-box-desc-text\">2 y 3 de septiembre de 2014 \u2013 Beijing, China Peilei Ye particip\u00f3\u00a0en la conferencia \u201cChina\u2019s Media Go Global\u201d organizada...<\/div>\n        <div class=\"thememount-box-desc-footer\">\n                    <div class=\"thememount-blogbox-desc-footer\">\n            <div class=\"thememount-blogbox-footer-readmore\">  <\/div>\n          <\/div>\n        <\/div>\n      <\/div>\n    <\/div>\n  <\/div>\n<\/article>\n<\/div><div class=\"tm-box-col-wrapper col-lg-4 col-sm-6 col-md-4 col-xs-12 actividades actividades-anteriores\"><article class=\"thememount-box thememount-box-blog thememount-blogbox-format- \">\n  <div class=\"post-item\">\n        <div class=\"tm-featured-outer-wrapper tm-post-featured-outer-wrapper\"> <div class=\"tm-post-format-icon-wrapper\"><i class=\"tm-knox-icon-pencil\"><\/i><\/div> <div class=\"tm-featured-wrapper tm-post-featured-wrapper tm-post-format-\"><a href=\"https:\/\/diversidadaudiovisual.org\/nuevaweb\/subtitulado-en-chino-para-el-video-corporativo-del-fondo-internacional-para-la-diversidad-cultural\/\"><img loading=\"lazy\" decoding=\"async\" width=\"800\" height=\"533\" src=\"https:\/\/diversidadaudiovisual.org\/nuevaweb\/wp-content\/uploads\/2012\/06\/diversidad-audiovisual-noticia-800x533.jpg\" class=\"attachment-thememount-img-blog size-thememount-img-blog wp-post-image\" alt=\"Diversidad Audiovisual Noticia\" srcset=\"https:\/\/diversidadaudiovisual.org\/nuevaweb\/wp-content\/uploads\/2012\/06\/diversidad-audiovisual-noticia-800x533.jpg 800w, https:\/\/diversidadaudiovisual.org\/nuevaweb\/wp-content\/uploads\/2012\/06\/diversidad-audiovisual-noticia-300x200.jpg 300w, https:\/\/diversidadaudiovisual.org\/nuevaweb\/wp-content\/uploads\/2012\/06\/diversidad-audiovisual-noticia-1024x683.jpg 1024w, https:\/\/diversidadaudiovisual.org\/nuevaweb\/wp-content\/uploads\/2012\/06\/diversidad-audiovisual-noticia-768x512.jpg 768w, https:\/\/diversidadaudiovisual.org\/nuevaweb\/wp-content\/uploads\/2012\/06\/diversidad-audiovisual-noticia.jpg 1200w\" sizes=\"auto, (max-width: 800px) 100vw, 800px\" data-id=\"8502\" \/><\/a><\/div> <\/div>\n    <div class=\"thememount-box-content\">\n      <div class=\"thememount-box-post-date\"><span class=\"tm-meta-line posted-on\"><span class=\"screen-reader-text tm-hide\">Posted on <\/span><a href=\"https:\/\/diversidadaudiovisual.org\/nuevaweb\/subtitulado-en-chino-para-el-video-corporativo-del-fondo-internacional-para-la-diversidad-cultural\/\" rel=\"bookmark\"><time class=\"entry-date published\" datetime=\"2014-05-19T11:55:13+00:00\">May 19, 2014<\/time><time class=\"updated tm-hide\" datetime=\"2023-02-09T12:24:01+00:00\">Feb 9, 2023<\/time><\/a><\/span><\/div>\n      <div class=\"thememount-box-title\"><h4><a href=\"https:\/\/diversidadaudiovisual.org\/nuevaweb\/subtitulado-en-chino-para-el-video-corporativo-del-fondo-internacional-para-la-diversidad-cultural\/\">Subtitulado al chino el video corporativo del Fondo Internacional para la Diversidad Cultural<\/a><\/h4><\/div>      <div class=\"author-email\">\n        <p><strong><\/strong> <\/p>\n      <\/div>\n <div class=\"universidad\">\n        <p> <\/p>\n      <\/div>\n      <div class=\"thememount-box-desc\">\n        <div class=\"thememount-box-desc-text\">16 de mayo de 2014\u2013 Facultad de Humanidades, Comunicaci\u00f3n y Documentaci\u00f3n de la Universidad Carlos III de Madrid Los miembros...<\/div>\n        <div class=\"thememount-box-desc-footer\">\n                    <div class=\"thememount-blogbox-desc-footer\">\n            <div class=\"thememount-blogbox-footer-readmore\">  <\/div>\n          <\/div>\n        <\/div>\n      <\/div>\n    <\/div>\n  <\/div>\n<\/article>\n<\/div><div class=\"tm-box-col-wrapper col-lg-4 col-sm-6 col-md-4 col-xs-12 actividades actividades-anteriores\"><article class=\"thememount-box thememount-box-blog thememount-blogbox-format- \">\n  <div class=\"post-item\">\n        <div class=\"tm-featured-outer-wrapper tm-post-featured-outer-wrapper\"> <div class=\"tm-post-format-icon-wrapper\"><i class=\"tm-knox-icon-pencil\"><\/i><\/div> <div class=\"tm-featured-wrapper tm-post-featured-wrapper tm-post-format-\"><a href=\"https:\/\/diversidadaudiovisual.org\/nuevaweb\/panel-sobre-diversidad-en-el-congreso-intermacional-de-ecrea-2014\/\"><img loading=\"lazy\" decoding=\"async\" width=\"800\" height=\"533\" src=\"https:\/\/diversidadaudiovisual.org\/nuevaweb\/wp-content\/uploads\/2012\/06\/diversidad-audiovisual-congreso-800x533.jpg\" class=\"attachment-thememount-img-blog size-thememount-img-blog wp-post-image\" alt=\"Diversidad Audiovisual Congreso\" srcset=\"https:\/\/diversidadaudiovisual.org\/nuevaweb\/wp-content\/uploads\/2012\/06\/diversidad-audiovisual-congreso-800x533.jpg 800w, https:\/\/diversidadaudiovisual.org\/nuevaweb\/wp-content\/uploads\/2012\/06\/diversidad-audiovisual-congreso-300x200.jpg 300w, https:\/\/diversidadaudiovisual.org\/nuevaweb\/wp-content\/uploads\/2012\/06\/diversidad-audiovisual-congreso-1024x683.jpg 1024w, https:\/\/diversidadaudiovisual.org\/nuevaweb\/wp-content\/uploads\/2012\/06\/diversidad-audiovisual-congreso-768x512.jpg 768w, https:\/\/diversidadaudiovisual.org\/nuevaweb\/wp-content\/uploads\/2012\/06\/diversidad-audiovisual-congreso.jpg 1200w\" sizes=\"auto, (max-width: 800px) 100vw, 800px\" data-id=\"8500\" \/><\/a><\/div> <\/div>\n    <div class=\"thememount-box-content\">\n      <div class=\"thememount-box-post-date\"><span class=\"tm-meta-line posted-on\"><span class=\"screen-reader-text tm-hide\">Posted on <\/span><a href=\"https:\/\/diversidadaudiovisual.org\/nuevaweb\/panel-sobre-diversidad-en-el-congreso-intermacional-de-ecrea-2014\/\" rel=\"bookmark\"><time class=\"entry-date published\" datetime=\"2014-05-19T11:17:27+00:00\">May 19, 2014<\/time><time class=\"updated tm-hide\" datetime=\"2023-02-09T12:23:31+00:00\">Feb 9, 2023<\/time><\/a><\/span><\/div>\n      <div class=\"thememount-box-title\"><h4><a href=\"https:\/\/diversidadaudiovisual.org\/nuevaweb\/panel-sobre-diversidad-en-el-congreso-intermacional-de-ecrea-2014\/\">Panel sobre diversidad en el congreso intermacional de ECREA 2014<\/a><\/h4><\/div>      <div class=\"author-email\">\n        <p><strong><\/strong> <\/p>\n      <\/div>\n <div class=\"universidad\">\n        <p> <\/p>\n      <\/div>\n      <div class=\"thememount-box-desc\">\n        <div class=\"thememount-box-desc-text\">Del 12 al 15 de noviembre de 2014 - Universidad Lus\u00f3fona de Portugal, Lisboa. Los miembros del proyecto Luis A. Albornoz, M\u00aa Tr...<\/div>\n        <div class=\"thememount-box-desc-footer\">\n                    <div class=\"thememount-blogbox-desc-footer\">\n            <div class=\"thememount-blogbox-footer-readmore\">  <\/div>\n          <\/div>\n        <\/div>\n      <\/div>\n    <\/div>\n  <\/div>\n<\/article>\n<\/div><div class=\"tm-box-col-wrapper col-lg-4 col-sm-6 col-md-4 col-xs-12 actividades actividades-anteriores\"><article class=\"thememount-box thememount-box-blog thememount-blogbox-format- \">\n  <div class=\"post-item\">\n        <div class=\"tm-featured-outer-wrapper tm-post-featured-outer-wrapper\"> <div class=\"tm-post-format-icon-wrapper\"><i class=\"tm-knox-icon-pencil\"><\/i><\/div> <div class=\"tm-featured-wrapper tm-post-featured-wrapper tm-post-format-\"><a href=\"https:\/\/diversidadaudiovisual.org\/nuevaweb\/actividades-academicas-en-brasil\/\"><img loading=\"lazy\" decoding=\"async\" width=\"800\" height=\"533\" src=\"https:\/\/diversidadaudiovisual.org\/nuevaweb\/wp-content\/uploads\/2012\/05\/diversidad-audiovisual-transferencia-800x533.jpg\" class=\"attachment-thememount-img-blog size-thememount-img-blog wp-post-image\" alt=\"Diversidad Audiovisual Transferencia\" srcset=\"https:\/\/diversidadaudiovisual.org\/nuevaweb\/wp-content\/uploads\/2012\/05\/diversidad-audiovisual-transferencia-800x533.jpg 800w, https:\/\/diversidadaudiovisual.org\/nuevaweb\/wp-content\/uploads\/2012\/05\/diversidad-audiovisual-transferencia-300x200.jpg 300w, https:\/\/diversidadaudiovisual.org\/nuevaweb\/wp-content\/uploads\/2012\/05\/diversidad-audiovisual-transferencia-1024x683.jpg 1024w, https:\/\/diversidadaudiovisual.org\/nuevaweb\/wp-content\/uploads\/2012\/05\/diversidad-audiovisual-transferencia-768x512.jpg 768w, https:\/\/diversidadaudiovisual.org\/nuevaweb\/wp-content\/uploads\/2012\/05\/diversidad-audiovisual-transferencia.jpg 1200w\" sizes=\"auto, (max-width: 800px) 100vw, 800px\" data-id=\"8497\" \/><\/a><\/div> <\/div>\n    <div class=\"thememount-box-content\">\n      <div class=\"thememount-box-post-date\"><span class=\"tm-meta-line posted-on\"><span class=\"screen-reader-text tm-hide\">Posted on <\/span><a href=\"https:\/\/diversidadaudiovisual.org\/nuevaweb\/actividades-academicas-en-brasil\/\" rel=\"bookmark\"><time class=\"entry-date published\" datetime=\"2014-05-19T10:15:16+00:00\">May 19, 2014<\/time><time class=\"updated tm-hide\" datetime=\"2023-02-09T12:22:40+00:00\">Feb 9, 2023<\/time><\/a><\/span><\/div>\n      <div class=\"thememount-box-title\"><h4><a href=\"https:\/\/diversidadaudiovisual.org\/nuevaweb\/actividades-academicas-en-brasil\/\">Actividades acad\u00e9micas en Brasil<\/a><\/h4><\/div>      <div class=\"author-email\">\n        <p><strong><\/strong> <\/p>\n      <\/div>\n <div class=\"universidad\">\n        <p> <\/p>\n      <\/div>\n      <div class=\"thememount-box-desc\">\n        <div class=\"thememount-box-desc-text\">Del 21 al 27 de mayo de 2014 -\u00a0Belo Horizonte y Salvador de Bah\u00eda, Brasil Luis A. Albornoz fue invitado por el Observat\u00f3rio da...<\/div>\n        <div class=\"thememount-box-desc-footer\">\n                    <div class=\"thememount-blogbox-desc-footer\">\n            <div class=\"thememount-blogbox-footer-readmore\">  <\/div>\n          <\/div>\n        <\/div>\n      <\/div>\n    <\/div>\n  <\/div>\n<\/article>\n<\/div><div class=\"tm-box-col-wrapper col-lg-4 col-sm-6 col-md-4 col-xs-12 actividades actividades-anteriores\"><article class=\"thememount-box thememount-box-blog thememount-blogbox-format- \">\n  <div class=\"post-item\">\n        <div class=\"tm-featured-outer-wrapper tm-post-featured-outer-wrapper\"> <div class=\"tm-post-format-icon-wrapper\"><i class=\"tm-knox-icon-pencil\"><\/i><\/div> <div class=\"tm-featured-wrapper tm-post-featured-wrapper tm-post-format-\"><a href=\"https:\/\/diversidadaudiovisual.org\/nuevaweb\/participacion-en-la-encuesta-sobre-la-implementacion-de-los-articulos-16-y-21-de-la-convencion-sobre-la-proteccion-y-promocion-de-la-diversidad-de-las-expresiones-culturales\/\"><img loading=\"lazy\" decoding=\"async\" width=\"800\" height=\"533\" src=\"https:\/\/diversidadaudiovisual.org\/nuevaweb\/wp-content\/uploads\/2012\/05\/diversidad-audiovisual-transferencia-800x533.jpg\" class=\"attachment-thememount-img-blog size-thememount-img-blog wp-post-image\" alt=\"Diversidad Audiovisual Transferencia\" srcset=\"https:\/\/diversidadaudiovisual.org\/nuevaweb\/wp-content\/uploads\/2012\/05\/diversidad-audiovisual-transferencia-800x533.jpg 800w, https:\/\/diversidadaudiovisual.org\/nuevaweb\/wp-content\/uploads\/2012\/05\/diversidad-audiovisual-transferencia-300x200.jpg 300w, https:\/\/diversidadaudiovisual.org\/nuevaweb\/wp-content\/uploads\/2012\/05\/diversidad-audiovisual-transferencia-1024x683.jpg 1024w, https:\/\/diversidadaudiovisual.org\/nuevaweb\/wp-content\/uploads\/2012\/05\/diversidad-audiovisual-transferencia-768x512.jpg 768w, https:\/\/diversidadaudiovisual.org\/nuevaweb\/wp-content\/uploads\/2012\/05\/diversidad-audiovisual-transferencia.jpg 1200w\" sizes=\"auto, (max-width: 800px) 100vw, 800px\" data-id=\"8497\" \/><\/a><\/div> <\/div>\n    <div class=\"thememount-box-content\">\n      <div class=\"thememount-box-post-date\"><span class=\"tm-meta-line posted-on\"><span class=\"screen-reader-text tm-hide\">Posted on <\/span><a href=\"https:\/\/diversidadaudiovisual.org\/nuevaweb\/participacion-en-la-encuesta-sobre-la-implementacion-de-los-articulos-16-y-21-de-la-convencion-sobre-la-proteccion-y-promocion-de-la-diversidad-de-las-expresiones-culturales\/\" rel=\"bookmark\"><time class=\"entry-date published\" datetime=\"2014-05-11T15:17:23+00:00\">May 11, 2014<\/time><time class=\"updated tm-hide\" datetime=\"2023-02-09T12:07:09+00:00\">Feb 9, 2023<\/time><\/a><\/span><\/div>\n      <div class=\"thememount-box-title\"><h4><a href=\"https:\/\/diversidadaudiovisual.org\/nuevaweb\/participacion-en-la-encuesta-sobre-la-implementacion-de-los-articulos-16-y-21-de-la-convencion-sobre-la-proteccion-y-promocion-de-la-diversidad-de-las-expresiones-culturales\/\">Participaci\u00f3n en la encuesta sobre la implementaci\u00f3n de los Art\u00edculos 16 y 21 de la Convenci\u00f3n sobre la Protecci\u00f3n y Promoci\u00f3n de la Diversidad de las Expresiones Culturales<\/a><\/h4><\/div>      <div class=\"author-email\">\n        <p><strong><\/strong> <\/p>\n      <\/div>\n <div class=\"universidad\">\n        <p> <\/p>\n      <\/div>\n      <div class=\"thememount-box-desc\">\n        <div class=\"thememount-box-desc-text\">Del 19 de marzo al 21 de mayo de 2013 El equipo del proyecto de investigaci\u00f3n \u201cDiversidad cultural y audiovisual: buenas pr\u00e1c...<\/div>\n        <div class=\"thememount-box-desc-footer\">\n                    <div class=\"thememount-blogbox-desc-footer\">\n            <div class=\"thememount-blogbox-footer-readmore\">  <\/div>\n          <\/div>\n        <\/div>\n      <\/div>\n    <\/div>\n  <\/div>\n<\/article>\n<\/div><div class=\"tm-box-col-wrapper col-lg-4 col-sm-6 col-md-4 col-xs-12 actividades actividades-anteriores\"><article class=\"thememount-box thememount-box-blog thememount-blogbox-format- \">\n  <div class=\"post-item\">\n        <div class=\"tm-featured-outer-wrapper tm-post-featured-outer-wrapper\"> <div class=\"tm-post-format-icon-wrapper\"><i class=\"tm-knox-icon-pencil\"><\/i><\/div> <div class=\"tm-featured-wrapper tm-post-featured-wrapper tm-post-format-\"><a href=\"https:\/\/diversidadaudiovisual.org\/nuevaweb\/cine-contemporaneo-y-diversidad-cultural-el-caso-de-abbas-kiarostami\/\"><img loading=\"lazy\" decoding=\"async\" width=\"800\" height=\"533\" src=\"https:\/\/diversidadaudiovisual.org\/nuevaweb\/wp-content\/uploads\/2012\/06\/diversidad-audiovisual-evento-800x533.jpg\" class=\"attachment-thememount-img-blog size-thememount-img-blog wp-post-image\" alt=\"Diversidad Audiovisual Evento\" srcset=\"https:\/\/diversidadaudiovisual.org\/nuevaweb\/wp-content\/uploads\/2012\/06\/diversidad-audiovisual-evento-800x533.jpg 800w, https:\/\/diversidadaudiovisual.org\/nuevaweb\/wp-content\/uploads\/2012\/06\/diversidad-audiovisual-evento-300x200.jpg 300w, https:\/\/diversidadaudiovisual.org\/nuevaweb\/wp-content\/uploads\/2012\/06\/diversidad-audiovisual-evento-1024x683.jpg 1024w, https:\/\/diversidadaudiovisual.org\/nuevaweb\/wp-content\/uploads\/2012\/06\/diversidad-audiovisual-evento-768x512.jpg 768w, https:\/\/diversidadaudiovisual.org\/nuevaweb\/wp-content\/uploads\/2012\/06\/diversidad-audiovisual-evento.jpg 1200w\" sizes=\"auto, (max-width: 800px) 100vw, 800px\" data-id=\"8501\" \/><\/a><\/div> <\/div>\n    <div class=\"thememount-box-content\">\n      <div class=\"thememount-box-post-date\"><span class=\"tm-meta-line posted-on\"><span class=\"screen-reader-text tm-hide\">Posted on <\/span><a href=\"https:\/\/diversidadaudiovisual.org\/nuevaweb\/cine-contemporaneo-y-diversidad-cultural-el-caso-de-abbas-kiarostami\/\" rel=\"bookmark\"><time class=\"entry-date published\" datetime=\"2014-04-28T15:53:36+00:00\">Abr 28, 2014<\/time><time class=\"updated tm-hide\" datetime=\"2023-02-09T12:06:27+00:00\">Feb 9, 2023<\/time><\/a><\/span><\/div>\n      <div class=\"thememount-box-title\"><h4><a href=\"https:\/\/diversidadaudiovisual.org\/nuevaweb\/cine-contemporaneo-y-diversidad-cultural-el-caso-de-abbas-kiarostami\/\">Cine contempor\u00e1neo y diversidad cultural. El caso de Abbas Kiarostami<\/a><\/h4><\/div>      <div class=\"author-email\">\n        <p><strong><\/strong> <\/p>\n      <\/div>\n <div class=\"universidad\">\n        <p> <\/p>\n      <\/div>\n      <div class=\"thememount-box-desc\">\n        <div class=\"thememount-box-desc-text\">13 de mayo de 2014 \u2013 10:00 horas \u2013 Aula 8 \u2013 Facultad de Comunicaci\u00f3n y Documentaci\u00f3n de la Universidad de Granada Asier A...<\/div>\n        <div class=\"thememount-box-desc-footer\">\n                    <div class=\"thememount-blogbox-desc-footer\">\n            <div class=\"thememount-blogbox-footer-readmore\">  <\/div>\n          <\/div>\n        <\/div>\n      <\/div>\n    <\/div>\n  <\/div>\n<\/article>\n<\/div><div class=\"tm-box-col-wrapper col-lg-4 col-sm-6 col-md-4 col-xs-12 actividades actividades-anteriores\"><article class=\"thememount-box thememount-box-blog thememount-blogbox-format- \">\n  <div class=\"post-item\">\n        <div class=\"tm-featured-outer-wrapper tm-post-featured-outer-wrapper\"> <div class=\"tm-post-format-icon-wrapper\"><i class=\"tm-knox-icon-pencil\"><\/i><\/div> <div class=\"tm-featured-wrapper tm-post-featured-wrapper tm-post-format-\"><a href=\"https:\/\/diversidadaudiovisual.org\/nuevaweb\/visita-al-seminario-permanente-del-dr-miguel-vicente-marino-universidad-de-valladolid\/\"><img loading=\"lazy\" decoding=\"async\" width=\"800\" height=\"533\" src=\"https:\/\/diversidadaudiovisual.org\/nuevaweb\/wp-content\/uploads\/2012\/06\/diversidad-audiovisual-noticia-800x533.jpg\" class=\"attachment-thememount-img-blog size-thememount-img-blog wp-post-image\" alt=\"Diversidad Audiovisual Noticia\" srcset=\"https:\/\/diversidadaudiovisual.org\/nuevaweb\/wp-content\/uploads\/2012\/06\/diversidad-audiovisual-noticia-800x533.jpg 800w, https:\/\/diversidadaudiovisual.org\/nuevaweb\/wp-content\/uploads\/2012\/06\/diversidad-audiovisual-noticia-300x200.jpg 300w, https:\/\/diversidadaudiovisual.org\/nuevaweb\/wp-content\/uploads\/2012\/06\/diversidad-audiovisual-noticia-1024x683.jpg 1024w, https:\/\/diversidadaudiovisual.org\/nuevaweb\/wp-content\/uploads\/2012\/06\/diversidad-audiovisual-noticia-768x512.jpg 768w, https:\/\/diversidadaudiovisual.org\/nuevaweb\/wp-content\/uploads\/2012\/06\/diversidad-audiovisual-noticia.jpg 1200w\" sizes=\"auto, (max-width: 800px) 100vw, 800px\" data-id=\"8502\" \/><\/a><\/div> <\/div>\n    <div class=\"thememount-box-content\">\n      <div class=\"thememount-box-post-date\"><span class=\"tm-meta-line posted-on\"><span class=\"screen-reader-text tm-hide\">Posted on <\/span><a href=\"https:\/\/diversidadaudiovisual.org\/nuevaweb\/visita-al-seminario-permanente-del-dr-miguel-vicente-marino-universidad-de-valladolid\/\" rel=\"bookmark\"><time class=\"entry-date published\" datetime=\"2014-04-26T13:35:05+00:00\">Abr 26, 2014<\/time><time class=\"updated tm-hide\" datetime=\"2023-02-09T12:05:57+00:00\">Feb 9, 2023<\/time><\/a><\/span><\/div>\n      <div class=\"thememount-box-title\"><h4><a href=\"https:\/\/diversidadaudiovisual.org\/nuevaweb\/visita-al-seminario-permanente-del-dr-miguel-vicente-marino-universidad-de-valladolid\/\">Visita al seminario permanente del Dr. Miguel Vicente Mari\u00f1o (Universidad de Valladolid)<\/a><\/h4><\/div>      <div class=\"author-email\">\n        <p><strong><\/strong> <\/p>\n      <\/div>\n <div class=\"universidad\">\n        <p> <\/p>\n      <\/div>\n      <div class=\"thememount-box-desc\">\n        <div class=\"thememount-box-desc-text\">25 de abril de 1014 - Facultad de Humanidades, Comunicaci\u00f3n y Documentaci\u00f3n de la Universidad Carlos III de Madrid. \u00a0 \u00a0 E...<\/div>\n        <div class=\"thememount-box-desc-footer\">\n                    <div class=\"thememount-blogbox-desc-footer\">\n            <div class=\"thememount-blogbox-footer-readmore\">  <\/div>\n          <\/div>\n        <\/div>\n      <\/div>\n    <\/div>\n  <\/div>\n<\/article>\n<\/div><div class=\"tm-box-col-wrapper col-lg-4 col-sm-6 col-md-4 col-xs-12 actividades actividades-anteriores\"><article class=\"thememount-box thememount-box-blog thememount-blogbox-format- \">\n  <div class=\"post-item\">\n        <div class=\"tm-featured-outer-wrapper tm-post-featured-outer-wrapper\"> <div class=\"tm-post-format-icon-wrapper\"><i class=\"tm-knox-icon-pencil\"><\/i><\/div> <div class=\"tm-featured-wrapper tm-post-featured-wrapper tm-post-format-\"><a href=\"https:\/\/diversidadaudiovisual.org\/nuevaweb\/exhibicion-cinematografica-digital-en-espana-amenazas-y-oportunidades-para-la-diversidad-cultural\/\"><img loading=\"lazy\" decoding=\"async\" width=\"800\" height=\"533\" src=\"https:\/\/diversidadaudiovisual.org\/nuevaweb\/wp-content\/uploads\/2012\/06\/diversidad-audiovisual-evento-800x533.jpg\" class=\"attachment-thememount-img-blog size-thememount-img-blog wp-post-image\" alt=\"Diversidad Audiovisual Evento\" srcset=\"https:\/\/diversidadaudiovisual.org\/nuevaweb\/wp-content\/uploads\/2012\/06\/diversidad-audiovisual-evento-800x533.jpg 800w, https:\/\/diversidadaudiovisual.org\/nuevaweb\/wp-content\/uploads\/2012\/06\/diversidad-audiovisual-evento-300x200.jpg 300w, https:\/\/diversidadaudiovisual.org\/nuevaweb\/wp-content\/uploads\/2012\/06\/diversidad-audiovisual-evento-1024x683.jpg 1024w, https:\/\/diversidadaudiovisual.org\/nuevaweb\/wp-content\/uploads\/2012\/06\/diversidad-audiovisual-evento-768x512.jpg 768w, https:\/\/diversidadaudiovisual.org\/nuevaweb\/wp-content\/uploads\/2012\/06\/diversidad-audiovisual-evento.jpg 1200w\" sizes=\"auto, (max-width: 800px) 100vw, 800px\" data-id=\"8501\" \/><\/a><\/div> <\/div>\n    <div class=\"thememount-box-content\">\n      <div class=\"thememount-box-post-date\"><span class=\"tm-meta-line posted-on\"><span class=\"screen-reader-text tm-hide\">Posted on <\/span><a href=\"https:\/\/diversidadaudiovisual.org\/nuevaweb\/exhibicion-cinematografica-digital-en-espana-amenazas-y-oportunidades-para-la-diversidad-cultural\/\" rel=\"bookmark\"><time class=\"entry-date published\" datetime=\"2014-03-18T17:41:13+00:00\">Mar 18, 2014<\/time><time class=\"updated tm-hide\" datetime=\"2023-02-09T12:05:12+00:00\">Feb 9, 2023<\/time><\/a><\/span><\/div>\n      <div class=\"thememount-box-title\"><h4><a href=\"https:\/\/diversidadaudiovisual.org\/nuevaweb\/exhibicion-cinematografica-digital-en-espana-amenazas-y-oportunidades-para-la-diversidad-cultural\/\">Exhibici\u00f3n cinematogr\u00e1fica digital en Espa\u00f1a<\/a><\/h4><\/div>      <div class=\"author-email\">\n        <p><strong><\/strong> <\/p>\n      <\/div>\n <div class=\"universidad\">\n        <p> <\/p>\n      <\/div>\n      <div class=\"thememount-box-desc\">\n        <div class=\"thememount-box-desc-text\">Exhibici\u00f3n cinematogr\u00e1fica digital en Espa\u00f1a. Amenazas y oportunidades para la diversidad cultural 10 de Abril de 2014 - Aul...<\/div>\n        <div class=\"thememount-box-desc-footer\">\n                    <div class=\"thememount-blogbox-desc-footer\">\n            <div class=\"thememount-blogbox-footer-readmore\">  <\/div>\n          <\/div>\n        <\/div>\n      <\/div>\n    <\/div>\n  <\/div>\n<\/article>\n<\/div><div class=\"tm-box-col-wrapper col-lg-4 col-sm-6 col-md-4 col-xs-12 actividades actividades-anteriores\"><article class=\"thememount-box thememount-box-blog thememount-blogbox-format- \">\n  <div class=\"post-item\">\n        <div class=\"tm-featured-outer-wrapper tm-post-featured-outer-wrapper\"> <div class=\"tm-post-format-icon-wrapper\"><i class=\"tm-knox-icon-pencil\"><\/i><\/div> <div class=\"tm-featured-wrapper tm-post-featured-wrapper tm-post-format-\"><a href=\"https:\/\/diversidadaudiovisual.org\/nuevaweb\/conferencia-armand-mattelart\/\"><img loading=\"lazy\" decoding=\"async\" width=\"800\" height=\"533\" src=\"https:\/\/diversidadaudiovisual.org\/nuevaweb\/wp-content\/uploads\/2012\/06\/diversidad-audiovisual-evento-800x533.jpg\" class=\"attachment-thememount-img-blog size-thememount-img-blog wp-post-image\" alt=\"Diversidad Audiovisual Evento\" srcset=\"https:\/\/diversidadaudiovisual.org\/nuevaweb\/wp-content\/uploads\/2012\/06\/diversidad-audiovisual-evento-800x533.jpg 800w, https:\/\/diversidadaudiovisual.org\/nuevaweb\/wp-content\/uploads\/2012\/06\/diversidad-audiovisual-evento-300x200.jpg 300w, https:\/\/diversidadaudiovisual.org\/nuevaweb\/wp-content\/uploads\/2012\/06\/diversidad-audiovisual-evento-1024x683.jpg 1024w, https:\/\/diversidadaudiovisual.org\/nuevaweb\/wp-content\/uploads\/2012\/06\/diversidad-audiovisual-evento-768x512.jpg 768w, https:\/\/diversidadaudiovisual.org\/nuevaweb\/wp-content\/uploads\/2012\/06\/diversidad-audiovisual-evento.jpg 1200w\" sizes=\"auto, (max-width: 800px) 100vw, 800px\" data-id=\"8501\" \/><\/a><\/div> <\/div>\n    <div class=\"thememount-box-content\">\n      <div class=\"thememount-box-post-date\"><span class=\"tm-meta-line posted-on\"><span class=\"screen-reader-text tm-hide\">Posted on <\/span><a href=\"https:\/\/diversidadaudiovisual.org\/nuevaweb\/conferencia-armand-mattelart\/\" rel=\"bookmark\"><time class=\"entry-date published\" datetime=\"2014-02-27T15:34:34+00:00\">Feb 27, 2014<\/time><time class=\"updated tm-hide\" datetime=\"2023-02-09T12:03:37+00:00\">Feb 9, 2023<\/time><\/a><\/span><\/div>\n      <div class=\"thememount-box-title\"><h4><a href=\"https:\/\/diversidadaudiovisual.org\/nuevaweb\/conferencia-armand-mattelart\/\">Conferencia Armand Mattelart<\/a><\/h4><\/div>      <div class=\"author-email\">\n        <p><strong><\/strong> <\/p>\n      <\/div>\n <div class=\"universidad\">\n        <p> <\/p>\n      <\/div>\n      <div class=\"thememount-box-desc\">\n        <div class=\"thememount-box-desc-text\">26 de Febrero de 2014 \u2013 Facultad de Humanidades, Comunicaci\u00f3n y Documentaci\u00f3n de la Universidad Carlos III de Madrid Luis A....<\/div>\n        <div class=\"thememount-box-desc-footer\">\n                    <div class=\"thememount-blogbox-desc-footer\">\n            <div class=\"thememount-blogbox-footer-readmore\">  <\/div>\n          <\/div>\n        <\/div>\n      <\/div>\n    <\/div>\n  <\/div>\n<\/article>\n<\/div><div class=\"tm-box-col-wrapper col-lg-4 col-sm-6 col-md-4 col-xs-12 actividades actividades-anteriores\"><article class=\"thememount-box thememount-box-blog thememount-blogbox-format- \">\n  <div class=\"post-item\">\n        <div class=\"tm-featured-outer-wrapper tm-post-featured-outer-wrapper\"> <div class=\"tm-post-format-icon-wrapper\"><i class=\"tm-knox-icon-pencil\"><\/i><\/div> <div class=\"tm-featured-wrapper tm-post-featured-wrapper tm-post-format-\"><a href=\"https:\/\/diversidadaudiovisual.org\/nuevaweb\/visita-al-seminario-permanente-guillermo-mastrini\/\"><img loading=\"lazy\" decoding=\"async\" width=\"800\" height=\"533\" src=\"https:\/\/diversidadaudiovisual.org\/nuevaweb\/wp-content\/uploads\/2012\/06\/diversidad-audiovisual-noticia-800x533.jpg\" class=\"attachment-thememount-img-blog size-thememount-img-blog wp-post-image\" alt=\"Diversidad Audiovisual Noticia\" srcset=\"https:\/\/diversidadaudiovisual.org\/nuevaweb\/wp-content\/uploads\/2012\/06\/diversidad-audiovisual-noticia-800x533.jpg 800w, https:\/\/diversidadaudiovisual.org\/nuevaweb\/wp-content\/uploads\/2012\/06\/diversidad-audiovisual-noticia-300x200.jpg 300w, https:\/\/diversidadaudiovisual.org\/nuevaweb\/wp-content\/uploads\/2012\/06\/diversidad-audiovisual-noticia-1024x683.jpg 1024w, https:\/\/diversidadaudiovisual.org\/nuevaweb\/wp-content\/uploads\/2012\/06\/diversidad-audiovisual-noticia-768x512.jpg 768w, https:\/\/diversidadaudiovisual.org\/nuevaweb\/wp-content\/uploads\/2012\/06\/diversidad-audiovisual-noticia.jpg 1200w\" sizes=\"auto, (max-width: 800px) 100vw, 800px\" data-id=\"8502\" \/><\/a><\/div> <\/div>\n    <div class=\"thememount-box-content\">\n      <div class=\"thememount-box-post-date\"><span class=\"tm-meta-line posted-on\"><span class=\"screen-reader-text tm-hide\">Posted on <\/span><a href=\"https:\/\/diversidadaudiovisual.org\/nuevaweb\/visita-al-seminario-permanente-guillermo-mastrini\/\" rel=\"bookmark\"><time class=\"entry-date published\" datetime=\"2014-01-30T15:31:46+00:00\">Ene 30, 2014<\/time><time class=\"updated tm-hide\" datetime=\"2023-02-09T12:02:57+00:00\">Feb 9, 2023<\/time><\/a><\/span><\/div>\n      <div class=\"thememount-box-title\"><h4><a href=\"https:\/\/diversidadaudiovisual.org\/nuevaweb\/visita-al-seminario-permanente-guillermo-mastrini\/\">Visita al seminario permanente del Dr. Guillermo Mastrini<\/a><\/h4><\/div>      <div class=\"author-email\">\n        <p><strong><\/strong> <\/p>\n      <\/div>\n <div class=\"universidad\">\n        <p> <\/p>\n      <\/div>\n      <div class=\"thememount-box-desc\">\n        <div class=\"thememount-box-desc-text\">30 de enero de 2014 - Facultad de Humanidades, Comunicaci\u00f3n y Documentaci\u00f3n de la Universidad Carlos III de Madrid \u00a0 \u00a0 \u00a0\u00a0...<\/div>\n        <div class=\"thememount-box-desc-footer\">\n                    <div class=\"thememount-blogbox-desc-footer\">\n            <div class=\"thememount-blogbox-footer-readmore\">  <\/div>\n          <\/div>\n        <\/div>\n      <\/div>\n    <\/div>\n  <\/div>\n<\/article>\n<\/div><div class=\"tm-box-col-wrapper col-lg-4 col-sm-6 col-md-4 col-xs-12 actividades actividades-anteriores\"><article class=\"thememount-box thememount-box-blog thememount-blogbox-format- \">\n  <div class=\"post-item\">\n        <div class=\"tm-featured-outer-wrapper tm-post-featured-outer-wrapper\"> <div class=\"tm-post-format-icon-wrapper\"><i class=\"tm-knox-icon-pencil\"><\/i><\/div> <div class=\"tm-featured-wrapper tm-post-featured-wrapper tm-post-format-\"><a href=\"https:\/\/diversidadaudiovisual.org\/nuevaweb\/comunicaciones-en-el-congreso-de-ae-ic-bilbao-2014\/\"><img loading=\"lazy\" decoding=\"async\" width=\"800\" height=\"533\" src=\"https:\/\/diversidadaudiovisual.org\/nuevaweb\/wp-content\/uploads\/2012\/06\/diversidad-audiovisual-congreso-800x533.jpg\" class=\"attachment-thememount-img-blog size-thememount-img-blog wp-post-image\" alt=\"Diversidad Audiovisual Congreso\" srcset=\"https:\/\/diversidadaudiovisual.org\/nuevaweb\/wp-content\/uploads\/2012\/06\/diversidad-audiovisual-congreso-800x533.jpg 800w, https:\/\/diversidadaudiovisual.org\/nuevaweb\/wp-content\/uploads\/2012\/06\/diversidad-audiovisual-congreso-300x200.jpg 300w, https:\/\/diversidadaudiovisual.org\/nuevaweb\/wp-content\/uploads\/2012\/06\/diversidad-audiovisual-congreso-1024x683.jpg 1024w, https:\/\/diversidadaudiovisual.org\/nuevaweb\/wp-content\/uploads\/2012\/06\/diversidad-audiovisual-congreso-768x512.jpg 768w, https:\/\/diversidadaudiovisual.org\/nuevaweb\/wp-content\/uploads\/2012\/06\/diversidad-audiovisual-congreso.jpg 1200w\" sizes=\"auto, (max-width: 800px) 100vw, 800px\" data-id=\"8500\" \/><\/a><\/div> <\/div>\n    <div class=\"thememount-box-content\">\n      <div class=\"thememount-box-post-date\"><span class=\"tm-meta-line posted-on\"><span class=\"screen-reader-text tm-hide\">Posted on <\/span><a href=\"https:\/\/diversidadaudiovisual.org\/nuevaweb\/comunicaciones-en-el-congreso-de-ae-ic-bilbao-2014\/\" rel=\"bookmark\"><time class=\"entry-date published\" datetime=\"2014-01-13T19:31:40+00:00\">Ene 13, 2014<\/time><time class=\"updated tm-hide\" datetime=\"2023-02-09T12:02:16+00:00\">Feb 9, 2023<\/time><\/a><\/span><\/div>\n      <div class=\"thememount-box-title\"><h4><a href=\"https:\/\/diversidadaudiovisual.org\/nuevaweb\/comunicaciones-en-el-congreso-de-ae-ic-bilbao-2014\/\">Comunicaciones en el congreso de AE-IC, Bilbao 2014<\/a><\/h4><\/div>      <div class=\"author-email\">\n        <p><strong><\/strong> <\/p>\n      <\/div>\n <div class=\"universidad\">\n        <p> <\/p>\n      <\/div>\n      <div class=\"thememount-box-desc\">\n        <div class=\"thememount-box-desc-text\">Del 21 al 25 de Enero de 2014\u00a0 - Congreso Internacional de AE-IC (Asociaci\u00f3n Espa\u00f1ola de Investigaci\u00f3n en Comunicaci\u00f3n), Bilb...<\/div>\n        <div class=\"thememount-box-desc-footer\">\n                    <div class=\"thememount-blogbox-desc-footer\">\n            <div class=\"thememount-blogbox-footer-readmore\">  <\/div>\n          <\/div>\n        <\/div>\n      <\/div>\n    <\/div>\n  <\/div>\n<\/article>\n<\/div><div class=\"tm-box-col-wrapper col-lg-4 col-sm-6 col-md-4 col-xs-12 actividades actividades-anteriores\"><article class=\"thememount-box thememount-box-blog thememount-blogbox-format- \">\n  <div class=\"post-item\">\n        <div class=\"tm-featured-outer-wrapper tm-post-featured-outer-wrapper\"> <div class=\"tm-post-format-icon-wrapper\"><i class=\"tm-knox-icon-pencil\"><\/i><\/div> <div class=\"tm-featured-wrapper tm-post-featured-wrapper tm-post-format-\"><a href=\"https:\/\/diversidadaudiovisual.org\/nuevaweb\/conferencia-en-el-institut-des-hautes-etudes-de-lamerique-latine-iheal-universite-paris-3\/\"><img loading=\"lazy\" decoding=\"async\" width=\"800\" height=\"533\" src=\"https:\/\/diversidadaudiovisual.org\/nuevaweb\/wp-content\/uploads\/2012\/05\/diversidad-audiovisual-transferencia-800x533.jpg\" class=\"attachment-thememount-img-blog size-thememount-img-blog wp-post-image\" alt=\"Diversidad Audiovisual Transferencia\" srcset=\"https:\/\/diversidadaudiovisual.org\/nuevaweb\/wp-content\/uploads\/2012\/05\/diversidad-audiovisual-transferencia-800x533.jpg 800w, https:\/\/diversidadaudiovisual.org\/nuevaweb\/wp-content\/uploads\/2012\/05\/diversidad-audiovisual-transferencia-300x200.jpg 300w, https:\/\/diversidadaudiovisual.org\/nuevaweb\/wp-content\/uploads\/2012\/05\/diversidad-audiovisual-transferencia-1024x683.jpg 1024w, https:\/\/diversidadaudiovisual.org\/nuevaweb\/wp-content\/uploads\/2012\/05\/diversidad-audiovisual-transferencia-768x512.jpg 768w, https:\/\/diversidadaudiovisual.org\/nuevaweb\/wp-content\/uploads\/2012\/05\/diversidad-audiovisual-transferencia.jpg 1200w\" sizes=\"auto, (max-width: 800px) 100vw, 800px\" data-id=\"8497\" \/><\/a><\/div> <\/div>\n    <div class=\"thememount-box-content\">\n      <div class=\"thememount-box-post-date\"><span class=\"tm-meta-line posted-on\"><span class=\"screen-reader-text tm-hide\">Posted on <\/span><a href=\"https:\/\/diversidadaudiovisual.org\/nuevaweb\/conferencia-en-el-institut-des-hautes-etudes-de-lamerique-latine-iheal-universite-paris-3\/\" rel=\"bookmark\"><time class=\"entry-date published\" datetime=\"2013-12-07T12:02:25+00:00\">Dic 7, 2013<\/time><time class=\"updated tm-hide\" datetime=\"2023-02-09T12:01:39+00:00\">Feb 9, 2023<\/time><\/a><\/span><\/div>\n      <div class=\"thememount-box-title\"><h4><a href=\"https:\/\/diversidadaudiovisual.org\/nuevaweb\/conferencia-en-el-institut-des-hautes-etudes-de-lamerique-latine-iheal-universite-paris-3\/\">Conferencia en el Institut des hautes \u00e9tudes de l\u2019Amerique latine (IHEAL- Universit\u00e9 Paris 3)<\/a><\/h4><\/div>      <div class=\"author-email\">\n        <p><strong><\/strong> <\/p>\n      <\/div>\n <div class=\"universidad\">\n        <p> <\/p>\n      <\/div>\n      <div class=\"thememount-box-desc\">\n        <div class=\"thememount-box-desc-text\">13 de Diciembre de 2013 - \u00a0Institut des hautes \u00e9tudes de l\u2019Amerique latine (HIEAL), de la Universit\u00e9 Sorbonne Nouvelle - Pari...<\/div>\n        <div class=\"thememount-box-desc-footer\">\n                    <div class=\"thememount-blogbox-desc-footer\">\n            <div class=\"thememount-blogbox-footer-readmore\">  <\/div>\n          <\/div>\n        <\/div>\n      <\/div>\n    <\/div>\n  <\/div>\n<\/article>\n<\/div><div class=\"tm-box-col-wrapper col-lg-4 col-sm-6 col-md-4 col-xs-12 actividades actividades-anteriores\"><article class=\"thememount-box thememount-box-blog thememount-blogbox-format- \">\n  <div class=\"post-item\">\n        <div class=\"tm-featured-outer-wrapper tm-post-featured-outer-wrapper\"> <div class=\"tm-post-format-icon-wrapper\"><i class=\"tm-knox-icon-pencil\"><\/i><\/div> <div class=\"tm-featured-wrapper tm-post-featured-wrapper tm-post-format-\"><a href=\"https:\/\/diversidadaudiovisual.org\/nuevaweb\/participacion-en-el-seminario-de-expertos-reflexiones-criticas-sobre-la-proteccion-y-promocion-de-la-diversidad-cultural-y-la-convencion-de-la-unesco\/\"><img loading=\"lazy\" decoding=\"async\" width=\"800\" height=\"533\" src=\"https:\/\/diversidadaudiovisual.org\/nuevaweb\/wp-content\/uploads\/2012\/06\/diversidad-audiovisual-evento-800x533.jpg\" class=\"attachment-thememount-img-blog size-thememount-img-blog wp-post-image\" alt=\"Diversidad Audiovisual Evento\" srcset=\"https:\/\/diversidadaudiovisual.org\/nuevaweb\/wp-content\/uploads\/2012\/06\/diversidad-audiovisual-evento-800x533.jpg 800w, https:\/\/diversidadaudiovisual.org\/nuevaweb\/wp-content\/uploads\/2012\/06\/diversidad-audiovisual-evento-300x200.jpg 300w, https:\/\/diversidadaudiovisual.org\/nuevaweb\/wp-content\/uploads\/2012\/06\/diversidad-audiovisual-evento-1024x683.jpg 1024w, https:\/\/diversidadaudiovisual.org\/nuevaweb\/wp-content\/uploads\/2012\/06\/diversidad-audiovisual-evento-768x512.jpg 768w, https:\/\/diversidadaudiovisual.org\/nuevaweb\/wp-content\/uploads\/2012\/06\/diversidad-audiovisual-evento.jpg 1200w\" sizes=\"auto, (max-width: 800px) 100vw, 800px\" data-id=\"8501\" \/><\/a><\/div> <\/div>\n    <div class=\"thememount-box-content\">\n      <div class=\"thememount-box-post-date\"><span class=\"tm-meta-line posted-on\"><span class=\"screen-reader-text tm-hide\">Posted on <\/span><a href=\"https:\/\/diversidadaudiovisual.org\/nuevaweb\/participacion-en-el-seminario-de-expertos-reflexiones-criticas-sobre-la-proteccion-y-promocion-de-la-diversidad-cultural-y-la-convencion-de-la-unesco\/\" rel=\"bookmark\"><time class=\"entry-date published\" datetime=\"2013-12-07T11:55:06+00:00\">Dic 7, 2013<\/time><time class=\"updated tm-hide\" datetime=\"2023-02-09T12:01:03+00:00\">Feb 9, 2023<\/time><\/a><\/span><\/div>\n      <div class=\"thememount-box-title\"><h4><a href=\"https:\/\/diversidadaudiovisual.org\/nuevaweb\/participacion-en-el-seminario-de-expertos-reflexiones-criticas-sobre-la-proteccion-y-promocion-de-la-diversidad-cultural-y-la-convencion-de-la-unesco\/\">Participaci\u00f3n en el Seminario de Expertos \u201cReflexiones cr\u00edticas sobre la protecci\u00f3n y promoci\u00f3n de la Diversidad Cultural y la Convenci\u00f3n de la UNESCO\u201d<\/a><\/h4><\/div>      <div class=\"author-email\">\n        <p><strong><\/strong> <\/p>\n      <\/div>\n <div class=\"universidad\">\n        <p> <\/p>\n      <\/div>\n      <div class=\"thememount-box-desc\">\n        <div class=\"thememount-box-desc-text\">13 de Diciembre de 2013 - Sede de la UNED de Madrid Asier Aranzubia, miembro del proyecto I+D+i\u00a0 \u201cDiversidad cultural y audiov...<\/div>\n        <div class=\"thememount-box-desc-footer\">\n                    <div class=\"thememount-blogbox-desc-footer\">\n            <div class=\"thememount-blogbox-footer-readmore\">  <\/div>\n          <\/div>\n        <\/div>\n      <\/div>\n    <\/div>\n  <\/div>\n<\/article>\n<\/div><div class=\"tm-box-col-wrapper col-lg-4 col-sm-6 col-md-4 col-xs-12 actividades actividades-anteriores\"><article class=\"thememount-box thememount-box-blog thememount-blogbox-format- \">\n  <div class=\"post-item\">\n        <div class=\"tm-featured-outer-wrapper tm-post-featured-outer-wrapper\"> <div class=\"tm-post-format-icon-wrapper\"><i class=\"tm-knox-icon-pencil\"><\/i><\/div> <div class=\"tm-featured-wrapper tm-post-featured-wrapper tm-post-format-\"><a href=\"https:\/\/diversidadaudiovisual.org\/nuevaweb\/vii-sesion-ordinaria-del-comite-intergubernamental-cig-para-la-proteccion-y-promocion-de-la-diversidad-cultural-10-al-13-de-diciembre-de-2013-sede-de-la-unesco-en-paris\/\"><img loading=\"lazy\" decoding=\"async\" width=\"800\" height=\"533\" src=\"https:\/\/diversidadaudiovisual.org\/nuevaweb\/wp-content\/uploads\/2012\/06\/diversidad-audiovisual-evento-800x533.jpg\" class=\"attachment-thememount-img-blog size-thememount-img-blog wp-post-image\" alt=\"Diversidad Audiovisual Evento\" srcset=\"https:\/\/diversidadaudiovisual.org\/nuevaweb\/wp-content\/uploads\/2012\/06\/diversidad-audiovisual-evento-800x533.jpg 800w, https:\/\/diversidadaudiovisual.org\/nuevaweb\/wp-content\/uploads\/2012\/06\/diversidad-audiovisual-evento-300x200.jpg 300w, https:\/\/diversidadaudiovisual.org\/nuevaweb\/wp-content\/uploads\/2012\/06\/diversidad-audiovisual-evento-1024x683.jpg 1024w, https:\/\/diversidadaudiovisual.org\/nuevaweb\/wp-content\/uploads\/2012\/06\/diversidad-audiovisual-evento-768x512.jpg 768w, https:\/\/diversidadaudiovisual.org\/nuevaweb\/wp-content\/uploads\/2012\/06\/diversidad-audiovisual-evento.jpg 1200w\" sizes=\"auto, (max-width: 800px) 100vw, 800px\" data-id=\"8501\" \/><\/a><\/div> <\/div>\n    <div class=\"thememount-box-content\">\n      <div class=\"thememount-box-post-date\"><span class=\"tm-meta-line posted-on\"><span class=\"screen-reader-text tm-hide\">Posted on <\/span><a href=\"https:\/\/diversidadaudiovisual.org\/nuevaweb\/vii-sesion-ordinaria-del-comite-intergubernamental-cig-para-la-proteccion-y-promocion-de-la-diversidad-cultural-10-al-13-de-diciembre-de-2013-sede-de-la-unesco-en-paris\/\" rel=\"bookmark\"><time class=\"entry-date published\" datetime=\"2013-12-07T11:07:48+00:00\">Dic 7, 2013<\/time><time class=\"updated tm-hide\" datetime=\"2023-02-09T12:00:06+00:00\">Feb 9, 2023<\/time><\/a><\/span><\/div>\n      <div class=\"thememount-box-title\"><h4><a href=\"https:\/\/diversidadaudiovisual.org\/nuevaweb\/vii-sesion-ordinaria-del-comite-intergubernamental-cig-para-la-proteccion-y-promocion-de-la-diversidad-cultural-10-al-13-de-diciembre-de-2013-sede-de-la-unesco-en-paris\/\">VII sesi\u00f3n ordinaria del Comit\u00e9 intergubernamental (CIG) para la protecci\u00f3n y promoci\u00f3n de la diversidad cultural  (10 al 13 de diciembre de 2013, sede de la UNESCO en Par\u00eds)<\/a><\/h4><\/div>      <div class=\"author-email\">\n        <p><strong><\/strong> <\/p>\n      <\/div>\n <div class=\"universidad\">\n        <p> <\/p>\n      <\/div>\n      <div class=\"thememount-box-desc\">\n        <div class=\"thememount-box-desc-text\">Del 10 al 13 de Diciembre de 2013 - Sede de la UNESCO, Par\u00eds. Luis A. Albornoz,\u00a0Investigador Principal del proyecto de investig...<\/div>\n        <div class=\"thememount-box-desc-footer\">\n                    <div class=\"thememount-blogbox-desc-footer\">\n            <div class=\"thememount-blogbox-footer-readmore\">  <\/div>\n          <\/div>\n        <\/div>\n      <\/div>\n    <\/div>\n  <\/div>\n<\/article>\n<\/div><div class=\"tm-box-col-wrapper col-lg-4 col-sm-6 col-md-4 col-xs-12 actividades actividades-anteriores\"><article class=\"thememount-box thememount-box-blog thememount-blogbox-format- \">\n  <div class=\"post-item\">\n        <div class=\"tm-featured-outer-wrapper tm-post-featured-outer-wrapper\"> <div class=\"tm-post-format-icon-wrapper\"><i class=\"tm-knox-icon-pencil\"><\/i><\/div> <div class=\"tm-featured-wrapper tm-post-featured-wrapper tm-post-format-\"><a href=\"https:\/\/diversidadaudiovisual.org\/nuevaweb\/participacion-en-el-foro-de-debate-transformar-la-television\/\"><img loading=\"lazy\" decoding=\"async\" width=\"800\" height=\"533\" src=\"https:\/\/diversidadaudiovisual.org\/nuevaweb\/wp-content\/uploads\/2012\/06\/diversidad-audiovisual-congreso-800x533.jpg\" class=\"attachment-thememount-img-blog size-thememount-img-blog wp-post-image\" alt=\"Diversidad Audiovisual Congreso\" srcset=\"https:\/\/diversidadaudiovisual.org\/nuevaweb\/wp-content\/uploads\/2012\/06\/diversidad-audiovisual-congreso-800x533.jpg 800w, https:\/\/diversidadaudiovisual.org\/nuevaweb\/wp-content\/uploads\/2012\/06\/diversidad-audiovisual-congreso-300x200.jpg 300w, https:\/\/diversidadaudiovisual.org\/nuevaweb\/wp-content\/uploads\/2012\/06\/diversidad-audiovisual-congreso-1024x683.jpg 1024w, https:\/\/diversidadaudiovisual.org\/nuevaweb\/wp-content\/uploads\/2012\/06\/diversidad-audiovisual-congreso-768x512.jpg 768w, https:\/\/diversidadaudiovisual.org\/nuevaweb\/wp-content\/uploads\/2012\/06\/diversidad-audiovisual-congreso.jpg 1200w\" sizes=\"auto, (max-width: 800px) 100vw, 800px\" data-id=\"8500\" \/><\/a><\/div> <\/div>\n    <div class=\"thememount-box-content\">\n      <div class=\"thememount-box-post-date\"><span class=\"tm-meta-line posted-on\"><span class=\"screen-reader-text tm-hide\">Posted on <\/span><a href=\"https:\/\/diversidadaudiovisual.org\/nuevaweb\/participacion-en-el-foro-de-debate-transformar-la-television\/\" rel=\"bookmark\"><time class=\"entry-date published\" datetime=\"2013-11-18T18:15:12+00:00\">Nov 18, 2013<\/time><time class=\"updated tm-hide\" datetime=\"2023-02-09T11:59:18+00:00\">Feb 9, 2023<\/time><\/a><\/span><\/div>\n      <div class=\"thememount-box-title\"><h4><a href=\"https:\/\/diversidadaudiovisual.org\/nuevaweb\/participacion-en-el-foro-de-debate-transformar-la-television\/\">Participaci\u00f3n en el Foro de debate &#8220;Transformar la televisi\u00f3n&#8221;<\/a><\/h4><\/div>      <div class=\"author-email\">\n        <p><strong><\/strong> <\/p>\n      <\/div>\n <div class=\"universidad\">\n        <p> <\/p>\n      <\/div>\n      <div class=\"thememount-box-desc\">\n        <div class=\"thememount-box-desc-text\">13 de Noviembre de 2013 - La Casa Encendida, Madrid. Alejandra Val Cubero, miembro del\u00a0proyecto de investigaci\u00f3n \u201cDiversidad...<\/div>\n        <div class=\"thememount-box-desc-footer\">\n                    <div class=\"thememount-blogbox-desc-footer\">\n            <div class=\"thememount-blogbox-footer-readmore\">  <\/div>\n          <\/div>\n        <\/div>\n      <\/div>\n    <\/div>\n  <\/div>\n<\/article>\n<\/div><div class=\"tm-box-col-wrapper col-lg-4 col-sm-6 col-md-4 col-xs-12 actividades actividades-anteriores\"><article class=\"thememount-box thememount-box-blog thememount-blogbox-format-image \">\n  <div class=\"post-item\">\n        <div class=\"tm-featured-outer-wrapper tm-post-featured-outer-wrapper\"> <div class=\"tm-post-format-icon-wrapper\"><i class=\"tm-knox-icon-image\"><\/i><\/div> <div class=\"tm-featured-wrapper tm-post-featured-wrapper tm-post-format-image\"><a href=\"https:\/\/diversidadaudiovisual.org\/nuevaweb\/workshop-internacional-en-la-uc3m-proteccion-y-promocion-de-la-diversidad-audiovisual-en-la-era-digital\/\"><img loading=\"lazy\" decoding=\"async\" width=\"800\" height=\"352\" src=\"https:\/\/diversidadaudiovisual.org\/nuevaweb\/wp-content\/uploads\/2013\/09\/workshop-internacional-en-la-uc3m-proteccion-y-promocion-de-la-diversidad-audiovisual-en-la-era-digital-800x352.jpg\" class=\"attachment-thememount-img-blog size-thememount-img-blog wp-post-image\" alt=\"Workshop internacional en la UC3M Protecci\u00f3n y promoci\u00f3n de la diversidad audiovisual en la era digital\" data-id=\"5963\" \/><\/a><\/div> <\/div>\n    <div class=\"thememount-box-content\">\n      <div class=\"thememount-box-post-date\"><span class=\"tm-meta-line posted-on\"><span class=\"screen-reader-text tm-hide\">Posted on <\/span><a href=\"https:\/\/diversidadaudiovisual.org\/nuevaweb\/workshop-internacional-en-la-uc3m-proteccion-y-promocion-de-la-diversidad-audiovisual-en-la-era-digital\/\" rel=\"bookmark\"><time class=\"entry-date published\" datetime=\"2013-09-16T14:52:24+00:00\">Sep 16, 2013<\/time><time class=\"updated tm-hide\" datetime=\"2023-02-06T10:47:05+00:00\">Feb 6, 2023<\/time><\/a><\/span><\/div>\n      <div class=\"thememount-box-title\"><h4><a href=\"https:\/\/diversidadaudiovisual.org\/nuevaweb\/workshop-internacional-en-la-uc3m-proteccion-y-promocion-de-la-diversidad-audiovisual-en-la-era-digital\/\">Workshop internacional en la UC3M &#8211;  Protecci\u00f3n y promoci\u00f3n de la diversidad audiovisual en la era digital<\/a><\/h4><\/div>      <div class=\"author-email\">\n        <p><strong><\/strong> <\/p>\n      <\/div>\n <div class=\"universidad\">\n        <p> <\/p>\n      <\/div>\n      <div class=\"thememount-box-desc\">\n        <div class=\"thememount-box-desc-text\">Los d\u00edas 3 y 4 de octubre se celebr\u00f3 el workshop internacional Protecci\u00f3n y promoci\u00f3n de la diversidad audiovisual en la era digital en la Facultad de Humanidades, Comunicaci\u00f3n y Documentaci\u00f3n (campus de Getafe) de la Universidad Carlos III de Madrid.\u00a0 Las dos jornadas de reflexi\u00f3n han generado un documento final con formato de declaraci\u00f3n bajo el t\u00edtulo: Declaraci\u00f3n sobre la protecci\u00f3n y promoci\u00f3n de la diversidad cultural en la era digital.<\/div>\n        <div class=\"thememount-box-desc-footer\">\n                    <div class=\"thememount-blogbox-desc-footer\">\n            <div class=\"thememount-blogbox-footer-readmore\">  <\/div>\n          <\/div>\n        <\/div>\n      <\/div>\n    <\/div>\n  <\/div>\n<\/article>\n<\/div><div class=\"tm-box-col-wrapper col-lg-4 col-sm-6 col-md-4 col-xs-12 actividades actividades-anteriores\"><article class=\"thememount-box thememount-box-blog thememount-blogbox-format- \">\n  <div class=\"post-item\">\n        <div class=\"tm-featured-outer-wrapper tm-post-featured-outer-wrapper\"> <div class=\"tm-post-format-icon-wrapper\"><i class=\"tm-knox-icon-pencil\"><\/i><\/div> <div class=\"tm-featured-wrapper tm-post-featured-wrapper tm-post-format-\"><a href=\"https:\/\/diversidadaudiovisual.org\/nuevaweb\/conferencia-en-el-master-de-media-and-communication-studies-de-la-universidad-de-lund\/\"><img loading=\"lazy\" decoding=\"async\" width=\"800\" height=\"533\" src=\"https:\/\/diversidadaudiovisual.org\/nuevaweb\/wp-content\/uploads\/2012\/05\/diversidad-audiovisual-transferencia-800x533.jpg\" class=\"attachment-thememount-img-blog size-thememount-img-blog wp-post-image\" alt=\"Diversidad Audiovisual Transferencia\" srcset=\"https:\/\/diversidadaudiovisual.org\/nuevaweb\/wp-content\/uploads\/2012\/05\/diversidad-audiovisual-transferencia-800x533.jpg 800w, https:\/\/diversidadaudiovisual.org\/nuevaweb\/wp-content\/uploads\/2012\/05\/diversidad-audiovisual-transferencia-300x200.jpg 300w, https:\/\/diversidadaudiovisual.org\/nuevaweb\/wp-content\/uploads\/2012\/05\/diversidad-audiovisual-transferencia-1024x683.jpg 1024w, https:\/\/diversidadaudiovisual.org\/nuevaweb\/wp-content\/uploads\/2012\/05\/diversidad-audiovisual-transferencia-768x512.jpg 768w, https:\/\/diversidadaudiovisual.org\/nuevaweb\/wp-content\/uploads\/2012\/05\/diversidad-audiovisual-transferencia.jpg 1200w\" sizes=\"auto, (max-width: 800px) 100vw, 800px\" data-id=\"8497\" \/><\/a><\/div> <\/div>\n    <div class=\"thememount-box-content\">\n      <div class=\"thememount-box-post-date\"><span class=\"tm-meta-line posted-on\"><span class=\"screen-reader-text tm-hide\">Posted on <\/span><a href=\"https:\/\/diversidadaudiovisual.org\/nuevaweb\/conferencia-en-el-master-de-media-and-communication-studies-de-la-universidad-de-lund\/\" rel=\"bookmark\"><time class=\"entry-date published\" datetime=\"2013-09-15T18:42:31+00:00\">Sep 15, 2013<\/time><time class=\"updated tm-hide\" datetime=\"2023-02-09T11:58:03+00:00\">Feb 9, 2023<\/time><\/a><\/span><\/div>\n      <div class=\"thememount-box-title\"><h4><a href=\"https:\/\/diversidadaudiovisual.org\/nuevaweb\/conferencia-en-el-master-de-media-and-communication-studies-de-la-universidad-de-lund\/\">Conferencia en el Master de Media and Communication Studies de la Universidad de L\u00fcnd<\/a><\/h4><\/div>      <div class=\"author-email\">\n        <p><strong><\/strong> <\/p>\n      <\/div>\n <div class=\"universidad\">\n        <p> <\/p>\n      <\/div>\n      <div class=\"thememount-box-desc\">\n        <div class=\"thememount-box-desc-text\">26 de Septiembre de 2013 - Universidad de L\u00fcnd (Suecia) Ignacio Gallego, miembro del\u00a0I+D+i, \u00a0dict\u00f3 la conferencia \"Diversid...<\/div>\n        <div class=\"thememount-box-desc-footer\">\n                    <div class=\"thememount-blogbox-desc-footer\">\n            <div class=\"thememount-blogbox-footer-readmore\">  <\/div>\n          <\/div>\n        <\/div>\n      <\/div>\n    <\/div>\n  <\/div>\n<\/article>\n<\/div><div class=\"tm-box-col-wrapper col-lg-4 col-sm-6 col-md-4 col-xs-12 actividades actividades-anteriores\"><article class=\"thememount-box thememount-box-blog thememount-blogbox-format- \">\n  <div class=\"post-item\">\n        <div class=\"tm-featured-outer-wrapper tm-post-featured-outer-wrapper\"> <div class=\"tm-post-format-icon-wrapper\"><i class=\"tm-knox-icon-pencil\"><\/i><\/div> <div class=\"tm-featured-wrapper tm-post-featured-wrapper tm-post-format-\"><a href=\"https:\/\/diversidadaudiovisual.org\/nuevaweb\/includit\/\"><img loading=\"lazy\" decoding=\"async\" width=\"800\" height=\"533\" src=\"https:\/\/diversidadaudiovisual.org\/nuevaweb\/wp-content\/uploads\/2012\/06\/diversidad-audiovisual-congreso-800x533.jpg\" class=\"attachment-thememount-img-blog size-thememount-img-blog wp-post-image\" alt=\"Diversidad Audiovisual Congreso\" srcset=\"https:\/\/diversidadaudiovisual.org\/nuevaweb\/wp-content\/uploads\/2012\/06\/diversidad-audiovisual-congreso-800x533.jpg 800w, https:\/\/diversidadaudiovisual.org\/nuevaweb\/wp-content\/uploads\/2012\/06\/diversidad-audiovisual-congreso-300x200.jpg 300w, https:\/\/diversidadaudiovisual.org\/nuevaweb\/wp-content\/uploads\/2012\/06\/diversidad-audiovisual-congreso-1024x683.jpg 1024w, https:\/\/diversidadaudiovisual.org\/nuevaweb\/wp-content\/uploads\/2012\/06\/diversidad-audiovisual-congreso-768x512.jpg 768w, https:\/\/diversidadaudiovisual.org\/nuevaweb\/wp-content\/uploads\/2012\/06\/diversidad-audiovisual-congreso.jpg 1200w\" sizes=\"auto, (max-width: 800px) 100vw, 800px\" data-id=\"8500\" \/><\/a><\/div> <\/div>\n    <div class=\"thememount-box-content\">\n      <div class=\"thememount-box-post-date\"><span class=\"tm-meta-line posted-on\"><span class=\"screen-reader-text tm-hide\">Posted on <\/span><a href=\"https:\/\/diversidadaudiovisual.org\/nuevaweb\/includit\/\" rel=\"bookmark\"><time class=\"entry-date published\" datetime=\"2013-06-17T11:25:25+00:00\">Jun 17, 2013<\/time><time class=\"updated tm-hide\" datetime=\"2023-02-09T11:56:38+00:00\">Feb 9, 2023<\/time><\/a><\/span><\/div>\n      <div class=\"thememount-box-title\"><h4><a href=\"https:\/\/diversidadaudiovisual.org\/nuevaweb\/includit\/\">Participaci\u00f3n en el congreso &#8220;INCLUDiT \u2013 Confer\u00eancia Internacional para a Inclus\u00e3o&#8221;<\/a><\/h4><\/div>      <div class=\"author-email\">\n        <p><strong><\/strong> <\/p>\n      <\/div>\n <div class=\"universidad\">\n        <p> <\/p>\n      <\/div>\n      <div class=\"thememount-box-desc\">\n        <div class=\"thememount-box-desc-text\">&nbsp; Los d\u00edas 5 y 6 de julio de 2013 se celebra en el Instituto Polit\u00e9cnico de Leiria (Portugal) el congreso\u00a0 INCLUDiT \u2013 C...<\/div>\n        <div class=\"thememount-box-desc-footer\">\n                    <div class=\"thememount-blogbox-desc-footer\">\n            <div class=\"thememount-blogbox-footer-readmore\">  <\/div>\n          <\/div>\n        <\/div>\n      <\/div>\n    <\/div>\n  <\/div>\n<\/article>\n<\/div><div class=\"tm-box-col-wrapper col-lg-4 col-sm-6 col-md-4 col-xs-12 actividades actividades-anteriores\"><article class=\"thememount-box thememount-box-blog thememount-blogbox-format- \">\n  <div class=\"post-item\">\n        <div class=\"tm-featured-outer-wrapper tm-post-featured-outer-wrapper\"> <div class=\"tm-post-format-icon-wrapper\"><i class=\"tm-knox-icon-pencil\"><\/i><\/div> <div class=\"tm-featured-wrapper tm-post-featured-wrapper tm-post-format-\"><a href=\"https:\/\/diversidadaudiovisual.org\/nuevaweb\/viii-congreso-internacional-ulepicc-comunicacion-politicas-e-industria-procesos-de-digitalizacion-y-crisis-sus-impactos-en-las-politicas-y-la-regulacion\/\"><img loading=\"lazy\" decoding=\"async\" width=\"800\" height=\"533\" src=\"https:\/\/diversidadaudiovisual.org\/nuevaweb\/wp-content\/uploads\/2012\/06\/diversidad-audiovisual-congreso-800x533.jpg\" class=\"attachment-thememount-img-blog size-thememount-img-blog wp-post-image\" alt=\"Diversidad Audiovisual Congreso\" srcset=\"https:\/\/diversidadaudiovisual.org\/nuevaweb\/wp-content\/uploads\/2012\/06\/diversidad-audiovisual-congreso-800x533.jpg 800w, https:\/\/diversidadaudiovisual.org\/nuevaweb\/wp-content\/uploads\/2012\/06\/diversidad-audiovisual-congreso-300x200.jpg 300w, https:\/\/diversidadaudiovisual.org\/nuevaweb\/wp-content\/uploads\/2012\/06\/diversidad-audiovisual-congreso-1024x683.jpg 1024w, https:\/\/diversidadaudiovisual.org\/nuevaweb\/wp-content\/uploads\/2012\/06\/diversidad-audiovisual-congreso-768x512.jpg 768w, https:\/\/diversidadaudiovisual.org\/nuevaweb\/wp-content\/uploads\/2012\/06\/diversidad-audiovisual-congreso.jpg 1200w\" sizes=\"auto, (max-width: 800px) 100vw, 800px\" data-id=\"8500\" \/><\/a><\/div> <\/div>\n    <div class=\"thememount-box-content\">\n      <div class=\"thememount-box-post-date\"><span class=\"tm-meta-line posted-on\"><span class=\"screen-reader-text tm-hide\">Posted on <\/span><a href=\"https:\/\/diversidadaudiovisual.org\/nuevaweb\/viii-congreso-internacional-ulepicc-comunicacion-politicas-e-industria-procesos-de-digitalizacion-y-crisis-sus-impactos-en-las-politicas-y-la-regulacion\/\" rel=\"bookmark\"><time class=\"entry-date published\" datetime=\"2013-06-16T19:02:43+00:00\">Jun 16, 2013<\/time><time class=\"updated tm-hide\" datetime=\"2023-02-09T11:55:44+00:00\">Feb 9, 2023<\/time><\/a><\/span><\/div>\n      <div class=\"thememount-box-title\"><h4><a href=\"https:\/\/diversidadaudiovisual.org\/nuevaweb\/viii-congreso-internacional-ulepicc-comunicacion-politicas-e-industria-procesos-de-digitalizacion-y-crisis-sus-impactos-en-las-politicas-y-la-regulacion\/\">VIII Congreso internacional ULEPICC: &#8220;Comunicaci\u00f3n, pol\u00edticas e industria. Procesos de digitalizaci\u00f3n y crisis, sus impactos en las pol\u00edticas y la regulaci\u00f3n&#8221;<\/a><\/h4><\/div>      <div class=\"author-email\">\n        <p><strong><\/strong> <\/p>\n      <\/div>\n <div class=\"universidad\">\n        <p> <\/p>\n      <\/div>\n      <div class=\"thememount-box-desc\">\n        <div class=\"thememount-box-desc-text\">Del 10 al 12 de Julio de 2013 - Universidad Nacional de Quilmes, Buenos Aires Luis A. Albornoz particip\u00f3 en el VIII Congreso I...<\/div>\n        <div class=\"thememount-box-desc-footer\">\n                    <div class=\"thememount-blogbox-desc-footer\">\n            <div class=\"thememount-blogbox-footer-readmore\">  <\/div>\n          <\/div>\n        <\/div>\n      <\/div>\n    <\/div>\n  <\/div>\n<\/article>\n<\/div><div class=\"tm-box-col-wrapper col-lg-4 col-sm-6 col-md-4 col-xs-12 actividades actividades-anteriores\"><article class=\"thememount-box thememount-box-blog thememount-blogbox-format- \">\n  <div class=\"post-item\">\n        <div class=\"tm-featured-outer-wrapper tm-post-featured-outer-wrapper\"> <div class=\"tm-post-format-icon-wrapper\"><i class=\"tm-knox-icon-pencil\"><\/i><\/div> <div class=\"tm-featured-wrapper tm-post-featured-wrapper tm-post-format-\"><a href=\"https:\/\/diversidadaudiovisual.org\/nuevaweb\/visita-al-seminario-permanente-del-dr-alejandro-barranquero-uc3m\/\"><img loading=\"lazy\" decoding=\"async\" width=\"800\" height=\"533\" src=\"https:\/\/diversidadaudiovisual.org\/nuevaweb\/wp-content\/uploads\/2012\/06\/diversidad-audiovisual-noticia-800x533.jpg\" class=\"attachment-thememount-img-blog size-thememount-img-blog wp-post-image\" alt=\"Diversidad Audiovisual Noticia\" srcset=\"https:\/\/diversidadaudiovisual.org\/nuevaweb\/wp-content\/uploads\/2012\/06\/diversidad-audiovisual-noticia-800x533.jpg 800w, https:\/\/diversidadaudiovisual.org\/nuevaweb\/wp-content\/uploads\/2012\/06\/diversidad-audiovisual-noticia-300x200.jpg 300w, https:\/\/diversidadaudiovisual.org\/nuevaweb\/wp-content\/uploads\/2012\/06\/diversidad-audiovisual-noticia-1024x683.jpg 1024w, https:\/\/diversidadaudiovisual.org\/nuevaweb\/wp-content\/uploads\/2012\/06\/diversidad-audiovisual-noticia-768x512.jpg 768w, https:\/\/diversidadaudiovisual.org\/nuevaweb\/wp-content\/uploads\/2012\/06\/diversidad-audiovisual-noticia.jpg 1200w\" sizes=\"auto, (max-width: 800px) 100vw, 800px\" data-id=\"8502\" \/><\/a><\/div> <\/div>\n    <div class=\"thememount-box-content\">\n      <div class=\"thememount-box-post-date\"><span class=\"tm-meta-line posted-on\"><span class=\"screen-reader-text tm-hide\">Posted on <\/span><a href=\"https:\/\/diversidadaudiovisual.org\/nuevaweb\/visita-al-seminario-permanente-del-dr-alejandro-barranquero-uc3m\/\" rel=\"bookmark\"><time class=\"entry-date published\" datetime=\"2013-05-23T10:36:54+00:00\">May 23, 2013<\/time><time class=\"updated tm-hide\" datetime=\"2023-02-09T11:54:58+00:00\">Feb 9, 2023<\/time><\/a><\/span><\/div>\n      <div class=\"thememount-box-title\"><h4><a href=\"https:\/\/diversidadaudiovisual.org\/nuevaweb\/visita-al-seminario-permanente-del-dr-alejandro-barranquero-uc3m\/\">Visita al seminario permanente del Dr. Alejandro Barranquero<\/a><\/h4><\/div>      <div class=\"author-email\">\n        <p><strong><\/strong> <\/p>\n      <\/div>\n <div class=\"universidad\">\n        <p> <\/p>\n      <\/div>\n      <div class=\"thememount-box-desc\">\n        <div class=\"thememount-box-desc-text\">23 de Mayo de 2013 \u2013 Facultad de Humanidades, Comunicaci\u00f3n y Documentaci\u00f3n de la Universidad Carlos III de Madrid \u00a0\u00a0 \u00a0 El...<\/div>\n        <div class=\"thememount-box-desc-footer\">\n                    <div class=\"thememount-blogbox-desc-footer\">\n            <div class=\"thememount-blogbox-footer-readmore\">  <\/div>\n          <\/div>\n        <\/div>\n      <\/div>\n    <\/div>\n  <\/div>\n<\/article>\n<\/div><div class=\"tm-box-col-wrapper col-lg-4 col-sm-6 col-md-4 col-xs-12 actividades actividades-anteriores\"><article class=\"thememount-box thememount-box-blog thememount-blogbox-format- \">\n  <div class=\"post-item\">\n        <div class=\"tm-featured-outer-wrapper tm-post-featured-outer-wrapper\"> <div class=\"tm-post-format-icon-wrapper\"><i class=\"tm-knox-icon-pencil\"><\/i><\/div> <div class=\"tm-featured-wrapper tm-post-featured-wrapper tm-post-format-\"><a href=\"https:\/\/diversidadaudiovisual.org\/nuevaweb\/participacion-en-el-seminario-new-social-media-and-new-callenges-for-minority-lenguage-policy\/\"><img loading=\"lazy\" decoding=\"async\" width=\"800\" height=\"533\" src=\"https:\/\/diversidadaudiovisual.org\/nuevaweb\/wp-content\/uploads\/2012\/06\/diversidad-audiovisual-evento-800x533.jpg\" class=\"attachment-thememount-img-blog size-thememount-img-blog wp-post-image\" alt=\"Diversidad Audiovisual Evento\" srcset=\"https:\/\/diversidadaudiovisual.org\/nuevaweb\/wp-content\/uploads\/2012\/06\/diversidad-audiovisual-evento-800x533.jpg 800w, https:\/\/diversidadaudiovisual.org\/nuevaweb\/wp-content\/uploads\/2012\/06\/diversidad-audiovisual-evento-300x200.jpg 300w, https:\/\/diversidadaudiovisual.org\/nuevaweb\/wp-content\/uploads\/2012\/06\/diversidad-audiovisual-evento-1024x683.jpg 1024w, https:\/\/diversidadaudiovisual.org\/nuevaweb\/wp-content\/uploads\/2012\/06\/diversidad-audiovisual-evento-768x512.jpg 768w, https:\/\/diversidadaudiovisual.org\/nuevaweb\/wp-content\/uploads\/2012\/06\/diversidad-audiovisual-evento.jpg 1200w\" sizes=\"auto, (max-width: 800px) 100vw, 800px\" data-id=\"8501\" \/><\/a><\/div> <\/div>\n    <div class=\"thememount-box-content\">\n      <div class=\"thememount-box-post-date\"><span class=\"tm-meta-line posted-on\"><span class=\"screen-reader-text tm-hide\">Posted on <\/span><a href=\"https:\/\/diversidadaudiovisual.org\/nuevaweb\/participacion-en-el-seminario-new-social-media-and-new-callenges-for-minority-lenguage-policy\/\" rel=\"bookmark\"><time class=\"entry-date published\" datetime=\"2013-05-20T11:55:10+00:00\">May 20, 2013<\/time><time class=\"updated tm-hide\" datetime=\"2023-02-09T11:54:23+00:00\">Feb 9, 2023<\/time><\/a><\/span><\/div>\n      <div class=\"thememount-box-title\"><h4><a href=\"https:\/\/diversidadaudiovisual.org\/nuevaweb\/participacion-en-el-seminario-new-social-media-and-new-callenges-for-minority-lenguage-policy\/\">Participacion en el Seminario \u201cNew Social Media and New Callenges for Minority Lenguage Policy\u201d<\/a><\/h4><\/div>      <div class=\"author-email\">\n        <p><strong><\/strong> <\/p>\n      <\/div>\n <div class=\"universidad\">\n        <p> <\/p>\n      <\/div>\n      <div class=\"thememount-box-desc\">\n        <div class=\"thememount-box-desc-text\">21 de Mayo de 2013 - Center for Cultural Policy Research de la Universidad de Glasgow Asier Aranzubia\u00a0\u00a0particip\u00f3, en calidad d...<\/div>\n        <div class=\"thememount-box-desc-footer\">\n                    <div class=\"thememount-blogbox-desc-footer\">\n            <div class=\"thememount-blogbox-footer-readmore\">  <\/div>\n          <\/div>\n        <\/div>\n      <\/div>\n    <\/div>\n  <\/div>\n<\/article>\n<\/div><div class=\"tm-box-col-wrapper col-lg-4 col-sm-6 col-md-4 col-xs-12 actividades actividades-anteriores\"><article class=\"thememount-box thememount-box-blog thememount-blogbox-format- \">\n  <div class=\"post-item\">\n        <div class=\"tm-featured-outer-wrapper tm-post-featured-outer-wrapper\"> <div class=\"tm-post-format-icon-wrapper\"><i class=\"tm-knox-icon-pencil\"><\/i><\/div> <div class=\"tm-featured-wrapper tm-post-featured-wrapper tm-post-format-\"><a href=\"https:\/\/diversidadaudiovisual.org\/nuevaweb\/panel-y-comunicaciones-en-iamcr-2013-dublin\/\"><img loading=\"lazy\" decoding=\"async\" width=\"800\" height=\"533\" src=\"https:\/\/diversidadaudiovisual.org\/nuevaweb\/wp-content\/uploads\/2012\/06\/diversidad-audiovisual-congreso-800x533.jpg\" class=\"attachment-thememount-img-blog size-thememount-img-blog wp-post-image\" alt=\"Diversidad Audiovisual Congreso\" srcset=\"https:\/\/diversidadaudiovisual.org\/nuevaweb\/wp-content\/uploads\/2012\/06\/diversidad-audiovisual-congreso-800x533.jpg 800w, https:\/\/diversidadaudiovisual.org\/nuevaweb\/wp-content\/uploads\/2012\/06\/diversidad-audiovisual-congreso-300x200.jpg 300w, https:\/\/diversidadaudiovisual.org\/nuevaweb\/wp-content\/uploads\/2012\/06\/diversidad-audiovisual-congreso-1024x683.jpg 1024w, https:\/\/diversidadaudiovisual.org\/nuevaweb\/wp-content\/uploads\/2012\/06\/diversidad-audiovisual-congreso-768x512.jpg 768w, https:\/\/diversidadaudiovisual.org\/nuevaweb\/wp-content\/uploads\/2012\/06\/diversidad-audiovisual-congreso.jpg 1200w\" sizes=\"auto, (max-width: 800px) 100vw, 800px\" data-id=\"8500\" \/><\/a><\/div> <\/div>\n    <div class=\"thememount-box-content\">\n      <div class=\"thememount-box-post-date\"><span class=\"tm-meta-line posted-on\"><span class=\"screen-reader-text tm-hide\">Posted on <\/span><a href=\"https:\/\/diversidadaudiovisual.org\/nuevaweb\/panel-y-comunicaciones-en-iamcr-2013-dublin\/\" rel=\"bookmark\"><time class=\"entry-date published\" datetime=\"2013-05-03T11:36:30+00:00\">May 3, 2013<\/time><time class=\"updated tm-hide\" datetime=\"2023-02-09T11:53:32+00:00\">Feb 9, 2023<\/time><\/a><\/span><\/div>\n      <div class=\"thememount-box-title\"><h4><a href=\"https:\/\/diversidadaudiovisual.org\/nuevaweb\/panel-y-comunicaciones-en-iamcr-2013-dublin\/\">Panel y comunicaciones en IAMCR 2013, Dubl\u00edn.<\/a><\/h4><\/div>      <div class=\"author-email\">\n        <p><strong><\/strong> <\/p>\n      <\/div>\n <div class=\"universidad\">\n        <p> <\/p>\n      <\/div>\n      <div class=\"thememount-box-desc\">\n        <div class=\"thememount-box-desc-text\">Del 25 al 29 de Junio de 2013 - Dubl\u00edn El grupo de I+D+i \"Diversidad Audiovisual: Buenas pr\u00e1cticas e indicadores\" tuvo una impo...<\/div>\n        <div class=\"thememount-box-desc-footer\">\n                    <div class=\"thememount-blogbox-desc-footer\">\n            <div class=\"thememount-blogbox-footer-readmore\">  <\/div>\n          <\/div>\n        <\/div>\n      <\/div>\n    <\/div>\n  <\/div>\n<\/article>\n<\/div><div class=\"tm-box-col-wrapper col-lg-4 col-sm-6 col-md-4 col-xs-12 actividades actividades-anteriores\"><article class=\"thememount-box thememount-box-blog thememount-blogbox-format- \">\n  <div class=\"post-item\">\n        <div class=\"tm-featured-outer-wrapper tm-post-featured-outer-wrapper\"> <div class=\"tm-post-format-icon-wrapper\"><i class=\"tm-knox-icon-pencil\"><\/i><\/div> <div class=\"tm-featured-wrapper tm-post-featured-wrapper tm-post-format-\"><a href=\"https:\/\/diversidadaudiovisual.org\/nuevaweb\/presencia-y-comunicaciones-en-ibercom-2013\/\"><img loading=\"lazy\" decoding=\"async\" width=\"800\" height=\"533\" src=\"https:\/\/diversidadaudiovisual.org\/nuevaweb\/wp-content\/uploads\/2012\/06\/diversidad-audiovisual-congreso-800x533.jpg\" class=\"attachment-thememount-img-blog size-thememount-img-blog wp-post-image\" alt=\"Diversidad Audiovisual Congreso\" srcset=\"https:\/\/diversidadaudiovisual.org\/nuevaweb\/wp-content\/uploads\/2012\/06\/diversidad-audiovisual-congreso-800x533.jpg 800w, https:\/\/diversidadaudiovisual.org\/nuevaweb\/wp-content\/uploads\/2012\/06\/diversidad-audiovisual-congreso-300x200.jpg 300w, https:\/\/diversidadaudiovisual.org\/nuevaweb\/wp-content\/uploads\/2012\/06\/diversidad-audiovisual-congreso-1024x683.jpg 1024w, https:\/\/diversidadaudiovisual.org\/nuevaweb\/wp-content\/uploads\/2012\/06\/diversidad-audiovisual-congreso-768x512.jpg 768w, https:\/\/diversidadaudiovisual.org\/nuevaweb\/wp-content\/uploads\/2012\/06\/diversidad-audiovisual-congreso.jpg 1200w\" sizes=\"auto, (max-width: 800px) 100vw, 800px\" data-id=\"8500\" \/><\/a><\/div> <\/div>\n    <div class=\"thememount-box-content\">\n      <div class=\"thememount-box-post-date\"><span class=\"tm-meta-line posted-on\"><span class=\"screen-reader-text tm-hide\">Posted on <\/span><a href=\"https:\/\/diversidadaudiovisual.org\/nuevaweb\/presencia-y-comunicaciones-en-ibercom-2013\/\" rel=\"bookmark\"><time class=\"entry-date published\" datetime=\"2013-05-03T11:17:25+00:00\">May 3, 2013<\/time><time class=\"updated tm-hide\" datetime=\"2023-02-09T11:53:00+00:00\">Feb 9, 2023<\/time><\/a><\/span><\/div>\n      <div class=\"thememount-box-title\"><h4><a href=\"https:\/\/diversidadaudiovisual.org\/nuevaweb\/presencia-y-comunicaciones-en-ibercom-2013\/\">Presencia y comunicaciones en IBERCOM 2013<\/a><\/h4><\/div>      <div class=\"author-email\">\n        <p><strong><\/strong> <\/p>\n      <\/div>\n <div class=\"universidad\">\n        <p> <\/p>\n      <\/div>\n      <div class=\"thememount-box-desc\">\n        <div class=\"thememount-box-desc-text\">Del 29 al 31 de Mayo de 2013 - Santiago de Compostela. Luis A. Albornoz y Trinidad Garc\u00eda Leiva, miembros de nuestro grupo de...<\/div>\n        <div class=\"thememount-box-desc-footer\">\n                    <div class=\"thememount-blogbox-desc-footer\">\n            <div class=\"thememount-blogbox-footer-readmore\">  <\/div>\n          <\/div>\n        <\/div>\n      <\/div>\n    <\/div>\n  <\/div>\n<\/article>\n<\/div><div class=\"tm-box-col-wrapper col-lg-4 col-sm-6 col-md-4 col-xs-12 actividades actividades-anteriores\"><article class=\"thememount-box thememount-box-blog thememount-blogbox-format- \">\n  <div class=\"post-item\">\n        <div class=\"tm-featured-outer-wrapper tm-post-featured-outer-wrapper\"> <div class=\"tm-post-format-icon-wrapper\"><i class=\"tm-knox-icon-pencil\"><\/i><\/div> <div class=\"tm-featured-wrapper tm-post-featured-wrapper tm-post-format-\"><a href=\"https:\/\/diversidadaudiovisual.org\/nuevaweb\/participacion-en-grupo-de-reflexion-de-la-fundacion-pablo-iglesias\/\"><img loading=\"lazy\" decoding=\"async\" width=\"800\" height=\"533\" src=\"https:\/\/diversidadaudiovisual.org\/nuevaweb\/wp-content\/uploads\/2012\/05\/diversidad-audiovisual-transferencia-800x533.jpg\" class=\"attachment-thememount-img-blog size-thememount-img-blog wp-post-image\" alt=\"Diversidad Audiovisual Transferencia\" srcset=\"https:\/\/diversidadaudiovisual.org\/nuevaweb\/wp-content\/uploads\/2012\/05\/diversidad-audiovisual-transferencia-800x533.jpg 800w, https:\/\/diversidadaudiovisual.org\/nuevaweb\/wp-content\/uploads\/2012\/05\/diversidad-audiovisual-transferencia-300x200.jpg 300w, https:\/\/diversidadaudiovisual.org\/nuevaweb\/wp-content\/uploads\/2012\/05\/diversidad-audiovisual-transferencia-1024x683.jpg 1024w, https:\/\/diversidadaudiovisual.org\/nuevaweb\/wp-content\/uploads\/2012\/05\/diversidad-audiovisual-transferencia-768x512.jpg 768w, https:\/\/diversidadaudiovisual.org\/nuevaweb\/wp-content\/uploads\/2012\/05\/diversidad-audiovisual-transferencia.jpg 1200w\" sizes=\"auto, (max-width: 800px) 100vw, 800px\" data-id=\"8497\" \/><\/a><\/div> <\/div>\n    <div class=\"thememount-box-content\">\n      <div class=\"thememount-box-post-date\"><span class=\"tm-meta-line posted-on\"><span class=\"screen-reader-text tm-hide\">Posted on <\/span><a href=\"https:\/\/diversidadaudiovisual.org\/nuevaweb\/participacion-en-grupo-de-reflexion-de-la-fundacion-pablo-iglesias\/\" rel=\"bookmark\"><time class=\"entry-date published\" datetime=\"2013-04-29T08:18:39+00:00\">Abr 29, 2013<\/time><time class=\"updated tm-hide\" datetime=\"2023-02-09T11:51:51+00:00\">Feb 9, 2023<\/time><\/a><\/span><\/div>\n      <div class=\"thememount-box-title\"><h4><a href=\"https:\/\/diversidadaudiovisual.org\/nuevaweb\/participacion-en-grupo-de-reflexion-de-la-fundacion-pablo-iglesias\/\">Participaci\u00f3n en grupo de reflexi\u00f3n de la Fundaci\u00f3n Pablo Iglesias<\/a><\/h4><\/div>      <div class=\"author-email\">\n        <p><strong><\/strong> <\/p>\n      <\/div>\n <div class=\"universidad\">\n        <p> <\/p>\n      <\/div>\n      <div class=\"thememount-box-desc\">\n        <div class=\"thememount-box-desc-text\">22 de Abril de 2013 - \u00a0Madrid Luis A. Albornoz y Asier Aranzubia, miembros del I+D+i, fueron\u00a0invitados a impartir la confer...<\/div>\n        <div class=\"thememount-box-desc-footer\">\n                    <div class=\"thememount-blogbox-desc-footer\">\n            <div class=\"thememount-blogbox-footer-readmore\">  <\/div>\n          <\/div>\n        <\/div>\n      <\/div>\n    <\/div>\n  <\/div>\n<\/article>\n<\/div><div class=\"tm-box-col-wrapper col-lg-4 col-sm-6 col-md-4 col-xs-12 actividades actividades-anteriores\"><article class=\"thememount-box thememount-box-blog thememount-blogbox-format- \">\n  <div class=\"post-item\">\n        <div class=\"tm-featured-outer-wrapper tm-post-featured-outer-wrapper\"> <div class=\"tm-post-format-icon-wrapper\"><i class=\"tm-knox-icon-pencil\"><\/i><\/div> <div class=\"tm-featured-wrapper tm-post-featured-wrapper tm-post-format-\"><a href=\"https:\/\/diversidadaudiovisual.org\/nuevaweb\/estancia-de-investigacion-en-el-centre-for-cultural-policy-research-ccpr-de-la-universidad-de-glasgow\/\"><img loading=\"lazy\" decoding=\"async\" width=\"800\" height=\"533\" src=\"https:\/\/diversidadaudiovisual.org\/nuevaweb\/wp-content\/uploads\/2013\/04\/diversidad-audiovisual-estancia-800x533.jpg\" class=\"attachment-thememount-img-blog size-thememount-img-blog wp-post-image\" alt=\"Diversidad Audiovisual Estancia\" srcset=\"https:\/\/diversidadaudiovisual.org\/nuevaweb\/wp-content\/uploads\/2013\/04\/diversidad-audiovisual-estancia-800x533.jpg 800w, https:\/\/diversidadaudiovisual.org\/nuevaweb\/wp-content\/uploads\/2013\/04\/diversidad-audiovisual-estancia-300x200.jpg 300w, https:\/\/diversidadaudiovisual.org\/nuevaweb\/wp-content\/uploads\/2013\/04\/diversidad-audiovisual-estancia-1024x683.jpg 1024w, https:\/\/diversidadaudiovisual.org\/nuevaweb\/wp-content\/uploads\/2013\/04\/diversidad-audiovisual-estancia-768x512.jpg 768w, https:\/\/diversidadaudiovisual.org\/nuevaweb\/wp-content\/uploads\/2013\/04\/diversidad-audiovisual-estancia.jpg 1200w\" sizes=\"auto, (max-width: 800px) 100vw, 800px\" data-id=\"8503\" \/><\/a><\/div> <\/div>\n    <div class=\"thememount-box-content\">\n      <div class=\"thememount-box-post-date\"><span class=\"tm-meta-line posted-on\"><span class=\"screen-reader-text tm-hide\">Posted on <\/span><a href=\"https:\/\/diversidadaudiovisual.org\/nuevaweb\/estancia-de-investigacion-en-el-centre-for-cultural-policy-research-ccpr-de-la-universidad-de-glasgow\/\" rel=\"bookmark\"><time class=\"entry-date published\" datetime=\"2013-04-25T15:48:39+00:00\">Abr 25, 2013<\/time><time class=\"updated tm-hide\" datetime=\"2023-02-09T11:40:26+00:00\">Feb 9, 2023<\/time><\/a><\/span><\/div>\n      <div class=\"thememount-box-title\"><h4><a href=\"https:\/\/diversidadaudiovisual.org\/nuevaweb\/estancia-de-investigacion-en-el-centre-for-cultural-policy-research-ccpr-de-la-universidad-de-glasgow\/\">Estancia de investigaci\u00f3n en el Centre for Cultural Policy Research de la Universidad de Glasgow<\/a><\/h4><\/div>      <div class=\"author-email\">\n        <p><strong><\/strong> <\/p>\n      <\/div>\n <div class=\"universidad\">\n        <p> <\/p>\n      <\/div>\n      <div class=\"thememount-box-desc\">\n        <div class=\"thememount-box-desc-text\">Del 1 de Mayo al 31 de Agosto de 2013 - Centre for Cultural Policy Research (CCPR) de la Universidad de Glasgow Asier Aranzubia,...<\/div>\n        <div class=\"thememount-box-desc-footer\">\n                    <div class=\"thememount-blogbox-desc-footer\">\n            <div class=\"thememount-blogbox-footer-readmore\">  <\/div>\n          <\/div>\n        <\/div>\n      <\/div>\n    <\/div>\n  <\/div>\n<\/article>\n<\/div><div class=\"tm-box-col-wrapper col-lg-4 col-sm-6 col-md-4 col-xs-12 actividades actividades-anteriores\"><article class=\"thememount-box thememount-box-blog thememount-blogbox-format- \">\n  <div class=\"post-item\">\n        <div class=\"tm-featured-outer-wrapper tm-post-featured-outer-wrapper\"> <div class=\"tm-post-format-icon-wrapper\"><i class=\"tm-knox-icon-pencil\"><\/i><\/div> <div class=\"tm-featured-wrapper tm-post-featured-wrapper tm-post-format-\"><a href=\"https:\/\/diversidadaudiovisual.org\/nuevaweb\/primera-reunion-multisectorial-de-evaluacion-de-la-cumbre-mundial-sobre-la-sociedad-de-la-informacion-cmsi-10\/\"><img loading=\"lazy\" decoding=\"async\" width=\"800\" height=\"533\" src=\"https:\/\/diversidadaudiovisual.org\/nuevaweb\/wp-content\/uploads\/2012\/06\/diversidad-audiovisual-evento-800x533.jpg\" class=\"attachment-thememount-img-blog size-thememount-img-blog wp-post-image\" alt=\"Diversidad Audiovisual Evento\" srcset=\"https:\/\/diversidadaudiovisual.org\/nuevaweb\/wp-content\/uploads\/2012\/06\/diversidad-audiovisual-evento-800x533.jpg 800w, https:\/\/diversidadaudiovisual.org\/nuevaweb\/wp-content\/uploads\/2012\/06\/diversidad-audiovisual-evento-300x200.jpg 300w, https:\/\/diversidadaudiovisual.org\/nuevaweb\/wp-content\/uploads\/2012\/06\/diversidad-audiovisual-evento-1024x683.jpg 1024w, https:\/\/diversidadaudiovisual.org\/nuevaweb\/wp-content\/uploads\/2012\/06\/diversidad-audiovisual-evento-768x512.jpg 768w, https:\/\/diversidadaudiovisual.org\/nuevaweb\/wp-content\/uploads\/2012\/06\/diversidad-audiovisual-evento.jpg 1200w\" sizes=\"auto, (max-width: 800px) 100vw, 800px\" data-id=\"8501\" \/><\/a><\/div> <\/div>\n    <div class=\"thememount-box-content\">\n      <div class=\"thememount-box-post-date\"><span class=\"tm-meta-line posted-on\"><span class=\"screen-reader-text tm-hide\">Posted on <\/span><a href=\"https:\/\/diversidadaudiovisual.org\/nuevaweb\/primera-reunion-multisectorial-de-evaluacion-de-la-cumbre-mundial-sobre-la-sociedad-de-la-informacion-cmsi-10\/\" rel=\"bookmark\"><time class=\"entry-date published\" datetime=\"2013-02-06T12:52:11+00:00\">Feb 6, 2013<\/time><time class=\"updated tm-hide\" datetime=\"2023-02-09T11:38:44+00:00\">Feb 9, 2023<\/time><\/a><\/span><\/div>\n      <div class=\"thememount-box-title\"><h4><a href=\"https:\/\/diversidadaudiovisual.org\/nuevaweb\/primera-reunion-multisectorial-de-evaluacion-de-la-cumbre-mundial-sobre-la-sociedad-de-la-informacion-cmsi-10\/\">Primera reuni\u00f3n multisectorial de evaluaci\u00f3n de la Cumbre Mundial sobre la Sociedad de la Informaci\u00f3n \u2013 CMSI + 10<\/a><\/h4><\/div>      <div class=\"author-email\">\n        <p><strong><\/strong> <\/p>\n      <\/div>\n <div class=\"universidad\">\n        <p> <\/p>\n      <\/div>\n      <div class=\"thememount-box-desc\">\n        <div class=\"thememount-box-desc-text\">Del 25 al 27 de Febrero de 2013 - Sede de la UNESCO, Par\u00eds. Luis A. Albornoz, Investigador Principal del proyecto de I+D+i \u201cDi...<\/div>\n        <div class=\"thememount-box-desc-footer\">\n                    <div class=\"thememount-blogbox-desc-footer\">\n            <div class=\"thememount-blogbox-footer-readmore\">  <\/div>\n          <\/div>\n        <\/div>\n      <\/div>\n    <\/div>\n  <\/div>\n<\/article>\n<\/div><div class=\"tm-box-col-wrapper col-lg-4 col-sm-6 col-md-4 col-xs-12 actividades actividades-anteriores\"><article class=\"thememount-box thememount-box-blog thememount-blogbox-format- \">\n  <div class=\"post-item\">\n        <div class=\"tm-featured-outer-wrapper tm-post-featured-outer-wrapper\"> <div class=\"tm-post-format-icon-wrapper\"><i class=\"tm-knox-icon-pencil\"><\/i><\/div> <div class=\"tm-featured-wrapper tm-post-featured-wrapper tm-post-format-\"><a href=\"https:\/\/diversidadaudiovisual.org\/nuevaweb\/vi-congreso-de-accesibilidad-a-los-medios-audiovisual-amadis-2012-burgos\/\"><img loading=\"lazy\" decoding=\"async\" width=\"800\" height=\"533\" src=\"https:\/\/diversidadaudiovisual.org\/nuevaweb\/wp-content\/uploads\/2012\/06\/diversidad-audiovisual-congreso-800x533.jpg\" class=\"attachment-thememount-img-blog size-thememount-img-blog wp-post-image\" alt=\"Diversidad Audiovisual Congreso\" srcset=\"https:\/\/diversidadaudiovisual.org\/nuevaweb\/wp-content\/uploads\/2012\/06\/diversidad-audiovisual-congreso-800x533.jpg 800w, https:\/\/diversidadaudiovisual.org\/nuevaweb\/wp-content\/uploads\/2012\/06\/diversidad-audiovisual-congreso-300x200.jpg 300w, https:\/\/diversidadaudiovisual.org\/nuevaweb\/wp-content\/uploads\/2012\/06\/diversidad-audiovisual-congreso-1024x683.jpg 1024w, https:\/\/diversidadaudiovisual.org\/nuevaweb\/wp-content\/uploads\/2012\/06\/diversidad-audiovisual-congreso-768x512.jpg 768w, https:\/\/diversidadaudiovisual.org\/nuevaweb\/wp-content\/uploads\/2012\/06\/diversidad-audiovisual-congreso.jpg 1200w\" sizes=\"auto, (max-width: 800px) 100vw, 800px\" data-id=\"8500\" \/><\/a><\/div> <\/div>\n    <div class=\"thememount-box-content\">\n      <div class=\"thememount-box-post-date\"><span class=\"tm-meta-line posted-on\"><span class=\"screen-reader-text tm-hide\">Posted on <\/span><a href=\"https:\/\/diversidadaudiovisual.org\/nuevaweb\/vi-congreso-de-accesibilidad-a-los-medios-audiovisual-amadis-2012-burgos\/\" rel=\"bookmark\"><time class=\"entry-date published\" datetime=\"2013-01-24T11:08:49+00:00\">Ene 24, 2013<\/time><time class=\"updated tm-hide\" datetime=\"2023-02-09T11:38:01+00:00\">Feb 9, 2023<\/time><\/a><\/span><\/div>\n      <div class=\"thememount-box-title\"><h4><a href=\"https:\/\/diversidadaudiovisual.org\/nuevaweb\/vi-congreso-de-accesibilidad-a-los-medios-audiovisual-amadis-2012-burgos\/\">VI Congreso de Accesibilidad a los Medios Audiovisual -AMADIS 2012- (Burgos)<\/a><\/h4><\/div>      <div class=\"author-email\">\n        <p><strong><\/strong> <\/p>\n      <\/div>\n <div class=\"universidad\">\n        <p> <\/p>\n      <\/div>\n      <div class=\"thememount-box-desc\">\n        <div class=\"thememount-box-desc-text\">Del 25 al 26 de Octubre de 2012 - Burgos Francisco Utray particip\u00f3 en el VI Congreso de Accesibilidad a los Medios Audiovisuales...<\/div>\n        <div class=\"thememount-box-desc-footer\">\n                    <div class=\"thememount-blogbox-desc-footer\">\n            <div class=\"thememount-blogbox-footer-readmore\">  <\/div>\n          <\/div>\n        <\/div>\n      <\/div>\n    <\/div>\n  <\/div>\n<\/article>\n<\/div><div class=\"tm-box-col-wrapper col-lg-4 col-sm-6 col-md-4 col-xs-12 actividades actividades-anteriores\"><article class=\"thememount-box thememount-box-blog thememount-blogbox-format- \">\n  <div class=\"post-item\">\n        <div class=\"tm-featured-outer-wrapper tm-post-featured-outer-wrapper\"> <div class=\"tm-post-format-icon-wrapper\"><i class=\"tm-knox-icon-pencil\"><\/i><\/div> <div class=\"tm-featured-wrapper tm-post-featured-wrapper tm-post-format-\"><a href=\"https:\/\/diversidadaudiovisual.org\/nuevaweb\/vi-sesion-del-cig-unesco\/\"><img loading=\"lazy\" decoding=\"async\" width=\"800\" height=\"533\" src=\"https:\/\/diversidadaudiovisual.org\/nuevaweb\/wp-content\/uploads\/2012\/06\/diversidad-audiovisual-evento-800x533.jpg\" class=\"attachment-thememount-img-blog size-thememount-img-blog wp-post-image\" alt=\"Diversidad Audiovisual Evento\" srcset=\"https:\/\/diversidadaudiovisual.org\/nuevaweb\/wp-content\/uploads\/2012\/06\/diversidad-audiovisual-evento-800x533.jpg 800w, https:\/\/diversidadaudiovisual.org\/nuevaweb\/wp-content\/uploads\/2012\/06\/diversidad-audiovisual-evento-300x200.jpg 300w, https:\/\/diversidadaudiovisual.org\/nuevaweb\/wp-content\/uploads\/2012\/06\/diversidad-audiovisual-evento-1024x683.jpg 1024w, https:\/\/diversidadaudiovisual.org\/nuevaweb\/wp-content\/uploads\/2012\/06\/diversidad-audiovisual-evento-768x512.jpg 768w, https:\/\/diversidadaudiovisual.org\/nuevaweb\/wp-content\/uploads\/2012\/06\/diversidad-audiovisual-evento.jpg 1200w\" sizes=\"auto, (max-width: 800px) 100vw, 800px\" data-id=\"8501\" \/><\/a><\/div> <\/div>\n    <div class=\"thememount-box-content\">\n      <div class=\"thememount-box-post-date\"><span class=\"tm-meta-line posted-on\"><span class=\"screen-reader-text tm-hide\">Posted on <\/span><a href=\"https:\/\/diversidadaudiovisual.org\/nuevaweb\/vi-sesion-del-cig-unesco\/\" rel=\"bookmark\"><time class=\"entry-date published\" datetime=\"2012-12-16T15:06:06+00:00\">Dic 16, 2012<\/time><time class=\"updated tm-hide\" datetime=\"2023-02-09T11:36:39+00:00\">Feb 9, 2023<\/time><\/a><\/span><\/div>\n      <div class=\"thememount-box-title\"><h4><a href=\"https:\/\/diversidadaudiovisual.org\/nuevaweb\/vi-sesion-del-cig-unesco\/\">VI sesi\u00f3n ordinaria del Comit\u00e9 intergubernamental para la protecci\u00f3n y promoci\u00f3n de la diversidad cultural<\/a><\/h4><\/div>      <div class=\"author-email\">\n        <p><strong><\/strong> <\/p>\n      <\/div>\n <div class=\"universidad\">\n        <p> <\/p>\n      <\/div>\n      <div class=\"thememount-box-desc\">\n        <div class=\"thememount-box-desc-text\">Del 10 al 14 de Diciembre de 2012 - Sede de la UNESCO, Par\u00eds Luis A. Albornoz, Investigador Principal del I+D+i,\u00a0particip\u00f3 en...<\/div>\n        <div class=\"thememount-box-desc-footer\">\n                    <div class=\"thememount-blogbox-desc-footer\">\n            <div class=\"thememount-blogbox-footer-readmore\">  <\/div>\n          <\/div>\n        <\/div>\n      <\/div>\n    <\/div>\n  <\/div>\n<\/article>\n<\/div><div class=\"tm-box-col-wrapper col-lg-4 col-sm-6 col-md-4 col-xs-12 actividades actividades-anteriores\"><article class=\"thememount-box thememount-box-blog thememount-blogbox-format- \">\n  <div class=\"post-item\">\n        <div class=\"tm-featured-outer-wrapper tm-post-featured-outer-wrapper\"> <div class=\"tm-post-format-icon-wrapper\"><i class=\"tm-knox-icon-pencil\"><\/i><\/div> <div class=\"tm-featured-wrapper tm-post-featured-wrapper tm-post-format-\"><a href=\"https:\/\/diversidadaudiovisual.org\/nuevaweb\/ecrea-international-conference-2012\/\"><img loading=\"lazy\" decoding=\"async\" width=\"800\" height=\"533\" src=\"https:\/\/diversidadaudiovisual.org\/nuevaweb\/wp-content\/uploads\/2012\/06\/diversidad-audiovisual-congreso-800x533.jpg\" class=\"attachment-thememount-img-blog size-thememount-img-blog wp-post-image\" alt=\"Diversidad Audiovisual Congreso\" srcset=\"https:\/\/diversidadaudiovisual.org\/nuevaweb\/wp-content\/uploads\/2012\/06\/diversidad-audiovisual-congreso-800x533.jpg 800w, https:\/\/diversidadaudiovisual.org\/nuevaweb\/wp-content\/uploads\/2012\/06\/diversidad-audiovisual-congreso-300x200.jpg 300w, https:\/\/diversidadaudiovisual.org\/nuevaweb\/wp-content\/uploads\/2012\/06\/diversidad-audiovisual-congreso-1024x683.jpg 1024w, https:\/\/diversidadaudiovisual.org\/nuevaweb\/wp-content\/uploads\/2012\/06\/diversidad-audiovisual-congreso-768x512.jpg 768w, https:\/\/diversidadaudiovisual.org\/nuevaweb\/wp-content\/uploads\/2012\/06\/diversidad-audiovisual-congreso.jpg 1200w\" sizes=\"auto, (max-width: 800px) 100vw, 800px\" data-id=\"8500\" \/><\/a><\/div> <\/div>\n    <div class=\"thememount-box-content\">\n      <div class=\"thememount-box-post-date\"><span class=\"tm-meta-line posted-on\"><span class=\"screen-reader-text tm-hide\">Posted on <\/span><a href=\"https:\/\/diversidadaudiovisual.org\/nuevaweb\/ecrea-international-conference-2012\/\" rel=\"bookmark\"><time class=\"entry-date published\" datetime=\"2012-10-31T09:31:52+00:00\">Oct 31, 2012<\/time><time class=\"updated tm-hide\" datetime=\"2023-02-09T11:36:02+00:00\">Feb 9, 2023<\/time><\/a><\/span><\/div>\n      <div class=\"thememount-box-title\"><h4><a href=\"https:\/\/diversidadaudiovisual.org\/nuevaweb\/ecrea-international-conference-2012\/\">Ecrea International Conference 2012<\/a><\/h4><\/div>      <div class=\"author-email\">\n        <p><strong><\/strong> <\/p>\n      <\/div>\n <div class=\"universidad\">\n        <p> <\/p>\n      <\/div>\n      <div class=\"thememount-box-desc\">\n        <div class=\"thememount-box-desc-text\">Del 24 al 27 de Octubre de 2012 - Estambul &nbsp; Luis A.\u00a0Albornoz y \u00a0Trinidad Garc\u00eda Leiva presentaron la comunicaci\u00f3n \u00a0...<\/div>\n        <div class=\"thememount-box-desc-footer\">\n                    <div class=\"thememount-blogbox-desc-footer\">\n            <div class=\"thememount-blogbox-footer-readmore\">  <\/div>\n          <\/div>\n        <\/div>\n      <\/div>\n    <\/div>\n  <\/div>\n<\/article>\n<\/div><div class=\"tm-box-col-wrapper col-lg-4 col-sm-6 col-md-4 col-xs-12 actividades actividades-anteriores\"><article class=\"thememount-box thememount-box-blog thememount-blogbox-format- \">\n  <div class=\"post-item\">\n        <div class=\"tm-featured-outer-wrapper tm-post-featured-outer-wrapper\"> <div class=\"tm-post-format-icon-wrapper\"><i class=\"tm-knox-icon-pencil\"><\/i><\/div> <div class=\"tm-featured-wrapper tm-post-featured-wrapper tm-post-format-\"><a href=\"https:\/\/diversidadaudiovisual.org\/nuevaweb\/iii-congreso-internacional-comunicacion-3-0-salamanca\/\"><img loading=\"lazy\" decoding=\"async\" width=\"800\" height=\"533\" src=\"https:\/\/diversidadaudiovisual.org\/nuevaweb\/wp-content\/uploads\/2012\/06\/diversidad-audiovisual-congreso-800x533.jpg\" class=\"attachment-thememount-img-blog size-thememount-img-blog wp-post-image\" alt=\"Diversidad Audiovisual Congreso\" srcset=\"https:\/\/diversidadaudiovisual.org\/nuevaweb\/wp-content\/uploads\/2012\/06\/diversidad-audiovisual-congreso-800x533.jpg 800w, https:\/\/diversidadaudiovisual.org\/nuevaweb\/wp-content\/uploads\/2012\/06\/diversidad-audiovisual-congreso-300x200.jpg 300w, https:\/\/diversidadaudiovisual.org\/nuevaweb\/wp-content\/uploads\/2012\/06\/diversidad-audiovisual-congreso-1024x683.jpg 1024w, https:\/\/diversidadaudiovisual.org\/nuevaweb\/wp-content\/uploads\/2012\/06\/diversidad-audiovisual-congreso-768x512.jpg 768w, https:\/\/diversidadaudiovisual.org\/nuevaweb\/wp-content\/uploads\/2012\/06\/diversidad-audiovisual-congreso.jpg 1200w\" sizes=\"auto, (max-width: 800px) 100vw, 800px\" data-id=\"8500\" \/><\/a><\/div> <\/div>\n    <div class=\"thememount-box-content\">\n      <div class=\"thememount-box-post-date\"><span class=\"tm-meta-line posted-on\"><span class=\"screen-reader-text tm-hide\">Posted on <\/span><a href=\"https:\/\/diversidadaudiovisual.org\/nuevaweb\/iii-congreso-internacional-comunicacion-3-0-salamanca\/\" rel=\"bookmark\"><time class=\"entry-date published\" datetime=\"2012-09-26T12:02:03+00:00\">Sep 26, 2012<\/time><time class=\"updated tm-hide\" datetime=\"2023-02-09T11:34:55+00:00\">Feb 9, 2023<\/time><\/a><\/span><\/div>\n      <div class=\"thememount-box-title\"><h4><a href=\"https:\/\/diversidadaudiovisual.org\/nuevaweb\/iii-congreso-internacional-comunicacion-3-0-salamanca\/\">III Congreso Internacional Comunicaci\u00f3n 3.0.<\/a><\/h4><\/div>      <div class=\"author-email\">\n        <p><strong><\/strong> <\/p>\n      <\/div>\n <div class=\"universidad\">\n        <p> <\/p>\n      <\/div>\n      <div class=\"thememount-box-desc\">\n        <div class=\"thememount-box-desc-text\">10 y 11 de Octubre de 2012 - Salamanca Trinidad Garc\u00eda Leiva e Ignacio Gallego presentaron sendas conferencias en el marco del...<\/div>\n        <div class=\"thememount-box-desc-footer\">\n                    <div class=\"thememount-blogbox-desc-footer\">\n            <div class=\"thememount-blogbox-footer-readmore\">  <\/div>\n          <\/div>\n        <\/div>\n      <\/div>\n    <\/div>\n  <\/div>\n<\/article>\n<\/div><div class=\"tm-box-col-wrapper col-lg-4 col-sm-6 col-md-4 col-xs-12 actividades actividades-anteriores\"><article class=\"thememount-box thememount-box-blog thememount-blogbox-format- \">\n  <div class=\"post-item\">\n        <div class=\"tm-featured-outer-wrapper tm-post-featured-outer-wrapper\"> <div class=\"tm-post-format-icon-wrapper\"><i class=\"tm-knox-icon-pencil\"><\/i><\/div> <div class=\"tm-featured-wrapper tm-post-featured-wrapper tm-post-format-\"><a href=\"https:\/\/diversidadaudiovisual.org\/nuevaweb\/iv-encuentro-ulepicc-brasil\/\"><img loading=\"lazy\" decoding=\"async\" width=\"800\" height=\"533\" src=\"https:\/\/diversidadaudiovisual.org\/nuevaweb\/wp-content\/uploads\/2012\/06\/diversidad-audiovisual-congreso-800x533.jpg\" class=\"attachment-thememount-img-blog size-thememount-img-blog wp-post-image\" alt=\"Diversidad Audiovisual Congreso\" srcset=\"https:\/\/diversidadaudiovisual.org\/nuevaweb\/wp-content\/uploads\/2012\/06\/diversidad-audiovisual-congreso-800x533.jpg 800w, https:\/\/diversidadaudiovisual.org\/nuevaweb\/wp-content\/uploads\/2012\/06\/diversidad-audiovisual-congreso-300x200.jpg 300w, https:\/\/diversidadaudiovisual.org\/nuevaweb\/wp-content\/uploads\/2012\/06\/diversidad-audiovisual-congreso-1024x683.jpg 1024w, https:\/\/diversidadaudiovisual.org\/nuevaweb\/wp-content\/uploads\/2012\/06\/diversidad-audiovisual-congreso-768x512.jpg 768w, https:\/\/diversidadaudiovisual.org\/nuevaweb\/wp-content\/uploads\/2012\/06\/diversidad-audiovisual-congreso.jpg 1200w\" sizes=\"auto, (max-width: 800px) 100vw, 800px\" data-id=\"8500\" \/><\/a><\/div> <\/div>\n    <div class=\"thememount-box-content\">\n      <div class=\"thememount-box-post-date\"><span class=\"tm-meta-line posted-on\"><span class=\"screen-reader-text tm-hide\">Posted on <\/span><a href=\"https:\/\/diversidadaudiovisual.org\/nuevaweb\/iv-encuentro-ulepicc-brasil\/\" rel=\"bookmark\"><time class=\"entry-date published\" datetime=\"2012-09-26T10:33:47+00:00\">Sep 26, 2012<\/time><time class=\"updated tm-hide\" datetime=\"2023-02-09T11:34:16+00:00\">Feb 9, 2023<\/time><\/a><\/span><\/div>\n      <div class=\"thememount-box-title\"><h4><a href=\"https:\/\/diversidadaudiovisual.org\/nuevaweb\/iv-encuentro-ulepicc-brasil\/\">IV Encuentro ULEPICC Brasil<\/a><\/h4><\/div>      <div class=\"author-email\">\n        <p><strong><\/strong> <\/p>\n      <\/div>\n <div class=\"universidad\">\n        <p> <\/p>\n      <\/div>\n      <div class=\"thememount-box-desc\">\n        <div class=\"thememount-box-desc-text\">Del 9 al 11 de Octubre de 2012 - Universidade Estadual de Rio de Janeiro Luis A. Albornoz imparti\u00f3 la conferencia inaugural del...<\/div>\n        <div class=\"thememount-box-desc-footer\">\n                    <div class=\"thememount-blogbox-desc-footer\">\n            <div class=\"thememount-blogbox-footer-readmore\">  <\/div>\n          <\/div>\n        <\/div>\n      <\/div>\n    <\/div>\n  <\/div>\n<\/article>\n<\/div><div class=\"tm-box-col-wrapper col-lg-4 col-sm-6 col-md-4 col-xs-12 actividades actividades-anteriores\"><article class=\"thememount-box thememount-box-blog thememount-blogbox-format- \">\n  <div class=\"post-item\">\n        <div class=\"tm-featured-outer-wrapper tm-post-featured-outer-wrapper\"> <div class=\"tm-post-format-icon-wrapper\"><i class=\"tm-knox-icon-pencil\"><\/i><\/div> <div class=\"tm-featured-wrapper tm-post-featured-wrapper tm-post-format-\"><a href=\"https:\/\/diversidadaudiovisual.org\/nuevaweb\/seminario-internacional-desafios-de-las-politicas-culturales-en-chile-3-y-4-de-julio-de-2012-santiago-de-chile-chile\/\"><img loading=\"lazy\" decoding=\"async\" width=\"800\" height=\"533\" src=\"https:\/\/diversidadaudiovisual.org\/nuevaweb\/wp-content\/uploads\/2012\/06\/diversidad-audiovisual-congreso-800x533.jpg\" class=\"attachment-thememount-img-blog size-thememount-img-blog wp-post-image\" alt=\"Diversidad Audiovisual Congreso\" srcset=\"https:\/\/diversidadaudiovisual.org\/nuevaweb\/wp-content\/uploads\/2012\/06\/diversidad-audiovisual-congreso-800x533.jpg 800w, https:\/\/diversidadaudiovisual.org\/nuevaweb\/wp-content\/uploads\/2012\/06\/diversidad-audiovisual-congreso-300x200.jpg 300w, https:\/\/diversidadaudiovisual.org\/nuevaweb\/wp-content\/uploads\/2012\/06\/diversidad-audiovisual-congreso-1024x683.jpg 1024w, https:\/\/diversidadaudiovisual.org\/nuevaweb\/wp-content\/uploads\/2012\/06\/diversidad-audiovisual-congreso-768x512.jpg 768w, https:\/\/diversidadaudiovisual.org\/nuevaweb\/wp-content\/uploads\/2012\/06\/diversidad-audiovisual-congreso.jpg 1200w\" sizes=\"auto, (max-width: 800px) 100vw, 800px\" data-id=\"8500\" \/><\/a><\/div> <\/div>\n    <div class=\"thememount-box-content\">\n      <div class=\"thememount-box-post-date\"><span class=\"tm-meta-line posted-on\"><span class=\"screen-reader-text tm-hide\">Posted on <\/span><a href=\"https:\/\/diversidadaudiovisual.org\/nuevaweb\/seminario-internacional-desafios-de-las-politicas-culturales-en-chile-3-y-4-de-julio-de-2012-santiago-de-chile-chile\/\" rel=\"bookmark\"><time class=\"entry-date published\" datetime=\"2012-06-28T08:16:47+00:00\">Jun 28, 2012<\/time><time class=\"updated tm-hide\" datetime=\"2023-02-09T11:33:42+00:00\">Feb 9, 2023<\/time><\/a><\/span><\/div>\n      <div class=\"thememount-box-title\"><h4><a href=\"https:\/\/diversidadaudiovisual.org\/nuevaweb\/seminario-internacional-desafios-de-las-politicas-culturales-en-chile-3-y-4-de-julio-de-2012-santiago-de-chile-chile\/\">Seminario Internacional Desaf\u00edos de las pol\u00edticas culturales en Chile<\/a><\/h4><\/div>      <div class=\"author-email\">\n        <p><strong><\/strong> <\/p>\n      <\/div>\n <div class=\"universidad\">\n        <p> <\/p>\n      <\/div>\n      <div class=\"thememount-box-desc\">\n        <div class=\"thememount-box-desc-text\">3 y 4 de Julio de 2012 -\u00a0Santiago de Chile M\u00aa Trinidad Garc\u00eda Leiva asisti\u00f3, como ponente invitada, al II Seminario internaci...<\/div>\n        <div class=\"thememount-box-desc-footer\">\n                    <div class=\"thememount-blogbox-desc-footer\">\n            <div class=\"thememount-blogbox-footer-readmore\">  <\/div>\n          <\/div>\n        <\/div>\n      <\/div>\n    <\/div>\n  <\/div>\n<\/article>\n<\/div><div class=\"tm-box-col-wrapper col-lg-4 col-sm-6 col-md-4 col-xs-12 actividades actividades-anteriores\"><article class=\"thememount-box thememount-box-blog thememount-blogbox-format- \">\n  <div class=\"post-item\">\n        <div class=\"tm-featured-outer-wrapper tm-post-featured-outer-wrapper\"> <div class=\"tm-post-format-icon-wrapper\"><i class=\"tm-knox-icon-pencil\"><\/i><\/div> <div class=\"tm-featured-wrapper tm-post-featured-wrapper tm-post-format-\"><a href=\"https:\/\/diversidadaudiovisual.org\/nuevaweb\/reunion-del-seminario-permanente-28062012\/\"><img loading=\"lazy\" decoding=\"async\" width=\"800\" height=\"533\" src=\"https:\/\/diversidadaudiovisual.org\/nuevaweb\/wp-content\/uploads\/2012\/06\/diversidad-audiovisual-noticia-800x533.jpg\" class=\"attachment-thememount-img-blog size-thememount-img-blog wp-post-image\" alt=\"Diversidad Audiovisual Noticia\" srcset=\"https:\/\/diversidadaudiovisual.org\/nuevaweb\/wp-content\/uploads\/2012\/06\/diversidad-audiovisual-noticia-800x533.jpg 800w, https:\/\/diversidadaudiovisual.org\/nuevaweb\/wp-content\/uploads\/2012\/06\/diversidad-audiovisual-noticia-300x200.jpg 300w, https:\/\/diversidadaudiovisual.org\/nuevaweb\/wp-content\/uploads\/2012\/06\/diversidad-audiovisual-noticia-1024x683.jpg 1024w, https:\/\/diversidadaudiovisual.org\/nuevaweb\/wp-content\/uploads\/2012\/06\/diversidad-audiovisual-noticia-768x512.jpg 768w, https:\/\/diversidadaudiovisual.org\/nuevaweb\/wp-content\/uploads\/2012\/06\/diversidad-audiovisual-noticia.jpg 1200w\" sizes=\"auto, (max-width: 800px) 100vw, 800px\" data-id=\"8502\" \/><\/a><\/div> <\/div>\n    <div class=\"thememount-box-content\">\n      <div class=\"thememount-box-post-date\"><span class=\"tm-meta-line posted-on\"><span class=\"screen-reader-text tm-hide\">Posted on <\/span><a href=\"https:\/\/diversidadaudiovisual.org\/nuevaweb\/reunion-del-seminario-permanente-28062012\/\" rel=\"bookmark\"><time class=\"entry-date published\" datetime=\"2012-06-21T14:24:21+00:00\">Jun 21, 2012<\/time><time class=\"updated tm-hide\" datetime=\"2023-02-09T11:33:10+00:00\">Feb 9, 2023<\/time><\/a><\/span><\/div>\n      <div class=\"thememount-box-title\"><h4><a href=\"https:\/\/diversidadaudiovisual.org\/nuevaweb\/reunion-del-seminario-permanente-28062012\/\">Visita al seminario permanente del Dr. Rodrigo G\u00f3mez (UAM- M\u00e9xico) y del Dr. Carles Llorens (UAB)<\/a><\/h4><\/div>      <div class=\"author-email\">\n        <p><strong><\/strong> <\/p>\n      <\/div>\n <div class=\"universidad\">\n        <p> <\/p>\n      <\/div>\n      <div class=\"thememount-box-desc\">\n        <div class=\"thememount-box-desc-text\">28 de Junio de 2012 - Facultad de Humanidades, Comunicaci\u00f3n y Documentaci\u00f3n de la Universidad Carlos III de Madrid Presentacion...<\/div>\n        <div class=\"thememount-box-desc-footer\">\n                    <div class=\"thememount-blogbox-desc-footer\">\n            <div class=\"thememount-blogbox-footer-readmore\">  <\/div>\n          <\/div>\n        <\/div>\n      <\/div>\n    <\/div>\n  <\/div>\n<\/article>\n<\/div><div class=\"tm-box-col-wrapper col-lg-4 col-sm-6 col-md-4 col-xs-12 actividades actividades-anteriores\"><article class=\"thememount-box thememount-box-blog thememount-blogbox-format- \">\n  <div class=\"post-item\">\n        <div class=\"tm-featured-outer-wrapper tm-post-featured-outer-wrapper\"> <div class=\"tm-post-format-icon-wrapper\"><i class=\"tm-knox-icon-pencil\"><\/i><\/div> <div class=\"tm-featured-wrapper tm-post-featured-wrapper tm-post-format-\"><a href=\"https:\/\/diversidadaudiovisual.org\/nuevaweb\/seminario-y-audiencia-publica-communication-rights-in-the-digital-spectrum-8-y-9-de-mayo-de-2012-bruselas-belgica\/\"><img loading=\"lazy\" decoding=\"async\" width=\"800\" height=\"533\" src=\"https:\/\/diversidadaudiovisual.org\/nuevaweb\/wp-content\/uploads\/2012\/05\/diversidad-audiovisual-transferencia-800x533.jpg\" class=\"attachment-thememount-img-blog size-thememount-img-blog wp-post-image\" alt=\"Diversidad Audiovisual Transferencia\" srcset=\"https:\/\/diversidadaudiovisual.org\/nuevaweb\/wp-content\/uploads\/2012\/05\/diversidad-audiovisual-transferencia-800x533.jpg 800w, https:\/\/diversidadaudiovisual.org\/nuevaweb\/wp-content\/uploads\/2012\/05\/diversidad-audiovisual-transferencia-300x200.jpg 300w, https:\/\/diversidadaudiovisual.org\/nuevaweb\/wp-content\/uploads\/2012\/05\/diversidad-audiovisual-transferencia-1024x683.jpg 1024w, https:\/\/diversidadaudiovisual.org\/nuevaweb\/wp-content\/uploads\/2012\/05\/diversidad-audiovisual-transferencia-768x512.jpg 768w, https:\/\/diversidadaudiovisual.org\/nuevaweb\/wp-content\/uploads\/2012\/05\/diversidad-audiovisual-transferencia.jpg 1200w\" sizes=\"auto, (max-width: 800px) 100vw, 800px\" data-id=\"8497\" \/><\/a><\/div> <\/div>\n    <div class=\"thememount-box-content\">\n      <div class=\"thememount-box-post-date\"><span class=\"tm-meta-line posted-on\"><span class=\"screen-reader-text tm-hide\">Posted on <\/span><a href=\"https:\/\/diversidadaudiovisual.org\/nuevaweb\/seminario-y-audiencia-publica-communication-rights-in-the-digital-spectrum-8-y-9-de-mayo-de-2012-bruselas-belgica\/\" rel=\"bookmark\"><time class=\"entry-date published\" datetime=\"2012-05-16T10:45:41+00:00\">May 16, 2012<\/time><time class=\"updated tm-hide\" datetime=\"2023-02-09T11:31:12+00:00\">Feb 9, 2023<\/time><\/a><\/span><\/div>\n      <div class=\"thememount-box-title\"><h4><a href=\"https:\/\/diversidadaudiovisual.org\/nuevaweb\/seminario-y-audiencia-publica-communication-rights-in-the-digital-spectrum-8-y-9-de-mayo-de-2012-bruselas-belgica\/\">Seminario y Audiencia P\u00fablica Communication Rights in the Digital Spectrum<\/a><\/h4><\/div>      <div class=\"author-email\">\n        <p><strong><\/strong> <\/p>\n      <\/div>\n <div class=\"universidad\">\n        <p> <\/p>\n      <\/div>\n      <div class=\"thememount-box-desc\">\n        <div class=\"thememount-box-desc-text\">8 y 9 de Mayo de 2012 - Parlamento Europeo, Bruselas M\u00aa Trinidad Garc\u00eda Leiva asisti\u00f3, en calidad de invitada, al Seminario y...<\/div>\n        <div class=\"thememount-box-desc-footer\">\n                    <div class=\"thememount-blogbox-desc-footer\">\n            <div class=\"thememount-blogbox-footer-readmore\">  <\/div>\n          <\/div>\n        <\/div>\n      <\/div>\n    <\/div>\n  <\/div>\n<\/article>\n<\/div>\n\t\t\t<\/div>\n\t\t<\/div><!-- .thememount-boxes-inner -->   <\/div><!-- .thememount-boxes -->  [\/vc_column][\/vc_row]<\/p>\n","protected":false},"excerpt":{"rendered":"<p>[vc_row css=&#8221;.vc_custom_1674912388031{margin-top: 25px !important;}&#8221;][vc_column][vc_single_image image=&#8221;6992&#8243; img_size=&#8221;64&#215;64&#8243; alignment=&#8221;center&#8221;][\/vc_column][\/vc_row]<\/p>\n","protected":false},"author":1,"featured_media":0,"parent":7003,"menu_order":0,"comment_status":"closed","ping_status":"closed","template":"","meta":{"footnotes":""},"class_list":["post-8349","page","type-page","status-publish","hentry"],"_links":{"self":[{"href":"https:\/\/diversidadaudiovisual.org\/nuevaweb\/wp-json\/wp\/v2\/pages\/8349","targetHints":{"allow":["GET"]}}],"collection":[{"href":"https:\/\/diversidadaudiovisual.org\/nuevaweb\/wp-json\/wp\/v2\/pages"}],"about":[{"href":"https:\/\/diversidadaudiovisual.org\/nuevaweb\/wp-json\/wp\/v2\/types\/page"}],"author":[{"embeddable":true,"href":"https:\/\/diversidadaudiovisual.org\/nuevaweb\/wp-json\/wp\/v2\/users\/1"}],"replies":[{"embeddable":true,"href":"https:\/\/diversidadaudiovisual.org\/nuevaweb\/wp-json\/wp\/v2\/comments?post=8349"}],"version-history":[{"count":2,"href":"https:\/\/diversidadaudiovisual.org\/nuevaweb\/wp-json\/wp\/v2\/pages\/8349\/revisions"}],"predecessor-version":[{"id":8357,"href":"https:\/\/diversidadaudiovisual.org\/nuevaweb\/wp-json\/wp\/v2\/pages\/8349\/revisions\/8357"}],"up":[{"embeddable":true,"href":"https:\/\/diversidadaudiovisual.org\/nuevaweb\/wp-json\/wp\/v2\/pages\/7003"}],"wp:attachment":[{"href":"https:\/\/diversidadaudiovisual.org\/nuevaweb\/wp-json\/wp\/v2\/media?parent=8349"}],"curies":[{"name":"wp","href":"https:\/\/api.w.org\/{rel}","templated":true}]}}